{"id":111,"date":"2023-02-08T19:17:16","date_gmt":"2023-02-08T22:17:16","guid":{"rendered":"http:\/\/graomestreleandrodacosta.com.br\/?page_id=111"},"modified":"2023-05-24T22:44:51","modified_gmt":"2023-05-25T01:44:51","slug":"grao-mestre","status":"publish","type":"page","link":"https:\/\/graomestreleandrodacosta.com.br\/?page_id=111","title":{"rendered":"GR\u00c3O MESTRE"},"content":{"rendered":"<div class='flex_column av-731ev-657e2eb151568e68285f230af5989ab6 av_one_full  avia-builder-el-0  el_before_av_one_full  avia-builder-el-first  first flex_column_div '     ><style type=\"text\/css\" data-created_by=\"avia_inline_auto\" id=\"style-css-av-ldxtw4a9-121310eb0885b1ee28a4dfc9accf2df5\">\n#top .avia-gallery.av-ldxtw4a9-121310eb0885b1ee28a4dfc9accf2df5 .avia-gallery-thumb a{\nwidth:25%;\n}\n<\/style>\n<div  class='avia-gallery av-ldxtw4a9-121310eb0885b1ee28a4dfc9accf2df5 avia_animate_when_visible  avia-builder-el-1  avia-builder-el-no-sibling  animations_off avia-gallery-1'  itemprop=\"image\" itemscope=\"itemscope\" itemtype=\"https:\/\/schema.org\/ImageObject\" ><meta itemprop=\"contentURL\" content=\"https:\/\/graomestreleandrodacosta.com.br\/?page_id=111\"><div class='avia-gallery-thumb'><a href=\"https:\/\/graomestreleandrodacosta.com.br\/wp-content\/uploads\/2023\/02\/campeao-brasileiro-2006-iska-1030x729.jpg\" data-srcset=\"https:\/\/graomestreleandrodacosta.com.br\/wp-content\/uploads\/2023\/02\/campeao-brasileiro-2006-iska-1030x729.jpg 1030w, https:\/\/graomestreleandrodacosta.com.br\/wp-content\/uploads\/2023\/02\/campeao-brasileiro-2006-iska-300x212.jpg 300w, https:\/\/graomestreleandrodacosta.com.br\/wp-content\/uploads\/2023\/02\/campeao-brasileiro-2006-iska-768x544.jpg 768w, https:\/\/graomestreleandrodacosta.com.br\/wp-content\/uploads\/2023\/02\/campeao-brasileiro-2006-iska-260x185.jpg 260w, https:\/\/graomestreleandrodacosta.com.br\/wp-content\/uploads\/2023\/02\/campeao-brasileiro-2006-iska-705x499.jpg 705w, https:\/\/graomestreleandrodacosta.com.br\/wp-content\/uploads\/2023\/02\/campeao-brasileiro-2006-iska.jpg 1280w\" data-sizes=\"(max-width: 1030px) 100vw, 1030px\" data-rel='gallery-1' data-prev-img='https:\/\/graomestreleandrodacosta.com.br\/wp-content\/uploads\/2023\/02\/campeao-brasileiro-2006-iska-495x400.jpg' class='first_thumb lightbox ' data-onclick='1' title='campe\u00e3o brasileiro 2006 iska'  itemprop=\"thumbnailUrl\"  ><img decoding=\"async\" class=\"wp-image-170 avia-img-lazy-loading-not-170\"   src=\"https:\/\/graomestreleandrodacosta.com.br\/wp-content\/uploads\/2023\/02\/campeao-brasileiro-2006-iska-495x400.jpg\" width=\"495\" height=\"400\"  title='campe\u00e3o brasileiro 2006 iska' alt='' srcset=\"https:\/\/graomestreleandrodacosta.com.br\/wp-content\/uploads\/2023\/02\/campeao-brasileiro-2006-iska-495x400.jpg 495w, https:\/\/graomestreleandrodacosta.com.br\/wp-content\/uploads\/2023\/02\/campeao-brasileiro-2006-iska-845x684.jpg 845w\" sizes=\"(max-width: 495px) 100vw, 495px\" \/><div class='big-prev-fake'><img decoding=\"async\" class=\"wp-image-170 avia-img-lazy-loading-170\"  width=\"495\" height=\"400\" src=\"https:\/\/graomestreleandrodacosta.com.br\/wp-content\/uploads\/2023\/02\/campeao-brasileiro-2006-iska-495x400.jpg\" title='campe\u00e3o brasileiro 2006 iska' alt='' srcset=\"https:\/\/graomestreleandrodacosta.com.br\/wp-content\/uploads\/2023\/02\/campeao-brasileiro-2006-iska-495x400.jpg 495w, https:\/\/graomestreleandrodacosta.com.br\/wp-content\/uploads\/2023\/02\/campeao-brasileiro-2006-iska-845x684.jpg 845w\" sizes=\"(max-width: 495px) 100vw, 495px\" \/><\/div><\/a><a href=\"https:\/\/graomestreleandrodacosta.com.br\/wp-content\/uploads\/2023\/02\/campeonato-de-full-contact-fgfc-1995.jpg\" data-srcset=\"https:\/\/graomestreleandrodacosta.com.br\/wp-content\/uploads\/2023\/02\/campeonato-de-full-contact-fgfc-1995.jpg 886w, https:\/\/graomestreleandrodacosta.com.br\/wp-content\/uploads\/2023\/02\/campeonato-de-full-contact-fgfc-1995-300x200.jpg 300w, https:\/\/graomestreleandrodacosta.com.br\/wp-content\/uploads\/2023\/02\/campeonato-de-full-contact-fgfc-1995-768x512.jpg 768w, https:\/\/graomestreleandrodacosta.com.br\/wp-content\/uploads\/2023\/02\/campeonato-de-full-contact-fgfc-1995-705x470.jpg 705w\" data-sizes=\"(max-width: 886px) 100vw, 886px\" data-rel='gallery-1' data-prev-img='https:\/\/graomestreleandrodacosta.com.br\/wp-content\/uploads\/2023\/02\/campeonato-de-full-contact-fgfc-1995-495x400.jpg' class='lightbox ' data-onclick='2' title='campeonato de full contact fgfc 1995'  itemprop=\"thumbnailUrl\"  ><img decoding=\"async\" class=\"wp-image-171 avia-img-lazy-loading-not-171\"   src=\"https:\/\/graomestreleandrodacosta.com.br\/wp-content\/uploads\/2023\/02\/campeonato-de-full-contact-fgfc-1995-495x400.jpg\" width=\"495\" height=\"400\"  title='campeonato de full contact fgfc 1995' alt='' \/><div class='big-prev-fake'><img decoding=\"async\" class=\"wp-image-171 avia-img-lazy-loading-171\"  width=\"495\" height=\"400\" src=\"https:\/\/graomestreleandrodacosta.com.br\/wp-content\/uploads\/2023\/02\/campeonato-de-full-contact-fgfc-1995-495x400.jpg\" title='campeonato de full contact fgfc 1995' alt='' \/><\/div><\/a><a href=\"https:\/\/graomestreleandrodacosta.com.br\/wp-content\/uploads\/2023\/02\/campeonato-de-karate-em-suzano-sp-2002-1030x678.jpg\" data-srcset=\"https:\/\/graomestreleandrodacosta.com.br\/wp-content\/uploads\/2023\/02\/campeonato-de-karate-em-suzano-sp-2002-1030x678.jpg 1030w, https:\/\/graomestreleandrodacosta.com.br\/wp-content\/uploads\/2023\/02\/campeonato-de-karate-em-suzano-sp-2002-300x198.jpg 300w, https:\/\/graomestreleandrodacosta.com.br\/wp-content\/uploads\/2023\/02\/campeonato-de-karate-em-suzano-sp-2002-768x506.jpg 768w, https:\/\/graomestreleandrodacosta.com.br\/wp-content\/uploads\/2023\/02\/campeonato-de-karate-em-suzano-sp-2002-1536x1011.jpg 1536w, https:\/\/graomestreleandrodacosta.com.br\/wp-content\/uploads\/2023\/02\/campeonato-de-karate-em-suzano-sp-2002-2048x1348.jpg 2048w, https:\/\/graomestreleandrodacosta.com.br\/wp-content\/uploads\/2023\/02\/campeonato-de-karate-em-suzano-sp-2002-1500x988.jpg 1500w, https:\/\/graomestreleandrodacosta.com.br\/wp-content\/uploads\/2023\/02\/campeonato-de-karate-em-suzano-sp-2002-705x464.jpg 705w\" data-sizes=\"(max-width: 1030px) 100vw, 1030px\" data-rel='gallery-1' data-prev-img='https:\/\/graomestreleandrodacosta.com.br\/wp-content\/uploads\/2023\/02\/campeonato-de-karate-em-suzano-sp-2002-495x400.jpg' class='lightbox ' data-onclick='3' title='campeonato de karate em suzano-sp 2002'  itemprop=\"thumbnailUrl\"  ><img decoding=\"async\" class=\"wp-image-172 avia-img-lazy-loading-not-172\"   src=\"https:\/\/graomestreleandrodacosta.com.br\/wp-content\/uploads\/2023\/02\/campeonato-de-karate-em-suzano-sp-2002-495x400.jpg\" width=\"495\" height=\"400\"  title='campeonato de karate em suzano-sp 2002' alt='' srcset=\"https:\/\/graomestreleandrodacosta.com.br\/wp-content\/uploads\/2023\/02\/campeonato-de-karate-em-suzano-sp-2002-495x400.jpg 495w, https:\/\/graomestreleandrodacosta.com.br\/wp-content\/uploads\/2023\/02\/campeonato-de-karate-em-suzano-sp-2002-845x684.jpg 845w\" sizes=\"(max-width: 495px) 100vw, 495px\" \/><div class='big-prev-fake'><img decoding=\"async\" class=\"wp-image-172 avia-img-lazy-loading-172\"  width=\"495\" height=\"400\" src=\"https:\/\/graomestreleandrodacosta.com.br\/wp-content\/uploads\/2023\/02\/campeonato-de-karate-em-suzano-sp-2002-495x400.jpg\" title='campeonato de karate em suzano-sp 2002' alt='' srcset=\"https:\/\/graomestreleandrodacosta.com.br\/wp-content\/uploads\/2023\/02\/campeonato-de-karate-em-suzano-sp-2002-495x400.jpg 495w, https:\/\/graomestreleandrodacosta.com.br\/wp-content\/uploads\/2023\/02\/campeonato-de-karate-em-suzano-sp-2002-845x684.jpg 845w\" sizes=\"(max-width: 495px) 100vw, 495px\" \/><\/div><\/a><a href=\"https:\/\/graomestreleandrodacosta.com.br\/wp-content\/uploads\/2023\/02\/campeonato-karate-2003-porto-alegre-1030x689.jpg\" data-srcset=\"https:\/\/graomestreleandrodacosta.com.br\/wp-content\/uploads\/2023\/02\/campeonato-karate-2003-porto-alegre-1030x689.jpg 1030w, https:\/\/graomestreleandrodacosta.com.br\/wp-content\/uploads\/2023\/02\/campeonato-karate-2003-porto-alegre-300x201.jpg 300w, https:\/\/graomestreleandrodacosta.com.br\/wp-content\/uploads\/2023\/02\/campeonato-karate-2003-porto-alegre-768x514.jpg 768w, https:\/\/graomestreleandrodacosta.com.br\/wp-content\/uploads\/2023\/02\/campeonato-karate-2003-porto-alegre-1536x1027.jpg 1536w, https:\/\/graomestreleandrodacosta.com.br\/wp-content\/uploads\/2023\/02\/campeonato-karate-2003-porto-alegre-2048x1370.jpg 2048w, https:\/\/graomestreleandrodacosta.com.br\/wp-content\/uploads\/2023\/02\/campeonato-karate-2003-porto-alegre-1500x1003.jpg 1500w, https:\/\/graomestreleandrodacosta.com.br\/wp-content\/uploads\/2023\/02\/campeonato-karate-2003-porto-alegre-705x472.jpg 705w\" data-sizes=\"(max-width: 1030px) 100vw, 1030px\" data-rel='gallery-1' data-prev-img='https:\/\/graomestreleandrodacosta.com.br\/wp-content\/uploads\/2023\/02\/campeonato-karate-2003-porto-alegre-495x400.jpg' class='lightbox ' data-onclick='4' title='campeonato karate 2003 porto alegre'  itemprop=\"thumbnailUrl\"  ><img decoding=\"async\" class=\"wp-image-173 avia-img-lazy-loading-not-173\"   src=\"https:\/\/graomestreleandrodacosta.com.br\/wp-content\/uploads\/2023\/02\/campeonato-karate-2003-porto-alegre-495x400.jpg\" width=\"495\" height=\"400\"  title='campeonato karate 2003 porto alegre' alt='' srcset=\"https:\/\/graomestreleandrodacosta.com.br\/wp-content\/uploads\/2023\/02\/campeonato-karate-2003-porto-alegre-495x400.jpg 495w, https:\/\/graomestreleandrodacosta.com.br\/wp-content\/uploads\/2023\/02\/campeonato-karate-2003-porto-alegre-845x684.jpg 845w\" sizes=\"(max-width: 495px) 100vw, 495px\" \/><div class='big-prev-fake'><img decoding=\"async\" class=\"wp-image-173 avia-img-lazy-loading-173\"  width=\"495\" height=\"400\" src=\"https:\/\/graomestreleandrodacosta.com.br\/wp-content\/uploads\/2023\/02\/campeonato-karate-2003-porto-alegre-495x400.jpg\" title='campeonato karate 2003 porto alegre' alt='' srcset=\"https:\/\/graomestreleandrodacosta.com.br\/wp-content\/uploads\/2023\/02\/campeonato-karate-2003-porto-alegre-495x400.jpg 495w, https:\/\/graomestreleandrodacosta.com.br\/wp-content\/uploads\/2023\/02\/campeonato-karate-2003-porto-alegre-845x684.jpg 845w\" sizes=\"(max-width: 495px) 100vw, 495px\" \/><\/div><\/a><a href=\"https:\/\/graomestreleandrodacosta.com.br\/wp-content\/uploads\/2023\/02\/certificado-campeao-mundial-de-kickboxing-2022-1030x722.jpg\" data-srcset=\"https:\/\/graomestreleandrodacosta.com.br\/wp-content\/uploads\/2023\/02\/certificado-campeao-mundial-de-kickboxing-2022-1030x722.jpg 1030w, https:\/\/graomestreleandrodacosta.com.br\/wp-content\/uploads\/2023\/02\/certificado-campeao-mundial-de-kickboxing-2022-300x210.jpg 300w, https:\/\/graomestreleandrodacosta.com.br\/wp-content\/uploads\/2023\/02\/certificado-campeao-mundial-de-kickboxing-2022-768x539.jpg 768w, https:\/\/graomestreleandrodacosta.com.br\/wp-content\/uploads\/2023\/02\/certificado-campeao-mundial-de-kickboxing-2022-1536x1077.jpg 1536w, https:\/\/graomestreleandrodacosta.com.br\/wp-content\/uploads\/2023\/02\/certificado-campeao-mundial-de-kickboxing-2022-1500x1052.jpg 1500w, https:\/\/graomestreleandrodacosta.com.br\/wp-content\/uploads\/2023\/02\/certificado-campeao-mundial-de-kickboxing-2022-705x494.jpg 705w, https:\/\/graomestreleandrodacosta.com.br\/wp-content\/uploads\/2023\/02\/certificado-campeao-mundial-de-kickboxing-2022.jpg 1718w\" data-sizes=\"(max-width: 1030px) 100vw, 1030px\" data-rel='gallery-1' data-prev-img='https:\/\/graomestreleandrodacosta.com.br\/wp-content\/uploads\/2023\/02\/certificado-campeao-mundial-de-kickboxing-2022-495x400.jpg' class='first_thumb lightbox ' data-onclick='5' title='certificado campe\u00e3o mundial de kickboxing 2022'  itemprop=\"thumbnailUrl\"  ><img decoding=\"async\" class=\"wp-image-174 avia-img-lazy-loading-not-174\"   src=\"https:\/\/graomestreleandrodacosta.com.br\/wp-content\/uploads\/2023\/02\/certificado-campeao-mundial-de-kickboxing-2022-495x400.jpg\" width=\"495\" height=\"400\"  title='certificado campe\u00e3o mundial de kickboxing 2022' alt='' srcset=\"https:\/\/graomestreleandrodacosta.com.br\/wp-content\/uploads\/2023\/02\/certificado-campeao-mundial-de-kickboxing-2022-495x400.jpg 495w, https:\/\/graomestreleandrodacosta.com.br\/wp-content\/uploads\/2023\/02\/certificado-campeao-mundial-de-kickboxing-2022-845x684.jpg 845w\" sizes=\"(max-width: 495px) 100vw, 495px\" \/><div class='big-prev-fake'><img decoding=\"async\" class=\"wp-image-174 avia-img-lazy-loading-174\"  width=\"495\" height=\"400\" src=\"https:\/\/graomestreleandrodacosta.com.br\/wp-content\/uploads\/2023\/02\/certificado-campeao-mundial-de-kickboxing-2022-495x400.jpg\" title='certificado campe\u00e3o mundial de kickboxing 2022' alt='' srcset=\"https:\/\/graomestreleandrodacosta.com.br\/wp-content\/uploads\/2023\/02\/certificado-campeao-mundial-de-kickboxing-2022-495x400.jpg 495w, https:\/\/graomestreleandrodacosta.com.br\/wp-content\/uploads\/2023\/02\/certificado-campeao-mundial-de-kickboxing-2022-845x684.jpg 845w\" sizes=\"(max-width: 495px) 100vw, 495px\" \/><\/div><\/a><a href=\"https:\/\/graomestreleandrodacosta.com.br\/wp-content\/uploads\/2023\/02\/KANCHO-LEANDRO-DA-COSTA-RECEBENDO-HOMENAGEM-EM-RIVERA-URUGUAI-DURANTE-O-CAMPEONATO-SULAMERICANO-DE-KICKBOXING-EM-2007.jpg\" data-srcset=\"https:\/\/graomestreleandrodacosta.com.br\/wp-content\/uploads\/2023\/02\/KANCHO-LEANDRO-DA-COSTA-RECEBENDO-HOMENAGEM-EM-RIVERA-URUGUAI-DURANTE-O-CAMPEONATO-SULAMERICANO-DE-KICKBOXING-EM-2007.jpg 1024w, https:\/\/graomestreleandrodacosta.com.br\/wp-content\/uploads\/2023\/02\/KANCHO-LEANDRO-DA-COSTA-RECEBENDO-HOMENAGEM-EM-RIVERA-URUGUAI-DURANTE-O-CAMPEONATO-SULAMERICANO-DE-KICKBOXING-EM-2007-300x225.jpg 300w, https:\/\/graomestreleandrodacosta.com.br\/wp-content\/uploads\/2023\/02\/KANCHO-LEANDRO-DA-COSTA-RECEBENDO-HOMENAGEM-EM-RIVERA-URUGUAI-DURANTE-O-CAMPEONATO-SULAMERICANO-DE-KICKBOXING-EM-2007-768x576.jpg 768w, https:\/\/graomestreleandrodacosta.com.br\/wp-content\/uploads\/2023\/02\/KANCHO-LEANDRO-DA-COSTA-RECEBENDO-HOMENAGEM-EM-RIVERA-URUGUAI-DURANTE-O-CAMPEONATO-SULAMERICANO-DE-KICKBOXING-EM-2007-705x529.jpg 705w\" data-sizes=\"(max-width: 1024px) 100vw, 1024px\" data-rel='gallery-1' data-prev-img='https:\/\/graomestreleandrodacosta.com.br\/wp-content\/uploads\/2023\/02\/KANCHO-LEANDRO-DA-COSTA-RECEBENDO-HOMENAGEM-EM-RIVERA-URUGUAI-DURANTE-O-CAMPEONATO-SULAMERICANO-DE-KICKBOXING-EM-2007-495x400.jpg' class='lightbox ' data-onclick='6' title='KANCHO LEANDRO DA COSTA RECEBENDO HOMENAGEM EM RIVERA URUGUAI DURANTE O CAMPEONATO SULAMERICANO DE KICKBOXING EM 2007'  itemprop=\"thumbnailUrl\"  ><img decoding=\"async\" class=\"wp-image-175 avia-img-lazy-loading-not-175\"   src=\"https:\/\/graomestreleandrodacosta.com.br\/wp-content\/uploads\/2023\/02\/KANCHO-LEANDRO-DA-COSTA-RECEBENDO-HOMENAGEM-EM-RIVERA-URUGUAI-DURANTE-O-CAMPEONATO-SULAMERICANO-DE-KICKBOXING-EM-2007-495x400.jpg\" width=\"495\" height=\"400\"  title='KANCHO LEANDRO DA COSTA RECEBENDO HOMENAGEM EM RIVERA URUGUAI DURANTE O CAMPEONATO SULAMERICANO DE KICKBOXING EM 2007' alt='' srcset=\"https:\/\/graomestreleandrodacosta.com.br\/wp-content\/uploads\/2023\/02\/KANCHO-LEANDRO-DA-COSTA-RECEBENDO-HOMENAGEM-EM-RIVERA-URUGUAI-DURANTE-O-CAMPEONATO-SULAMERICANO-DE-KICKBOXING-EM-2007-495x400.jpg 495w, https:\/\/graomestreleandrodacosta.com.br\/wp-content\/uploads\/2023\/02\/KANCHO-LEANDRO-DA-COSTA-RECEBENDO-HOMENAGEM-EM-RIVERA-URUGUAI-DURANTE-O-CAMPEONATO-SULAMERICANO-DE-KICKBOXING-EM-2007-845x684.jpg 845w\" sizes=\"(max-width: 495px) 100vw, 495px\" \/><div class='big-prev-fake'><img decoding=\"async\" class=\"wp-image-175 avia-img-lazy-loading-175\"  width=\"495\" height=\"400\" src=\"https:\/\/graomestreleandrodacosta.com.br\/wp-content\/uploads\/2023\/02\/KANCHO-LEANDRO-DA-COSTA-RECEBENDO-HOMENAGEM-EM-RIVERA-URUGUAI-DURANTE-O-CAMPEONATO-SULAMERICANO-DE-KICKBOXING-EM-2007-495x400.jpg\" title='KANCHO LEANDRO DA COSTA RECEBENDO HOMENAGEM EM RIVERA URUGUAI DURANTE O CAMPEONATO SULAMERICANO DE KICKBOXING EM 2007' alt='' srcset=\"https:\/\/graomestreleandrodacosta.com.br\/wp-content\/uploads\/2023\/02\/KANCHO-LEANDRO-DA-COSTA-RECEBENDO-HOMENAGEM-EM-RIVERA-URUGUAI-DURANTE-O-CAMPEONATO-SULAMERICANO-DE-KICKBOXING-EM-2007-495x400.jpg 495w, https:\/\/graomestreleandrodacosta.com.br\/wp-content\/uploads\/2023\/02\/KANCHO-LEANDRO-DA-COSTA-RECEBENDO-HOMENAGEM-EM-RIVERA-URUGUAI-DURANTE-O-CAMPEONATO-SULAMERICANO-DE-KICKBOXING-EM-2007-845x684.jpg 845w\" sizes=\"(max-width: 495px) 100vw, 495px\" \/><\/div><\/a><a href=\"https:\/\/graomestreleandrodacosta.com.br\/wp-content\/uploads\/2023\/02\/MENSSAO-HONROSA-DA-FRMK-1030x729.jpg\" data-srcset=\"https:\/\/graomestreleandrodacosta.com.br\/wp-content\/uploads\/2023\/02\/MENSSAO-HONROSA-DA-FRMK-1030x729.jpg 1030w, https:\/\/graomestreleandrodacosta.com.br\/wp-content\/uploads\/2023\/02\/MENSSAO-HONROSA-DA-FRMK-300x212.jpg 300w, https:\/\/graomestreleandrodacosta.com.br\/wp-content\/uploads\/2023\/02\/MENSSAO-HONROSA-DA-FRMK-768x544.jpg 768w, https:\/\/graomestreleandrodacosta.com.br\/wp-content\/uploads\/2023\/02\/MENSSAO-HONROSA-DA-FRMK-1536x1087.jpg 1536w, https:\/\/graomestreleandrodacosta.com.br\/wp-content\/uploads\/2023\/02\/MENSSAO-HONROSA-DA-FRMK-2048x1449.jpg 2048w, https:\/\/graomestreleandrodacosta.com.br\/wp-content\/uploads\/2023\/02\/MENSSAO-HONROSA-DA-FRMK-1500x1062.jpg 1500w, https:\/\/graomestreleandrodacosta.com.br\/wp-content\/uploads\/2023\/02\/MENSSAO-HONROSA-DA-FRMK-260x185.jpg 260w, https:\/\/graomestreleandrodacosta.com.br\/wp-content\/uploads\/2023\/02\/MENSSAO-HONROSA-DA-FRMK-705x499.jpg 705w\" data-sizes=\"(max-width: 1030px) 100vw, 1030px\" data-rel='gallery-1' data-prev-img='https:\/\/graomestreleandrodacosta.com.br\/wp-content\/uploads\/2023\/02\/MENSSAO-HONROSA-DA-FRMK-495x400.jpg' class='lightbox ' data-onclick='7' title='MENSS\u00c3O HONROSA DA FRMK'  itemprop=\"thumbnailUrl\"  ><img decoding=\"async\" class=\"wp-image-176 avia-img-lazy-loading-not-176\"   src=\"https:\/\/graomestreleandrodacosta.com.br\/wp-content\/uploads\/2023\/02\/MENSSAO-HONROSA-DA-FRMK-495x400.jpg\" width=\"495\" height=\"400\"  title='MENSS\u00c3O HONROSA DA FRMK' alt='' srcset=\"https:\/\/graomestreleandrodacosta.com.br\/wp-content\/uploads\/2023\/02\/MENSSAO-HONROSA-DA-FRMK-495x400.jpg 495w, https:\/\/graomestreleandrodacosta.com.br\/wp-content\/uploads\/2023\/02\/MENSSAO-HONROSA-DA-FRMK-845x684.jpg 845w\" sizes=\"(max-width: 495px) 100vw, 495px\" \/><div class='big-prev-fake'><img decoding=\"async\" class=\"wp-image-176 avia-img-lazy-loading-176\"  width=\"495\" height=\"400\" src=\"https:\/\/graomestreleandrodacosta.com.br\/wp-content\/uploads\/2023\/02\/MENSSAO-HONROSA-DA-FRMK-495x400.jpg\" title='MENSS\u00c3O HONROSA DA FRMK' alt='' srcset=\"https:\/\/graomestreleandrodacosta.com.br\/wp-content\/uploads\/2023\/02\/MENSSAO-HONROSA-DA-FRMK-495x400.jpg 495w, https:\/\/graomestreleandrodacosta.com.br\/wp-content\/uploads\/2023\/02\/MENSSAO-HONROSA-DA-FRMK-845x684.jpg 845w\" sizes=\"(max-width: 495px) 100vw, 495px\" \/><\/div><\/a><a href=\"https:\/\/graomestreleandrodacosta.com.br\/wp-content\/uploads\/2023\/02\/MESTRE-LEANDRO-DA-COSTA-CAMPEAO-INTERCONTINENTAL-DE-KICKBOXING-FULL-CONTACT-2010-1030x707.jpg\" data-srcset=\"https:\/\/graomestreleandrodacosta.com.br\/wp-content\/uploads\/2023\/02\/MESTRE-LEANDRO-DA-COSTA-CAMPEAO-INTERCONTINENTAL-DE-KICKBOXING-FULL-CONTACT-2010-1030x707.jpg 1030w, https:\/\/graomestreleandrodacosta.com.br\/wp-content\/uploads\/2023\/02\/MESTRE-LEANDRO-DA-COSTA-CAMPEAO-INTERCONTINENTAL-DE-KICKBOXING-FULL-CONTACT-2010-300x206.jpg 300w, https:\/\/graomestreleandrodacosta.com.br\/wp-content\/uploads\/2023\/02\/MESTRE-LEANDRO-DA-COSTA-CAMPEAO-INTERCONTINENTAL-DE-KICKBOXING-FULL-CONTACT-2010-768x527.jpg 768w, https:\/\/graomestreleandrodacosta.com.br\/wp-content\/uploads\/2023\/02\/MESTRE-LEANDRO-DA-COSTA-CAMPEAO-INTERCONTINENTAL-DE-KICKBOXING-FULL-CONTACT-2010-705x484.jpg 705w, https:\/\/graomestreleandrodacosta.com.br\/wp-content\/uploads\/2023\/02\/MESTRE-LEANDRO-DA-COSTA-CAMPEAO-INTERCONTINENTAL-DE-KICKBOXING-FULL-CONTACT-2010.jpg 1280w\" data-sizes=\"(max-width: 1030px) 100vw, 1030px\" data-rel='gallery-1' data-prev-img='https:\/\/graomestreleandrodacosta.com.br\/wp-content\/uploads\/2023\/02\/MESTRE-LEANDRO-DA-COSTA-CAMPEAO-INTERCONTINENTAL-DE-KICKBOXING-FULL-CONTACT-2010-495x400.jpg' class='lightbox ' data-onclick='8' title='MESTRE LEANDRO DA COSTA CAMPE\u00c3O INTERCONTINENTAL DE KICKBOXING FULL CONTACT 2010'  itemprop=\"thumbnailUrl\"  ><img decoding=\"async\" class=\"wp-image-177 avia-img-lazy-loading-not-177\"   src=\"https:\/\/graomestreleandrodacosta.com.br\/wp-content\/uploads\/2023\/02\/MESTRE-LEANDRO-DA-COSTA-CAMPEAO-INTERCONTINENTAL-DE-KICKBOXING-FULL-CONTACT-2010-495x400.jpg\" width=\"495\" height=\"400\"  title='MESTRE LEANDRO DA COSTA CAMPE\u00c3O INTERCONTINENTAL DE KICKBOXING FULL CONTACT 2010' alt='' srcset=\"https:\/\/graomestreleandrodacosta.com.br\/wp-content\/uploads\/2023\/02\/MESTRE-LEANDRO-DA-COSTA-CAMPEAO-INTERCONTINENTAL-DE-KICKBOXING-FULL-CONTACT-2010-495x400.jpg 495w, https:\/\/graomestreleandrodacosta.com.br\/wp-content\/uploads\/2023\/02\/MESTRE-LEANDRO-DA-COSTA-CAMPEAO-INTERCONTINENTAL-DE-KICKBOXING-FULL-CONTACT-2010-845x684.jpg 845w\" sizes=\"(max-width: 495px) 100vw, 495px\" \/><div class='big-prev-fake'><img decoding=\"async\" class=\"wp-image-177 avia-img-lazy-loading-177\"  width=\"495\" height=\"400\" src=\"https:\/\/graomestreleandrodacosta.com.br\/wp-content\/uploads\/2023\/02\/MESTRE-LEANDRO-DA-COSTA-CAMPEAO-INTERCONTINENTAL-DE-KICKBOXING-FULL-CONTACT-2010-495x400.jpg\" title='MESTRE LEANDRO DA COSTA CAMPE\u00c3O INTERCONTINENTAL DE KICKBOXING FULL CONTACT 2010' alt='' srcset=\"https:\/\/graomestreleandrodacosta.com.br\/wp-content\/uploads\/2023\/02\/MESTRE-LEANDRO-DA-COSTA-CAMPEAO-INTERCONTINENTAL-DE-KICKBOXING-FULL-CONTACT-2010-495x400.jpg 495w, https:\/\/graomestreleandrodacosta.com.br\/wp-content\/uploads\/2023\/02\/MESTRE-LEANDRO-DA-COSTA-CAMPEAO-INTERCONTINENTAL-DE-KICKBOXING-FULL-CONTACT-2010-845x684.jpg 845w\" sizes=\"(max-width: 495px) 100vw, 495px\" \/><\/div><\/a><\/div><\/div><\/div>\n<div class='flex_column av-d0ysv-6533376ac99f617df4677f086da25a97 av_one_full  avia-builder-el-2  el_after_av_one_full  el_before_av_one_full  first flex_column_div column-top-margin'     ><style type=\"text\/css\" data-created_by=\"avia_inline_auto\" id=\"style-css-av-ldxs5yxs-907e03a7e63860b21e11ea084b496a7c\">\n#top .av_textblock_section.av-ldxs5yxs-907e03a7e63860b21e11ea084b496a7c .avia_textblock{\nfont-size:15px;\ntext-align:justify;\n-webkit-column-count:3;\n-moz-column-count:3;\ncolumn-count:3;\n}\n<\/style>\n<section  class='av_textblock_section av-ldxs5yxs-907e03a7e63860b21e11ea084b496a7c'  itemscope=\"itemscope\" itemtype=\"https:\/\/schema.org\/CreativeWork\" ><div class='avia_textblock av_multi_colums'  itemprop=\"text\" ><h1>Hist\u00f3ria do Gr\u00e3o-Mestre Leandro da Costa &#8220;Kancho&#8221;<\/h1>\n<p>O gr\u00e3o-mestre Leandro, com reconhecimento internacional, iniciou sua jornada nas artes marciais em 1983, como aluno de Jud\u00f4 na Academia Paulo Brod, sob a tutela do sensei Celso Brod. Desde ent\u00e3o, ele se tornou um Gr\u00e3o-Mestre pela Associa\u00e7\u00e3o Americana de Karate Full Contact e Kickboxing (AAKFCK), Associacion Sulamericana de Artes Marciais (ASAM), Confederacion Sudamericana de Full Contact, Kickboxing y MT, United States Karate Alliance (USKA), Federa\u00e7\u00e3o Brasileira de Karate do e Kobu do, FBKK, WKF, WKC, CNK, WKL, UIAMA, UMK, FJKB, Associa\u00e7\u00e3o Torr\u00e3o Combate, ISKA Am\u00e9rica do Sul, CONIDEL, Kondo no Shokai, WOMA &#8211; Jap\u00e3o, SKIF-Jap\u00e3o,, CBKKK, IKO, IFCKO, entre outras grandes federa\u00e7\u00f5es, confedera\u00e7\u00f5es e associa\u00e7\u00f5es nacionais e internacionais.<\/p>\n<p>O gr\u00e3o-mestre Leandro tamb\u00e9m praticou outros estilos, incluindo Karate Wado-Kai, Shotokan, Shorei-ryu, Kyokushin, defesa pessoal, Boxe, Karate Full Contact e Kickboxing. Em 1989, ele abriu sua pr\u00f3pria academia particular, a Punhos de Ferro, em sua casa. Poucos anos depois, ele se tornou instrutor de Karate Full Contact certificado pela USKA-Brasil, sendo aluno direto do gr\u00e3o mestre P\u00e9ricles Damiski Veiga e come\u00e7ou a ensinar o estilo em academias em Pelotas, Rio Grande do Sul. Ele tamb\u00e9m se graduou em Full Contact com o gr\u00e3o mestre Luis Lopez na Academia Tigre (Rio Grande) e na Federa\u00e7\u00e3o Ga\u00facha de Full Contact, FPKSC, e na COBRAM.<\/p>\n<p>Em 1997, ele se filiou \u00e0 Federa\u00e7\u00e3o Ga\u00facha de Kickboxing (FGKB) e prestou novo exame de faixa preta, sendo avaliado pelo presidente e mestre Badique Daer. Ele se graduou at\u00e9 o 5\u00ba dan por essa entidade filiada \u00e0 CBKB\/WAKO. Vale ressaltar que ele j\u00e1 tinha a gradua\u00e7\u00e3o de faixa preta por outra federa\u00e7\u00e3o e era propriet\u00e1rio da Academia Garra de Tigre, em Pelotas, que abriu em janeiro de 1996 aos 20 anos.<\/p>\n<p>Em 1999, ele se formou como mestre 4\u00ba dan em Full Contact (USKA-BRASIL\/FBKK &#8211; com o Gr\u00e3o Mestre P\u00e9ricles). Como atleta, ele competiu em campeonatos renomados em Minas Gerais, Rio Grande do Sul, S\u00e3o Paulo e outros estados e pa\u00edses. Al\u00e9m disso, ele brilhou como diretor t\u00e9cnico da federa\u00e7\u00e3o, sendo respons\u00e1vel pelo Low Kicks e Thai Boxing no estado ga\u00facho. Ele introduziu o kickboxing e karate de combate em v\u00e1rias cidades do Rio Grande do Sul, bem como em outros estados e pa\u00edses, formando dezenas de faixas.<\/p>\n<p>Gr\u00e3o Mestre Leandro da Costa &#8220;Kancho&#8221; \u00e9 l\u00edder mundial da Organiza\u00e7\u00e3o de Karate de Combate Bukeiko-Ryu &#8211; IBKO e da Organiza\u00e7\u00e3o de Kickboxing Japon\u00eas Seishingodokan &#8211; ISKO. Com mais de 40 anos de experi\u00eancia em artes marciais e lutas de contato, ele \u00e9 um professor de educa\u00e7\u00e3o f\u00edsica graduado e registrado no Conselho Regional de Educa\u00e7\u00e3o F\u00edsica do Rio Grande do Sul, com registro CREF 004025-G\/RS.<\/p>\n<p>Kancho Leandro \u00e9 Campe\u00e3o Brasileiro de Karate desde 2002 e Campe\u00e3o Brasileiro de Full Contact Profissional em 2022. Al\u00e9m disso, ele \u00e9 campe\u00e3o mundial de kickboxing profissional 2022. Kancho possui uma ampla forma\u00e7\u00e3o acad\u00eamica, incluindo licenciatura em educa\u00e7\u00e3o f\u00edsica e bacharelado e licenciatura em filosofia, p\u00f3s-gradua\u00e7\u00e3o em psican\u00e1lise, metodologia e did\u00e1tica da educa\u00e7\u00e3o f\u00edsica e artes marciais, psicopedagogia cl\u00ednica institucional e teol\u00f3gica e curso de t\u00e9cnico graduado em desportos, especializa\u00e7\u00e3o em prescri\u00e7\u00e3o de exercicios abdominais pela Confedera\u00e7\u00e3o Brasileira de Muscula\u00e7\u00e3o, Culturismo e Fitness.<\/p>\n<p>Como Gr\u00e3o mestre de kickboxing, karate, full contact e defesa pessoal e t\u00e9cnico de boxe ol\u00edmpico e japon\u00eas e mestre de jeet kune do wen kan system, o Kancho Leandro tem sido reconhecido por sua excel\u00eancia, tendo sido diplomado Gr\u00e3o Mestre de Kickboxing e Karate com o grau de 8\u00ba dan pela Faculdade de Ci\u00eancias da Bahia e Confedera\u00e7\u00e3o Brasileira de karate &#8211; CBKSC. Ele \u00e9 o primeiro mestre oficial de kickboxing formado no Rio Grande do Sul e j\u00e1 formou mestres de kickboxing, full contact e karate em todo o mundo. Entre em contato com Kancho Leandro pelo telefone 53-99988-0938 ou e-mail ibkobrasil@hotmail.com para saber mais sobre sua carreira e ensinamentos, representa\u00e7\u00f5es, franquias e filia\u00e7\u00f5es em sua cidade, estado ou pais. Ele est\u00e1 localizado em Pelotas-RS-Brasil.<\/p>\n<\/div><\/section><\/div>\n<div class='flex_column av-tnvrb-326f98d5b3afd4959717b0b2b1d5085a av_one_full  avia-builder-el-4  el_after_av_one_full  el_before_av_one_full  first flex_column_div column-top-margin'     ><div  class='hr av-n1iqn-7eee2f37adea1c0dab25bcf73c69e9c0 hr-default  avia-builder-el-5  avia-builder-el-no-sibling '><span class='hr-inner '><span class=\"hr-inner-style\"><\/span><\/span><\/div><\/div>\n<div class='flex_column av-8edvz-254657e389a6a199793817bb75b7670b av_one_full  avia-builder-el-6  el_after_av_one_full  avia-builder-el-last  first flex_column_div column-top-margin'     ><div  class='avia-buttonrow-wrap av-le4j5cp4-cae601325044e8ad66eda1feedccbdae avia-buttonrow-center  avia-builder-el-7  avia-builder-el-no-sibling '>\n\n<style type=\"text\/css\" data-created_by=\"avia_inline_auto\" id=\"style-css-av-le4j9jin-0adfa77e8625e73d8cf40e1ec92e5cf2\">\n#top #wrap_all .avia-button.av-le4j9jin-0adfa77e8625e73d8cf40e1ec92e5cf2{\nmargin-bottom:5px;\nmargin-right:3px;\nmargin-left:3px;\n}\n<\/style>\n<a href='http:\/\/graomestreleandrodacosta.com.br\/wp-content\/uploads\/2023\/02\/BIOGRAFIA-GRAO-MESTRE-LEANDRO-DA-COSTA.pdf'  class='avia-button av-le4j9jin-0adfa77e8625e73d8cf40e1ec92e5cf2 avia-icon_select-yes-left-icon avia-size-large avia-color-theme-color'  target=\"_blank\"  rel=\"noopener noreferrer\" ><span class='avia_button_icon avia_button_icon_left ' aria-hidden='true' data-av_icon='\ue84b' data-av_iconfont='entypo-fontello'><\/span><span class='avia_iconbox_title' >VEJA AQUI! CURR\u00cdCULO MESTRE LEANDRO DA COSTA<\/span><\/a>\n<\/div><\/div>\n","protected":false},"excerpt":{"rendered":"","protected":false},"author":1,"featured_media":0,"parent":0,"menu_order":0,"comment_status":"closed","ping_status":"closed","template":"","meta":[],"_links":{"self":[{"href":"https:\/\/graomestreleandrodacosta.com.br\/index.php?rest_route=\/wp\/v2\/pages\/111"}],"collection":[{"href":"https:\/\/graomestreleandrodacosta.com.br\/index.php?rest_route=\/wp\/v2\/pages"}],"about":[{"href":"https:\/\/graomestreleandrodacosta.com.br\/index.php?rest_route=\/wp\/v2\/types\/page"}],"author":[{"embeddable":true,"href":"https:\/\/graomestreleandrodacosta.com.br\/index.php?rest_route=\/wp\/v2\/users\/1"}],"replies":[{"embeddable":true,"href":"https:\/\/graomestreleandrodacosta.com.br\/index.php?rest_route=%2Fwp%2Fv2%2Fcomments&post=111"}],"version-history":[{"count":0,"href":"https:\/\/graomestreleandrodacosta.com.br\/index.php?rest_route=\/wp\/v2\/pages\/111\/revisions"}],"wp:attachment":[{"href":"https:\/\/graomestreleandrodacosta.com.br\/index.php?rest_route=%2Fwp%2Fv2%2Fmedia&parent=111"}],"curies":[{"name":"wp","href":"https:\/\/api.w.org\/{rel}","templated":true}]}}