{"id":181,"date":"2023-02-10T16:25:44","date_gmt":"2023-02-10T19:25:44","guid":{"rendered":"https:\/\/graomestreleandrodacosta.com.br\/?page_id=181"},"modified":"2023-06-02T17:50:40","modified_gmt":"2023-06-02T20:50:40","slug":"bukeiko-ryu","status":"publish","type":"page","link":"https:\/\/graomestreleandrodacosta.com.br\/?page_id=181","title":{"rendered":"KARATE BUKEIKO-RYU"},"content":{"rendered":"\n<style type=\"text\/css\" data-created_by=\"avia_inline_auto\" id=\"style-css-av-ldyxypon-2a958d2f28a3ef05e7889d816765b4a5\">\n#top .av-special-heading.av-ldyxypon-2a958d2f28a3ef05e7889d816765b4a5{\npadding-bottom:10px;\n}\nbody .av-special-heading.av-ldyxypon-2a958d2f28a3ef05e7889d816765b4a5 .av-special-heading-tag .heading-char{\nfont-size:25px;\n}\n.av-special-heading.av-ldyxypon-2a958d2f28a3ef05e7889d816765b4a5 .av-subheading{\nfont-size:15px;\n}\n<\/style>\n<div  class='av-special-heading av-ldyxypon-2a958d2f28a3ef05e7889d816765b4a5 av-special-heading-h3 blockquote modern-quote modern-centered  avia-builder-el-0  el_before_av_one_full  avia-builder-el-first '><h3 class='av-special-heading-tag'  itemprop=\"headline\"  > VENHA FAZER PARTE DA FAMILIA BUKEIKO-RYU, FILIE-SE A ORGANIZA\u00c7\u00c3O BUKEIKO-RYU, SE VOC\u00ca \u00c9 SENSEI DE KARATE, ENTRE EM CONTATO COM O KANCHO LEANDRO DA COSTA, E SEJA MAIS UM SENSEI DA ORGANIZA\u00c7\u00c3O BUKEIKO-RYU KARATE EM SUA CIDADE, ESTADO OU PAIS. TENHA UMA FRANQUIA DO KARATE BUKEIKO-RYU EM SUA CIDADE, UM ESTILO DE KARATE FORTE E RESPEITADO NO MUNDO TODO.<\/h3><div class=\"special-heading-border\"><div class=\"special-heading-inner-border\"><\/div><\/div><\/div>\n<div class='flex_column av-h7os5-012573109ae1dd7046a5834132fa14af av_one_full  avia-builder-el-1  el_after_av_heading  el_before_av_hr  first flex_column_div '     ><p><div  class='hr av-8er25-89d61dff5f78a9be72dbdf3180e1bbc9 hr-default  avia-builder-el-2  el_before_av_textblock  avia-builder-el-first '><span class='hr-inner '><span class=\"hr-inner-style\"><\/span><\/span><\/div><br \/>\n\n<style type=\"text\/css\" data-created_by=\"avia_inline_auto\" id=\"style-css-av-le4rb040-e9e49647e85ecc542279895eff840aa9\">\n#top .av_textblock_section.av-le4rb040-e9e49647e85ecc542279895eff840aa9 .avia_textblock{\nfont-size:15px;\ncolor:#000000;\n}\n<\/style>\n<section  class='av_textblock_section av-le4rb040-e9e49647e85ecc542279895eff840aa9'  itemscope=\"itemscope\" itemtype=\"https:\/\/schema.org\/CreativeWork\" ><div class='avia_textblock av_inherit_color'  itemprop=\"text\" ><div class=\"elementToProof\">\n<div>\n<p>O Karate de Combate Bukeiko-Ryu<\/p>\n<p>O Bukeiko-Ryu \u00e9 um Estilo de Karate de Combate (Contato), Luta de Contato e Defesa Pessoal de Combate Real, Criado em 2004 pelo Kancho Leandro da Costa, derivado do Karate-do Shotokan, Kickboxing Japon\u00eas, Karate de Contato Nagata-Ryu, Karate Wado-Ryu, Karate-do Okinawa Shorei-Ryu estilos que o Kancho Leandro da Costa treinou \u00e9 a Uni\u00e3o de Cinco Estilos de artes marciais ai Nasceu o poderoso Karate de Combate Bukeiko-Ryu Trata-se de uma arte marcial Brasileira moderna. O Bukeiko-Ryu \u00e9 um Estilo de Karate de Combate para todas as Idades, Crian\u00e7as a partir dos 05 anos, podem iniciar \u00a0a pratica do Bukeiko-Ryu Karate, assim como Homens e Mulheres de todas as idades, por ser de Contato como o Kickboxing Japon\u00eas e o Karate de Contato, embora tenha \u201cKata\u201d, \u201cIdo Geiko\u201d, \u201cKihon Geiko\u201d entre outras t\u00e9cnicas que s\u00e3o pr\u00f3prias do Karate. O Bukeiko-Ryu \u00e9 um estilo Forte e Duro que tem, como Objetivo o Nocaute.<\/p>\n<p>O Brasileiro Kancho Leandro da Costa, \u201cHanshi\u201d 9\u00ba dan,\u00a0 \u00e9 um Reconhecido Gr\u00e3o-Mestre e Lutador\u00a0 de Kickboxing Japon\u00eas, Full Contact, Karate Shotokan e Karate de Contato, Praticante de Karate e artes marciais desde 1984, sendo que iniciou seus estudos nas artes marciais no ano de 1983 pelo Jud\u00f4 treinando com o Sensei Celso Brod em Pelotas aos 07 anos de idade iniciando seus treinamentos e estudos no Karate em 1984 aos 08 anos de Idade, abrindo o seu Dojo Garra de Tigre aos 20 anos de idade sendo o Primeiro Mestre Oficial de Kickboxing formado no Estado do Rio Grande do Sul, e sendo o Introdutor Oficial do Kickboxing Japon\u00eas e Karate de Combate em Pelotas e em v\u00e1rias cidades do Rio Grande do Sul e em outros Estados e Paises, \u00e9 o Introdutor do Thai Boxing atual K-1 no estado Ga\u00facho, ensina artes marciais desde 1992 e vendo a Necessidade de Criar o Estilo de Karate Bukeiko-Ryu pois, ensinava em seu Dojo Garra de Tigre em Pelotas-RS, um estilo de Shotokan com luvas no Sistema Full Contact e Kickboxing, nascendo \u00a0ent\u00e3o no ano de 2004 o Respeitado e Reconhecido Mundialmente Karate de Combate Bukeiko-Ryu, \u00a0Atualmente, a Organiza\u00e7\u00e3o Internacional de Karate Bukeiko-Ryu est\u00e1 presente em v\u00e1rios pa\u00edses, sendo oficializada e registrada em 15 de agosto de 2005, mas oficialmente reconhecido em novembro de 2004 como Estilo Oficial de Karate de Contato em nosso pais, reconhecido e registrado pela Federa\u00e7\u00e3o Brasileira de Karate do e Kobudo \u2013 FBKK e pela Confedera\u00e7\u00e3o Brasileira de Kyokushinkaikan Karate\u00a0 \u2013 CBKKK. reconhecido e certificado tamb\u00e9m pela Organiza\u00e7\u00e3o Seishinkaikan Ring Sport, a n\u00edvel mundial o Estilo Bukeiko-Ryu \u00e9 Reconhecido e Certificado pela WOMA\/Jap\u00e3o, USKA\/EUA, WKKO\/Holanda, CONIDEL\/Brasil,\u00a0 entre v\u00e1rias outras Organiza\u00e7\u00f5es Nacionais e Internacionais<\/p>\n<p>A \u00a0International Bukeiko-Ryu Karate Organization \u2013 IBKO.<\/p>\n<p>O (Kimono) Dogi ou Karate-Gii do Karate Bukeiko-Ryu \u00e9 na cor Branca ou Preta com Manga Curta, Tradicional Japon\u00eas, Kanji na frente lado esquerdo no tamanho de 13 Centimetros e escrito nas costas Bukeiko-Ryu, pode usar o Logo Internacional Grande nas costas do Dogi.<\/p>\n<p>Obs: o Kancho Leandro da Costa, autoriza os Senseis e Shihans a usarem o Dogi Branco ou Preto em seus Dojos, se os mesmos fizerem a solicita\u00e7\u00e3o formal para, a Organiza\u00e7\u00e3o Internacional de Karate Bukeiko-Ryu, diretamente ao L\u00edder mundial do estilo Bukeiko-Ryu, \u00a0Kancho Leandro da Costa, pois sabemos que em alguns lugares a dificuldade de adquirirem o dogi na cor Preta\u00a0 por esta raz\u00e3o com autoriza\u00e7\u00e3o do L\u00edder da Organiza\u00e7\u00e3o o Dojo poder\u00e1 usar o Branco\u00a0 ou Preto.<\/p>\n<p>A Organiza\u00e7\u00e3o Bukeiko-Ryu \u00e9 uma s\u00f3, no Mundo todo, n\u00e3o havendo divis\u00f5es, pessoas que, n\u00e3o pertencem a Organiza\u00e7\u00e3o Bukeiko-Ryu, s\u00e3o proibidas de, usar o Logo e Kanji do estilo Bukeiko-Ryu Karate de Combate Internacional, assim como tamb\u00e9m usar o nome do Bukeiko-Ryu sem estarem filiados a IBKO, FBKCB, CNKFB, CBLCB, LEKRS OU AGTAM, o \u00danico que pode assinar diplomas e certificados do estilo Bukeiko-Ryu \u00e9 o Kancho Leandro da Costa Lider Mundial da Organiza\u00e7\u00e3o Bukeiko-Ryu.<\/p>\n<p>Estudos do Karate de Combate Bukeiko-Ryu<\/p>\n<p>Para n\u00e3o aprofundar \u00a0a informa\u00e7\u00e3o, pois cada um tem um ponto de vista, e partimos do princ\u00edpio que toda arte marcial treinada por pessoas s\u00e9rias \u00e9 boa para sa\u00fade e para o bem estar comum, e ajuda na qualifica\u00e7\u00e3o do cidad\u00e3o como um todo. A respeito das v\u00e1rias escolas de Karate, acho que cada uma interpreta de uma forma aquilo que foi ensinado pelo Grande Mestre Funakoshi, Pai do Karate Moderno.<br \/>\nAlguns treinam o todo, outros mais Kata, tem os que treinam mais Kumite, outros Tameshiwari e alguns buscam a Filosofia do Karate.<br \/>\nDesde que foi criado, o Karate passou por transforma\u00e7\u00f5es, e isso me parece que tem sido bom, pois tem v\u00e1rios estilos fortes que mant\u00e9m acesa a chama do verdadeiro Karate de Combate.<\/p>\n<p>O Bukeiko-Ryu \u00e9 um Karate moderno e din\u00e2mico, pois agrega t\u00e9cnicas de Kick Boxing japon\u00eas do mestre Kenji Kurosaki, tamb\u00e9m conserva as ra\u00edzes do Karate-do \u00a0Shotokan puro do mestre Funakoshi e do Karate de Okinawa Shorei-Ryu do Mestre Shoku Motobu, \u00a0tendo as raizes puras do autentico Karate de Contato Japon\u00eas. No Bukeiko-Ryu foram preservadas quase todas as t\u00e9cnicas do Karate-do Shotokan, s\u00f3 ficaram mais explosivas por treinarmos bastante a parte de Kumite, que deriva do Kickboxing desenvolvendo assim uma \u00f3tima defesa pessoal real.<br \/>\nO Estilo Bukeiko-Ryu n\u00e3o tem a pretens\u00e3o de ser melhor ou pior que os outros Estilos, \u00e9 apenas mais uma op\u00e7\u00e3o para quem Gosta de Karate, por isto estamos sempre nos atualizando e nos integrando com outras Organiza\u00e7\u00f5es de Karate e Lutas de Contato, participando de v\u00e1rios eventos, levando sempre o nome do Karate de Combate Bukeiko-Ryu para dentro dos Ringues, botando \u00e0 prova contra v\u00e1rias artes marciais, ganhando umas, perdendo outras, mas sempre com respeito ao advers\u00e1rio e a Organiza\u00e7\u00e3o \u00e0 qual ele representa, sempre participando, buscando aprendizado, com mestres importantes, de v\u00e1rios estilos de Karate e Kickboxing.<br \/>\nEssa \u00e9 a garantia que estamos no rumo certo, juntamente com todos praticantes e simpatizantes desta magn\u00edfica arte marcial que \u00e9 o Bukeiko-Ryu Karate de Combate Internacional.<\/p>\n<p>Aos Senseis e Shihans As Regras da IBKO<\/p>\n<ul>\n<li><\/li>\n<li>Todos os Sempais, Senseis e Shihans filiados \u00e0 Organiza\u00e7\u00e3o Bukeiko-Ryu tem a obrigatoriedade de ir, no m\u00ednimo, a cada dois anos na matriz da Organiza\u00e7\u00e3o Bukeiko-Ryu, para participar de treinamento de aperfei\u00e7oamento t\u00e9cnico e padroniza\u00e7\u00e3o do estilo Bukeiko-Ryu. Aquele Sensei ou Shihan que por algum motivo n\u00e3o puder ir at\u00e9 a matriz, ter\u00e1 que organizar um semin\u00e1rio t\u00e9cnico na sua cidade, levando o Kancho Leandro da Costa para realizar a reciclagem de padroniza\u00e7\u00e3o t\u00e9cnica \u00e0 todos os filiados da IBKO<\/li>\n<li>Nenhuma academia, Sempai, Sensei ou Shihan filiado \u00e0 Organiza\u00e7\u00e3o Bukeiko-Ryu no Brasil e no Exterior poder\u00e1 realizar exames de Gradua\u00e7\u00e3o (KYU) ou grau (DAN) sem a devida autoriza\u00e7\u00e3o do Kancho \u00a0Leandro da Costa. As gradua\u00e7\u00f5es do Karate de Combate Bukeiko-Ryu s\u00f3 ter\u00e3o valor se as mesmas forem registradas diretamente na Matriz da IBKO<\/li>\n<li>Todos os filiados da Organiza\u00e7\u00e3o Bukeiko-Ryu devem pagar suas taxas de filia\u00e7\u00e3o anualmente, sempre entre os meses de Janeiro e Fevereiro, de cada Ano.<\/li>\n<li>O N\u00e3o Cumprimento das normas acima citadas acarretar\u00e1 automaticamente em desligamento (desfilia\u00e7\u00e3o) da Organiza\u00e7\u00e3o Bukeiko-Ryu, sendo aqueles que foram desligados,S\u00e3o expressamente Proibidos de usar o nome da Organiza\u00e7\u00e3o.<\/li>\n<li><\/li>\n<li>Regras do Bukeiko-Ryu Karate de Combate Internacional<\/li>\n<\/ul>\n<ul>\n<li>\n<ul>\n<li>1)\u00a0Todos os Alunos e Instrutores devem estar\u00a0 filiados diretamente a Organiza\u00e7\u00e3o Bukeiko-Ryu e portarem a carteirinha internacional de membro da IBKO internacional documento este que s\u00f3 pode ser adquirido diretamente na Matriz Mundial;<\/li>\n<li>2)\u00a0Todos devem ensinar o Karate Bukeiko-Ryu como \u00e9 ensinado na Matriz Internacional \u2013 IBKO;<\/li>\n<li>3)\u00a0Todos devem treinar em seus Dojos o mesmo Kihon Geiko que \u00e9 ensinado na Matriz da IBKO<\/li>\n<li>4)\u00a0Os Diplomas e Certificados de kyus e Faixas Pretas de Karate Bukeiko-Ryu s\u00f3 podem ser emitidos pela Matriz Internacional do Bukeiko-Ryu, assinados pelo Kancho Leandro \u00a0da Costa, nenhum Sensei ou Shihan em nenhuma parte do mundo esta autorizado a emitir e homologar Diplomas e Certificados de Faixas pretas ou kyu do Karate Bukeiko-Ryu, conforme normas e diretrizes internas da Organiza\u00e7\u00e3o Bukeiko-Ryu pois quem assim fizer, ser\u00e1 expulso da Organiza\u00e7\u00e3o Bukeiko-Ryu, pois todos devem seguir as regras e Hierarquia Oficial da IBKO-internacional;<\/li>\n<li>5)\u00a0Todos os Instrutores da Organiza\u00e7\u00e3o Bukeiko-Ryu devem seguir a Ordem de Gradua\u00e7\u00f5es da IBKO.-internacional, onde todos devem usar nos seus dogis (kimonos) alunos e instrutores o kanji oficial do estilo e a escrita Bukeiko-Ryu nas costas dos dogi;<\/li>\n<li>6)\u00a0todas as escolas Bukeiko-Ryu em todo o mundo devem ter no dojo a foto do Presidente \/ Fundador da International Bukeiko-Ryu Karate Organization \u2013 IBKO. Kancho Leandro da Costa \u201c Gr\u00e3o-Mestre Fundador, Chefe do Estilo\u201d;<\/li>\n<li>7)\u00a0Os Certificados de Gradua\u00e7\u00f5es coloridas (kyu) do estilo Bukeiko-Ryu Karate devem serem emitidos diretamente da matriz mundial mediante o pagamento da taxa de registro internacional da IBKO, onde todos ser\u00e3o assinados pelo Kancho Leandro da Costa, Presidente Fundador, para que as Gradua\u00e7\u00f5es tenham valor e sejam Reconhecidas.<\/li>\n<li>8)\u00a0Todos os Senseis e Dangais (Alunos) devem usar sempre o kimono(dogI) na cor branca ou preta, pois a partir do ano de 2015 adotou-se o Kimono na cor Preta tamb\u00e9m.<br \/>\nObs: tenha sempre muita aten\u00e7\u00e3o, e verifique com seu instrutor e mestre de Bukeiko-Ryu se ele ostenta o diploma ou certificado emitido pela matriz mundial da IBKO. com a assinatura no Certificado do Kancho Leandro. da Costa. Verifique se a Academia ostenta na parede o Certificado ou alvar\u00e1 de filia\u00e7\u00e3o licenciando o respectivo professor a ministrar aulas de Karate Bukeiko-Ryu, \u00a0Se este n\u00e3o possuir denuncie, pois o mesmo n\u00e3o \u00e9 Faixa Preta de Karate Bukeiko-Ryu.e nem autorizado a ensinar nosso estilo Pe\u00e7a ao seu instrutor ou mestre que ele solicite \u00e0 matriz internacional da Bukeiko-Ryu Karate, \u00a0a carteirinha e o certificado de membro internacional mediante o pagamento da taxa, e emiss\u00e3o da ficha de registro e 2 fotos 3\u00d74. Tenha a certeza de estar treinando Oficialmente o Bukeiko-Ryu Karate com todos os direitos de um membro Filiado Internacionalmente.<\/p>\n<p>Requisitos\u00a0 Para\u00a0 Filiar-se a \u00a0Organiza\u00e7\u00e3o Bukeiko-Ryu<\/p>\n<p>-Cada filiado (Sensei) da Organiza\u00e7\u00e3o Bukeiko-Ryu dever\u00e1 ser entrevistado e treinar sob a orienta\u00e7\u00e3o do Kancho Leandro da Costa (Diretor T\u00e9cnico e L\u00edder da Internacional Bukeiko-Ryu) na matriz da Organiza\u00e7\u00e3o Bukeiko-Ryu, na cidade de Pelotas, Estado do Rio Grande do Sul \u2013 Brasil.<br \/>\n-Todas as Escolas filiadas a Organiza\u00e7\u00e3o Bukeiko-Ryu devem ensinar o Karate de Combate Bukeiko-Ryu de acordo com as Diretrizes e Normas do Kancho Leandro da Costa.<\/p>\n<p>Os Principios Filos\u00f3ficos do Karate Bukeiko-Ryu<\/p>\n<p>01 \u2013 Ser Disciplinado;<\/p>\n<p>02 \u2013 Ser Educado, Cordial e Sutil com todas as Pessoas;<\/p>\n<p>03 \u2013 N\u00e3o Reclamar da Vida pois, todos tem a Vida\u00a0 que, Escolhem Ter;<\/p>\n<p>04 \u2013 Colocar sempre Deus, em Primeiro Lugar na sua Vida;<\/p>\n<p>05 \u2013 Ser um Exemplo de Pessoa de Boa Conduta, Ser Honesto, ter Car\u00e1ter, ser Equilibrado Emocionalmente e Forte;<\/p>\n<p>O Estilo de Karate Bukeiko-Ryu<\/p>\n<p>O Karate Bukeiko-Ryu \u00e9 um Karate de Combate (Contato), onde usa-se regras que valem socos no rosto e chutes em qualquer parte do corpo, definindo-se principalmente o nocaute com os chutes de canela nas pernas low kicks, tanto por dentro como por fora, al\u00e9m das joelhadas na regi\u00e3o do tronco e cabe\u00e7a. O praticante de Karate Bukeiko-Ryu pode lutar em qualquer competi\u00e7\u00e3o de artes marciais, principalmente nas competi\u00e7\u00f5es de Kickboxing, Thai Boxing e Karate de Contato.<\/p>\n<p>O Bukeiko-Ryu segue uma disciplina muito r\u00edgida do Karate de Combate onde o respeito \u00e9 acima de tudo dentro e fora do Dojo. O Aluno ou Sensei que n\u00e3o seguirem rigorosamente a hierarquia e disciplina do treinamento poder\u00e3o ser exclu\u00eddos da Organiza\u00e7\u00e3o Bukeiko-Ryu. O Bukeiko-Ryu mant\u00e9m suas Ra\u00edzes no Verdadeiro Karate Japon\u00eas e Okinawano. Usa-se os nomes dos Golpes em Idioma Japon\u00eas e a palavra (OSSU) para qualquer coisa, como forma de respeito e humildade.<br \/>\nO Kimono (dogi) de treino do Karate de Combate Bukeiko-Ryu, \u00e9 o tradicional de Karate, aberto, na cor Branca e tamb\u00e9m na cor preta, os Dojos que quiserem adotar os Dogis na cor preta podem pois, \u00e9 a cor principal dos nossos Dogis da nossa Organiza\u00e7\u00e3o, pode tamb\u00e9m os dangais alunos usarem o Dogis Branco e os Senseis usarem o Dogi Preto ou Branco, porem ambos com a manga curta. Usa-se o Kanji no peito esquerdo e o Logo do Bukeiko-Ryu no Bra\u00e7o Esquerdo e Escrito nas Costas do Casaco a Palavra Bukeiko-Ryu com a Escrira em japon\u00eas Bukeiko-Ryu tamb\u00e9m.. O Karate de Combate Bukeiko-Ryu pode ser praticado por crian\u00e7as, jovens e adultos de qualquer idade, pois o Bukeiko-Ryu n\u00e3o \u00e9 praticado somente para competi\u00e7\u00f5es, \u00e9 praticado como m\u00e9todo, direto e objetivo, de defesa pessoal de combate real.<br \/>\nAl\u00e9m de educar os jovens atrav\u00e9s dos treinamentos, adquirindo autoconfian\u00e7a, equil\u00edbrio emocional, amizade, lealdade, disciplina \u00a0onde o respeito est\u00e1 acima de tudo, e principalmente proporcionando uma perfeita sa\u00fade f\u00edsica e mental para desenvolver suas atividades cotidianas e profissionais com \u00eaxito, sabedoria e profissionalismo atrav\u00e9s da disciplina aplicada dentro dos treinamentos adquiridos no Karate de Combate Bukeiko-Ryu.<\/p>\n<p>As Gradua\u00e7\u00f5es do Karate de Combate Bukeiko-Ryu S\u00e3o:<\/p>\n<p>Faixa Branca 9\u00ba Kyu,<\/p>\n<p>Faixa Laranja 8\u00ba Kyu,<\/p>\n<p>Faixa Azul Clara 7\u00ba Kyu,<\/p>\n<p>Faixa Azul Escura 6\u00ba Kyu,<\/p>\n<p>Faixa Amarela 5\u00ba Kyu,<\/p>\n<p>Faixa Verde 4\u00ba Kyu,<\/p>\n<p>Faixa Roxa 3\u00ba Kyu,<\/p>\n<p>Faixa Marrom 2\u00ba Kyu,<\/p>\n<p>Faixa Marrom Listra Preta 1\u00ba Kyu,<\/p>\n<p>Faixa Preta 1\u00ba dan<\/p>\n<p>Faixa Preta \u00a02\u00ba dan<\/p>\n<p>Faixa Preta 3\u00ba dan<\/p>\n<p>Faixa Preta 4\u00ba dan<\/p>\n<p>Faixa Preta 5\u00ba dan<\/p>\n<p>Faixa Coral Vermelha e Branca 6\u00ba dan<\/p>\n<p>Faixa Coral Vermelha e Branca 7\u00ba dan<\/p>\n<p>Faixa Coral Vermelha e Branca 8\u00ba dan<\/p>\n<p>Faixa Vermelha 9\u00ba dan<\/p>\n<p>Faixa Vermelha 10\u00ba dan<\/p>\n<p>Juramento da Escolas de Karate Bukeiko-Ryu<\/li>\n<li>\u00a0(Dojo \u2013Kun)<\/li>\n<\/ul>\n<\/li>\n<\/ul>\n<ul>\n<li>Treinaremos Firmemente com Determina\u00e7\u00e3o e Disciplina;<\/li>\n<li>Manteremos sempre Obedi\u00eancia e Respeito aos nossos Superiores;<\/li>\n<li>Manteremos sempre Lealdade e Fidelidade ao Karate de Combate;<\/li>\n<li>Amaremos a Deus acima de Tudo;<\/li>\n<li>Manteremos a Disciplina do Karate de Combate dentro e fora do Dojo;<\/li>\n<li>Daremos Bons Exemplos de Pessoas Educadas e Cordiais;<\/li>\n<li>Levaremos os Ensinamentos e a Filosofia do Karate de Combate por todas as nossas Vidas.<u>\u00a0<\/u><\/li>\n<li><u>Juramento do Atleta de Karate Bukeiko-Ryu<\/u><\/li>\n<\/ul>\n<ul>\n<li>Prometo respeitar as demais Filosofias e Artes Marciais;<\/li>\n<li>Prometo zelar pelo Respeito ao Estilo Bukeiko-Ryu;<\/li>\n<li>Prometo ser um Exemplo Vivo da Filosofia e da \u00c9tica dos Shihans;<\/li>\n<li>Prometo Cumprir todas as Exig\u00eancias que a mim forem dadas por Senseis e Shihans;<\/li>\n<li><\/li>\n<li>Prometo Competir com Respeito e Lealdade mantendo a Disciplina Marcial do Bukeiko-Ryu Karate.<u>Os Katas do Karate de Combate Bukeiko-Ryu<\/u>\n<p>1 \u2013 Kata Bukeiko-Ryu Waza Gueri<\/p>\n<p>2-Kata Fukyu Dai Ichi<\/p>\n<p>3- Kata Fukyu Dai Ni<\/p>\n<p>4-Kata Fukyu Dai San<\/p>\n<p>5-Kata Bukeiko-Ryu Shodan<\/p>\n<p>6-Kata Bukeiko-Ryu Nidan<\/p>\n<p>7-Kata Bukeiko-Ryu Sandan<\/p>\n<p>8-Kata Bukeiko-Ryu Yondan<\/p>\n<p>9-Kata Bukeiko-Ryu Godan<\/p>\n<p>10-Kata Bukeiko-Ryu Gekisai-Sho<\/li>\n<li><span style=\"color: #000000;\">OBS: <\/span><u><span style=\"color: #ff0000;\">OS KATAS DO ESTILO SHOTOKAN<\/span><\/u><span style=\"color: #000000;\"> , HEIAN SHODAN, NIDAN, SANDAN, YONDAN, GODAN, BASSAI DAI, TEKKI SHODAN, JITTE, ENTRE OUTROS KATAS DO ESTILO SHOTOKAN, <\/span>TAB\u00c9M<span style=\"color: #000000;\"> S\u00c3O TREINADOS E ENSINADOS NO ESTILO BUKEIKO-RYU DE KARATE DE CONTATO, EXIGINDO MUITA CONCENTRA\u00c7\u00c3O AOS SEUS PRATICANTES DO KARATE <\/span>BUKEIKO-RYU.<\/li>\n<li><u>Kihon Geiko do Estilo Bukeiko-Ryu\u00a0<\/u><\/li>\n<li>Em base Sanchin Dachi Esquerda na Frente<\/li>\n<\/ul>\n<ul>\n<li>Chudan Seiken Oizuki<\/li>\n<li>Jodan Seiken Oizuki<\/li>\n<li>Gedan Seiken Oizuki<\/li>\n<li>Chudan Shita zuki<\/li>\n<li>Jodan Mawashi zuki<\/li>\n<li>Jodan Seiken Ago Uchi<\/li>\n<li>Gedan Barai<\/li>\n<li>Jodan Age Uke<\/li>\n<li>Jodan Uchi Uke<\/li>\n<li>Jodan Soto Uke<\/li>\n<li>Jodan Shuto Uke<\/li>\n<li>Em Base Fudo Dachi<\/li>\n<\/ul>\n<ul>\n<li>Kin Geri<\/li>\n<li>Mae Geri<\/li>\n<li>Gedan mawashi Geri \u201clow kicks\u201d<\/li>\n<li>Mawashi Geri<\/li>\n<li>Yoko Geri<\/li>\n<li>Ushiro GeriEste Kihon Geiko deve ser Treinado em todas as Escolas de Karate de Combate Bukeiko-Ryu do Mundo, sendo Seguida esta Ordem para as aAulas e para os Exames de Gradua\u00e7\u00e3o, al\u00e9m das T\u00e9cnicas de Ido Geiko e demais Treinamentos do Bukeiko-Ryu Karate.<u>\u00a0<\/u><\/li>\n<li>Os 21 Principios do Karate de Combate Bukeiko-RyuEscrito pelo Fundador da Organiza\u00e7\u00e3o Bukeiko-Ryu,\n<p>Kancho Leandro da Costa<\/li>\n<\/ul>\n<ol>\n<li>Nunca seja Fofoqueiro;o Karate Bukeiko-Ryu Come\u00e7a e Termina com Sauda\u00e7\u00e3o e Cortesia<\/li>\n<li>N\u00e3o Fale Mau de outros\u00a0 Estilos de Artes Marciais;<\/li>\n<li>N\u00e3o reclame da sua vida;<\/li>\n<li>Seja uma Pessoa melhor Hoje do que Voc\u00ea foi ontem;<\/li>\n<li>Treine o Karate Bukeiko-Ryu com energia e Vontade;<\/li>\n<li>N\u00e3o Critique outras Pessoas , mesmo quando elas criticarem Voc\u00ea, pois esta pessoa no fundo ela admira voc\u00ea<\/li>\n<li>N\u00e3o inveje a Conquista , dos outros, Fam\u00edlia, Trabalho, Atividades pois todos tem a Vida que Escolheu Ter;<\/li>\n<li>Durante a vida no Karate ira aparecer muitas pessoas que iram invejar voc\u00ea, principalmente aqueles que querem ser voc\u00ea\u00a0 ira Inveja-lo, para se Livrar disto Mantenha -se com F\u00e9 em Deus, ore para ser protegido por Deus;<\/li>\n<li>Honre o Karate Bukeiko-Ryu sempre, n\u00e3o use o Bukeiko-Ryu, chegar a outros Lugares, pois isto \u00e9 oportunismo e n\u00e3o pode existir na organiza\u00e7\u00e3o Bukeiko-Ryu;<\/li>\n<li>Treine o Karate Bukeiko-Ryu com o cora\u00e7\u00e3o, n\u00e3o com os punhos, pois a Paix\u00e3o pelo Bukeiko-Ryu aumenta a cada dia por aqueles que praticam este estilo de Karate de Combate;<\/li>\n<li>Nunca use o Karate Bukeiko-Ryu para machucar as pessoas mas para Cultivar a Uni\u00e3o e Amizade;<\/li>\n<li>O Bukeiko-Ryu Karate de combate internacional n\u00e3o \u00e9 s\u00f3 combate, pois o combate no Bukeiko-Ryu \u00e9 o combate contra a si mesmo contra a raiva, Contra a Inveja, contra o sofrimento, contra a dor, contra a derrota, isto \u00e9 Karate de Combate Bukeiko-Ryu o Estilo de Treinamento do Guerreiro;<\/li>\n<li>O Bukeiko-Ryu Karate pode ser praticado por Crian\u00e7as, Jovens, Adultos e Idosos, para Fortalecimento do Corpo e Espirito.<\/li>\n<li>N\u00e3o Existe Ex-Bukeiko-Ryu, mesmo aqueles que, j\u00e1 treinaram o Bukeiko-Ryu e foram para outros estilos ou criaram outros estilos, ser\u00e3o sempre Bukeiko-Ryu pois a Metodologia de Treinamento, Filosofia, Did\u00e1tica, Disciplina e Conduta \u00e9 do Bukeiko-ryu que foi formalizada pelo se Fundador Kancho Leandro da Costa que pratica Artes Marciais desde os 07 anos de idade onde montou sua primeira academia particular em sua casa em 1989 com seu m\u00e9todo pr\u00f3prio de treinamento de Karate de Combate e Kickboxing;<\/li>\n<li>N\u00e3o se Preocupe com Exames de Faixa pois cada Sensei ou Shihan, saber\u00e1 o tempo certo de avaliar cada aluno Dangai;<\/li>\n<li>Aquele que s\u00f3 pensa em faixa, T\u00edtulos e Diplomas n\u00e3o conhece nada do caminho das artes marciais, deixe que o tempo com dedica\u00e7\u00e3o lhe Conduzir\u00e1 Gradativamente no tempo Certo ;<\/li>\n<li>O Karate de Combate Bukeiko-Ryu \u00e9 um s\u00f3, n\u00e3o Existe divis\u00f5es, no mundo s\u00f3 existe um Bukeiko-Ryu, sempre tenha a certeza de treinar o Aut\u00eantico Bukeiko-Ryu Karate;<\/li>\n<li>A Filosofia do Bukeiko-Ryu Karate \u00e9, estudar muito n\u00e3o somente o Karate mas Bons Livros sobre assuntos de Positividade, Filosofia, pois um homem culto \u00e9 um homem mais sereno, Inteligente e Seguro;<\/li>\n<li>Cultive sempre uma Vida Saud\u00e1vel com alimentos saud\u00e1veis, beba muita \u00e1gua, muito ch\u00e1, consuma frutas, e muitos legumes, cuide do seu corpo e da sua sa\u00fade\u00a0 pois \u00f3 nosso corpo \u00e9 o nosso templo de Deus;<\/li>\n<li>Leia com aten\u00e7\u00e3o este Vig\u00e9simo Principio nunca fa\u00e7a uso de bebidas alc\u00f3olicas, de nenhum tipo, n\u00e3o fume, n\u00e3o beba, n\u00e3o fale palavr\u00f5es. Seja honesto, pague o que deve, tenha Car\u00e1ter, seja admirado por boas atitudes, nunca use nenhum tipo de droga, seja um verdadeiro exemplo de ser Humano;<\/li>\n<li>Respeite todas as pessoas, n\u00e3o use do poder do Karate Bukeiko-ryu para, intimidar as pessoas, seja sutil e respeitoso com todos isto \u00e9 Bukeiko-Ryu Karate de combate internacional.Importante o Bukeiko-Ryu \u00e9 um estilo respeitado no Brasil e no mundo, reconhecido como um verdadeiro Estilo de Karate de Contato, Registrado em V\u00e1rias Federa\u00e7\u00f5es e Confedera\u00e7\u00f5es no Brasil e Exterior.\u00a0O Verdadeiro Significado da Faixa PretaImagine um praticante de artes marciais em Senza em frente do Shihan, numa cerim\u00f4nia para receber a Faixa Preta (Shodan) obtida com muito suor.<br \/>\nDepois de anos de treinamento incans\u00e1vel, o aluno finalmente chegou ao auge no \u00eaxito da disciplina.<br \/>\n\u201cantes que eu lhe d\u00ea a Faixa Preta (Shodan) voc\u00ea tem que passar por outro teste\u201d, diz o Shihan.<br \/>\n\u201ceu estou pronto\u201d, responde o disc\u00edpulo\u201d ao seu Shihan.<br \/>\n\u201cvoc\u00ea tem que responder \u00e0 pergunta essencial: qual \u00e9 o verdadeiro significado da faixa preta?\u201d Indagou o Shihan.<br \/>\n\u201co fim da minha jornada\u201d, responde o disc\u00edpulo, \u201cuma recompensa merecida pelo meu bom trabalho\u201d.<br \/>\nO Shihan espera mais. \u00c9 \u00f3bvio que ainda n\u00e3o est\u00e1 satisfeito. Por fim, o Shihan fala: \u201cvoc\u00ea ainda n\u00e3o est\u00e1 pronto para a Faixa Preta (Shodan). Volte daqui a um ano.\u201d<br \/>\nUm ano depois, o disc\u00edpulo fica em Senza novamente em frente do seu Shihan.<br \/>\n\u201cqual \u00e9 o Verdadeiro Significado da Faixa Preta?\u201d Pergunta o Shihan.<br \/>\n\u201cela significa a excel\u00eancia e o n\u00edvel mais alto que se pode atingir em nossa arte.\u201d responde o disc\u00edpulo.<br \/>\nO Shihan n\u00e3o diz nada durante v\u00e1rios minutos, esperando. \u00c9 \u00f3bvio que ainda n\u00e3o est\u00e1 satisfeito. Por fim ele fala: \u201d voc\u00ea ainda n\u00e3o est\u00e1 pronto para a Faixa Preta (Shodan) volte daqui a um ano.\u201d<br \/>\nUm ano depois, o disc\u00edpulo fica em Senza novamente em frente ao seu Shihan que mais uma vez o pergunta: \u201cqual \u00e9 o Verdadeiro significado da Faixa Preta?\u201d<br \/>\n\u201ca Faixa Preta representa o come\u00e7o \u2013 o in\u00edcio da jornada sem fim de disciplina, trabalho, honestidade e a busca por um padr\u00e3o cada vez mais alto dentro e fora da arte com reflexos positivos para a forma\u00e7\u00e3o do car\u00e1ter do ser humano , responde o disc\u00edpulo.<br \/>\n\u201csim. Agora voc\u00ea est\u00e1 pronto para receber a Faixa Preta e iniciar o seu trabalho!\u201d, Responde o Shihan.<\/p>\n<p>Hist\u00f3ria da Faixa Pela Cultura Japonesa da \u00c9poca<\/p>\n<p>As Roupas usadas eram seguradas por uma faixa. No Karate a Faixa al\u00e9m de segurar a roupa tem significado importante: \u2013 para diferenciar o n\u00edvel de conhecimento de cada um. Mas com o passar dos tempos o Karate come\u00e7ou a se ramificar, criando v\u00e1rios estilos. Assim as seq\u00fc\u00eancias das cores foram adotadas por cada estilo, mas a gradua\u00e7\u00e3o \u00e9 a mesma, que s\u00e3o denominadas por Kyu.<br \/>\nO Kyu se inicia com o 10\u00ba at\u00e9 chegar ao 1\u00ba, \u00e9 como se o individuo estivesse no 10\u00ba subsolo e quando for melhorando o seu conhecimento ele se aproxima do t\u00e9rreo. Chegando \u00e0 faixa preta \u00e9 quando ele sai do subsolo e come\u00e7a a subir os andares, assim a gradua\u00e7\u00e3o da Faixa Preta (denominada Dan) \u00e9 o oposto das outras faixas, come\u00e7a com o 1\u00ba Dan at\u00e9 o 10\u00ba.<br \/>\nDizem que quando o individuo atinge a Faixa Preta ele sai do subsolo assim ele tem uma vis\u00e3o da Paisagem do Karate e quanto mais subir maior a vis\u00e3o; \u2013 voltando a cultura Japonesa que a Faixa era apenas para segurar a roupa, no Karate \u00e9 usado uma Faixa de mais ou menos 3 metros de comprimentos, porque \u00e9 necess\u00e1rio se dar duas voltas, onde a primeira volta simboliza o esp\u00edrito e a segunda o corpo e antes de se dar o n\u00f3 final se uni as duas Voltas e devem se Deixar as Pontas Alinhadas Simbolizando o Equil\u00edbrio.<\/p>\n<p><em>Venha Fazer Parte da Organiza\u00e7\u00e3o Bukeiko-Ryu Filie-se!\u00a0<\/em><\/p>\n<p>Kancho Leandro da Costa<\/p>\n<p>Presidente Mundial IBKO<\/li>\n<\/ol>\n<div class=\"elementToProof\"><\/div>\n<div class=\"elementToProof\">\n<div><\/div>\n<div><\/div>\n<div><span class=\"gmail-ContentPasted0\">\u00a0 \u00a0 \u00a0 \u00a0 \u00a0 \u00a0 \u00a0 \u00a0 \u00a0 \u00a0<\/span><span class=\"gmail-ContentPasted0\">\u00a0\u00a0 \u00a0<\/span><u class=\"gmail-ContentPasted0\"><span class=\"gmail-ContentPasted0\">\u00a0<\/span>\u00a0FILOSOFIA DO KANCHO\u00a0<\/u><\/div>\n<div><u class=\"gmail-ContentPasted0\">LEANDRO \u201cGR\u00c3O MESTRE<\/u><\/div>\n<div><\/div>\n<div><span class=\"gmail-ContentPasted0\">\u201cAQUELE QUE BUSCA O F\u00c1CIL ENCONTRAR\u00c1 O DIF\u00cdCIL, MAS AQUELE QUE BUSCAR O DIFICIL ENCONTRAR\u00c1 O F\u00c1CIL\u201d<\/span><\/div>\n<div><\/div>\n<div><span class=\"gmail-ContentPasted0\">\u201d A SABEDORIA DE UM VERDADEIRO MESTRE, MEDE-SE NA CAPACIDADE DE DAR BONS EXEMPLOS\u201d<\/span><\/div>\n<div><\/div>\n<div><\/div>\n<div><span class=\"gmail-ContentPasted0\">OSSU!<\/span><\/div>\n<div><span class=\"gmail-ContentPasted0\">\u00a0<\/span><\/div>\n<div><span class=\"gmail-ContentPasted0\">ASSOCIA\u00c7\u00c3O GARRA DE TIGRE DE ARTES MARCIAIS-AGTAM<\/span><\/div>\n<div><span class=\"gmail-ContentPasted0\">ASSOCIA\u00c7\u00c3O BRASILEIRA DE KARATE-DO E KICKBOXING-ABKK<\/span><\/div>\n<div><span class=\"gmail-ContentPasted0\">contato <a href=\"mailto:kickboxingjapones@gmail.com\">kickboxingjapones@gmail.com<\/a><\/span><\/div>\n<div><span class=\"gmail-ContentPasted0\">tel. 53-999880938<\/span><\/div>\n<\/div>\n<\/div>\n<\/div>\n<\/div><\/section><\/p><\/div><div  class='hr av-7xqel-8b57634d04b7b5b9b5d4658a8150c298 hr-default  avia-builder-el-4  el_after_av_one_full  el_before_av_gallery '><span class='hr-inner '><span class=\"hr-inner-style\"><\/span><\/span><\/div><\/p>\n\n<style type=\"text\/css\" data-created_by=\"avia_inline_auto\" id=\"style-css-av-9sh6l-751dd5f2ff1cb6f5c3a68b0a4b4a4d19\">\n#top .avia-gallery.av-9sh6l-751dd5f2ff1cb6f5c3a68b0a4b4a4d19 .avia-gallery-thumb a{\nwidth:10%;\n}\n<\/style>\n<div  class='avia-gallery av-9sh6l-751dd5f2ff1cb6f5c3a68b0a4b4a4d19 avia_animate_when_visible  avia-builder-el-5  el_after_av_hr  avia-builder-el-last  animations_off avia-gallery-1'  itemprop=\"image\" itemscope=\"itemscope\" itemtype=\"https:\/\/schema.org\/ImageObject\" ><meta itemprop=\"contentURL\" content=\"https:\/\/graomestreleandrodacosta.com.br\/?page_id=181\"><div class='avia-gallery-thumb'><a href=\"https:\/\/graomestreleandrodacosta.com.br\/wp-content\/uploads\/2023\/02\/organizacao-ashigaru-ryu-certificado-de-9o-dan-karate-bukeikoryu-1030x702.jpg\" data-srcset=\"https:\/\/graomestreleandrodacosta.com.br\/wp-content\/uploads\/2023\/02\/organizacao-ashigaru-ryu-certificado-de-9o-dan-karate-bukeikoryu-1030x702.jpg 1030w, https:\/\/graomestreleandrodacosta.com.br\/wp-content\/uploads\/2023\/02\/organizacao-ashigaru-ryu-certificado-de-9o-dan-karate-bukeikoryu-300x205.jpg 300w, https:\/\/graomestreleandrodacosta.com.br\/wp-content\/uploads\/2023\/02\/organizacao-ashigaru-ryu-certificado-de-9o-dan-karate-bukeikoryu-768x524.jpg 768w, https:\/\/graomestreleandrodacosta.com.br\/wp-content\/uploads\/2023\/02\/organizacao-ashigaru-ryu-certificado-de-9o-dan-karate-bukeikoryu-705x481.jpg 705w, https:\/\/graomestreleandrodacosta.com.br\/wp-content\/uploads\/2023\/02\/organizacao-ashigaru-ryu-certificado-de-9o-dan-karate-bukeikoryu.jpg 1280w\" data-sizes=\"(max-width: 1030px) 100vw, 1030px\" data-rel='gallery-1' data-prev-img='https:\/\/graomestreleandrodacosta.com.br\/wp-content\/uploads\/2023\/02\/organizacao-ashigaru-ryu-certificado-de-9o-dan-karate-bukeikoryu-495x400.jpg' class='first_thumb lightbox ' data-onclick='1' title='organiza\u00e7\u00e3o ashigaru ryu - certificado de 9\u00ba dan karate bukeikoryu'  itemprop=\"thumbnailUrl\"  ><img decoding=\"async\" class=\"wp-image-184 avia-img-lazy-loading-not-184\"   src=\"https:\/\/graomestreleandrodacosta.com.br\/wp-content\/uploads\/2023\/02\/organizacao-ashigaru-ryu-certificado-de-9o-dan-karate-bukeikoryu-495x400.jpg\" width=\"495\" height=\"400\"  title='organiza\u00e7\u00e3o ashigaru ryu - certificado de 9\u00ba dan karate bukeikoryu' alt='' srcset=\"https:\/\/graomestreleandrodacosta.com.br\/wp-content\/uploads\/2023\/02\/organizacao-ashigaru-ryu-certificado-de-9o-dan-karate-bukeikoryu-495x400.jpg 495w, https:\/\/graomestreleandrodacosta.com.br\/wp-content\/uploads\/2023\/02\/organizacao-ashigaru-ryu-certificado-de-9o-dan-karate-bukeikoryu-845x684.jpg 845w\" sizes=\"(max-width: 495px) 100vw, 495px\" \/><div class='big-prev-fake'><img decoding=\"async\" class=\"wp-image-184 avia-img-lazy-loading-184\"  width=\"495\" height=\"400\" src=\"https:\/\/graomestreleandrodacosta.com.br\/wp-content\/uploads\/2023\/02\/organizacao-ashigaru-ryu-certificado-de-9o-dan-karate-bukeikoryu-495x400.jpg\" title='organiza\u00e7\u00e3o ashigaru ryu - certificado de 9\u00ba dan karate bukeikoryu' alt='' srcset=\"https:\/\/graomestreleandrodacosta.com.br\/wp-content\/uploads\/2023\/02\/organizacao-ashigaru-ryu-certificado-de-9o-dan-karate-bukeikoryu-495x400.jpg 495w, https:\/\/graomestreleandrodacosta.com.br\/wp-content\/uploads\/2023\/02\/organizacao-ashigaru-ryu-certificado-de-9o-dan-karate-bukeikoryu-845x684.jpg 845w\" sizes=\"(max-width: 495px) 100vw, 495px\" \/><\/div><\/a><a href=\"https:\/\/graomestreleandrodacosta.com.br\/wp-content\/uploads\/2023\/02\/garra_fight36.gif\" data-rel='gallery-1' data-prev-img='https:\/\/graomestreleandrodacosta.com.br\/wp-content\/uploads\/2023\/02\/garra_fight36-495x348.gif' class='lightbox ' data-onclick='2' title='garra_fight36'  itemprop=\"thumbnailUrl\"  ><img decoding=\"async\" class=\"wp-image-185 avia-img-lazy-loading-not-185\"   src=\"https:\/\/graomestreleandrodacosta.com.br\/wp-content\/uploads\/2023\/02\/garra_fight36-495x348.gif\" width=\"495\" height=\"348\"  title='garra_fight36' alt='' \/><div class='big-prev-fake'><img decoding=\"async\" class=\"wp-image-185 avia-img-lazy-loading-185\"  width=\"495\" height=\"348\" src=\"https:\/\/graomestreleandrodacosta.com.br\/wp-content\/uploads\/2023\/02\/garra_fight36-495x348.gif\" title='garra_fight36' alt='' \/><\/div><\/a><a href=\"https:\/\/graomestreleandrodacosta.com.br\/wp-content\/uploads\/2023\/02\/images-15.jpg\" data-rel='gallery-1' data-prev-img='https:\/\/graomestreleandrodacosta.com.br\/wp-content\/uploads\/2023\/02\/images-15.jpg' class='lightbox ' data-onclick='3' title='images (15)'  itemprop=\"thumbnailUrl\"  ><img decoding=\"async\" class=\"wp-image-186 avia-img-lazy-loading-not-186\"   src=\"https:\/\/graomestreleandrodacosta.com.br\/wp-content\/uploads\/2023\/02\/images-15.jpg\" width=\"272\" height=\"185\"  title='images (15)' alt='' \/><div class='big-prev-fake'><img decoding=\"async\" class=\"wp-image-186 avia-img-lazy-loading-186\"  width=\"272\" height=\"185\" src=\"https:\/\/graomestreleandrodacosta.com.br\/wp-content\/uploads\/2023\/02\/images-15.jpg\" title='images (15)' alt='' \/><\/div><\/a><a href=\"https:\/\/graomestreleandrodacosta.com.br\/wp-content\/uploads\/2023\/02\/logo-marca-oficial-da-equipe-bukeikoryu-do-kancho-leandro-da-costa-1004x1030.jpg\" data-srcset=\"https:\/\/graomestreleandrodacosta.com.br\/wp-content\/uploads\/2023\/02\/logo-marca-oficial-da-equipe-bukeikoryu-do-kancho-leandro-da-costa-1004x1030.jpg 1004w, https:\/\/graomestreleandrodacosta.com.br\/wp-content\/uploads\/2023\/02\/logo-marca-oficial-da-equipe-bukeikoryu-do-kancho-leandro-da-costa-292x300.jpg 292w, https:\/\/graomestreleandrodacosta.com.br\/wp-content\/uploads\/2023\/02\/logo-marca-oficial-da-equipe-bukeikoryu-do-kancho-leandro-da-costa-768x788.jpg 768w, https:\/\/graomestreleandrodacosta.com.br\/wp-content\/uploads\/2023\/02\/logo-marca-oficial-da-equipe-bukeikoryu-do-kancho-leandro-da-costa-36x36.jpg 36w, https:\/\/graomestreleandrodacosta.com.br\/wp-content\/uploads\/2023\/02\/logo-marca-oficial-da-equipe-bukeikoryu-do-kancho-leandro-da-costa-687x705.jpg 687w, https:\/\/graomestreleandrodacosta.com.br\/wp-content\/uploads\/2023\/02\/logo-marca-oficial-da-equipe-bukeikoryu-do-kancho-leandro-da-costa.jpg 1169w\" data-sizes=\"(max-width: 1004px) 100vw, 1004px\" data-rel='gallery-1' data-prev-img='https:\/\/graomestreleandrodacosta.com.br\/wp-content\/uploads\/2023\/02\/logo-marca-oficial-da-equipe-bukeikoryu-do-kancho-leandro-da-costa-495x400.jpg' class='lightbox ' data-onclick='4' title='logo-marca oficial da equipe bukeikoryu do kancho leandro da costa'  itemprop=\"thumbnailUrl\"  ><img decoding=\"async\" class=\"wp-image-188 avia-img-lazy-loading-not-188\"   src=\"https:\/\/graomestreleandrodacosta.com.br\/wp-content\/uploads\/2023\/02\/logo-marca-oficial-da-equipe-bukeikoryu-do-kancho-leandro-da-costa-495x400.jpg\" width=\"495\" height=\"400\"  title='logo-marca oficial da equipe bukeikoryu do kancho leandro da costa' alt='' srcset=\"https:\/\/graomestreleandrodacosta.com.br\/wp-content\/uploads\/2023\/02\/logo-marca-oficial-da-equipe-bukeikoryu-do-kancho-leandro-da-costa-495x400.jpg 495w, https:\/\/graomestreleandrodacosta.com.br\/wp-content\/uploads\/2023\/02\/logo-marca-oficial-da-equipe-bukeikoryu-do-kancho-leandro-da-costa-845x684.jpg 845w\" sizes=\"(max-width: 495px) 100vw, 495px\" \/><div class='big-prev-fake'><img decoding=\"async\" class=\"wp-image-188 avia-img-lazy-loading-188\"  width=\"495\" height=\"400\" src=\"https:\/\/graomestreleandrodacosta.com.br\/wp-content\/uploads\/2023\/02\/logo-marca-oficial-da-equipe-bukeikoryu-do-kancho-leandro-da-costa-495x400.jpg\" title='logo-marca oficial da equipe bukeikoryu do kancho leandro da costa' alt='' srcset=\"https:\/\/graomestreleandrodacosta.com.br\/wp-content\/uploads\/2023\/02\/logo-marca-oficial-da-equipe-bukeikoryu-do-kancho-leandro-da-costa-495x400.jpg 495w, https:\/\/graomestreleandrodacosta.com.br\/wp-content\/uploads\/2023\/02\/logo-marca-oficial-da-equipe-bukeikoryu-do-kancho-leandro-da-costa-845x684.jpg 845w\" sizes=\"(max-width: 495px) 100vw, 495px\" \/><\/div><\/a><a href=\"https:\/\/graomestreleandrodacosta.com.br\/wp-content\/uploads\/2023\/02\/REGISTRO-OFICIAL-BUKEIKO-RYU-FBKK-728x1030.jpg\" data-srcset=\"https:\/\/graomestreleandrodacosta.com.br\/wp-content\/uploads\/2023\/02\/REGISTRO-OFICIAL-BUKEIKO-RYU-FBKK-728x1030.jpg 728w, https:\/\/graomestreleandrodacosta.com.br\/wp-content\/uploads\/2023\/02\/REGISTRO-OFICIAL-BUKEIKO-RYU-FBKK-212x300.jpg 212w, https:\/\/graomestreleandrodacosta.com.br\/wp-content\/uploads\/2023\/02\/REGISTRO-OFICIAL-BUKEIKO-RYU-FBKK-768x1086.jpg 768w, https:\/\/graomestreleandrodacosta.com.br\/wp-content\/uploads\/2023\/02\/REGISTRO-OFICIAL-BUKEIKO-RYU-FBKK-498x705.jpg 498w, https:\/\/graomestreleandrodacosta.com.br\/wp-content\/uploads\/2023\/02\/REGISTRO-OFICIAL-BUKEIKO-RYU-FBKK.jpg 905w\" data-sizes=\"(max-width: 728px) 100vw, 728px\" data-rel='gallery-1' data-prev-img='https:\/\/graomestreleandrodacosta.com.br\/wp-content\/uploads\/2023\/02\/REGISTRO-OFICIAL-BUKEIKO-RYU-FBKK-495x400.jpg' class='lightbox ' data-onclick='5' title='REGISTRO OFICIAL BUKEIKO-RYU FBKK'  itemprop=\"thumbnailUrl\"  ><img decoding=\"async\" class=\"wp-image-189 avia-img-lazy-loading-not-189\"   src=\"https:\/\/graomestreleandrodacosta.com.br\/wp-content\/uploads\/2023\/02\/REGISTRO-OFICIAL-BUKEIKO-RYU-FBKK-495x400.jpg\" width=\"495\" height=\"400\"  title='REGISTRO OFICIAL BUKEIKO-RYU FBKK' alt='' srcset=\"https:\/\/graomestreleandrodacosta.com.br\/wp-content\/uploads\/2023\/02\/REGISTRO-OFICIAL-BUKEIKO-RYU-FBKK-495x400.jpg 495w, https:\/\/graomestreleandrodacosta.com.br\/wp-content\/uploads\/2023\/02\/REGISTRO-OFICIAL-BUKEIKO-RYU-FBKK-845x684.jpg 845w\" sizes=\"(max-width: 495px) 100vw, 495px\" \/><div class='big-prev-fake'><img decoding=\"async\" class=\"wp-image-189 avia-img-lazy-loading-189\"  width=\"495\" height=\"400\" src=\"https:\/\/graomestreleandrodacosta.com.br\/wp-content\/uploads\/2023\/02\/REGISTRO-OFICIAL-BUKEIKO-RYU-FBKK-495x400.jpg\" title='REGISTRO OFICIAL BUKEIKO-RYU FBKK' alt='' srcset=\"https:\/\/graomestreleandrodacosta.com.br\/wp-content\/uploads\/2023\/02\/REGISTRO-OFICIAL-BUKEIKO-RYU-FBKK-495x400.jpg 495w, https:\/\/graomestreleandrodacosta.com.br\/wp-content\/uploads\/2023\/02\/REGISTRO-OFICIAL-BUKEIKO-RYU-FBKK-845x684.jpg 845w\" sizes=\"(max-width: 495px) 100vw, 495px\" \/><\/div><\/a><a href=\"https:\/\/graomestreleandrodacosta.com.br\/wp-content\/uploads\/2023\/02\/logo-bukeikoryu-1030x1030.jpg\" data-srcset=\"https:\/\/graomestreleandrodacosta.com.br\/wp-content\/uploads\/2023\/02\/logo-bukeikoryu-1030x1030.jpg 1030w, https:\/\/graomestreleandrodacosta.com.br\/wp-content\/uploads\/2023\/02\/logo-bukeikoryu-300x300.jpg 300w, https:\/\/graomestreleandrodacosta.com.br\/wp-content\/uploads\/2023\/02\/logo-bukeikoryu-80x80.jpg 80w, https:\/\/graomestreleandrodacosta.com.br\/wp-content\/uploads\/2023\/02\/logo-bukeikoryu-768x768.jpg 768w, https:\/\/graomestreleandrodacosta.com.br\/wp-content\/uploads\/2023\/02\/logo-bukeikoryu-1536x1536.jpg 1536w, https:\/\/graomestreleandrodacosta.com.br\/wp-content\/uploads\/2023\/02\/logo-bukeikoryu-2048x2048.jpg 2048w, https:\/\/graomestreleandrodacosta.com.br\/wp-content\/uploads\/2023\/02\/logo-bukeikoryu-36x36.jpg 36w, https:\/\/graomestreleandrodacosta.com.br\/wp-content\/uploads\/2023\/02\/logo-bukeikoryu-180x180.jpg 180w, https:\/\/graomestreleandrodacosta.com.br\/wp-content\/uploads\/2023\/02\/logo-bukeikoryu-1500x1500.jpg 1500w, https:\/\/graomestreleandrodacosta.com.br\/wp-content\/uploads\/2023\/02\/logo-bukeikoryu-705x705.jpg 705w\" data-sizes=\"(max-width: 1030px) 100vw, 1030px\" data-rel='gallery-1' data-prev-img='https:\/\/graomestreleandrodacosta.com.br\/wp-content\/uploads\/2023\/02\/logo-bukeikoryu-495x400.jpg' class='lightbox ' data-onclick='6' title='logo bukeikoryu'  itemprop=\"thumbnailUrl\"  ><img decoding=\"async\" class=\"wp-image-191 avia-img-lazy-loading-not-191\"   src=\"https:\/\/graomestreleandrodacosta.com.br\/wp-content\/uploads\/2023\/02\/logo-bukeikoryu-495x400.jpg\" width=\"495\" height=\"400\"  title='logo bukeikoryu' alt='' srcset=\"https:\/\/graomestreleandrodacosta.com.br\/wp-content\/uploads\/2023\/02\/logo-bukeikoryu-495x400.jpg 495w, https:\/\/graomestreleandrodacosta.com.br\/wp-content\/uploads\/2023\/02\/logo-bukeikoryu-845x684.jpg 845w\" sizes=\"(max-width: 495px) 100vw, 495px\" \/><div class='big-prev-fake'><img decoding=\"async\" class=\"wp-image-191 avia-img-lazy-loading-191\"  width=\"495\" height=\"400\" src=\"https:\/\/graomestreleandrodacosta.com.br\/wp-content\/uploads\/2023\/02\/logo-bukeikoryu-495x400.jpg\" title='logo bukeikoryu' alt='' srcset=\"https:\/\/graomestreleandrodacosta.com.br\/wp-content\/uploads\/2023\/02\/logo-bukeikoryu-495x400.jpg 495w, https:\/\/graomestreleandrodacosta.com.br\/wp-content\/uploads\/2023\/02\/logo-bukeikoryu-845x684.jpg 845w\" sizes=\"(max-width: 495px) 100vw, 495px\" \/><\/div><\/a><a href=\"https:\/\/graomestreleandrodacosta.com.br\/wp-content\/uploads\/2023\/02\/RECONHECIMENTO-ESTILO-BUKEIKORYU-CREDENCIAL-1030x741.jpg\" data-srcset=\"https:\/\/graomestreleandrodacosta.com.br\/wp-content\/uploads\/2023\/02\/RECONHECIMENTO-ESTILO-BUKEIKORYU-CREDENCIAL-1030x741.jpg 1030w, https:\/\/graomestreleandrodacosta.com.br\/wp-content\/uploads\/2023\/02\/RECONHECIMENTO-ESTILO-BUKEIKORYU-CREDENCIAL-300x216.jpg 300w, https:\/\/graomestreleandrodacosta.com.br\/wp-content\/uploads\/2023\/02\/RECONHECIMENTO-ESTILO-BUKEIKORYU-CREDENCIAL-768x553.jpg 768w, https:\/\/graomestreleandrodacosta.com.br\/wp-content\/uploads\/2023\/02\/RECONHECIMENTO-ESTILO-BUKEIKORYU-CREDENCIAL-705x507.jpg 705w, https:\/\/graomestreleandrodacosta.com.br\/wp-content\/uploads\/2023\/02\/RECONHECIMENTO-ESTILO-BUKEIKORYU-CREDENCIAL.jpg 1280w\" data-sizes=\"(max-width: 1030px) 100vw, 1030px\" data-rel='gallery-1' data-prev-img='https:\/\/graomestreleandrodacosta.com.br\/wp-content\/uploads\/2023\/02\/RECONHECIMENTO-ESTILO-BUKEIKORYU-CREDENCIAL-495x400.jpg' class='lightbox ' data-onclick='7' title='RECONHECIMENTO ESTILO BUKEIKORYU CREDENCIAL'  itemprop=\"thumbnailUrl\"  ><img decoding=\"async\" class=\"wp-image-192 avia-img-lazy-loading-not-192\"   src=\"https:\/\/graomestreleandrodacosta.com.br\/wp-content\/uploads\/2023\/02\/RECONHECIMENTO-ESTILO-BUKEIKORYU-CREDENCIAL-495x400.jpg\" width=\"495\" height=\"400\"  title='RECONHECIMENTO ESTILO BUKEIKORYU CREDENCIAL' alt='' srcset=\"https:\/\/graomestreleandrodacosta.com.br\/wp-content\/uploads\/2023\/02\/RECONHECIMENTO-ESTILO-BUKEIKORYU-CREDENCIAL-495x400.jpg 495w, https:\/\/graomestreleandrodacosta.com.br\/wp-content\/uploads\/2023\/02\/RECONHECIMENTO-ESTILO-BUKEIKORYU-CREDENCIAL-845x684.jpg 845w\" sizes=\"(max-width: 495px) 100vw, 495px\" \/><div class='big-prev-fake'><img decoding=\"async\" class=\"wp-image-192 avia-img-lazy-loading-192\"  width=\"495\" height=\"400\" src=\"https:\/\/graomestreleandrodacosta.com.br\/wp-content\/uploads\/2023\/02\/RECONHECIMENTO-ESTILO-BUKEIKORYU-CREDENCIAL-495x400.jpg\" title='RECONHECIMENTO ESTILO BUKEIKORYU CREDENCIAL' alt='' srcset=\"https:\/\/graomestreleandrodacosta.com.br\/wp-content\/uploads\/2023\/02\/RECONHECIMENTO-ESTILO-BUKEIKORYU-CREDENCIAL-495x400.jpg 495w, https:\/\/graomestreleandrodacosta.com.br\/wp-content\/uploads\/2023\/02\/RECONHECIMENTO-ESTILO-BUKEIKORYU-CREDENCIAL-845x684.jpg 845w\" sizes=\"(max-width: 495px) 100vw, 495px\" \/><\/div><\/a><a href=\"https:\/\/graomestreleandrodacosta.com.br\/wp-content\/uploads\/2023\/02\/9o-dan-karate-bukeikoryu-WOMA-JAPAN.jpg\" data-srcset=\"https:\/\/graomestreleandrodacosta.com.br\/wp-content\/uploads\/2023\/02\/9o-dan-karate-bukeikoryu-WOMA-JAPAN.jpg 960w, https:\/\/graomestreleandrodacosta.com.br\/wp-content\/uploads\/2023\/02\/9o-dan-karate-bukeikoryu-WOMA-JAPAN-300x225.jpg 300w, https:\/\/graomestreleandrodacosta.com.br\/wp-content\/uploads\/2023\/02\/9o-dan-karate-bukeikoryu-WOMA-JAPAN-768x576.jpg 768w, https:\/\/graomestreleandrodacosta.com.br\/wp-content\/uploads\/2023\/02\/9o-dan-karate-bukeikoryu-WOMA-JAPAN-705x529.jpg 705w\" data-sizes=\"(max-width: 960px) 100vw, 960px\" data-rel='gallery-1' data-prev-img='https:\/\/graomestreleandrodacosta.com.br\/wp-content\/uploads\/2023\/02\/9o-dan-karate-bukeikoryu-WOMA-JAPAN-495x400.jpg' class='lightbox ' data-onclick='8' title='9\u00ba dan karate bukeikoryu WOMA-JAPAN'  itemprop=\"thumbnailUrl\"  ><img decoding=\"async\" class=\"wp-image-193 avia-img-lazy-loading-not-193\"   src=\"https:\/\/graomestreleandrodacosta.com.br\/wp-content\/uploads\/2023\/02\/9o-dan-karate-bukeikoryu-WOMA-JAPAN-495x400.jpg\" width=\"495\" height=\"400\"  title='9\u00ba dan karate bukeikoryu WOMA-JAPAN' alt='' srcset=\"https:\/\/graomestreleandrodacosta.com.br\/wp-content\/uploads\/2023\/02\/9o-dan-karate-bukeikoryu-WOMA-JAPAN-495x400.jpg 495w, https:\/\/graomestreleandrodacosta.com.br\/wp-content\/uploads\/2023\/02\/9o-dan-karate-bukeikoryu-WOMA-JAPAN-845x684.jpg 845w\" sizes=\"(max-width: 495px) 100vw, 495px\" \/><div class='big-prev-fake'><img decoding=\"async\" class=\"wp-image-193 avia-img-lazy-loading-193\"  width=\"495\" height=\"400\" src=\"https:\/\/graomestreleandrodacosta.com.br\/wp-content\/uploads\/2023\/02\/9o-dan-karate-bukeikoryu-WOMA-JAPAN-495x400.jpg\" title='9\u00ba dan karate bukeikoryu WOMA-JAPAN' alt='' srcset=\"https:\/\/graomestreleandrodacosta.com.br\/wp-content\/uploads\/2023\/02\/9o-dan-karate-bukeikoryu-WOMA-JAPAN-495x400.jpg 495w, https:\/\/graomestreleandrodacosta.com.br\/wp-content\/uploads\/2023\/02\/9o-dan-karate-bukeikoryu-WOMA-JAPAN-845x684.jpg 845w\" sizes=\"(max-width: 495px) 100vw, 495px\" \/><\/div><\/a><a href=\"https:\/\/graomestreleandrodacosta.com.br\/wp-content\/uploads\/2023\/02\/DIPLOMA-DE-2o-DAN-SKIF-BRASIL-TERUO-FURUSHO-742x1030.jpg\" data-srcset=\"https:\/\/graomestreleandrodacosta.com.br\/wp-content\/uploads\/2023\/02\/DIPLOMA-DE-2o-DAN-SKIF-BRASIL-TERUO-FURUSHO-742x1030.jpg 742w, https:\/\/graomestreleandrodacosta.com.br\/wp-content\/uploads\/2023\/02\/DIPLOMA-DE-2o-DAN-SKIF-BRASIL-TERUO-FURUSHO-216x300.jpg 216w, https:\/\/graomestreleandrodacosta.com.br\/wp-content\/uploads\/2023\/02\/DIPLOMA-DE-2o-DAN-SKIF-BRASIL-TERUO-FURUSHO-768x1066.jpg 768w, https:\/\/graomestreleandrodacosta.com.br\/wp-content\/uploads\/2023\/02\/DIPLOMA-DE-2o-DAN-SKIF-BRASIL-TERUO-FURUSHO-508x705.jpg 508w, https:\/\/graomestreleandrodacosta.com.br\/wp-content\/uploads\/2023\/02\/DIPLOMA-DE-2o-DAN-SKIF-BRASIL-TERUO-FURUSHO.jpg 922w\" data-sizes=\"(max-width: 742px) 100vw, 742px\" data-rel='gallery-1' data-prev-img='https:\/\/graomestreleandrodacosta.com.br\/wp-content\/uploads\/2023\/02\/DIPLOMA-DE-2o-DAN-SKIF-BRASIL-TERUO-FURUSHO-495x400.jpg' class='lightbox ' data-onclick='9' title='DIPLOMA DE 2\u00ba DAN SKIF BRASIL TERUO FURUSHO'  itemprop=\"thumbnailUrl\"  ><img decoding=\"async\" class=\"wp-image-194 avia-img-lazy-loading-not-194\"   src=\"https:\/\/graomestreleandrodacosta.com.br\/wp-content\/uploads\/2023\/02\/DIPLOMA-DE-2o-DAN-SKIF-BRASIL-TERUO-FURUSHO-495x400.jpg\" width=\"495\" height=\"400\"  title='DIPLOMA DE 2\u00ba DAN SKIF BRASIL TERUO FURUSHO' alt='' srcset=\"https:\/\/graomestreleandrodacosta.com.br\/wp-content\/uploads\/2023\/02\/DIPLOMA-DE-2o-DAN-SKIF-BRASIL-TERUO-FURUSHO-495x400.jpg 495w, https:\/\/graomestreleandrodacosta.com.br\/wp-content\/uploads\/2023\/02\/DIPLOMA-DE-2o-DAN-SKIF-BRASIL-TERUO-FURUSHO-845x684.jpg 845w\" sizes=\"(max-width: 495px) 100vw, 495px\" \/><div class='big-prev-fake'><img decoding=\"async\" class=\"wp-image-194 avia-img-lazy-loading-194\"  width=\"495\" height=\"400\" src=\"https:\/\/graomestreleandrodacosta.com.br\/wp-content\/uploads\/2023\/02\/DIPLOMA-DE-2o-DAN-SKIF-BRASIL-TERUO-FURUSHO-495x400.jpg\" title='DIPLOMA DE 2\u00ba DAN SKIF BRASIL TERUO FURUSHO' alt='' srcset=\"https:\/\/graomestreleandrodacosta.com.br\/wp-content\/uploads\/2023\/02\/DIPLOMA-DE-2o-DAN-SKIF-BRASIL-TERUO-FURUSHO-495x400.jpg 495w, https:\/\/graomestreleandrodacosta.com.br\/wp-content\/uploads\/2023\/02\/DIPLOMA-DE-2o-DAN-SKIF-BRASIL-TERUO-FURUSHO-845x684.jpg 845w\" sizes=\"(max-width: 495px) 100vw, 495px\" \/><\/div><\/a><a href=\"https:\/\/graomestreleandrodacosta.com.br\/wp-content\/uploads\/2023\/02\/mestre-leandro-executando-yoku-tobi-gueri-1030x697.jpg\" data-srcset=\"https:\/\/graomestreleandrodacosta.com.br\/wp-content\/uploads\/2023\/02\/mestre-leandro-executando-yoku-tobi-gueri-1030x697.jpg 1030w, https:\/\/graomestreleandrodacosta.com.br\/wp-content\/uploads\/2023\/02\/mestre-leandro-executando-yoku-tobi-gueri-300x203.jpg 300w, https:\/\/graomestreleandrodacosta.com.br\/wp-content\/uploads\/2023\/02\/mestre-leandro-executando-yoku-tobi-gueri-768x520.jpg 768w, https:\/\/graomestreleandrodacosta.com.br\/wp-content\/uploads\/2023\/02\/mestre-leandro-executando-yoku-tobi-gueri-705x477.jpg 705w, https:\/\/graomestreleandrodacosta.com.br\/wp-content\/uploads\/2023\/02\/mestre-leandro-executando-yoku-tobi-gueri.jpg 1280w\" data-sizes=\"(max-width: 1030px) 100vw, 1030px\" data-rel='gallery-1' data-prev-img='https:\/\/graomestreleandrodacosta.com.br\/wp-content\/uploads\/2023\/02\/mestre-leandro-executando-yoku-tobi-gueri-495x400.jpg' class='lightbox ' data-onclick='10' title='mestre leandro executando yoku tobi gueri'  itemprop=\"thumbnailUrl\"  ><img decoding=\"async\" class=\"wp-image-195 avia-img-lazy-loading-not-195\"   src=\"https:\/\/graomestreleandrodacosta.com.br\/wp-content\/uploads\/2023\/02\/mestre-leandro-executando-yoku-tobi-gueri-495x400.jpg\" width=\"495\" height=\"400\"  title='mestre leandro executando yoku tobi gueri' alt='' srcset=\"https:\/\/graomestreleandrodacosta.com.br\/wp-content\/uploads\/2023\/02\/mestre-leandro-executando-yoku-tobi-gueri-495x400.jpg 495w, https:\/\/graomestreleandrodacosta.com.br\/wp-content\/uploads\/2023\/02\/mestre-leandro-executando-yoku-tobi-gueri-845x684.jpg 845w\" sizes=\"(max-width: 495px) 100vw, 495px\" \/><div class='big-prev-fake'><img decoding=\"async\" class=\"wp-image-195 avia-img-lazy-loading-195\"  width=\"495\" height=\"400\" src=\"https:\/\/graomestreleandrodacosta.com.br\/wp-content\/uploads\/2023\/02\/mestre-leandro-executando-yoku-tobi-gueri-495x400.jpg\" title='mestre leandro executando yoku tobi gueri' alt='' srcset=\"https:\/\/graomestreleandrodacosta.com.br\/wp-content\/uploads\/2023\/02\/mestre-leandro-executando-yoku-tobi-gueri-495x400.jpg 495w, https:\/\/graomestreleandrodacosta.com.br\/wp-content\/uploads\/2023\/02\/mestre-leandro-executando-yoku-tobi-gueri-845x684.jpg 845w\" sizes=\"(max-width: 495px) 100vw, 495px\" \/><\/div><\/a><a href=\"https:\/\/graomestreleandrodacosta.com.br\/wp-content\/uploads\/2023\/02\/REGISTRO-OFICIAL-BUKEIKO-RYU-FBKK-1-728x1030.jpg\" data-srcset=\"https:\/\/graomestreleandrodacosta.com.br\/wp-content\/uploads\/2023\/02\/REGISTRO-OFICIAL-BUKEIKO-RYU-FBKK-1-728x1030.jpg 728w, https:\/\/graomestreleandrodacosta.com.br\/wp-content\/uploads\/2023\/02\/REGISTRO-OFICIAL-BUKEIKO-RYU-FBKK-1-212x300.jpg 212w, https:\/\/graomestreleandrodacosta.com.br\/wp-content\/uploads\/2023\/02\/REGISTRO-OFICIAL-BUKEIKO-RYU-FBKK-1-768x1086.jpg 768w, https:\/\/graomestreleandrodacosta.com.br\/wp-content\/uploads\/2023\/02\/REGISTRO-OFICIAL-BUKEIKO-RYU-FBKK-1-498x705.jpg 498w, https:\/\/graomestreleandrodacosta.com.br\/wp-content\/uploads\/2023\/02\/REGISTRO-OFICIAL-BUKEIKO-RYU-FBKK-1.jpg 905w\" data-sizes=\"(max-width: 728px) 100vw, 728px\" data-rel='gallery-1' data-prev-img='https:\/\/graomestreleandrodacosta.com.br\/wp-content\/uploads\/2023\/02\/REGISTRO-OFICIAL-BUKEIKO-RYU-FBKK-1-495x400.jpg' class='first_thumb lightbox ' data-onclick='11' title='REGISTRO OFICIAL BUKEIKO-RYU FBKK'  itemprop=\"thumbnailUrl\"  ><img decoding=\"async\" class=\"wp-image-324 avia-img-lazy-loading-not-324\"   src=\"https:\/\/graomestreleandrodacosta.com.br\/wp-content\/uploads\/2023\/02\/REGISTRO-OFICIAL-BUKEIKO-RYU-FBKK-1-495x400.jpg\" width=\"495\" height=\"400\"  title='REGISTRO OFICIAL BUKEIKO-RYU FBKK' alt='' srcset=\"https:\/\/graomestreleandrodacosta.com.br\/wp-content\/uploads\/2023\/02\/REGISTRO-OFICIAL-BUKEIKO-RYU-FBKK-1-495x400.jpg 495w, https:\/\/graomestreleandrodacosta.com.br\/wp-content\/uploads\/2023\/02\/REGISTRO-OFICIAL-BUKEIKO-RYU-FBKK-1-845x684.jpg 845w\" sizes=\"(max-width: 495px) 100vw, 495px\" \/><div class='big-prev-fake'><img decoding=\"async\" class=\"wp-image-324 avia-img-lazy-loading-324\"  width=\"495\" height=\"400\" src=\"https:\/\/graomestreleandrodacosta.com.br\/wp-content\/uploads\/2023\/02\/REGISTRO-OFICIAL-BUKEIKO-RYU-FBKK-1-495x400.jpg\" title='REGISTRO OFICIAL BUKEIKO-RYU FBKK' alt='' srcset=\"https:\/\/graomestreleandrodacosta.com.br\/wp-content\/uploads\/2023\/02\/REGISTRO-OFICIAL-BUKEIKO-RYU-FBKK-1-495x400.jpg 495w, https:\/\/graomestreleandrodacosta.com.br\/wp-content\/uploads\/2023\/02\/REGISTRO-OFICIAL-BUKEIKO-RYU-FBKK-1-845x684.jpg 845w\" sizes=\"(max-width: 495px) 100vw, 495px\" \/><\/div><\/a><a href=\"https:\/\/graomestreleandrodacosta.com.br\/wp-content\/uploads\/2023\/02\/de39b00609fd098a3dbbdc4dd50b335f.png\" data-srcset=\"https:\/\/graomestreleandrodacosta.com.br\/wp-content\/uploads\/2023\/02\/de39b00609fd098a3dbbdc4dd50b335f.png 320w, https:\/\/graomestreleandrodacosta.com.br\/wp-content\/uploads\/2023\/02\/de39b00609fd098a3dbbdc4dd50b335f-300x247.png 300w\" data-sizes=\"(max-width: 320px) 100vw, 320px\" data-rel='gallery-1' data-prev-img='https:\/\/graomestreleandrodacosta.com.br\/wp-content\/uploads\/2023\/02\/de39b00609fd098a3dbbdc4dd50b335f.png' class='lightbox ' data-onclick='12' title='de39b00609fd098a3dbbdc4dd50b335f'  itemprop=\"thumbnailUrl\"  ><img decoding=\"async\" class=\"wp-image-325 avia-img-lazy-loading-not-325\"   src=\"https:\/\/graomestreleandrodacosta.com.br\/wp-content\/uploads\/2023\/02\/de39b00609fd098a3dbbdc4dd50b335f.png\" width=\"320\" height=\"263\"  title='de39b00609fd098a3dbbdc4dd50b335f' alt='' srcset=\"https:\/\/graomestreleandrodacosta.com.br\/wp-content\/uploads\/2023\/02\/de39b00609fd098a3dbbdc4dd50b335f.png 320w, https:\/\/graomestreleandrodacosta.com.br\/wp-content\/uploads\/2023\/02\/de39b00609fd098a3dbbdc4dd50b335f-300x247.png 300w\" sizes=\"(max-width: 320px) 100vw, 320px\" \/><div class='big-prev-fake'><img decoding=\"async\" class=\"wp-image-325 avia-img-lazy-loading-325\"  width=\"320\" height=\"263\" src=\"https:\/\/graomestreleandrodacosta.com.br\/wp-content\/uploads\/2023\/02\/de39b00609fd098a3dbbdc4dd50b335f.png\" title='de39b00609fd098a3dbbdc4dd50b335f' alt='' srcset=\"https:\/\/graomestreleandrodacosta.com.br\/wp-content\/uploads\/2023\/02\/de39b00609fd098a3dbbdc4dd50b335f.png 320w, https:\/\/graomestreleandrodacosta.com.br\/wp-content\/uploads\/2023\/02\/de39b00609fd098a3dbbdc4dd50b335f-300x247.png 300w\" sizes=\"(max-width: 320px) 100vw, 320px\" \/><\/div><\/a><a href=\"https:\/\/graomestreleandrodacosta.com.br\/wp-content\/uploads\/2023\/02\/1o-DAN-KOBUDO-1030x728.jpg\" data-srcset=\"https:\/\/graomestreleandrodacosta.com.br\/wp-content\/uploads\/2023\/02\/1o-DAN-KOBUDO-1030x728.jpg 1030w, https:\/\/graomestreleandrodacosta.com.br\/wp-content\/uploads\/2023\/02\/1o-DAN-KOBUDO-300x212.jpg 300w, https:\/\/graomestreleandrodacosta.com.br\/wp-content\/uploads\/2023\/02\/1o-DAN-KOBUDO-768x543.jpg 768w, https:\/\/graomestreleandrodacosta.com.br\/wp-content\/uploads\/2023\/02\/1o-DAN-KOBUDO-260x185.jpg 260w, https:\/\/graomestreleandrodacosta.com.br\/wp-content\/uploads\/2023\/02\/1o-DAN-KOBUDO-705x498.jpg 705w, https:\/\/graomestreleandrodacosta.com.br\/wp-content\/uploads\/2023\/02\/1o-DAN-KOBUDO.jpg 1280w\" data-sizes=\"(max-width: 1030px) 100vw, 1030px\" data-rel='gallery-1' data-prev-img='https:\/\/graomestreleandrodacosta.com.br\/wp-content\/uploads\/2023\/02\/1o-DAN-KOBUDO-495x400.jpg' class='lightbox ' data-onclick='13' title='1\u00ba DAN KOBUDO'  itemprop=\"thumbnailUrl\"  ><img decoding=\"async\" class=\"wp-image-326 avia-img-lazy-loading-not-326\"   src=\"https:\/\/graomestreleandrodacosta.com.br\/wp-content\/uploads\/2023\/02\/1o-DAN-KOBUDO-495x400.jpg\" width=\"495\" height=\"400\"  title='1\u00ba DAN KOBUDO' alt='' srcset=\"https:\/\/graomestreleandrodacosta.com.br\/wp-content\/uploads\/2023\/02\/1o-DAN-KOBUDO-495x400.jpg 495w, https:\/\/graomestreleandrodacosta.com.br\/wp-content\/uploads\/2023\/02\/1o-DAN-KOBUDO-845x684.jpg 845w\" sizes=\"(max-width: 495px) 100vw, 495px\" \/><div class='big-prev-fake'><img decoding=\"async\" class=\"wp-image-326 avia-img-lazy-loading-326\"  width=\"495\" height=\"400\" src=\"https:\/\/graomestreleandrodacosta.com.br\/wp-content\/uploads\/2023\/02\/1o-DAN-KOBUDO-495x400.jpg\" title='1\u00ba DAN KOBUDO' alt='' srcset=\"https:\/\/graomestreleandrodacosta.com.br\/wp-content\/uploads\/2023\/02\/1o-DAN-KOBUDO-495x400.jpg 495w, https:\/\/graomestreleandrodacosta.com.br\/wp-content\/uploads\/2023\/02\/1o-DAN-KOBUDO-845x684.jpg 845w\" sizes=\"(max-width: 495px) 100vw, 495px\" \/><\/div><\/a><a href=\"https:\/\/graomestreleandrodacosta.com.br\/wp-content\/uploads\/2023\/02\/1o-dan-shorei-ryu-kondo-no-shokai-usa-1030x769.jpg\" data-srcset=\"https:\/\/graomestreleandrodacosta.com.br\/wp-content\/uploads\/2023\/02\/1o-dan-shorei-ryu-kondo-no-shokai-usa-1030x769.jpg 1030w, https:\/\/graomestreleandrodacosta.com.br\/wp-content\/uploads\/2023\/02\/1o-dan-shorei-ryu-kondo-no-shokai-usa-300x224.jpg 300w, https:\/\/graomestreleandrodacosta.com.br\/wp-content\/uploads\/2023\/02\/1o-dan-shorei-ryu-kondo-no-shokai-usa-768x574.jpg 768w, https:\/\/graomestreleandrodacosta.com.br\/wp-content\/uploads\/2023\/02\/1o-dan-shorei-ryu-kondo-no-shokai-usa-705x527.jpg 705w, https:\/\/graomestreleandrodacosta.com.br\/wp-content\/uploads\/2023\/02\/1o-dan-shorei-ryu-kondo-no-shokai-usa.jpg 1280w\" data-sizes=\"(max-width: 1030px) 100vw, 1030px\" data-rel='gallery-1' data-prev-img='https:\/\/graomestreleandrodacosta.com.br\/wp-content\/uploads\/2023\/02\/1o-dan-shorei-ryu-kondo-no-shokai-usa-495x400.jpg' class='lightbox ' data-onclick='14' title='1\u00ba dan shorei-ryu kondo no shokai - usa'  itemprop=\"thumbnailUrl\"  ><img decoding=\"async\" class=\"wp-image-327 avia-img-lazy-loading-not-327\"   src=\"https:\/\/graomestreleandrodacosta.com.br\/wp-content\/uploads\/2023\/02\/1o-dan-shorei-ryu-kondo-no-shokai-usa-495x400.jpg\" width=\"495\" height=\"400\"  title='1\u00ba dan shorei-ryu kondo no shokai - usa' alt='' srcset=\"https:\/\/graomestreleandrodacosta.com.br\/wp-content\/uploads\/2023\/02\/1o-dan-shorei-ryu-kondo-no-shokai-usa-495x400.jpg 495w, https:\/\/graomestreleandrodacosta.com.br\/wp-content\/uploads\/2023\/02\/1o-dan-shorei-ryu-kondo-no-shokai-usa-845x684.jpg 845w\" sizes=\"(max-width: 495px) 100vw, 495px\" \/><div class='big-prev-fake'><img decoding=\"async\" class=\"wp-image-327 avia-img-lazy-loading-327\"  width=\"495\" height=\"400\" src=\"https:\/\/graomestreleandrodacosta.com.br\/wp-content\/uploads\/2023\/02\/1o-dan-shorei-ryu-kondo-no-shokai-usa-495x400.jpg\" title='1\u00ba dan shorei-ryu kondo no shokai - usa' alt='' srcset=\"https:\/\/graomestreleandrodacosta.com.br\/wp-content\/uploads\/2023\/02\/1o-dan-shorei-ryu-kondo-no-shokai-usa-495x400.jpg 495w, https:\/\/graomestreleandrodacosta.com.br\/wp-content\/uploads\/2023\/02\/1o-dan-shorei-ryu-kondo-no-shokai-usa-845x684.jpg 845w\" sizes=\"(max-width: 495px) 100vw, 495px\" \/><\/div><\/a><a href=\"https:\/\/graomestreleandrodacosta.com.br\/wp-content\/uploads\/2023\/02\/4o-DAN-SHOTOKAN-USKA-USA-777x1030.jpg\" data-srcset=\"https:\/\/graomestreleandrodacosta.com.br\/wp-content\/uploads\/2023\/02\/4o-DAN-SHOTOKAN-USKA-USA-777x1030.jpg 777w, https:\/\/graomestreleandrodacosta.com.br\/wp-content\/uploads\/2023\/02\/4o-DAN-SHOTOKAN-USKA-USA-226x300.jpg 226w, https:\/\/graomestreleandrodacosta.com.br\/wp-content\/uploads\/2023\/02\/4o-DAN-SHOTOKAN-USKA-USA-768x1018.jpg 768w, https:\/\/graomestreleandrodacosta.com.br\/wp-content\/uploads\/2023\/02\/4o-DAN-SHOTOKAN-USKA-USA-532x705.jpg 532w, https:\/\/graomestreleandrodacosta.com.br\/wp-content\/uploads\/2023\/02\/4o-DAN-SHOTOKAN-USKA-USA.jpg 966w\" data-sizes=\"(max-width: 777px) 100vw, 777px\" data-rel='gallery-1' data-prev-img='https:\/\/graomestreleandrodacosta.com.br\/wp-content\/uploads\/2023\/02\/4o-DAN-SHOTOKAN-USKA-USA-495x400.jpg' class='lightbox ' data-onclick='15' title='4\u00ba DAN SHOTOKAN - USKA - USA'  itemprop=\"thumbnailUrl\"  ><img decoding=\"async\" class=\"wp-image-328 avia-img-lazy-loading-not-328\"   src=\"https:\/\/graomestreleandrodacosta.com.br\/wp-content\/uploads\/2023\/02\/4o-DAN-SHOTOKAN-USKA-USA-495x400.jpg\" width=\"495\" height=\"400\"  title='4\u00ba DAN SHOTOKAN - USKA - USA' alt='' srcset=\"https:\/\/graomestreleandrodacosta.com.br\/wp-content\/uploads\/2023\/02\/4o-DAN-SHOTOKAN-USKA-USA-495x400.jpg 495w, https:\/\/graomestreleandrodacosta.com.br\/wp-content\/uploads\/2023\/02\/4o-DAN-SHOTOKAN-USKA-USA-845x684.jpg 845w\" sizes=\"(max-width: 495px) 100vw, 495px\" \/><div class='big-prev-fake'><img decoding=\"async\" class=\"wp-image-328 avia-img-lazy-loading-328\"  width=\"495\" height=\"400\" src=\"https:\/\/graomestreleandrodacosta.com.br\/wp-content\/uploads\/2023\/02\/4o-DAN-SHOTOKAN-USKA-USA-495x400.jpg\" title='4\u00ba DAN SHOTOKAN - USKA - USA' alt='' srcset=\"https:\/\/graomestreleandrodacosta.com.br\/wp-content\/uploads\/2023\/02\/4o-DAN-SHOTOKAN-USKA-USA-495x400.jpg 495w, https:\/\/graomestreleandrodacosta.com.br\/wp-content\/uploads\/2023\/02\/4o-DAN-SHOTOKAN-USKA-USA-845x684.jpg 845w\" sizes=\"(max-width: 495px) 100vw, 495px\" \/><\/div><\/a><a href=\"https:\/\/graomestreleandrodacosta.com.br\/wp-content\/uploads\/2023\/02\/9o-DAN-BUKEIKORYU-KARATE-DIPLOMA-INTERNACIONAL-1030x744.jpg\" data-srcset=\"https:\/\/graomestreleandrodacosta.com.br\/wp-content\/uploads\/2023\/02\/9o-DAN-BUKEIKORYU-KARATE-DIPLOMA-INTERNACIONAL-1030x744.jpg 1030w, https:\/\/graomestreleandrodacosta.com.br\/wp-content\/uploads\/2023\/02\/9o-DAN-BUKEIKORYU-KARATE-DIPLOMA-INTERNACIONAL-300x217.jpg 300w, https:\/\/graomestreleandrodacosta.com.br\/wp-content\/uploads\/2023\/02\/9o-DAN-BUKEIKORYU-KARATE-DIPLOMA-INTERNACIONAL-768x554.jpg 768w, https:\/\/graomestreleandrodacosta.com.br\/wp-content\/uploads\/2023\/02\/9o-DAN-BUKEIKORYU-KARATE-DIPLOMA-INTERNACIONAL-705x509.jpg 705w, https:\/\/graomestreleandrodacosta.com.br\/wp-content\/uploads\/2023\/02\/9o-DAN-BUKEIKORYU-KARATE-DIPLOMA-INTERNACIONAL.jpg 1280w\" data-sizes=\"(max-width: 1030px) 100vw, 1030px\" data-rel='gallery-1' data-prev-img='https:\/\/graomestreleandrodacosta.com.br\/wp-content\/uploads\/2023\/02\/9o-DAN-BUKEIKORYU-KARATE-DIPLOMA-INTERNACIONAL-495x400.jpg' class='lightbox ' data-onclick='16' title='9\u00ba DAN BUKEIKORYU KARATE - DIPLOMA INTERNACIONAL'  itemprop=\"thumbnailUrl\"  ><img decoding=\"async\" class=\"wp-image-329 avia-img-lazy-loading-not-329\"   src=\"https:\/\/graomestreleandrodacosta.com.br\/wp-content\/uploads\/2023\/02\/9o-DAN-BUKEIKORYU-KARATE-DIPLOMA-INTERNACIONAL-495x400.jpg\" width=\"495\" height=\"400\"  title='9\u00ba DAN BUKEIKORYU KARATE - DIPLOMA INTERNACIONAL' alt='' srcset=\"https:\/\/graomestreleandrodacosta.com.br\/wp-content\/uploads\/2023\/02\/9o-DAN-BUKEIKORYU-KARATE-DIPLOMA-INTERNACIONAL-495x400.jpg 495w, https:\/\/graomestreleandrodacosta.com.br\/wp-content\/uploads\/2023\/02\/9o-DAN-BUKEIKORYU-KARATE-DIPLOMA-INTERNACIONAL-845x684.jpg 845w\" sizes=\"(max-width: 495px) 100vw, 495px\" \/><div class='big-prev-fake'><img decoding=\"async\" class=\"wp-image-329 avia-img-lazy-loading-329\"  width=\"495\" height=\"400\" src=\"https:\/\/graomestreleandrodacosta.com.br\/wp-content\/uploads\/2023\/02\/9o-DAN-BUKEIKORYU-KARATE-DIPLOMA-INTERNACIONAL-495x400.jpg\" title='9\u00ba DAN BUKEIKORYU KARATE - DIPLOMA INTERNACIONAL' alt='' srcset=\"https:\/\/graomestreleandrodacosta.com.br\/wp-content\/uploads\/2023\/02\/9o-DAN-BUKEIKORYU-KARATE-DIPLOMA-INTERNACIONAL-495x400.jpg 495w, https:\/\/graomestreleandrodacosta.com.br\/wp-content\/uploads\/2023\/02\/9o-DAN-BUKEIKORYU-KARATE-DIPLOMA-INTERNACIONAL-845x684.jpg 845w\" sizes=\"(max-width: 495px) 100vw, 495px\" \/><\/div><\/a><a href=\"https:\/\/graomestreleandrodacosta.com.br\/wp-content\/uploads\/2023\/02\/9o-DAN-BUKEIKORYU-KARATE-DE-CONTATO-KANCHO-LEANDRO-DA-COSTA-1030x727.jpg\" data-srcset=\"https:\/\/graomestreleandrodacosta.com.br\/wp-content\/uploads\/2023\/02\/9o-DAN-BUKEIKORYU-KARATE-DE-CONTATO-KANCHO-LEANDRO-DA-COSTA-1030x727.jpg 1030w, https:\/\/graomestreleandrodacosta.com.br\/wp-content\/uploads\/2023\/02\/9o-DAN-BUKEIKORYU-KARATE-DE-CONTATO-KANCHO-LEANDRO-DA-COSTA-300x212.jpg 300w, https:\/\/graomestreleandrodacosta.com.br\/wp-content\/uploads\/2023\/02\/9o-DAN-BUKEIKORYU-KARATE-DE-CONTATO-KANCHO-LEANDRO-DA-COSTA-768x542.jpg 768w, https:\/\/graomestreleandrodacosta.com.br\/wp-content\/uploads\/2023\/02\/9o-DAN-BUKEIKORYU-KARATE-DE-CONTATO-KANCHO-LEANDRO-DA-COSTA-260x185.jpg 260w, https:\/\/graomestreleandrodacosta.com.br\/wp-content\/uploads\/2023\/02\/9o-DAN-BUKEIKORYU-KARATE-DE-CONTATO-KANCHO-LEANDRO-DA-COSTA-705x498.jpg 705w, https:\/\/graomestreleandrodacosta.com.br\/wp-content\/uploads\/2023\/02\/9o-DAN-BUKEIKORYU-KARATE-DE-CONTATO-KANCHO-LEANDRO-DA-COSTA.jpg 1280w\" data-sizes=\"(max-width: 1030px) 100vw, 1030px\" data-rel='gallery-1' data-prev-img='https:\/\/graomestreleandrodacosta.com.br\/wp-content\/uploads\/2023\/02\/9o-DAN-BUKEIKORYU-KARATE-DE-CONTATO-KANCHO-LEANDRO-DA-COSTA-495x400.jpg' class='lightbox ' data-onclick='17' title='9\u00ba DAN BUKEIKORYU KARATE DE CONTATO - KANCHO LEANDRO DA COSTA'  itemprop=\"thumbnailUrl\"  ><img decoding=\"async\" class=\"wp-image-330 avia-img-lazy-loading-not-330\"   src=\"https:\/\/graomestreleandrodacosta.com.br\/wp-content\/uploads\/2023\/02\/9o-DAN-BUKEIKORYU-KARATE-DE-CONTATO-KANCHO-LEANDRO-DA-COSTA-495x400.jpg\" width=\"495\" height=\"400\"  title='9\u00ba DAN BUKEIKORYU KARATE DE CONTATO - KANCHO LEANDRO DA COSTA' alt='' srcset=\"https:\/\/graomestreleandrodacosta.com.br\/wp-content\/uploads\/2023\/02\/9o-DAN-BUKEIKORYU-KARATE-DE-CONTATO-KANCHO-LEANDRO-DA-COSTA-495x400.jpg 495w, https:\/\/graomestreleandrodacosta.com.br\/wp-content\/uploads\/2023\/02\/9o-DAN-BUKEIKORYU-KARATE-DE-CONTATO-KANCHO-LEANDRO-DA-COSTA-845x684.jpg 845w\" sizes=\"(max-width: 495px) 100vw, 495px\" \/><div class='big-prev-fake'><img decoding=\"async\" class=\"wp-image-330 avia-img-lazy-loading-330\"  width=\"495\" height=\"400\" src=\"https:\/\/graomestreleandrodacosta.com.br\/wp-content\/uploads\/2023\/02\/9o-DAN-BUKEIKORYU-KARATE-DE-CONTATO-KANCHO-LEANDRO-DA-COSTA-495x400.jpg\" title='9\u00ba DAN BUKEIKORYU KARATE DE CONTATO - KANCHO LEANDRO DA COSTA' alt='' srcset=\"https:\/\/graomestreleandrodacosta.com.br\/wp-content\/uploads\/2023\/02\/9o-DAN-BUKEIKORYU-KARATE-DE-CONTATO-KANCHO-LEANDRO-DA-COSTA-495x400.jpg 495w, https:\/\/graomestreleandrodacosta.com.br\/wp-content\/uploads\/2023\/02\/9o-DAN-BUKEIKORYU-KARATE-DE-CONTATO-KANCHO-LEANDRO-DA-COSTA-845x684.jpg 845w\" sizes=\"(max-width: 495px) 100vw, 495px\" \/><\/div><\/a><a href=\"https:\/\/graomestreleandrodacosta.com.br\/wp-content\/uploads\/2023\/02\/ARBITRO-DE-KARATE-FBKK-1030x728.jpg\" data-srcset=\"https:\/\/graomestreleandrodacosta.com.br\/wp-content\/uploads\/2023\/02\/ARBITRO-DE-KARATE-FBKK-1030x728.jpg 1030w, https:\/\/graomestreleandrodacosta.com.br\/wp-content\/uploads\/2023\/02\/ARBITRO-DE-KARATE-FBKK-300x212.jpg 300w, https:\/\/graomestreleandrodacosta.com.br\/wp-content\/uploads\/2023\/02\/ARBITRO-DE-KARATE-FBKK-768x543.jpg 768w, https:\/\/graomestreleandrodacosta.com.br\/wp-content\/uploads\/2023\/02\/ARBITRO-DE-KARATE-FBKK-260x185.jpg 260w, https:\/\/graomestreleandrodacosta.com.br\/wp-content\/uploads\/2023\/02\/ARBITRO-DE-KARATE-FBKK-705x498.jpg 705w, https:\/\/graomestreleandrodacosta.com.br\/wp-content\/uploads\/2023\/02\/ARBITRO-DE-KARATE-FBKK.jpg 1280w\" data-sizes=\"(max-width: 1030px) 100vw, 1030px\" data-rel='gallery-1' data-prev-img='https:\/\/graomestreleandrodacosta.com.br\/wp-content\/uploads\/2023\/02\/ARBITRO-DE-KARATE-FBKK-495x400.jpg' class='lightbox ' data-onclick='18' title='\u00c1RBITRO DE KARATE FBKK'  itemprop=\"thumbnailUrl\"  ><img decoding=\"async\" class=\"wp-image-331 avia-img-lazy-loading-not-331\"   src=\"https:\/\/graomestreleandrodacosta.com.br\/wp-content\/uploads\/2023\/02\/ARBITRO-DE-KARATE-FBKK-495x400.jpg\" width=\"495\" height=\"400\"  title='\u00c1RBITRO DE KARATE FBKK' alt='' srcset=\"https:\/\/graomestreleandrodacosta.com.br\/wp-content\/uploads\/2023\/02\/ARBITRO-DE-KARATE-FBKK-495x400.jpg 495w, https:\/\/graomestreleandrodacosta.com.br\/wp-content\/uploads\/2023\/02\/ARBITRO-DE-KARATE-FBKK-845x684.jpg 845w\" sizes=\"(max-width: 495px) 100vw, 495px\" \/><div class='big-prev-fake'><img decoding=\"async\" class=\"wp-image-331 avia-img-lazy-loading-331\"  width=\"495\" height=\"400\" src=\"https:\/\/graomestreleandrodacosta.com.br\/wp-content\/uploads\/2023\/02\/ARBITRO-DE-KARATE-FBKK-495x400.jpg\" title='\u00c1RBITRO DE KARATE FBKK' alt='' srcset=\"https:\/\/graomestreleandrodacosta.com.br\/wp-content\/uploads\/2023\/02\/ARBITRO-DE-KARATE-FBKK-495x400.jpg 495w, https:\/\/graomestreleandrodacosta.com.br\/wp-content\/uploads\/2023\/02\/ARBITRO-DE-KARATE-FBKK-845x684.jpg 845w\" sizes=\"(max-width: 495px) 100vw, 495px\" \/><\/div><\/a><a href=\"https:\/\/graomestreleandrodacosta.com.br\/wp-content\/uploads\/2023\/02\/Campeonato-UNIAO-de-Karate-011-2-1030x771.jpg\" data-srcset=\"https:\/\/graomestreleandrodacosta.com.br\/wp-content\/uploads\/2023\/02\/Campeonato-UNIAO-de-Karate-011-2-1030x771.jpg 1030w, https:\/\/graomestreleandrodacosta.com.br\/wp-content\/uploads\/2023\/02\/Campeonato-UNIAO-de-Karate-011-2-300x224.jpg 300w, https:\/\/graomestreleandrodacosta.com.br\/wp-content\/uploads\/2023\/02\/Campeonato-UNIAO-de-Karate-011-2-768x575.jpg 768w, https:\/\/graomestreleandrodacosta.com.br\/wp-content\/uploads\/2023\/02\/Campeonato-UNIAO-de-Karate-011-2-1536x1149.jpg 1536w, https:\/\/graomestreleandrodacosta.com.br\/wp-content\/uploads\/2023\/02\/Campeonato-UNIAO-de-Karate-011-2-2048x1532.jpg 2048w, https:\/\/graomestreleandrodacosta.com.br\/wp-content\/uploads\/2023\/02\/Campeonato-UNIAO-de-Karate-011-2-1500x1122.jpg 1500w, https:\/\/graomestreleandrodacosta.com.br\/wp-content\/uploads\/2023\/02\/Campeonato-UNIAO-de-Karate-011-2-705x528.jpg 705w\" data-sizes=\"(max-width: 1030px) 100vw, 1030px\" data-rel='gallery-1' data-prev-img='https:\/\/graomestreleandrodacosta.com.br\/wp-content\/uploads\/2023\/02\/Campeonato-UNIAO-de-Karate-011-2-495x400.jpg' class='lightbox ' data-onclick='19' title='OLYMPUS DIGITAL CAMERA'  itemprop=\"thumbnailUrl\"  ><img decoding=\"async\" class=\"wp-image-332 avia-img-lazy-loading-not-332\"  data-avia-tooltip='OLYMPUS DIGITAL CAMERA' src=\"https:\/\/graomestreleandrodacosta.com.br\/wp-content\/uploads\/2023\/02\/Campeonato-UNIAO-de-Karate-011-2-495x400.jpg\" width=\"495\" height=\"400\"  title='OLYMPUS DIGITAL CAMERA' alt='' srcset=\"https:\/\/graomestreleandrodacosta.com.br\/wp-content\/uploads\/2023\/02\/Campeonato-UNIAO-de-Karate-011-2-495x400.jpg 495w, https:\/\/graomestreleandrodacosta.com.br\/wp-content\/uploads\/2023\/02\/Campeonato-UNIAO-de-Karate-011-2-845x684.jpg 845w\" sizes=\"(max-width: 495px) 100vw, 495px\" \/><div class='big-prev-fake'><img decoding=\"async\" class=\"wp-image-332 avia-img-lazy-loading-332\"  width=\"495\" height=\"400\" src=\"https:\/\/graomestreleandrodacosta.com.br\/wp-content\/uploads\/2023\/02\/Campeonato-UNIAO-de-Karate-011-2-495x400.jpg\" title='OLYMPUS DIGITAL CAMERA' alt='' srcset=\"https:\/\/graomestreleandrodacosta.com.br\/wp-content\/uploads\/2023\/02\/Campeonato-UNIAO-de-Karate-011-2-495x400.jpg 495w, https:\/\/graomestreleandrodacosta.com.br\/wp-content\/uploads\/2023\/02\/Campeonato-UNIAO-de-Karate-011-2-845x684.jpg 845w\" sizes=\"(max-width: 495px) 100vw, 495px\" \/><\/div><\/a><a href=\"https:\/\/graomestreleandrodacosta.com.br\/wp-content\/uploads\/2023\/02\/carteira-jka-karate.jpg\" data-srcset=\"https:\/\/graomestreleandrodacosta.com.br\/wp-content\/uploads\/2023\/02\/carteira-jka-karate.jpg 784w, https:\/\/graomestreleandrodacosta.com.br\/wp-content\/uploads\/2023\/02\/carteira-jka-karate-300x192.jpg 300w, https:\/\/graomestreleandrodacosta.com.br\/wp-content\/uploads\/2023\/02\/carteira-jka-karate-768x491.jpg 768w, https:\/\/graomestreleandrodacosta.com.br\/wp-content\/uploads\/2023\/02\/carteira-jka-karate-705x451.jpg 705w\" data-sizes=\"(max-width: 784px) 100vw, 784px\" data-rel='gallery-1' data-prev-img='https:\/\/graomestreleandrodacosta.com.br\/wp-content\/uploads\/2023\/02\/carteira-jka-karate-495x400.jpg' class='lightbox ' data-onclick='20' title='carteira jka karate'  itemprop=\"thumbnailUrl\"  ><img decoding=\"async\" class=\"wp-image-333 avia-img-lazy-loading-not-333\"   src=\"https:\/\/graomestreleandrodacosta.com.br\/wp-content\/uploads\/2023\/02\/carteira-jka-karate-495x400.jpg\" width=\"495\" height=\"400\"  title='carteira jka karate' alt='' \/><div class='big-prev-fake'><img decoding=\"async\" class=\"wp-image-333 avia-img-lazy-loading-333\"  width=\"495\" height=\"400\" src=\"https:\/\/graomestreleandrodacosta.com.br\/wp-content\/uploads\/2023\/02\/carteira-jka-karate-495x400.jpg\" title='carteira jka karate' alt='' \/><\/div><\/a><a href=\"https:\/\/graomestreleandrodacosta.com.br\/wp-content\/uploads\/2023\/02\/certificado-de-registro-e-reconhecimento-do-estilo-bukeikoryu-conidel-747x1030.jpg\" data-srcset=\"https:\/\/graomestreleandrodacosta.com.br\/wp-content\/uploads\/2023\/02\/certificado-de-registro-e-reconhecimento-do-estilo-bukeikoryu-conidel-747x1030.jpg 747w, https:\/\/graomestreleandrodacosta.com.br\/wp-content\/uploads\/2023\/02\/certificado-de-registro-e-reconhecimento-do-estilo-bukeikoryu-conidel-218x300.jpg 218w, https:\/\/graomestreleandrodacosta.com.br\/wp-content\/uploads\/2023\/02\/certificado-de-registro-e-reconhecimento-do-estilo-bukeikoryu-conidel-768x1059.jpg 768w, https:\/\/graomestreleandrodacosta.com.br\/wp-content\/uploads\/2023\/02\/certificado-de-registro-e-reconhecimento-do-estilo-bukeikoryu-conidel-511x705.jpg 511w, https:\/\/graomestreleandrodacosta.com.br\/wp-content\/uploads\/2023\/02\/certificado-de-registro-e-reconhecimento-do-estilo-bukeikoryu-conidel.jpg 928w\" data-sizes=\"(max-width: 747px) 100vw, 747px\" data-rel='gallery-1' data-prev-img='https:\/\/graomestreleandrodacosta.com.br\/wp-content\/uploads\/2023\/02\/certificado-de-registro-e-reconhecimento-do-estilo-bukeikoryu-conidel-495x400.jpg' class='first_thumb lightbox ' data-onclick='21' title='certificado de registro e reconhecimento do estilo bukeikoryu - conidel'  itemprop=\"thumbnailUrl\"  ><img decoding=\"async\" class=\"wp-image-334 avia-img-lazy-loading-not-334\"   src=\"https:\/\/graomestreleandrodacosta.com.br\/wp-content\/uploads\/2023\/02\/certificado-de-registro-e-reconhecimento-do-estilo-bukeikoryu-conidel-495x400.jpg\" width=\"495\" height=\"400\"  title='certificado de registro e reconhecimento do estilo bukeikoryu - conidel' alt='' srcset=\"https:\/\/graomestreleandrodacosta.com.br\/wp-content\/uploads\/2023\/02\/certificado-de-registro-e-reconhecimento-do-estilo-bukeikoryu-conidel-495x400.jpg 495w, https:\/\/graomestreleandrodacosta.com.br\/wp-content\/uploads\/2023\/02\/certificado-de-registro-e-reconhecimento-do-estilo-bukeikoryu-conidel-845x684.jpg 845w\" sizes=\"(max-width: 495px) 100vw, 495px\" \/><div class='big-prev-fake'><img decoding=\"async\" class=\"wp-image-334 avia-img-lazy-loading-334\"  width=\"495\" height=\"400\" src=\"https:\/\/graomestreleandrodacosta.com.br\/wp-content\/uploads\/2023\/02\/certificado-de-registro-e-reconhecimento-do-estilo-bukeikoryu-conidel-495x400.jpg\" title='certificado de registro e reconhecimento do estilo bukeikoryu - conidel' alt='' srcset=\"https:\/\/graomestreleandrodacosta.com.br\/wp-content\/uploads\/2023\/02\/certificado-de-registro-e-reconhecimento-do-estilo-bukeikoryu-conidel-495x400.jpg 495w, https:\/\/graomestreleandrodacosta.com.br\/wp-content\/uploads\/2023\/02\/certificado-de-registro-e-reconhecimento-do-estilo-bukeikoryu-conidel-845x684.jpg 845w\" sizes=\"(max-width: 495px) 100vw, 495px\" \/><\/div><\/a><a href=\"https:\/\/graomestreleandrodacosta.com.br\/wp-content\/uploads\/2023\/02\/certificado-internacional-de-9o-dan-karate-bukeikoryu-wkko-1030x702.jpg\" data-srcset=\"https:\/\/graomestreleandrodacosta.com.br\/wp-content\/uploads\/2023\/02\/certificado-internacional-de-9o-dan-karate-bukeikoryu-wkko-1030x702.jpg 1030w, https:\/\/graomestreleandrodacosta.com.br\/wp-content\/uploads\/2023\/02\/certificado-internacional-de-9o-dan-karate-bukeikoryu-wkko-300x205.jpg 300w, https:\/\/graomestreleandrodacosta.com.br\/wp-content\/uploads\/2023\/02\/certificado-internacional-de-9o-dan-karate-bukeikoryu-wkko-768x524.jpg 768w, https:\/\/graomestreleandrodacosta.com.br\/wp-content\/uploads\/2023\/02\/certificado-internacional-de-9o-dan-karate-bukeikoryu-wkko-705x481.jpg 705w, https:\/\/graomestreleandrodacosta.com.br\/wp-content\/uploads\/2023\/02\/certificado-internacional-de-9o-dan-karate-bukeikoryu-wkko.jpg 1280w\" data-sizes=\"(max-width: 1030px) 100vw, 1030px\" data-rel='gallery-1' data-prev-img='https:\/\/graomestreleandrodacosta.com.br\/wp-content\/uploads\/2023\/02\/certificado-internacional-de-9o-dan-karate-bukeikoryu-wkko-495x400.jpg' class='lightbox ' data-onclick='22' title='certificado internacional de 9\u00ba dan karate bukeikoryu - wkko'  itemprop=\"thumbnailUrl\"  ><img decoding=\"async\" class=\"wp-image-335 avia-img-lazy-loading-not-335\"   src=\"https:\/\/graomestreleandrodacosta.com.br\/wp-content\/uploads\/2023\/02\/certificado-internacional-de-9o-dan-karate-bukeikoryu-wkko-495x400.jpg\" width=\"495\" height=\"400\"  title='certificado internacional de 9\u00ba dan karate bukeikoryu - wkko' alt='' srcset=\"https:\/\/graomestreleandrodacosta.com.br\/wp-content\/uploads\/2023\/02\/certificado-internacional-de-9o-dan-karate-bukeikoryu-wkko-495x400.jpg 495w, https:\/\/graomestreleandrodacosta.com.br\/wp-content\/uploads\/2023\/02\/certificado-internacional-de-9o-dan-karate-bukeikoryu-wkko-845x684.jpg 845w\" sizes=\"(max-width: 495px) 100vw, 495px\" \/><div class='big-prev-fake'><img decoding=\"async\" class=\"wp-image-335 avia-img-lazy-loading-335\"  width=\"495\" height=\"400\" src=\"https:\/\/graomestreleandrodacosta.com.br\/wp-content\/uploads\/2023\/02\/certificado-internacional-de-9o-dan-karate-bukeikoryu-wkko-495x400.jpg\" title='certificado internacional de 9\u00ba dan karate bukeikoryu - wkko' alt='' srcset=\"https:\/\/graomestreleandrodacosta.com.br\/wp-content\/uploads\/2023\/02\/certificado-internacional-de-9o-dan-karate-bukeikoryu-wkko-495x400.jpg 495w, https:\/\/graomestreleandrodacosta.com.br\/wp-content\/uploads\/2023\/02\/certificado-internacional-de-9o-dan-karate-bukeikoryu-wkko-845x684.jpg 845w\" sizes=\"(max-width: 495px) 100vw, 495px\" \/><\/div><\/a><a href=\"https:\/\/graomestreleandrodacosta.com.br\/wp-content\/uploads\/2023\/02\/CERTIFICADO-KONDO-NO-SHOKAI-ETICA-1030x728.jpg\" data-srcset=\"https:\/\/graomestreleandrodacosta.com.br\/wp-content\/uploads\/2023\/02\/CERTIFICADO-KONDO-NO-SHOKAI-ETICA-1030x728.jpg 1030w, https:\/\/graomestreleandrodacosta.com.br\/wp-content\/uploads\/2023\/02\/CERTIFICADO-KONDO-NO-SHOKAI-ETICA-300x212.jpg 300w, https:\/\/graomestreleandrodacosta.com.br\/wp-content\/uploads\/2023\/02\/CERTIFICADO-KONDO-NO-SHOKAI-ETICA-768x543.jpg 768w, https:\/\/graomestreleandrodacosta.com.br\/wp-content\/uploads\/2023\/02\/CERTIFICADO-KONDO-NO-SHOKAI-ETICA-260x185.jpg 260w, https:\/\/graomestreleandrodacosta.com.br\/wp-content\/uploads\/2023\/02\/CERTIFICADO-KONDO-NO-SHOKAI-ETICA-705x498.jpg 705w, https:\/\/graomestreleandrodacosta.com.br\/wp-content\/uploads\/2023\/02\/CERTIFICADO-KONDO-NO-SHOKAI-ETICA.jpg 1280w\" data-sizes=\"(max-width: 1030px) 100vw, 1030px\" data-rel='gallery-1' data-prev-img='https:\/\/graomestreleandrodacosta.com.br\/wp-content\/uploads\/2023\/02\/CERTIFICADO-KONDO-NO-SHOKAI-ETICA-495x400.jpg' class='lightbox ' data-onclick='23' title='CERTIFICADO KONDO NO SHOKAI \u00c9TICA'  itemprop=\"thumbnailUrl\"  ><img decoding=\"async\" class=\"wp-image-336 avia-img-lazy-loading-not-336\"   src=\"https:\/\/graomestreleandrodacosta.com.br\/wp-content\/uploads\/2023\/02\/CERTIFICADO-KONDO-NO-SHOKAI-ETICA-495x400.jpg\" width=\"495\" height=\"400\"  title='CERTIFICADO KONDO NO SHOKAI \u00c9TICA' alt='' srcset=\"https:\/\/graomestreleandrodacosta.com.br\/wp-content\/uploads\/2023\/02\/CERTIFICADO-KONDO-NO-SHOKAI-ETICA-495x400.jpg 495w, https:\/\/graomestreleandrodacosta.com.br\/wp-content\/uploads\/2023\/02\/CERTIFICADO-KONDO-NO-SHOKAI-ETICA-845x684.jpg 845w\" sizes=\"(max-width: 495px) 100vw, 495px\" \/><div class='big-prev-fake'><img decoding=\"async\" class=\"wp-image-336 avia-img-lazy-loading-336\"  width=\"495\" height=\"400\" src=\"https:\/\/graomestreleandrodacosta.com.br\/wp-content\/uploads\/2023\/02\/CERTIFICADO-KONDO-NO-SHOKAI-ETICA-495x400.jpg\" title='CERTIFICADO KONDO NO SHOKAI \u00c9TICA' alt='' srcset=\"https:\/\/graomestreleandrodacosta.com.br\/wp-content\/uploads\/2023\/02\/CERTIFICADO-KONDO-NO-SHOKAI-ETICA-495x400.jpg 495w, https:\/\/graomestreleandrodacosta.com.br\/wp-content\/uploads\/2023\/02\/CERTIFICADO-KONDO-NO-SHOKAI-ETICA-845x684.jpg 845w\" sizes=\"(max-width: 495px) 100vw, 495px\" \/><\/div><\/a><a href=\"https:\/\/graomestreleandrodacosta.com.br\/wp-content\/uploads\/2023\/02\/chile-karate-2o-dan-shotokan-1030x743.jpg\" data-srcset=\"https:\/\/graomestreleandrodacosta.com.br\/wp-content\/uploads\/2023\/02\/chile-karate-2o-dan-shotokan-1030x743.jpg 1030w, https:\/\/graomestreleandrodacosta.com.br\/wp-content\/uploads\/2023\/02\/chile-karate-2o-dan-shotokan-300x216.jpg 300w, https:\/\/graomestreleandrodacosta.com.br\/wp-content\/uploads\/2023\/02\/chile-karate-2o-dan-shotokan-768x554.jpg 768w, https:\/\/graomestreleandrodacosta.com.br\/wp-content\/uploads\/2023\/02\/chile-karate-2o-dan-shotokan-705x508.jpg 705w, https:\/\/graomestreleandrodacosta.com.br\/wp-content\/uploads\/2023\/02\/chile-karate-2o-dan-shotokan.jpg 1280w\" data-sizes=\"(max-width: 1030px) 100vw, 1030px\" data-rel='gallery-1' data-prev-img='https:\/\/graomestreleandrodacosta.com.br\/wp-content\/uploads\/2023\/02\/chile-karate-2o-dan-shotokan-495x400.jpg' class='lightbox ' data-onclick='24' title='chile karate 2\u00ba dan shotokan'  itemprop=\"thumbnailUrl\"  ><img decoding=\"async\" class=\"wp-image-337 avia-img-lazy-loading-not-337\"   src=\"https:\/\/graomestreleandrodacosta.com.br\/wp-content\/uploads\/2023\/02\/chile-karate-2o-dan-shotokan-495x400.jpg\" width=\"495\" height=\"400\"  title='chile karate 2\u00ba dan shotokan' alt='' srcset=\"https:\/\/graomestreleandrodacosta.com.br\/wp-content\/uploads\/2023\/02\/chile-karate-2o-dan-shotokan-495x400.jpg 495w, https:\/\/graomestreleandrodacosta.com.br\/wp-content\/uploads\/2023\/02\/chile-karate-2o-dan-shotokan-845x684.jpg 845w\" sizes=\"(max-width: 495px) 100vw, 495px\" \/><div class='big-prev-fake'><img decoding=\"async\" class=\"wp-image-337 avia-img-lazy-loading-337\"  width=\"495\" height=\"400\" src=\"https:\/\/graomestreleandrodacosta.com.br\/wp-content\/uploads\/2023\/02\/chile-karate-2o-dan-shotokan-495x400.jpg\" title='chile karate 2\u00ba dan shotokan' alt='' srcset=\"https:\/\/graomestreleandrodacosta.com.br\/wp-content\/uploads\/2023\/02\/chile-karate-2o-dan-shotokan-495x400.jpg 495w, https:\/\/graomestreleandrodacosta.com.br\/wp-content\/uploads\/2023\/02\/chile-karate-2o-dan-shotokan-845x684.jpg 845w\" sizes=\"(max-width: 495px) 100vw, 495px\" \/><\/div><\/a><a href=\"https:\/\/graomestreleandrodacosta.com.br\/wp-content\/uploads\/2023\/02\/DIPLOMA-2o-DAN-SHOTOKAN-SKIF-JAPAO-1030x728.jpg\" data-srcset=\"https:\/\/graomestreleandrodacosta.com.br\/wp-content\/uploads\/2023\/02\/DIPLOMA-2o-DAN-SHOTOKAN-SKIF-JAPAO-1030x728.jpg 1030w, https:\/\/graomestreleandrodacosta.com.br\/wp-content\/uploads\/2023\/02\/DIPLOMA-2o-DAN-SHOTOKAN-SKIF-JAPAO-300x212.jpg 300w, https:\/\/graomestreleandrodacosta.com.br\/wp-content\/uploads\/2023\/02\/DIPLOMA-2o-DAN-SHOTOKAN-SKIF-JAPAO-768x543.jpg 768w, https:\/\/graomestreleandrodacosta.com.br\/wp-content\/uploads\/2023\/02\/DIPLOMA-2o-DAN-SHOTOKAN-SKIF-JAPAO-260x185.jpg 260w, https:\/\/graomestreleandrodacosta.com.br\/wp-content\/uploads\/2023\/02\/DIPLOMA-2o-DAN-SHOTOKAN-SKIF-JAPAO-705x498.jpg 705w, https:\/\/graomestreleandrodacosta.com.br\/wp-content\/uploads\/2023\/02\/DIPLOMA-2o-DAN-SHOTOKAN-SKIF-JAPAO.jpg 1280w\" data-sizes=\"(max-width: 1030px) 100vw, 1030px\" data-rel='gallery-1' data-prev-img='https:\/\/graomestreleandrodacosta.com.br\/wp-content\/uploads\/2023\/02\/DIPLOMA-2o-DAN-SHOTOKAN-SKIF-JAPAO-495x400.jpg' class='lightbox ' data-onclick='25' title='DIPLOMA 2\u00ba DAN SHOTOKAN SKIF JAP\u00c3O'  itemprop=\"thumbnailUrl\"  ><img decoding=\"async\" class=\"wp-image-338 avia-img-lazy-loading-not-338\"   src=\"https:\/\/graomestreleandrodacosta.com.br\/wp-content\/uploads\/2023\/02\/DIPLOMA-2o-DAN-SHOTOKAN-SKIF-JAPAO-495x400.jpg\" width=\"495\" height=\"400\"  title='DIPLOMA 2\u00ba DAN SHOTOKAN SKIF JAP\u00c3O' alt='' srcset=\"https:\/\/graomestreleandrodacosta.com.br\/wp-content\/uploads\/2023\/02\/DIPLOMA-2o-DAN-SHOTOKAN-SKIF-JAPAO-495x400.jpg 495w, https:\/\/graomestreleandrodacosta.com.br\/wp-content\/uploads\/2023\/02\/DIPLOMA-2o-DAN-SHOTOKAN-SKIF-JAPAO-845x684.jpg 845w\" sizes=\"(max-width: 495px) 100vw, 495px\" \/><div class='big-prev-fake'><img decoding=\"async\" class=\"wp-image-338 avia-img-lazy-loading-338\"  width=\"495\" height=\"400\" src=\"https:\/\/graomestreleandrodacosta.com.br\/wp-content\/uploads\/2023\/02\/DIPLOMA-2o-DAN-SHOTOKAN-SKIF-JAPAO-495x400.jpg\" title='DIPLOMA 2\u00ba DAN SHOTOKAN SKIF JAP\u00c3O' alt='' srcset=\"https:\/\/graomestreleandrodacosta.com.br\/wp-content\/uploads\/2023\/02\/DIPLOMA-2o-DAN-SHOTOKAN-SKIF-JAPAO-495x400.jpg 495w, https:\/\/graomestreleandrodacosta.com.br\/wp-content\/uploads\/2023\/02\/DIPLOMA-2o-DAN-SHOTOKAN-SKIF-JAPAO-845x684.jpg 845w\" sizes=\"(max-width: 495px) 100vw, 495px\" \/><\/div><\/a><a href=\"https:\/\/graomestreleandrodacosta.com.br\/wp-content\/uploads\/2023\/02\/DIPLOMA-5o-DAN-BUKEIKORYU-RECONHECIDO-PELO-MESTRE-NAKAYAMA-728x1030.jpg\" data-srcset=\"https:\/\/graomestreleandrodacosta.com.br\/wp-content\/uploads\/2023\/02\/DIPLOMA-5o-DAN-BUKEIKORYU-RECONHECIDO-PELO-MESTRE-NAKAYAMA-728x1030.jpg 728w, https:\/\/graomestreleandrodacosta.com.br\/wp-content\/uploads\/2023\/02\/DIPLOMA-5o-DAN-BUKEIKORYU-RECONHECIDO-PELO-MESTRE-NAKAYAMA-212x300.jpg 212w, https:\/\/graomestreleandrodacosta.com.br\/wp-content\/uploads\/2023\/02\/DIPLOMA-5o-DAN-BUKEIKORYU-RECONHECIDO-PELO-MESTRE-NAKAYAMA-768x1086.jpg 768w, https:\/\/graomestreleandrodacosta.com.br\/wp-content\/uploads\/2023\/02\/DIPLOMA-5o-DAN-BUKEIKORYU-RECONHECIDO-PELO-MESTRE-NAKAYAMA-498x705.jpg 498w, https:\/\/graomestreleandrodacosta.com.br\/wp-content\/uploads\/2023\/02\/DIPLOMA-5o-DAN-BUKEIKORYU-RECONHECIDO-PELO-MESTRE-NAKAYAMA.jpg 905w\" data-sizes=\"(max-width: 728px) 100vw, 728px\" data-rel='gallery-1' data-prev-img='https:\/\/graomestreleandrodacosta.com.br\/wp-content\/uploads\/2023\/02\/DIPLOMA-5o-DAN-BUKEIKORYU-RECONHECIDO-PELO-MESTRE-NAKAYAMA-495x400.jpg' class='lightbox ' data-onclick='26' title='DIPLOMA 5\u00ba DAN BUKEIKORYU RECONHECIDO PELO MESTRE NAKAYAMA'  itemprop=\"thumbnailUrl\"  ><img decoding=\"async\" class=\"wp-image-339 avia-img-lazy-loading-not-339\"   src=\"https:\/\/graomestreleandrodacosta.com.br\/wp-content\/uploads\/2023\/02\/DIPLOMA-5o-DAN-BUKEIKORYU-RECONHECIDO-PELO-MESTRE-NAKAYAMA-495x400.jpg\" width=\"495\" height=\"400\"  title='DIPLOMA 5\u00ba DAN BUKEIKORYU RECONHECIDO PELO MESTRE NAKAYAMA' alt='' srcset=\"https:\/\/graomestreleandrodacosta.com.br\/wp-content\/uploads\/2023\/02\/DIPLOMA-5o-DAN-BUKEIKORYU-RECONHECIDO-PELO-MESTRE-NAKAYAMA-495x400.jpg 495w, https:\/\/graomestreleandrodacosta.com.br\/wp-content\/uploads\/2023\/02\/DIPLOMA-5o-DAN-BUKEIKORYU-RECONHECIDO-PELO-MESTRE-NAKAYAMA-845x684.jpg 845w\" sizes=\"(max-width: 495px) 100vw, 495px\" \/><div class='big-prev-fake'><img decoding=\"async\" class=\"wp-image-339 avia-img-lazy-loading-339\"  width=\"495\" height=\"400\" src=\"https:\/\/graomestreleandrodacosta.com.br\/wp-content\/uploads\/2023\/02\/DIPLOMA-5o-DAN-BUKEIKORYU-RECONHECIDO-PELO-MESTRE-NAKAYAMA-495x400.jpg\" title='DIPLOMA 5\u00ba DAN BUKEIKORYU RECONHECIDO PELO MESTRE NAKAYAMA' alt='' srcset=\"https:\/\/graomestreleandrodacosta.com.br\/wp-content\/uploads\/2023\/02\/DIPLOMA-5o-DAN-BUKEIKORYU-RECONHECIDO-PELO-MESTRE-NAKAYAMA-495x400.jpg 495w, https:\/\/graomestreleandrodacosta.com.br\/wp-content\/uploads\/2023\/02\/DIPLOMA-5o-DAN-BUKEIKORYU-RECONHECIDO-PELO-MESTRE-NAKAYAMA-845x684.jpg 845w\" sizes=\"(max-width: 495px) 100vw, 495px\" \/><\/div><\/a><a href=\"https:\/\/graomestreleandrodacosta.com.br\/wp-content\/uploads\/2023\/02\/dojo-garra-de-tigre-2006-1030x685.jpg\" data-srcset=\"https:\/\/graomestreleandrodacosta.com.br\/wp-content\/uploads\/2023\/02\/dojo-garra-de-tigre-2006-1030x685.jpg 1030w, https:\/\/graomestreleandrodacosta.com.br\/wp-content\/uploads\/2023\/02\/dojo-garra-de-tigre-2006-300x200.jpg 300w, https:\/\/graomestreleandrodacosta.com.br\/wp-content\/uploads\/2023\/02\/dojo-garra-de-tigre-2006-768x511.jpg 768w, https:\/\/graomestreleandrodacosta.com.br\/wp-content\/uploads\/2023\/02\/dojo-garra-de-tigre-2006-1536x1022.jpg 1536w, https:\/\/graomestreleandrodacosta.com.br\/wp-content\/uploads\/2023\/02\/dojo-garra-de-tigre-2006-2048x1363.jpg 2048w, https:\/\/graomestreleandrodacosta.com.br\/wp-content\/uploads\/2023\/02\/dojo-garra-de-tigre-2006-1500x998.jpg 1500w, https:\/\/graomestreleandrodacosta.com.br\/wp-content\/uploads\/2023\/02\/dojo-garra-de-tigre-2006-705x469.jpg 705w\" data-sizes=\"(max-width: 1030px) 100vw, 1030px\" data-rel='gallery-1' data-prev-img='https:\/\/graomestreleandrodacosta.com.br\/wp-content\/uploads\/2023\/02\/dojo-garra-de-tigre-2006-495x400.jpg' class='lightbox ' data-onclick='27' title='dojo garra de tigre 2006'  itemprop=\"thumbnailUrl\"  ><img decoding=\"async\" class=\"wp-image-340 avia-img-lazy-loading-not-340\"   src=\"https:\/\/graomestreleandrodacosta.com.br\/wp-content\/uploads\/2023\/02\/dojo-garra-de-tigre-2006-495x400.jpg\" width=\"495\" height=\"400\"  title='dojo garra de tigre 2006' alt='' srcset=\"https:\/\/graomestreleandrodacosta.com.br\/wp-content\/uploads\/2023\/02\/dojo-garra-de-tigre-2006-495x400.jpg 495w, https:\/\/graomestreleandrodacosta.com.br\/wp-content\/uploads\/2023\/02\/dojo-garra-de-tigre-2006-845x684.jpg 845w\" sizes=\"(max-width: 495px) 100vw, 495px\" \/><div class='big-prev-fake'><img decoding=\"async\" class=\"wp-image-340 avia-img-lazy-loading-340\"  width=\"495\" height=\"400\" src=\"https:\/\/graomestreleandrodacosta.com.br\/wp-content\/uploads\/2023\/02\/dojo-garra-de-tigre-2006-495x400.jpg\" title='dojo garra de tigre 2006' alt='' srcset=\"https:\/\/graomestreleandrodacosta.com.br\/wp-content\/uploads\/2023\/02\/dojo-garra-de-tigre-2006-495x400.jpg 495w, https:\/\/graomestreleandrodacosta.com.br\/wp-content\/uploads\/2023\/02\/dojo-garra-de-tigre-2006-845x684.jpg 845w\" sizes=\"(max-width: 495px) 100vw, 495px\" \/><\/div><\/a><a href=\"https:\/\/graomestreleandrodacosta.com.br\/wp-content\/uploads\/2023\/02\/foto2_gr.jpg\" data-srcset=\"https:\/\/graomestreleandrodacosta.com.br\/wp-content\/uploads\/2023\/02\/foto2_gr.jpg 400w, https:\/\/graomestreleandrodacosta.com.br\/wp-content\/uploads\/2023\/02\/foto2_gr-282x300.jpg 282w\" data-sizes=\"(max-width: 400px) 100vw, 400px\" data-rel='gallery-1' data-prev-img='https:\/\/graomestreleandrodacosta.com.br\/wp-content\/uploads\/2023\/02\/foto2_gr-400x400.jpg' class='lightbox ' data-onclick='28' title='foto2_gr'  itemprop=\"thumbnailUrl\"  ><img decoding=\"async\" class=\"wp-image-341 avia-img-lazy-loading-not-341\"   src=\"https:\/\/graomestreleandrodacosta.com.br\/wp-content\/uploads\/2023\/02\/foto2_gr-400x400.jpg\" width=\"400\" height=\"400\"  title='foto2_gr' alt='' srcset=\"https:\/\/graomestreleandrodacosta.com.br\/wp-content\/uploads\/2023\/02\/foto2_gr-400x400.jpg 400w, https:\/\/graomestreleandrodacosta.com.br\/wp-content\/uploads\/2023\/02\/foto2_gr-80x80.jpg 80w, https:\/\/graomestreleandrodacosta.com.br\/wp-content\/uploads\/2023\/02\/foto2_gr-36x36.jpg 36w, https:\/\/graomestreleandrodacosta.com.br\/wp-content\/uploads\/2023\/02\/foto2_gr-180x180.jpg 180w\" sizes=\"(max-width: 400px) 100vw, 400px\" \/><div class='big-prev-fake'><img decoding=\"async\" class=\"wp-image-341 avia-img-lazy-loading-341\"  width=\"400\" height=\"400\" src=\"https:\/\/graomestreleandrodacosta.com.br\/wp-content\/uploads\/2023\/02\/foto2_gr-400x400.jpg\" title='foto2_gr' alt='' srcset=\"https:\/\/graomestreleandrodacosta.com.br\/wp-content\/uploads\/2023\/02\/foto2_gr-400x400.jpg 400w, https:\/\/graomestreleandrodacosta.com.br\/wp-content\/uploads\/2023\/02\/foto2_gr-80x80.jpg 80w, https:\/\/graomestreleandrodacosta.com.br\/wp-content\/uploads\/2023\/02\/foto2_gr-36x36.jpg 36w, https:\/\/graomestreleandrodacosta.com.br\/wp-content\/uploads\/2023\/02\/foto2_gr-180x180.jpg 180w\" sizes=\"(max-width: 400px) 100vw, 400px\" \/><\/div><\/a><a href=\"https:\/\/graomestreleandrodacosta.com.br\/wp-content\/uploads\/2023\/02\/IMG_20220922_201157_2-848x1030.jpg\" data-srcset=\"https:\/\/graomestreleandrodacosta.com.br\/wp-content\/uploads\/2023\/02\/IMG_20220922_201157_2-848x1030.jpg 848w, https:\/\/graomestreleandrodacosta.com.br\/wp-content\/uploads\/2023\/02\/IMG_20220922_201157_2-247x300.jpg 247w, https:\/\/graomestreleandrodacosta.com.br\/wp-content\/uploads\/2023\/02\/IMG_20220922_201157_2-768x933.jpg 768w, https:\/\/graomestreleandrodacosta.com.br\/wp-content\/uploads\/2023\/02\/IMG_20220922_201157_2-580x705.jpg 580w, https:\/\/graomestreleandrodacosta.com.br\/wp-content\/uploads\/2023\/02\/IMG_20220922_201157_2.jpg 1046w\" data-sizes=\"(max-width: 848px) 100vw, 848px\" data-rel='gallery-1' data-prev-img='https:\/\/graomestreleandrodacosta.com.br\/wp-content\/uploads\/2023\/02\/IMG_20220922_201157_2-495x400.jpg' class='lightbox ' data-onclick='29' title='Exif_JPEG_420'  itemprop=\"thumbnailUrl\"  ><img decoding=\"async\" class=\"wp-image-342 avia-img-lazy-loading-not-342\"  data-avia-tooltip='Exif_JPEG_420' src=\"https:\/\/graomestreleandrodacosta.com.br\/wp-content\/uploads\/2023\/02\/IMG_20220922_201157_2-495x400.jpg\" width=\"495\" height=\"400\"  title='Exif_JPEG_420' alt='' srcset=\"https:\/\/graomestreleandrodacosta.com.br\/wp-content\/uploads\/2023\/02\/IMG_20220922_201157_2-495x400.jpg 495w, https:\/\/graomestreleandrodacosta.com.br\/wp-content\/uploads\/2023\/02\/IMG_20220922_201157_2-845x684.jpg 845w\" sizes=\"(max-width: 495px) 100vw, 495px\" \/><div class='big-prev-fake'><img decoding=\"async\" class=\"wp-image-342 avia-img-lazy-loading-342\"  width=\"495\" height=\"400\" src=\"https:\/\/graomestreleandrodacosta.com.br\/wp-content\/uploads\/2023\/02\/IMG_20220922_201157_2-495x400.jpg\" title='Exif_JPEG_420' alt='' srcset=\"https:\/\/graomestreleandrodacosta.com.br\/wp-content\/uploads\/2023\/02\/IMG_20220922_201157_2-495x400.jpg 495w, https:\/\/graomestreleandrodacosta.com.br\/wp-content\/uploads\/2023\/02\/IMG_20220922_201157_2-845x684.jpg 845w\" sizes=\"(max-width: 495px) 100vw, 495px\" \/><\/div><\/a><a href=\"https:\/\/graomestreleandrodacosta.com.br\/wp-content\/uploads\/2023\/02\/kanji-oficial-do-estilo-bukeikoryu.jpg\" data-srcset=\"https:\/\/graomestreleandrodacosta.com.br\/wp-content\/uploads\/2023\/02\/kanji-oficial-do-estilo-bukeikoryu.jpg 227w, https:\/\/graomestreleandrodacosta.com.br\/wp-content\/uploads\/2023\/02\/kanji-oficial-do-estilo-bukeikoryu-173x300.jpg 173w\" data-sizes=\"(max-width: 227px) 100vw, 227px\" data-rel='gallery-1' data-prev-img='https:\/\/graomestreleandrodacosta.com.br\/wp-content\/uploads\/2023\/02\/kanji-oficial-do-estilo-bukeikoryu.jpg' class='lightbox ' data-onclick='30' title='kanji oficial do estilo bukeikoryu'  itemprop=\"thumbnailUrl\"  ><img decoding=\"async\" class=\"wp-image-343 avia-img-lazy-loading-not-343\"   src=\"https:\/\/graomestreleandrodacosta.com.br\/wp-content\/uploads\/2023\/02\/kanji-oficial-do-estilo-bukeikoryu.jpg\" width=\"227\" height=\"393\"  title='kanji oficial do estilo bukeikoryu' alt='' srcset=\"https:\/\/graomestreleandrodacosta.com.br\/wp-content\/uploads\/2023\/02\/kanji-oficial-do-estilo-bukeikoryu.jpg 227w, https:\/\/graomestreleandrodacosta.com.br\/wp-content\/uploads\/2023\/02\/kanji-oficial-do-estilo-bukeikoryu-173x300.jpg 173w\" sizes=\"(max-width: 227px) 100vw, 227px\" \/><div class='big-prev-fake'><img decoding=\"async\" class=\"wp-image-343 avia-img-lazy-loading-343\"  width=\"227\" height=\"393\" src=\"https:\/\/graomestreleandrodacosta.com.br\/wp-content\/uploads\/2023\/02\/kanji-oficial-do-estilo-bukeikoryu.jpg\" title='kanji oficial do estilo bukeikoryu' alt='' srcset=\"https:\/\/graomestreleandrodacosta.com.br\/wp-content\/uploads\/2023\/02\/kanji-oficial-do-estilo-bukeikoryu.jpg 227w, https:\/\/graomestreleandrodacosta.com.br\/wp-content\/uploads\/2023\/02\/kanji-oficial-do-estilo-bukeikoryu-173x300.jpg 173w\" sizes=\"(max-width: 227px) 100vw, 227px\" \/><\/div><\/a><a href=\"https:\/\/graomestreleandrodacosta.com.br\/wp-content\/uploads\/2023\/02\/KARATE-BUKEIKORYU-feminino-1007x1030.jpg\" data-srcset=\"https:\/\/graomestreleandrodacosta.com.br\/wp-content\/uploads\/2023\/02\/KARATE-BUKEIKORYU-feminino-1007x1030.jpg 1007w, https:\/\/graomestreleandrodacosta.com.br\/wp-content\/uploads\/2023\/02\/KARATE-BUKEIKORYU-feminino-293x300.jpg 293w, https:\/\/graomestreleandrodacosta.com.br\/wp-content\/uploads\/2023\/02\/KARATE-BUKEIKORYU-feminino-768x786.jpg 768w, https:\/\/graomestreleandrodacosta.com.br\/wp-content\/uploads\/2023\/02\/KARATE-BUKEIKORYU-feminino-36x36.jpg 36w, https:\/\/graomestreleandrodacosta.com.br\/wp-content\/uploads\/2023\/02\/KARATE-BUKEIKORYU-feminino-689x705.jpg 689w, https:\/\/graomestreleandrodacosta.com.br\/wp-content\/uploads\/2023\/02\/KARATE-BUKEIKORYU-feminino.jpg 1159w\" data-sizes=\"(max-width: 1007px) 100vw, 1007px\" data-rel='gallery-1' data-prev-img='https:\/\/graomestreleandrodacosta.com.br\/wp-content\/uploads\/2023\/02\/KARATE-BUKEIKORYU-feminino-495x400.jpg' class='first_thumb lightbox ' data-onclick='31' title='KARATE BUKEIKORYU feminino'  itemprop=\"thumbnailUrl\"  ><img decoding=\"async\" class=\"wp-image-344 avia-img-lazy-loading-not-344\"   src=\"https:\/\/graomestreleandrodacosta.com.br\/wp-content\/uploads\/2023\/02\/KARATE-BUKEIKORYU-feminino-495x400.jpg\" width=\"495\" height=\"400\"  title='KARATE BUKEIKORYU feminino' alt='' srcset=\"https:\/\/graomestreleandrodacosta.com.br\/wp-content\/uploads\/2023\/02\/KARATE-BUKEIKORYU-feminino-495x400.jpg 495w, https:\/\/graomestreleandrodacosta.com.br\/wp-content\/uploads\/2023\/02\/KARATE-BUKEIKORYU-feminino-845x684.jpg 845w\" sizes=\"(max-width: 495px) 100vw, 495px\" \/><div class='big-prev-fake'><img decoding=\"async\" class=\"wp-image-344 avia-img-lazy-loading-344\"  width=\"495\" height=\"400\" src=\"https:\/\/graomestreleandrodacosta.com.br\/wp-content\/uploads\/2023\/02\/KARATE-BUKEIKORYU-feminino-495x400.jpg\" title='KARATE BUKEIKORYU feminino' alt='' srcset=\"https:\/\/graomestreleandrodacosta.com.br\/wp-content\/uploads\/2023\/02\/KARATE-BUKEIKORYU-feminino-495x400.jpg 495w, https:\/\/graomestreleandrodacosta.com.br\/wp-content\/uploads\/2023\/02\/KARATE-BUKEIKORYU-feminino-845x684.jpg 845w\" sizes=\"(max-width: 495px) 100vw, 495px\" \/><\/div><\/a><a href=\"https:\/\/graomestreleandrodacosta.com.br\/wp-content\/uploads\/2023\/02\/LIGA-ESTADUAL-DE-KARATE-DO-RIO-GRANDE-DO-SUL-LEKRS-1030x1030.jpg\" data-srcset=\"https:\/\/graomestreleandrodacosta.com.br\/wp-content\/uploads\/2023\/02\/LIGA-ESTADUAL-DE-KARATE-DO-RIO-GRANDE-DO-SUL-LEKRS-1030x1030.jpg 1030w, https:\/\/graomestreleandrodacosta.com.br\/wp-content\/uploads\/2023\/02\/LIGA-ESTADUAL-DE-KARATE-DO-RIO-GRANDE-DO-SUL-LEKRS-300x300.jpg 300w, https:\/\/graomestreleandrodacosta.com.br\/wp-content\/uploads\/2023\/02\/LIGA-ESTADUAL-DE-KARATE-DO-RIO-GRANDE-DO-SUL-LEKRS-80x80.jpg 80w, https:\/\/graomestreleandrodacosta.com.br\/wp-content\/uploads\/2023\/02\/LIGA-ESTADUAL-DE-KARATE-DO-RIO-GRANDE-DO-SUL-LEKRS-768x768.jpg 768w, https:\/\/graomestreleandrodacosta.com.br\/wp-content\/uploads\/2023\/02\/LIGA-ESTADUAL-DE-KARATE-DO-RIO-GRANDE-DO-SUL-LEKRS-36x36.jpg 36w, https:\/\/graomestreleandrodacosta.com.br\/wp-content\/uploads\/2023\/02\/LIGA-ESTADUAL-DE-KARATE-DO-RIO-GRANDE-DO-SUL-LEKRS-180x180.jpg 180w, https:\/\/graomestreleandrodacosta.com.br\/wp-content\/uploads\/2023\/02\/LIGA-ESTADUAL-DE-KARATE-DO-RIO-GRANDE-DO-SUL-LEKRS-705x705.jpg 705w, https:\/\/graomestreleandrodacosta.com.br\/wp-content\/uploads\/2023\/02\/LIGA-ESTADUAL-DE-KARATE-DO-RIO-GRANDE-DO-SUL-LEKRS.jpg 1280w\" data-sizes=\"(max-width: 1030px) 100vw, 1030px\" data-rel='gallery-1' data-prev-img='https:\/\/graomestreleandrodacosta.com.br\/wp-content\/uploads\/2023\/02\/LIGA-ESTADUAL-DE-KARATE-DO-RIO-GRANDE-DO-SUL-LEKRS-495x400.jpg' class='lightbox ' data-onclick='32' title='LIGA ESTADUAL DE KARAT\u00ca DO RIO GRANDE DO SUL - LEKRS'  itemprop=\"thumbnailUrl\"  ><img decoding=\"async\" class=\"wp-image-345 avia-img-lazy-loading-not-345\"   src=\"https:\/\/graomestreleandrodacosta.com.br\/wp-content\/uploads\/2023\/02\/LIGA-ESTADUAL-DE-KARATE-DO-RIO-GRANDE-DO-SUL-LEKRS-495x400.jpg\" width=\"495\" height=\"400\"  title='LIGA ESTADUAL DE KARAT\u00ca DO RIO GRANDE DO SUL - LEKRS' alt='' srcset=\"https:\/\/graomestreleandrodacosta.com.br\/wp-content\/uploads\/2023\/02\/LIGA-ESTADUAL-DE-KARATE-DO-RIO-GRANDE-DO-SUL-LEKRS-495x400.jpg 495w, https:\/\/graomestreleandrodacosta.com.br\/wp-content\/uploads\/2023\/02\/LIGA-ESTADUAL-DE-KARATE-DO-RIO-GRANDE-DO-SUL-LEKRS-845x684.jpg 845w\" sizes=\"(max-width: 495px) 100vw, 495px\" \/><div class='big-prev-fake'><img decoding=\"async\" class=\"wp-image-345 avia-img-lazy-loading-345\"  width=\"495\" height=\"400\" src=\"https:\/\/graomestreleandrodacosta.com.br\/wp-content\/uploads\/2023\/02\/LIGA-ESTADUAL-DE-KARATE-DO-RIO-GRANDE-DO-SUL-LEKRS-495x400.jpg\" title='LIGA ESTADUAL DE KARAT\u00ca DO RIO GRANDE DO SUL - LEKRS' alt='' srcset=\"https:\/\/graomestreleandrodacosta.com.br\/wp-content\/uploads\/2023\/02\/LIGA-ESTADUAL-DE-KARATE-DO-RIO-GRANDE-DO-SUL-LEKRS-495x400.jpg 495w, https:\/\/graomestreleandrodacosta.com.br\/wp-content\/uploads\/2023\/02\/LIGA-ESTADUAL-DE-KARATE-DO-RIO-GRANDE-DO-SUL-LEKRS-845x684.jpg 845w\" sizes=\"(max-width: 495px) 100vw, 495px\" \/><\/div><\/a><a href=\"https:\/\/graomestreleandrodacosta.com.br\/wp-content\/uploads\/2023\/02\/RECONHECIMENTO-BUKEIKORYU-PELA-FBKK-743x1030.jpg\" data-srcset=\"https:\/\/graomestreleandrodacosta.com.br\/wp-content\/uploads\/2023\/02\/RECONHECIMENTO-BUKEIKORYU-PELA-FBKK-743x1030.jpg 743w, https:\/\/graomestreleandrodacosta.com.br\/wp-content\/uploads\/2023\/02\/RECONHECIMENTO-BUKEIKORYU-PELA-FBKK-216x300.jpg 216w, https:\/\/graomestreleandrodacosta.com.br\/wp-content\/uploads\/2023\/02\/RECONHECIMENTO-BUKEIKORYU-PELA-FBKK-768x1065.jpg 768w, https:\/\/graomestreleandrodacosta.com.br\/wp-content\/uploads\/2023\/02\/RECONHECIMENTO-BUKEIKORYU-PELA-FBKK-508x705.jpg 508w, https:\/\/graomestreleandrodacosta.com.br\/wp-content\/uploads\/2023\/02\/RECONHECIMENTO-BUKEIKORYU-PELA-FBKK.jpg 923w\" data-sizes=\"(max-width: 743px) 100vw, 743px\" data-rel='gallery-1' data-prev-img='https:\/\/graomestreleandrodacosta.com.br\/wp-content\/uploads\/2023\/02\/RECONHECIMENTO-BUKEIKORYU-PELA-FBKK-495x400.jpg' class='lightbox ' data-onclick='33' title='RECONHECIMENTO BUKEIKORYU PELA FBKK'  itemprop=\"thumbnailUrl\"  ><img decoding=\"async\" class=\"wp-image-346 avia-img-lazy-loading-not-346\"   src=\"https:\/\/graomestreleandrodacosta.com.br\/wp-content\/uploads\/2023\/02\/RECONHECIMENTO-BUKEIKORYU-PELA-FBKK-495x400.jpg\" width=\"495\" height=\"400\"  title='RECONHECIMENTO BUKEIKORYU PELA FBKK' alt='' srcset=\"https:\/\/graomestreleandrodacosta.com.br\/wp-content\/uploads\/2023\/02\/RECONHECIMENTO-BUKEIKORYU-PELA-FBKK-495x400.jpg 495w, https:\/\/graomestreleandrodacosta.com.br\/wp-content\/uploads\/2023\/02\/RECONHECIMENTO-BUKEIKORYU-PELA-FBKK-845x684.jpg 845w\" sizes=\"(max-width: 495px) 100vw, 495px\" \/><div class='big-prev-fake'><img decoding=\"async\" class=\"wp-image-346 avia-img-lazy-loading-346\"  width=\"495\" height=\"400\" src=\"https:\/\/graomestreleandrodacosta.com.br\/wp-content\/uploads\/2023\/02\/RECONHECIMENTO-BUKEIKORYU-PELA-FBKK-495x400.jpg\" title='RECONHECIMENTO BUKEIKORYU PELA FBKK' alt='' srcset=\"https:\/\/graomestreleandrodacosta.com.br\/wp-content\/uploads\/2023\/02\/RECONHECIMENTO-BUKEIKORYU-PELA-FBKK-495x400.jpg 495w, https:\/\/graomestreleandrodacosta.com.br\/wp-content\/uploads\/2023\/02\/RECONHECIMENTO-BUKEIKORYU-PELA-FBKK-845x684.jpg 845w\" sizes=\"(max-width: 495px) 100vw, 495px\" \/><\/div><\/a><a href=\"https:\/\/graomestreleandrodacosta.com.br\/wp-content\/uploads\/2023\/02\/thumbnail_CCF26062020_0020-1030x711.jpg\" data-srcset=\"https:\/\/graomestreleandrodacosta.com.br\/wp-content\/uploads\/2023\/02\/thumbnail_CCF26062020_0020-1030x711.jpg 1030w, https:\/\/graomestreleandrodacosta.com.br\/wp-content\/uploads\/2023\/02\/thumbnail_CCF26062020_0020-300x207.jpg 300w, https:\/\/graomestreleandrodacosta.com.br\/wp-content\/uploads\/2023\/02\/thumbnail_CCF26062020_0020-768x530.jpg 768w, https:\/\/graomestreleandrodacosta.com.br\/wp-content\/uploads\/2023\/02\/thumbnail_CCF26062020_0020-705x487.jpg 705w, https:\/\/graomestreleandrodacosta.com.br\/wp-content\/uploads\/2023\/02\/thumbnail_CCF26062020_0020.jpg 1280w\" data-sizes=\"(max-width: 1030px) 100vw, 1030px\" data-rel='gallery-1' data-prev-img='https:\/\/graomestreleandrodacosta.com.br\/wp-content\/uploads\/2023\/02\/thumbnail_CCF26062020_0020-495x400.jpg' class='lightbox ' data-onclick='34' title='thumbnail_CCF26062020_0020'  itemprop=\"thumbnailUrl\"  ><img decoding=\"async\" class=\"wp-image-347 avia-img-lazy-loading-not-347\"   src=\"https:\/\/graomestreleandrodacosta.com.br\/wp-content\/uploads\/2023\/02\/thumbnail_CCF26062020_0020-495x400.jpg\" width=\"495\" height=\"400\"  title='thumbnail_CCF26062020_0020' alt='' srcset=\"https:\/\/graomestreleandrodacosta.com.br\/wp-content\/uploads\/2023\/02\/thumbnail_CCF26062020_0020-495x400.jpg 495w, https:\/\/graomestreleandrodacosta.com.br\/wp-content\/uploads\/2023\/02\/thumbnail_CCF26062020_0020-845x684.jpg 845w\" sizes=\"(max-width: 495px) 100vw, 495px\" \/><div class='big-prev-fake'><img decoding=\"async\" class=\"wp-image-347 avia-img-lazy-loading-347\"  width=\"495\" height=\"400\" src=\"https:\/\/graomestreleandrodacosta.com.br\/wp-content\/uploads\/2023\/02\/thumbnail_CCF26062020_0020-495x400.jpg\" title='thumbnail_CCF26062020_0020' alt='' srcset=\"https:\/\/graomestreleandrodacosta.com.br\/wp-content\/uploads\/2023\/02\/thumbnail_CCF26062020_0020-495x400.jpg 495w, https:\/\/graomestreleandrodacosta.com.br\/wp-content\/uploads\/2023\/02\/thumbnail_CCF26062020_0020-845x684.jpg 845w\" sizes=\"(max-width: 495px) 100vw, 495px\" \/><\/div><\/a><a href=\"https:\/\/graomestreleandrodacosta.com.br\/wp-content\/uploads\/2023\/02\/thumbnail_FOTO-450x1030.jpg\" data-srcset=\"https:\/\/graomestreleandrodacosta.com.br\/wp-content\/uploads\/2023\/02\/thumbnail_FOTO-450x1030.jpg 450w, https:\/\/graomestreleandrodacosta.com.br\/wp-content\/uploads\/2023\/02\/thumbnail_FOTO-131x300.jpg 131w, https:\/\/graomestreleandrodacosta.com.br\/wp-content\/uploads\/2023\/02\/thumbnail_FOTO-308x705.jpg 308w, https:\/\/graomestreleandrodacosta.com.br\/wp-content\/uploads\/2023\/02\/thumbnail_FOTO.jpg 559w\" data-sizes=\"(max-width: 450px) 100vw, 450px\" data-rel='gallery-1' data-prev-img='https:\/\/graomestreleandrodacosta.com.br\/wp-content\/uploads\/2023\/02\/thumbnail_FOTO-495x400.jpg' class='lightbox ' data-onclick='35' title='thumbnail_FOTO'  itemprop=\"thumbnailUrl\"  ><img decoding=\"async\" class=\"wp-image-348 avia-img-lazy-loading-not-348\"   src=\"https:\/\/graomestreleandrodacosta.com.br\/wp-content\/uploads\/2023\/02\/thumbnail_FOTO-495x400.jpg\" width=\"495\" height=\"400\"  title='thumbnail_FOTO' alt='' \/><div class='big-prev-fake'><img decoding=\"async\" class=\"wp-image-348 avia-img-lazy-loading-348\"  width=\"495\" height=\"400\" src=\"https:\/\/graomestreleandrodacosta.com.br\/wp-content\/uploads\/2023\/02\/thumbnail_FOTO-495x400.jpg\" title='thumbnail_FOTO' alt='' \/><\/div><\/a><a href=\"https:\/\/graomestreleandrodacosta.com.br\/wp-content\/uploads\/2023\/02\/WOMA-JAPAN-MEMBERSHIP-JAPAN-HANSHI-9o-DAN-1030x773.jpg\" data-srcset=\"https:\/\/graomestreleandrodacosta.com.br\/wp-content\/uploads\/2023\/02\/WOMA-JAPAN-MEMBERSHIP-JAPAN-HANSHI-9o-DAN-1030x773.jpg 1030w, https:\/\/graomestreleandrodacosta.com.br\/wp-content\/uploads\/2023\/02\/WOMA-JAPAN-MEMBERSHIP-JAPAN-HANSHI-9o-DAN-300x225.jpg 300w, https:\/\/graomestreleandrodacosta.com.br\/wp-content\/uploads\/2023\/02\/WOMA-JAPAN-MEMBERSHIP-JAPAN-HANSHI-9o-DAN-768x576.jpg 768w, https:\/\/graomestreleandrodacosta.com.br\/wp-content\/uploads\/2023\/02\/WOMA-JAPAN-MEMBERSHIP-JAPAN-HANSHI-9o-DAN-705x529.jpg 705w, https:\/\/graomestreleandrodacosta.com.br\/wp-content\/uploads\/2023\/02\/WOMA-JAPAN-MEMBERSHIP-JAPAN-HANSHI-9o-DAN.jpg 1344w\" data-sizes=\"(max-width: 1030px) 100vw, 1030px\" data-rel='gallery-1' data-prev-img='https:\/\/graomestreleandrodacosta.com.br\/wp-content\/uploads\/2023\/02\/WOMA-JAPAN-MEMBERSHIP-JAPAN-HANSHI-9o-DAN-495x400.jpg' class='lightbox ' data-onclick='36' title='WOMA JAPAN MEMBERSHIP JAPAN - HANSHI 9\u00ba DAN'  itemprop=\"thumbnailUrl\"  ><img decoding=\"async\" class=\"wp-image-349 avia-img-lazy-loading-not-349\"   src=\"https:\/\/graomestreleandrodacosta.com.br\/wp-content\/uploads\/2023\/02\/WOMA-JAPAN-MEMBERSHIP-JAPAN-HANSHI-9o-DAN-495x400.jpg\" width=\"495\" height=\"400\"  title='WOMA JAPAN MEMBERSHIP JAPAN - HANSHI 9\u00ba DAN' alt='' srcset=\"https:\/\/graomestreleandrodacosta.com.br\/wp-content\/uploads\/2023\/02\/WOMA-JAPAN-MEMBERSHIP-JAPAN-HANSHI-9o-DAN-495x400.jpg 495w, https:\/\/graomestreleandrodacosta.com.br\/wp-content\/uploads\/2023\/02\/WOMA-JAPAN-MEMBERSHIP-JAPAN-HANSHI-9o-DAN-845x684.jpg 845w\" sizes=\"(max-width: 495px) 100vw, 495px\" \/><div class='big-prev-fake'><img decoding=\"async\" class=\"wp-image-349 avia-img-lazy-loading-349\"  width=\"495\" height=\"400\" src=\"https:\/\/graomestreleandrodacosta.com.br\/wp-content\/uploads\/2023\/02\/WOMA-JAPAN-MEMBERSHIP-JAPAN-HANSHI-9o-DAN-495x400.jpg\" title='WOMA JAPAN MEMBERSHIP JAPAN - HANSHI 9\u00ba DAN' alt='' srcset=\"https:\/\/graomestreleandrodacosta.com.br\/wp-content\/uploads\/2023\/02\/WOMA-JAPAN-MEMBERSHIP-JAPAN-HANSHI-9o-DAN-495x400.jpg 495w, https:\/\/graomestreleandrodacosta.com.br\/wp-content\/uploads\/2023\/02\/WOMA-JAPAN-MEMBERSHIP-JAPAN-HANSHI-9o-DAN-845x684.jpg 845w\" sizes=\"(max-width: 495px) 100vw, 495px\" \/><\/div><\/a><a href=\"https:\/\/graomestreleandrodacosta.com.br\/wp-content\/uploads\/2023\/02\/9o-dan-karate-bukeikoryu-WOMA-JAPAN-1.jpg\" data-srcset=\"https:\/\/graomestreleandrodacosta.com.br\/wp-content\/uploads\/2023\/02\/9o-dan-karate-bukeikoryu-WOMA-JAPAN-1.jpg 960w, https:\/\/graomestreleandrodacosta.com.br\/wp-content\/uploads\/2023\/02\/9o-dan-karate-bukeikoryu-WOMA-JAPAN-1-300x225.jpg 300w, https:\/\/graomestreleandrodacosta.com.br\/wp-content\/uploads\/2023\/02\/9o-dan-karate-bukeikoryu-WOMA-JAPAN-1-768x576.jpg 768w, https:\/\/graomestreleandrodacosta.com.br\/wp-content\/uploads\/2023\/02\/9o-dan-karate-bukeikoryu-WOMA-JAPAN-1-705x529.jpg 705w\" data-sizes=\"(max-width: 960px) 100vw, 960px\" data-rel='gallery-1' data-prev-img='https:\/\/graomestreleandrodacosta.com.br\/wp-content\/uploads\/2023\/02\/9o-dan-karate-bukeikoryu-WOMA-JAPAN-1-495x400.jpg' class='lightbox ' data-onclick='37' title='9\u00ba dan karate bukeikoryu WOMA-JAPAN'  itemprop=\"thumbnailUrl\"  ><img decoding=\"async\" class=\"wp-image-351 avia-img-lazy-loading-not-351\"   src=\"https:\/\/graomestreleandrodacosta.com.br\/wp-content\/uploads\/2023\/02\/9o-dan-karate-bukeikoryu-WOMA-JAPAN-1-495x400.jpg\" width=\"495\" height=\"400\"  title='9\u00ba dan karate bukeikoryu WOMA-JAPAN' alt='' srcset=\"https:\/\/graomestreleandrodacosta.com.br\/wp-content\/uploads\/2023\/02\/9o-dan-karate-bukeikoryu-WOMA-JAPAN-1-495x400.jpg 495w, https:\/\/graomestreleandrodacosta.com.br\/wp-content\/uploads\/2023\/02\/9o-dan-karate-bukeikoryu-WOMA-JAPAN-1-845x684.jpg 845w\" sizes=\"(max-width: 495px) 100vw, 495px\" \/><div class='big-prev-fake'><img decoding=\"async\" class=\"wp-image-351 avia-img-lazy-loading-351\"  width=\"495\" height=\"400\" src=\"https:\/\/graomestreleandrodacosta.com.br\/wp-content\/uploads\/2023\/02\/9o-dan-karate-bukeikoryu-WOMA-JAPAN-1-495x400.jpg\" title='9\u00ba dan karate bukeikoryu WOMA-JAPAN' alt='' srcset=\"https:\/\/graomestreleandrodacosta.com.br\/wp-content\/uploads\/2023\/02\/9o-dan-karate-bukeikoryu-WOMA-JAPAN-1-495x400.jpg 495w, https:\/\/graomestreleandrodacosta.com.br\/wp-content\/uploads\/2023\/02\/9o-dan-karate-bukeikoryu-WOMA-JAPAN-1-845x684.jpg 845w\" sizes=\"(max-width: 495px) 100vw, 495px\" \/><\/div><\/a><a href=\"https:\/\/graomestreleandrodacosta.com.br\/wp-content\/uploads\/2023\/02\/DIPLOMA-DE-2o-DAN-SKIF-BRASIL-TERUO-FURUSHO-1-742x1030.jpg\" data-srcset=\"https:\/\/graomestreleandrodacosta.com.br\/wp-content\/uploads\/2023\/02\/DIPLOMA-DE-2o-DAN-SKIF-BRASIL-TERUO-FURUSHO-1-742x1030.jpg 742w, https:\/\/graomestreleandrodacosta.com.br\/wp-content\/uploads\/2023\/02\/DIPLOMA-DE-2o-DAN-SKIF-BRASIL-TERUO-FURUSHO-1-216x300.jpg 216w, https:\/\/graomestreleandrodacosta.com.br\/wp-content\/uploads\/2023\/02\/DIPLOMA-DE-2o-DAN-SKIF-BRASIL-TERUO-FURUSHO-1-768x1066.jpg 768w, https:\/\/graomestreleandrodacosta.com.br\/wp-content\/uploads\/2023\/02\/DIPLOMA-DE-2o-DAN-SKIF-BRASIL-TERUO-FURUSHO-1-508x705.jpg 508w, https:\/\/graomestreleandrodacosta.com.br\/wp-content\/uploads\/2023\/02\/DIPLOMA-DE-2o-DAN-SKIF-BRASIL-TERUO-FURUSHO-1.jpg 922w\" data-sizes=\"(max-width: 742px) 100vw, 742px\" data-rel='gallery-1' data-prev-img='https:\/\/graomestreleandrodacosta.com.br\/wp-content\/uploads\/2023\/02\/DIPLOMA-DE-2o-DAN-SKIF-BRASIL-TERUO-FURUSHO-1-495x400.jpg' class='lightbox ' data-onclick='38' title='DIPLOMA DE 2\u00ba DAN SKIF BRASIL TERUO FURUSHO'  itemprop=\"thumbnailUrl\"  ><img decoding=\"async\" class=\"wp-image-352 avia-img-lazy-loading-not-352\"   src=\"https:\/\/graomestreleandrodacosta.com.br\/wp-content\/uploads\/2023\/02\/DIPLOMA-DE-2o-DAN-SKIF-BRASIL-TERUO-FURUSHO-1-495x400.jpg\" width=\"495\" height=\"400\"  title='DIPLOMA DE 2\u00ba DAN SKIF BRASIL TERUO FURUSHO' alt='' srcset=\"https:\/\/graomestreleandrodacosta.com.br\/wp-content\/uploads\/2023\/02\/DIPLOMA-DE-2o-DAN-SKIF-BRASIL-TERUO-FURUSHO-1-495x400.jpg 495w, https:\/\/graomestreleandrodacosta.com.br\/wp-content\/uploads\/2023\/02\/DIPLOMA-DE-2o-DAN-SKIF-BRASIL-TERUO-FURUSHO-1-845x684.jpg 845w\" sizes=\"(max-width: 495px) 100vw, 495px\" \/><div class='big-prev-fake'><img decoding=\"async\" class=\"wp-image-352 avia-img-lazy-loading-352\"  width=\"495\" height=\"400\" src=\"https:\/\/graomestreleandrodacosta.com.br\/wp-content\/uploads\/2023\/02\/DIPLOMA-DE-2o-DAN-SKIF-BRASIL-TERUO-FURUSHO-1-495x400.jpg\" title='DIPLOMA DE 2\u00ba DAN SKIF BRASIL TERUO FURUSHO' alt='' srcset=\"https:\/\/graomestreleandrodacosta.com.br\/wp-content\/uploads\/2023\/02\/DIPLOMA-DE-2o-DAN-SKIF-BRASIL-TERUO-FURUSHO-1-495x400.jpg 495w, https:\/\/graomestreleandrodacosta.com.br\/wp-content\/uploads\/2023\/02\/DIPLOMA-DE-2o-DAN-SKIF-BRASIL-TERUO-FURUSHO-1-845x684.jpg 845w\" sizes=\"(max-width: 495px) 100vw, 495px\" \/><\/div><\/a><a href=\"https:\/\/graomestreleandrodacosta.com.br\/wp-content\/uploads\/2023\/02\/dojo-bukeikoryu-2005-1-1030x662.jpg\" data-srcset=\"https:\/\/graomestreleandrodacosta.com.br\/wp-content\/uploads\/2023\/02\/dojo-bukeikoryu-2005-1-1030x662.jpg 1030w, https:\/\/graomestreleandrodacosta.com.br\/wp-content\/uploads\/2023\/02\/dojo-bukeikoryu-2005-1-300x193.jpg 300w, https:\/\/graomestreleandrodacosta.com.br\/wp-content\/uploads\/2023\/02\/dojo-bukeikoryu-2005-1-768x494.jpg 768w, https:\/\/graomestreleandrodacosta.com.br\/wp-content\/uploads\/2023\/02\/dojo-bukeikoryu-2005-1-1536x988.jpg 1536w, https:\/\/graomestreleandrodacosta.com.br\/wp-content\/uploads\/2023\/02\/dojo-bukeikoryu-2005-1-2048x1317.jpg 2048w, https:\/\/graomestreleandrodacosta.com.br\/wp-content\/uploads\/2023\/02\/dojo-bukeikoryu-2005-1-1500x964.jpg 1500w, https:\/\/graomestreleandrodacosta.com.br\/wp-content\/uploads\/2023\/02\/dojo-bukeikoryu-2005-1-705x453.jpg 705w\" data-sizes=\"(max-width: 1030px) 100vw, 1030px\" data-rel='gallery-1' data-prev-img='https:\/\/graomestreleandrodacosta.com.br\/wp-content\/uploads\/2023\/02\/dojo-bukeikoryu-2005-1-495x400.jpg' class='lightbox ' data-onclick='39' title='dojo bukeikoryu 2005'  itemprop=\"thumbnailUrl\"  ><img decoding=\"async\" class=\"wp-image-353 avia-img-lazy-loading-not-353\"   src=\"https:\/\/graomestreleandrodacosta.com.br\/wp-content\/uploads\/2023\/02\/dojo-bukeikoryu-2005-1-495x400.jpg\" width=\"495\" height=\"400\"  title='dojo bukeikoryu 2005' alt='' srcset=\"https:\/\/graomestreleandrodacosta.com.br\/wp-content\/uploads\/2023\/02\/dojo-bukeikoryu-2005-1-495x400.jpg 495w, https:\/\/graomestreleandrodacosta.com.br\/wp-content\/uploads\/2023\/02\/dojo-bukeikoryu-2005-1-845x684.jpg 845w\" sizes=\"(max-width: 495px) 100vw, 495px\" \/><div class='big-prev-fake'><img decoding=\"async\" class=\"wp-image-353 avia-img-lazy-loading-353\"  width=\"495\" height=\"400\" src=\"https:\/\/graomestreleandrodacosta.com.br\/wp-content\/uploads\/2023\/02\/dojo-bukeikoryu-2005-1-495x400.jpg\" title='dojo bukeikoryu 2005' alt='' srcset=\"https:\/\/graomestreleandrodacosta.com.br\/wp-content\/uploads\/2023\/02\/dojo-bukeikoryu-2005-1-495x400.jpg 495w, https:\/\/graomestreleandrodacosta.com.br\/wp-content\/uploads\/2023\/02\/dojo-bukeikoryu-2005-1-845x684.jpg 845w\" sizes=\"(max-width: 495px) 100vw, 495px\" \/><\/div><\/a><a href=\"https:\/\/graomestreleandrodacosta.com.br\/wp-content\/uploads\/2023\/02\/images-15-1.jpg\" data-rel='gallery-1' data-prev-img='https:\/\/graomestreleandrodacosta.com.br\/wp-content\/uploads\/2023\/02\/images-15-1.jpg' class='lightbox ' data-onclick='40' title='images (15)'  itemprop=\"thumbnailUrl\"  ><img decoding=\"async\" class=\"wp-image-354 avia-img-lazy-loading-not-354\"   src=\"https:\/\/graomestreleandrodacosta.com.br\/wp-content\/uploads\/2023\/02\/images-15-1.jpg\" width=\"272\" height=\"185\"  title='images (15)' alt='' \/><div class='big-prev-fake'><img decoding=\"async\" class=\"wp-image-354 avia-img-lazy-loading-354\"  width=\"272\" height=\"185\" src=\"https:\/\/graomestreleandrodacosta.com.br\/wp-content\/uploads\/2023\/02\/images-15-1.jpg\" title='images (15)' alt='' \/><\/div><\/a><a href=\"https:\/\/graomestreleandrodacosta.com.br\/wp-content\/uploads\/2023\/02\/KARATE-DE-COMBATE-BUKEIKORYU-1.jpg\" data-srcset=\"https:\/\/graomestreleandrodacosta.com.br\/wp-content\/uploads\/2023\/02\/KARATE-DE-COMBATE-BUKEIKORYU-1.jpg 538w, https:\/\/graomestreleandrodacosta.com.br\/wp-content\/uploads\/2023\/02\/KARATE-DE-COMBATE-BUKEIKORYU-1-300x287.jpg 300w\" data-sizes=\"(max-width: 538px) 100vw, 538px\" data-rel='gallery-1' data-prev-img='https:\/\/graomestreleandrodacosta.com.br\/wp-content\/uploads\/2023\/02\/KARATE-DE-COMBATE-BUKEIKORYU-1-495x400.jpg' class='first_thumb lightbox ' data-onclick='41' title='KARATE-DE-COMBATE-BUKEIKORYU'  itemprop=\"thumbnailUrl\"  ><img decoding=\"async\" class=\"wp-image-355 avia-img-lazy-loading-not-355\"   src=\"https:\/\/graomestreleandrodacosta.com.br\/wp-content\/uploads\/2023\/02\/KARATE-DE-COMBATE-BUKEIKORYU-1-495x400.jpg\" width=\"495\" height=\"400\"  title='KARATE-DE-COMBATE-BUKEIKORYU' alt='' \/><div class='big-prev-fake'><img decoding=\"async\" class=\"wp-image-355 avia-img-lazy-loading-355\"  width=\"495\" height=\"400\" src=\"https:\/\/graomestreleandrodacosta.com.br\/wp-content\/uploads\/2023\/02\/KARATE-DE-COMBATE-BUKEIKORYU-1-495x400.jpg\" title='KARATE-DE-COMBATE-BUKEIKORYU' alt='' \/><\/div><\/a><a href=\"https:\/\/graomestreleandrodacosta.com.br\/wp-content\/uploads\/2023\/02\/mestre-leandro-executando-yoku-tobi-gueri-1-1030x697.jpg\" data-srcset=\"https:\/\/graomestreleandrodacosta.com.br\/wp-content\/uploads\/2023\/02\/mestre-leandro-executando-yoku-tobi-gueri-1-1030x697.jpg 1030w, https:\/\/graomestreleandrodacosta.com.br\/wp-content\/uploads\/2023\/02\/mestre-leandro-executando-yoku-tobi-gueri-1-300x203.jpg 300w, https:\/\/graomestreleandrodacosta.com.br\/wp-content\/uploads\/2023\/02\/mestre-leandro-executando-yoku-tobi-gueri-1-768x520.jpg 768w, https:\/\/graomestreleandrodacosta.com.br\/wp-content\/uploads\/2023\/02\/mestre-leandro-executando-yoku-tobi-gueri-1-705x477.jpg 705w, https:\/\/graomestreleandrodacosta.com.br\/wp-content\/uploads\/2023\/02\/mestre-leandro-executando-yoku-tobi-gueri-1.jpg 1280w\" data-sizes=\"(max-width: 1030px) 100vw, 1030px\" data-rel='gallery-1' data-prev-img='https:\/\/graomestreleandrodacosta.com.br\/wp-content\/uploads\/2023\/02\/mestre-leandro-executando-yoku-tobi-gueri-1-495x400.jpg' class='lightbox ' data-onclick='42' title='mestre leandro executando yoku tobi gueri'  itemprop=\"thumbnailUrl\"  ><img decoding=\"async\" class=\"wp-image-358 avia-img-lazy-loading-not-358\"   src=\"https:\/\/graomestreleandrodacosta.com.br\/wp-content\/uploads\/2023\/02\/mestre-leandro-executando-yoku-tobi-gueri-1-495x400.jpg\" width=\"495\" height=\"400\"  title='mestre leandro executando yoku tobi gueri' alt='' srcset=\"https:\/\/graomestreleandrodacosta.com.br\/wp-content\/uploads\/2023\/02\/mestre-leandro-executando-yoku-tobi-gueri-1-495x400.jpg 495w, https:\/\/graomestreleandrodacosta.com.br\/wp-content\/uploads\/2023\/02\/mestre-leandro-executando-yoku-tobi-gueri-1-845x684.jpg 845w\" sizes=\"(max-width: 495px) 100vw, 495px\" \/><div class='big-prev-fake'><img decoding=\"async\" class=\"wp-image-358 avia-img-lazy-loading-358\"  width=\"495\" height=\"400\" src=\"https:\/\/graomestreleandrodacosta.com.br\/wp-content\/uploads\/2023\/02\/mestre-leandro-executando-yoku-tobi-gueri-1-495x400.jpg\" title='mestre leandro executando yoku tobi gueri' alt='' srcset=\"https:\/\/graomestreleandrodacosta.com.br\/wp-content\/uploads\/2023\/02\/mestre-leandro-executando-yoku-tobi-gueri-1-495x400.jpg 495w, https:\/\/graomestreleandrodacosta.com.br\/wp-content\/uploads\/2023\/02\/mestre-leandro-executando-yoku-tobi-gueri-1-845x684.jpg 845w\" sizes=\"(max-width: 495px) 100vw, 495px\" \/><\/div><\/a><a href=\"https:\/\/graomestreleandrodacosta.com.br\/wp-content\/uploads\/2023\/02\/organizacao-ashigaru-ryu-certificado-de-9o-dan-karate-bukeikoryu-1-1030x702.jpg\" data-srcset=\"https:\/\/graomestreleandrodacosta.com.br\/wp-content\/uploads\/2023\/02\/organizacao-ashigaru-ryu-certificado-de-9o-dan-karate-bukeikoryu-1-1030x702.jpg 1030w, https:\/\/graomestreleandrodacosta.com.br\/wp-content\/uploads\/2023\/02\/organizacao-ashigaru-ryu-certificado-de-9o-dan-karate-bukeikoryu-1-300x205.jpg 300w, https:\/\/graomestreleandrodacosta.com.br\/wp-content\/uploads\/2023\/02\/organizacao-ashigaru-ryu-certificado-de-9o-dan-karate-bukeikoryu-1-768x524.jpg 768w, https:\/\/graomestreleandrodacosta.com.br\/wp-content\/uploads\/2023\/02\/organizacao-ashigaru-ryu-certificado-de-9o-dan-karate-bukeikoryu-1-705x481.jpg 705w, https:\/\/graomestreleandrodacosta.com.br\/wp-content\/uploads\/2023\/02\/organizacao-ashigaru-ryu-certificado-de-9o-dan-karate-bukeikoryu-1.jpg 1280w\" data-sizes=\"(max-width: 1030px) 100vw, 1030px\" data-rel='gallery-1' data-prev-img='https:\/\/graomestreleandrodacosta.com.br\/wp-content\/uploads\/2023\/02\/organizacao-ashigaru-ryu-certificado-de-9o-dan-karate-bukeikoryu-1-495x400.jpg' class='lightbox ' data-onclick='43' title='organiza\u00e7\u00e3o ashigaru ryu - certificado de 9\u00ba dan karate bukeikoryu'  itemprop=\"thumbnailUrl\"  ><img decoding=\"async\" class=\"wp-image-359 avia-img-lazy-loading-not-359\"   src=\"https:\/\/graomestreleandrodacosta.com.br\/wp-content\/uploads\/2023\/02\/organizacao-ashigaru-ryu-certificado-de-9o-dan-karate-bukeikoryu-1-495x400.jpg\" width=\"495\" height=\"400\"  title='organiza\u00e7\u00e3o ashigaru ryu - certificado de 9\u00ba dan karate bukeikoryu' alt='' srcset=\"https:\/\/graomestreleandrodacosta.com.br\/wp-content\/uploads\/2023\/02\/organizacao-ashigaru-ryu-certificado-de-9o-dan-karate-bukeikoryu-1-495x400.jpg 495w, https:\/\/graomestreleandrodacosta.com.br\/wp-content\/uploads\/2023\/02\/organizacao-ashigaru-ryu-certificado-de-9o-dan-karate-bukeikoryu-1-845x684.jpg 845w\" sizes=\"(max-width: 495px) 100vw, 495px\" \/><div class='big-prev-fake'><img decoding=\"async\" class=\"wp-image-359 avia-img-lazy-loading-359\"  width=\"495\" height=\"400\" src=\"https:\/\/graomestreleandrodacosta.com.br\/wp-content\/uploads\/2023\/02\/organizacao-ashigaru-ryu-certificado-de-9o-dan-karate-bukeikoryu-1-495x400.jpg\" title='organiza\u00e7\u00e3o ashigaru ryu - certificado de 9\u00ba dan karate bukeikoryu' alt='' srcset=\"https:\/\/graomestreleandrodacosta.com.br\/wp-content\/uploads\/2023\/02\/organizacao-ashigaru-ryu-certificado-de-9o-dan-karate-bukeikoryu-1-495x400.jpg 495w, https:\/\/graomestreleandrodacosta.com.br\/wp-content\/uploads\/2023\/02\/organizacao-ashigaru-ryu-certificado-de-9o-dan-karate-bukeikoryu-1-845x684.jpg 845w\" sizes=\"(max-width: 495px) 100vw, 495px\" \/><\/div><\/a><a href=\"https:\/\/graomestreleandrodacosta.com.br\/wp-content\/uploads\/2023\/02\/RECONHECIMENTO-ESTILO-BUKEIKORYU-CREDENCIAL-1-1030x741.jpg\" data-srcset=\"https:\/\/graomestreleandrodacosta.com.br\/wp-content\/uploads\/2023\/02\/RECONHECIMENTO-ESTILO-BUKEIKORYU-CREDENCIAL-1-1030x741.jpg 1030w, https:\/\/graomestreleandrodacosta.com.br\/wp-content\/uploads\/2023\/02\/RECONHECIMENTO-ESTILO-BUKEIKORYU-CREDENCIAL-1-300x216.jpg 300w, https:\/\/graomestreleandrodacosta.com.br\/wp-content\/uploads\/2023\/02\/RECONHECIMENTO-ESTILO-BUKEIKORYU-CREDENCIAL-1-768x553.jpg 768w, https:\/\/graomestreleandrodacosta.com.br\/wp-content\/uploads\/2023\/02\/RECONHECIMENTO-ESTILO-BUKEIKORYU-CREDENCIAL-1-705x507.jpg 705w, https:\/\/graomestreleandrodacosta.com.br\/wp-content\/uploads\/2023\/02\/RECONHECIMENTO-ESTILO-BUKEIKORYU-CREDENCIAL-1.jpg 1280w\" data-sizes=\"(max-width: 1030px) 100vw, 1030px\" data-rel='gallery-1' data-prev-img='https:\/\/graomestreleandrodacosta.com.br\/wp-content\/uploads\/2023\/02\/RECONHECIMENTO-ESTILO-BUKEIKORYU-CREDENCIAL-1-495x400.jpg' class='lightbox ' data-onclick='44' title='RECONHECIMENTO ESTILO BUKEIKORYU CREDENCIAL'  itemprop=\"thumbnailUrl\"  ><img decoding=\"async\" class=\"wp-image-360 avia-img-lazy-loading-not-360\"   src=\"https:\/\/graomestreleandrodacosta.com.br\/wp-content\/uploads\/2023\/02\/RECONHECIMENTO-ESTILO-BUKEIKORYU-CREDENCIAL-1-495x400.jpg\" width=\"495\" height=\"400\"  title='RECONHECIMENTO ESTILO BUKEIKORYU CREDENCIAL' alt='' srcset=\"https:\/\/graomestreleandrodacosta.com.br\/wp-content\/uploads\/2023\/02\/RECONHECIMENTO-ESTILO-BUKEIKORYU-CREDENCIAL-1-495x400.jpg 495w, https:\/\/graomestreleandrodacosta.com.br\/wp-content\/uploads\/2023\/02\/RECONHECIMENTO-ESTILO-BUKEIKORYU-CREDENCIAL-1-845x684.jpg 845w\" sizes=\"(max-width: 495px) 100vw, 495px\" \/><div class='big-prev-fake'><img decoding=\"async\" class=\"wp-image-360 avia-img-lazy-loading-360\"  width=\"495\" height=\"400\" src=\"https:\/\/graomestreleandrodacosta.com.br\/wp-content\/uploads\/2023\/02\/RECONHECIMENTO-ESTILO-BUKEIKORYU-CREDENCIAL-1-495x400.jpg\" title='RECONHECIMENTO ESTILO BUKEIKORYU CREDENCIAL' alt='' srcset=\"https:\/\/graomestreleandrodacosta.com.br\/wp-content\/uploads\/2023\/02\/RECONHECIMENTO-ESTILO-BUKEIKORYU-CREDENCIAL-1-495x400.jpg 495w, https:\/\/graomestreleandrodacosta.com.br\/wp-content\/uploads\/2023\/02\/RECONHECIMENTO-ESTILO-BUKEIKORYU-CREDENCIAL-1-845x684.jpg 845w\" sizes=\"(max-width: 495px) 100vw, 495px\" \/><\/div><\/a><a href=\"https:\/\/graomestreleandrodacosta.com.br\/wp-content\/uploads\/2023\/02\/DSCN0040-1030x773.jpg\" data-srcset=\"https:\/\/graomestreleandrodacosta.com.br\/wp-content\/uploads\/2023\/02\/DSCN0040-1030x773.jpg 1030w, https:\/\/graomestreleandrodacosta.com.br\/wp-content\/uploads\/2023\/02\/DSCN0040-300x225.jpg 300w, https:\/\/graomestreleandrodacosta.com.br\/wp-content\/uploads\/2023\/02\/DSCN0040-768x576.jpg 768w, https:\/\/graomestreleandrodacosta.com.br\/wp-content\/uploads\/2023\/02\/DSCN0040-1536x1152.jpg 1536w, https:\/\/graomestreleandrodacosta.com.br\/wp-content\/uploads\/2023\/02\/DSCN0040-2048x1536.jpg 2048w, https:\/\/graomestreleandrodacosta.com.br\/wp-content\/uploads\/2023\/02\/DSCN0040-1500x1125.jpg 1500w, https:\/\/graomestreleandrodacosta.com.br\/wp-content\/uploads\/2023\/02\/DSCN0040-705x529.jpg 705w\" data-sizes=\"(max-width: 1030px) 100vw, 1030px\" data-rel='gallery-1' data-prev-img='https:\/\/graomestreleandrodacosta.com.br\/wp-content\/uploads\/2023\/02\/DSCN0040-495x400.jpg' class='lightbox ' data-onclick='45' title='DSCN0040'  itemprop=\"thumbnailUrl\"  ><img decoding=\"async\" class=\"wp-image-361 avia-img-lazy-loading-not-361\"   src=\"https:\/\/graomestreleandrodacosta.com.br\/wp-content\/uploads\/2023\/02\/DSCN0040-495x400.jpg\" width=\"495\" height=\"400\"  title='DSCN0040' alt='' srcset=\"https:\/\/graomestreleandrodacosta.com.br\/wp-content\/uploads\/2023\/02\/DSCN0040-495x400.jpg 495w, https:\/\/graomestreleandrodacosta.com.br\/wp-content\/uploads\/2023\/02\/DSCN0040-845x684.jpg 845w\" sizes=\"(max-width: 495px) 100vw, 495px\" \/><div class='big-prev-fake'><img decoding=\"async\" class=\"wp-image-361 avia-img-lazy-loading-361\"  width=\"495\" height=\"400\" src=\"https:\/\/graomestreleandrodacosta.com.br\/wp-content\/uploads\/2023\/02\/DSCN0040-495x400.jpg\" title='DSCN0040' alt='' srcset=\"https:\/\/graomestreleandrodacosta.com.br\/wp-content\/uploads\/2023\/02\/DSCN0040-495x400.jpg 495w, https:\/\/graomestreleandrodacosta.com.br\/wp-content\/uploads\/2023\/02\/DSCN0040-845x684.jpg 845w\" sizes=\"(max-width: 495px) 100vw, 495px\" \/><\/div><\/a><a href=\"https:\/\/graomestreleandrodacosta.com.br\/wp-content\/uploads\/2023\/02\/FOTO-04-LEANDRO-E-PERICLES-1030x773.jpg\" data-srcset=\"https:\/\/graomestreleandrodacosta.com.br\/wp-content\/uploads\/2023\/02\/FOTO-04-LEANDRO-E-PERICLES-1030x773.jpg 1030w, https:\/\/graomestreleandrodacosta.com.br\/wp-content\/uploads\/2023\/02\/FOTO-04-LEANDRO-E-PERICLES-300x225.jpg 300w, https:\/\/graomestreleandrodacosta.com.br\/wp-content\/uploads\/2023\/02\/FOTO-04-LEANDRO-E-PERICLES-768x576.jpg 768w, https:\/\/graomestreleandrodacosta.com.br\/wp-content\/uploads\/2023\/02\/FOTO-04-LEANDRO-E-PERICLES-1536x1152.jpg 1536w, https:\/\/graomestreleandrodacosta.com.br\/wp-content\/uploads\/2023\/02\/FOTO-04-LEANDRO-E-PERICLES-2048x1536.jpg 2048w, https:\/\/graomestreleandrodacosta.com.br\/wp-content\/uploads\/2023\/02\/FOTO-04-LEANDRO-E-PERICLES-1500x1125.jpg 1500w, https:\/\/graomestreleandrodacosta.com.br\/wp-content\/uploads\/2023\/02\/FOTO-04-LEANDRO-E-PERICLES-705x529.jpg 705w\" data-sizes=\"(max-width: 1030px) 100vw, 1030px\" data-rel='gallery-1' data-prev-img='https:\/\/graomestreleandrodacosta.com.br\/wp-content\/uploads\/2023\/02\/FOTO-04-LEANDRO-E-PERICLES-495x400.jpg' class='lightbox ' data-onclick='46' title='FOTO 04 LEANDRO E P\u00c9RICLES'  itemprop=\"thumbnailUrl\"  ><img decoding=\"async\" class=\"wp-image-362 avia-img-lazy-loading-not-362\"   src=\"https:\/\/graomestreleandrodacosta.com.br\/wp-content\/uploads\/2023\/02\/FOTO-04-LEANDRO-E-PERICLES-495x400.jpg\" width=\"495\" height=\"400\"  title='FOTO 04 LEANDRO E P\u00c9RICLES' alt='' srcset=\"https:\/\/graomestreleandrodacosta.com.br\/wp-content\/uploads\/2023\/02\/FOTO-04-LEANDRO-E-PERICLES-495x400.jpg 495w, https:\/\/graomestreleandrodacosta.com.br\/wp-content\/uploads\/2023\/02\/FOTO-04-LEANDRO-E-PERICLES-845x684.jpg 845w\" sizes=\"(max-width: 495px) 100vw, 495px\" \/><div class='big-prev-fake'><img decoding=\"async\" class=\"wp-image-362 avia-img-lazy-loading-362\"  width=\"495\" height=\"400\" src=\"https:\/\/graomestreleandrodacosta.com.br\/wp-content\/uploads\/2023\/02\/FOTO-04-LEANDRO-E-PERICLES-495x400.jpg\" title='FOTO 04 LEANDRO E P\u00c9RICLES' alt='' srcset=\"https:\/\/graomestreleandrodacosta.com.br\/wp-content\/uploads\/2023\/02\/FOTO-04-LEANDRO-E-PERICLES-495x400.jpg 495w, https:\/\/graomestreleandrodacosta.com.br\/wp-content\/uploads\/2023\/02\/FOTO-04-LEANDRO-E-PERICLES-845x684.jpg 845w\" sizes=\"(max-width: 495px) 100vw, 495px\" \/><\/div><\/a><a href=\"https:\/\/graomestreleandrodacosta.com.br\/wp-content\/uploads\/2023\/02\/garra_fight36-2.gif\" data-rel='gallery-1' data-prev-img='https:\/\/graomestreleandrodacosta.com.br\/wp-content\/uploads\/2023\/02\/garra_fight36-2-495x348.gif' class='lightbox ' data-onclick='47' title='garra_fight36'  itemprop=\"thumbnailUrl\"  ><img decoding=\"async\" class=\"wp-image-363 avia-img-lazy-loading-not-363\"   src=\"https:\/\/graomestreleandrodacosta.com.br\/wp-content\/uploads\/2023\/02\/garra_fight36-2-495x348.gif\" width=\"495\" height=\"348\"  title='garra_fight36' alt='' \/><div class='big-prev-fake'><img decoding=\"async\" class=\"wp-image-363 avia-img-lazy-loading-363\"  width=\"495\" height=\"348\" src=\"https:\/\/graomestreleandrodacosta.com.br\/wp-content\/uploads\/2023\/02\/garra_fight36-2-495x348.gif\" title='garra_fight36' alt='' \/><\/div><\/a><a href=\"https:\/\/graomestreleandrodacosta.com.br\/wp-content\/uploads\/2023\/02\/images-15-2.jpg\" data-rel='gallery-1' data-prev-img='https:\/\/graomestreleandrodacosta.com.br\/wp-content\/uploads\/2023\/02\/images-15-2.jpg' class='lightbox ' data-onclick='48' title='images (15)'  itemprop=\"thumbnailUrl\"  ><img decoding=\"async\" class=\"wp-image-364 avia-img-lazy-loading-not-364\"   src=\"https:\/\/graomestreleandrodacosta.com.br\/wp-content\/uploads\/2023\/02\/images-15-2.jpg\" width=\"272\" height=\"185\"  title='images (15)' alt='' \/><div class='big-prev-fake'><img decoding=\"async\" class=\"wp-image-364 avia-img-lazy-loading-364\"  width=\"272\" height=\"185\" src=\"https:\/\/graomestreleandrodacosta.com.br\/wp-content\/uploads\/2023\/02\/images-15-2.jpg\" title='images (15)' alt='' \/><\/div><\/a><a href=\"https:\/\/graomestreleandrodacosta.com.br\/wp-content\/uploads\/2023\/02\/kancho-leandro-da-costa-filosofia-marcial-728x1030.jpg\" data-srcset=\"https:\/\/graomestreleandrodacosta.com.br\/wp-content\/uploads\/2023\/02\/kancho-leandro-da-costa-filosofia-marcial-728x1030.jpg 728w, https:\/\/graomestreleandrodacosta.com.br\/wp-content\/uploads\/2023\/02\/kancho-leandro-da-costa-filosofia-marcial-212x300.jpg 212w, https:\/\/graomestreleandrodacosta.com.br\/wp-content\/uploads\/2023\/02\/kancho-leandro-da-costa-filosofia-marcial-768x1086.jpg 768w, https:\/\/graomestreleandrodacosta.com.br\/wp-content\/uploads\/2023\/02\/kancho-leandro-da-costa-filosofia-marcial-1086x1536.jpg 1086w, https:\/\/graomestreleandrodacosta.com.br\/wp-content\/uploads\/2023\/02\/kancho-leandro-da-costa-filosofia-marcial-1448x2048.jpg 1448w, https:\/\/graomestreleandrodacosta.com.br\/wp-content\/uploads\/2023\/02\/kancho-leandro-da-costa-filosofia-marcial-1060x1500.jpg 1060w, https:\/\/graomestreleandrodacosta.com.br\/wp-content\/uploads\/2023\/02\/kancho-leandro-da-costa-filosofia-marcial-498x705.jpg 498w, https:\/\/graomestreleandrodacosta.com.br\/wp-content\/uploads\/2023\/02\/kancho-leandro-da-costa-filosofia-marcial-scaled.jpg 1810w\" data-sizes=\"(max-width: 728px) 100vw, 728px\" data-rel='gallery-1' data-prev-img='https:\/\/graomestreleandrodacosta.com.br\/wp-content\/uploads\/2023\/02\/kancho-leandro-da-costa-filosofia-marcial-495x400.jpg' class='lightbox ' data-onclick='49' title='kancho leandro da costa - filosofia marcial'  itemprop=\"thumbnailUrl\"  ><img decoding=\"async\" class=\"wp-image-365 avia-img-lazy-loading-not-365\"   src=\"https:\/\/graomestreleandrodacosta.com.br\/wp-content\/uploads\/2023\/02\/kancho-leandro-da-costa-filosofia-marcial-495x400.jpg\" width=\"495\" height=\"400\"  title='kancho leandro da costa - filosofia marcial' alt='' srcset=\"https:\/\/graomestreleandrodacosta.com.br\/wp-content\/uploads\/2023\/02\/kancho-leandro-da-costa-filosofia-marcial-495x400.jpg 495w, https:\/\/graomestreleandrodacosta.com.br\/wp-content\/uploads\/2023\/02\/kancho-leandro-da-costa-filosofia-marcial-845x684.jpg 845w\" sizes=\"(max-width: 495px) 100vw, 495px\" \/><div class='big-prev-fake'><img decoding=\"async\" class=\"wp-image-365 avia-img-lazy-loading-365\"  width=\"495\" height=\"400\" src=\"https:\/\/graomestreleandrodacosta.com.br\/wp-content\/uploads\/2023\/02\/kancho-leandro-da-costa-filosofia-marcial-495x400.jpg\" title='kancho leandro da costa - filosofia marcial' alt='' srcset=\"https:\/\/graomestreleandrodacosta.com.br\/wp-content\/uploads\/2023\/02\/kancho-leandro-da-costa-filosofia-marcial-495x400.jpg 495w, https:\/\/graomestreleandrodacosta.com.br\/wp-content\/uploads\/2023\/02\/kancho-leandro-da-costa-filosofia-marcial-845x684.jpg 845w\" sizes=\"(max-width: 495px) 100vw, 495px\" \/><\/div><\/a><a href=\"https:\/\/graomestreleandrodacosta.com.br\/wp-content\/uploads\/2023\/02\/KARATE-DE-COMBATE-BUKEIKORYU-2.jpg\" data-srcset=\"https:\/\/graomestreleandrodacosta.com.br\/wp-content\/uploads\/2023\/02\/KARATE-DE-COMBATE-BUKEIKORYU-2.jpg 538w, https:\/\/graomestreleandrodacosta.com.br\/wp-content\/uploads\/2023\/02\/KARATE-DE-COMBATE-BUKEIKORYU-2-300x287.jpg 300w\" data-sizes=\"(max-width: 538px) 100vw, 538px\" data-rel='gallery-1' data-prev-img='https:\/\/graomestreleandrodacosta.com.br\/wp-content\/uploads\/2023\/02\/KARATE-DE-COMBATE-BUKEIKORYU-2-495x400.jpg' class='lightbox ' data-onclick='50' title='KARATE-DE-COMBATE-BUKEIKORYU'  itemprop=\"thumbnailUrl\"  ><img decoding=\"async\" class=\"wp-image-366 avia-img-lazy-loading-not-366\"   src=\"https:\/\/graomestreleandrodacosta.com.br\/wp-content\/uploads\/2023\/02\/KARATE-DE-COMBATE-BUKEIKORYU-2-495x400.jpg\" width=\"495\" height=\"400\"  title='KARATE-DE-COMBATE-BUKEIKORYU' alt='' \/><div class='big-prev-fake'><img decoding=\"async\" class=\"wp-image-366 avia-img-lazy-loading-366\"  width=\"495\" height=\"400\" src=\"https:\/\/graomestreleandrodacosta.com.br\/wp-content\/uploads\/2023\/02\/KARATE-DE-COMBATE-BUKEIKORYU-2-495x400.jpg\" title='KARATE-DE-COMBATE-BUKEIKORYU' alt='' \/><\/div><\/a><a href=\"https:\/\/graomestreleandrodacosta.com.br\/wp-content\/uploads\/2023\/02\/MENSSAO-HONROSA-DA-FRMK-1-1030x729.jpg\" data-srcset=\"https:\/\/graomestreleandrodacosta.com.br\/wp-content\/uploads\/2023\/02\/MENSSAO-HONROSA-DA-FRMK-1-1030x729.jpg 1030w, https:\/\/graomestreleandrodacosta.com.br\/wp-content\/uploads\/2023\/02\/MENSSAO-HONROSA-DA-FRMK-1-300x212.jpg 300w, https:\/\/graomestreleandrodacosta.com.br\/wp-content\/uploads\/2023\/02\/MENSSAO-HONROSA-DA-FRMK-1-768x544.jpg 768w, https:\/\/graomestreleandrodacosta.com.br\/wp-content\/uploads\/2023\/02\/MENSSAO-HONROSA-DA-FRMK-1-1536x1087.jpg 1536w, https:\/\/graomestreleandrodacosta.com.br\/wp-content\/uploads\/2023\/02\/MENSSAO-HONROSA-DA-FRMK-1-2048x1449.jpg 2048w, https:\/\/graomestreleandrodacosta.com.br\/wp-content\/uploads\/2023\/02\/MENSSAO-HONROSA-DA-FRMK-1-1500x1062.jpg 1500w, https:\/\/graomestreleandrodacosta.com.br\/wp-content\/uploads\/2023\/02\/MENSSAO-HONROSA-DA-FRMK-1-260x185.jpg 260w, https:\/\/graomestreleandrodacosta.com.br\/wp-content\/uploads\/2023\/02\/MENSSAO-HONROSA-DA-FRMK-1-705x499.jpg 705w\" data-sizes=\"(max-width: 1030px) 100vw, 1030px\" data-rel='gallery-1' data-prev-img='https:\/\/graomestreleandrodacosta.com.br\/wp-content\/uploads\/2023\/02\/MENSSAO-HONROSA-DA-FRMK-1-495x400.jpg' class='first_thumb lightbox ' data-onclick='51' title='MENSS\u00c3O HONROSA DA FRMK'  itemprop=\"thumbnailUrl\"  ><img decoding=\"async\" class=\"wp-image-368 avia-img-lazy-loading-not-368\"   src=\"https:\/\/graomestreleandrodacosta.com.br\/wp-content\/uploads\/2023\/02\/MENSSAO-HONROSA-DA-FRMK-1-495x400.jpg\" width=\"495\" height=\"400\"  title='MENSS\u00c3O HONROSA DA FRMK' alt='' srcset=\"https:\/\/graomestreleandrodacosta.com.br\/wp-content\/uploads\/2023\/02\/MENSSAO-HONROSA-DA-FRMK-1-495x400.jpg 495w, https:\/\/graomestreleandrodacosta.com.br\/wp-content\/uploads\/2023\/02\/MENSSAO-HONROSA-DA-FRMK-1-845x684.jpg 845w\" sizes=\"(max-width: 495px) 100vw, 495px\" \/><div class='big-prev-fake'><img decoding=\"async\" class=\"wp-image-368 avia-img-lazy-loading-368\"  width=\"495\" height=\"400\" src=\"https:\/\/graomestreleandrodacosta.com.br\/wp-content\/uploads\/2023\/02\/MENSSAO-HONROSA-DA-FRMK-1-495x400.jpg\" title='MENSS\u00c3O HONROSA DA FRMK' alt='' srcset=\"https:\/\/graomestreleandrodacosta.com.br\/wp-content\/uploads\/2023\/02\/MENSSAO-HONROSA-DA-FRMK-1-495x400.jpg 495w, https:\/\/graomestreleandrodacosta.com.br\/wp-content\/uploads\/2023\/02\/MENSSAO-HONROSA-DA-FRMK-1-845x684.jpg 845w\" sizes=\"(max-width: 495px) 100vw, 495px\" \/><\/div><\/a><a href=\"https:\/\/graomestreleandrodacosta.com.br\/wp-content\/uploads\/2023\/02\/mestre-leandro-e-mestre-pericles-foto-com-dedicatoria-1030x780.jpg\" data-srcset=\"https:\/\/graomestreleandrodacosta.com.br\/wp-content\/uploads\/2023\/02\/mestre-leandro-e-mestre-pericles-foto-com-dedicatoria-1030x780.jpg 1030w, https:\/\/graomestreleandrodacosta.com.br\/wp-content\/uploads\/2023\/02\/mestre-leandro-e-mestre-pericles-foto-com-dedicatoria-300x227.jpg 300w, https:\/\/graomestreleandrodacosta.com.br\/wp-content\/uploads\/2023\/02\/mestre-leandro-e-mestre-pericles-foto-com-dedicatoria-768x582.jpg 768w, https:\/\/graomestreleandrodacosta.com.br\/wp-content\/uploads\/2023\/02\/mestre-leandro-e-mestre-pericles-foto-com-dedicatoria-1536x1163.jpg 1536w, https:\/\/graomestreleandrodacosta.com.br\/wp-content\/uploads\/2023\/02\/mestre-leandro-e-mestre-pericles-foto-com-dedicatoria-2048x1551.jpg 2048w, https:\/\/graomestreleandrodacosta.com.br\/wp-content\/uploads\/2023\/02\/mestre-leandro-e-mestre-pericles-foto-com-dedicatoria-1500x1136.jpg 1500w, https:\/\/graomestreleandrodacosta.com.br\/wp-content\/uploads\/2023\/02\/mestre-leandro-e-mestre-pericles-foto-com-dedicatoria-705x534.jpg 705w\" data-sizes=\"(max-width: 1030px) 100vw, 1030px\" data-rel='gallery-1' data-prev-img='https:\/\/graomestreleandrodacosta.com.br\/wp-content\/uploads\/2023\/02\/mestre-leandro-e-mestre-pericles-foto-com-dedicatoria-495x400.jpg' class='lightbox ' data-onclick='52' title='mestre leandro e mestre p\u00e9ricles foto com dedicat\u00f3ria'  itemprop=\"thumbnailUrl\"  ><img decoding=\"async\" class=\"wp-image-369 avia-img-lazy-loading-not-369\"   src=\"https:\/\/graomestreleandrodacosta.com.br\/wp-content\/uploads\/2023\/02\/mestre-leandro-e-mestre-pericles-foto-com-dedicatoria-495x400.jpg\" width=\"495\" height=\"400\"  title='mestre leandro e mestre p\u00e9ricles foto com dedicat\u00f3ria' alt='' srcset=\"https:\/\/graomestreleandrodacosta.com.br\/wp-content\/uploads\/2023\/02\/mestre-leandro-e-mestre-pericles-foto-com-dedicatoria-495x400.jpg 495w, https:\/\/graomestreleandrodacosta.com.br\/wp-content\/uploads\/2023\/02\/mestre-leandro-e-mestre-pericles-foto-com-dedicatoria-845x684.jpg 845w\" sizes=\"(max-width: 495px) 100vw, 495px\" \/><div class='big-prev-fake'><img decoding=\"async\" class=\"wp-image-369 avia-img-lazy-loading-369\"  width=\"495\" height=\"400\" src=\"https:\/\/graomestreleandrodacosta.com.br\/wp-content\/uploads\/2023\/02\/mestre-leandro-e-mestre-pericles-foto-com-dedicatoria-495x400.jpg\" title='mestre leandro e mestre p\u00e9ricles foto com dedicat\u00f3ria' alt='' srcset=\"https:\/\/graomestreleandrodacosta.com.br\/wp-content\/uploads\/2023\/02\/mestre-leandro-e-mestre-pericles-foto-com-dedicatoria-495x400.jpg 495w, https:\/\/graomestreleandrodacosta.com.br\/wp-content\/uploads\/2023\/02\/mestre-leandro-e-mestre-pericles-foto-com-dedicatoria-845x684.jpg 845w\" sizes=\"(max-width: 495px) 100vw, 495px\" \/><\/div><\/a><a href=\"https:\/\/graomestreleandrodacosta.com.br\/wp-content\/uploads\/2023\/03\/1o-DAN-KOBUDO-1030x728.jpg\" data-srcset=\"https:\/\/graomestreleandrodacosta.com.br\/wp-content\/uploads\/2023\/03\/1o-DAN-KOBUDO-1030x728.jpg 1030w, https:\/\/graomestreleandrodacosta.com.br\/wp-content\/uploads\/2023\/03\/1o-DAN-KOBUDO-300x212.jpg 300w, https:\/\/graomestreleandrodacosta.com.br\/wp-content\/uploads\/2023\/03\/1o-DAN-KOBUDO-768x543.jpg 768w, https:\/\/graomestreleandrodacosta.com.br\/wp-content\/uploads\/2023\/03\/1o-DAN-KOBUDO-260x185.jpg 260w, https:\/\/graomestreleandrodacosta.com.br\/wp-content\/uploads\/2023\/03\/1o-DAN-KOBUDO-705x498.jpg 705w, https:\/\/graomestreleandrodacosta.com.br\/wp-content\/uploads\/2023\/03\/1o-DAN-KOBUDO.jpg 1280w\" data-sizes=\"(max-width: 1030px) 100vw, 1030px\" data-rel='gallery-1' data-prev-img='https:\/\/graomestreleandrodacosta.com.br\/wp-content\/uploads\/2023\/03\/1o-DAN-KOBUDO-495x400.jpg' class='lightbox ' data-onclick='53' title='1\u00ba DAN KOBUDO'  itemprop=\"thumbnailUrl\"  ><img decoding=\"async\" class=\"wp-image-434 avia-img-lazy-loading-not-434\"   src=\"https:\/\/graomestreleandrodacosta.com.br\/wp-content\/uploads\/2023\/03\/1o-DAN-KOBUDO-495x400.jpg\" width=\"495\" height=\"400\"  title='1\u00ba DAN KOBUDO' alt='' srcset=\"https:\/\/graomestreleandrodacosta.com.br\/wp-content\/uploads\/2023\/03\/1o-DAN-KOBUDO-495x400.jpg 495w, https:\/\/graomestreleandrodacosta.com.br\/wp-content\/uploads\/2023\/03\/1o-DAN-KOBUDO-845x684.jpg 845w\" sizes=\"(max-width: 495px) 100vw, 495px\" \/><div class='big-prev-fake'><img decoding=\"async\" class=\"wp-image-434 avia-img-lazy-loading-434\"  width=\"495\" height=\"400\" src=\"https:\/\/graomestreleandrodacosta.com.br\/wp-content\/uploads\/2023\/03\/1o-DAN-KOBUDO-495x400.jpg\" title='1\u00ba DAN KOBUDO' alt='' srcset=\"https:\/\/graomestreleandrodacosta.com.br\/wp-content\/uploads\/2023\/03\/1o-DAN-KOBUDO-495x400.jpg 495w, https:\/\/graomestreleandrodacosta.com.br\/wp-content\/uploads\/2023\/03\/1o-DAN-KOBUDO-845x684.jpg 845w\" sizes=\"(max-width: 495px) 100vw, 495px\" \/><\/div><\/a><a href=\"https:\/\/graomestreleandrodacosta.com.br\/wp-content\/uploads\/2023\/03\/1o-dan-shorei-ryu-kondo-no-shokai-usa-1030x769.jpg\" data-srcset=\"https:\/\/graomestreleandrodacosta.com.br\/wp-content\/uploads\/2023\/03\/1o-dan-shorei-ryu-kondo-no-shokai-usa-1030x769.jpg 1030w, https:\/\/graomestreleandrodacosta.com.br\/wp-content\/uploads\/2023\/03\/1o-dan-shorei-ryu-kondo-no-shokai-usa-300x224.jpg 300w, https:\/\/graomestreleandrodacosta.com.br\/wp-content\/uploads\/2023\/03\/1o-dan-shorei-ryu-kondo-no-shokai-usa-768x574.jpg 768w, https:\/\/graomestreleandrodacosta.com.br\/wp-content\/uploads\/2023\/03\/1o-dan-shorei-ryu-kondo-no-shokai-usa-705x527.jpg 705w, https:\/\/graomestreleandrodacosta.com.br\/wp-content\/uploads\/2023\/03\/1o-dan-shorei-ryu-kondo-no-shokai-usa.jpg 1280w\" data-sizes=\"(max-width: 1030px) 100vw, 1030px\" data-rel='gallery-1' data-prev-img='https:\/\/graomestreleandrodacosta.com.br\/wp-content\/uploads\/2023\/03\/1o-dan-shorei-ryu-kondo-no-shokai-usa-495x400.jpg' class='lightbox ' data-onclick='54' title='1\u00ba dan shorei-ryu kondo no shokai - usa'  itemprop=\"thumbnailUrl\"  ><img decoding=\"async\" class=\"wp-image-435 avia-img-lazy-loading-not-435\"   src=\"https:\/\/graomestreleandrodacosta.com.br\/wp-content\/uploads\/2023\/03\/1o-dan-shorei-ryu-kondo-no-shokai-usa-495x400.jpg\" width=\"495\" height=\"400\"  title='1\u00ba dan shorei-ryu kondo no shokai - usa' alt='' srcset=\"https:\/\/graomestreleandrodacosta.com.br\/wp-content\/uploads\/2023\/03\/1o-dan-shorei-ryu-kondo-no-shokai-usa-495x400.jpg 495w, https:\/\/graomestreleandrodacosta.com.br\/wp-content\/uploads\/2023\/03\/1o-dan-shorei-ryu-kondo-no-shokai-usa-845x684.jpg 845w\" sizes=\"(max-width: 495px) 100vw, 495px\" \/><div class='big-prev-fake'><img decoding=\"async\" class=\"wp-image-435 avia-img-lazy-loading-435\"  width=\"495\" height=\"400\" src=\"https:\/\/graomestreleandrodacosta.com.br\/wp-content\/uploads\/2023\/03\/1o-dan-shorei-ryu-kondo-no-shokai-usa-495x400.jpg\" title='1\u00ba dan shorei-ryu kondo no shokai - usa' alt='' srcset=\"https:\/\/graomestreleandrodacosta.com.br\/wp-content\/uploads\/2023\/03\/1o-dan-shorei-ryu-kondo-no-shokai-usa-495x400.jpg 495w, https:\/\/graomestreleandrodacosta.com.br\/wp-content\/uploads\/2023\/03\/1o-dan-shorei-ryu-kondo-no-shokai-usa-845x684.jpg 845w\" sizes=\"(max-width: 495px) 100vw, 495px\" \/><\/div><\/a><a href=\"https:\/\/graomestreleandrodacosta.com.br\/wp-content\/uploads\/2023\/03\/4o-DAN-SHOTOKAN-USKA-USA-777x1030.jpg\" data-srcset=\"https:\/\/graomestreleandrodacosta.com.br\/wp-content\/uploads\/2023\/03\/4o-DAN-SHOTOKAN-USKA-USA-777x1030.jpg 777w, https:\/\/graomestreleandrodacosta.com.br\/wp-content\/uploads\/2023\/03\/4o-DAN-SHOTOKAN-USKA-USA-226x300.jpg 226w, https:\/\/graomestreleandrodacosta.com.br\/wp-content\/uploads\/2023\/03\/4o-DAN-SHOTOKAN-USKA-USA-768x1018.jpg 768w, https:\/\/graomestreleandrodacosta.com.br\/wp-content\/uploads\/2023\/03\/4o-DAN-SHOTOKAN-USKA-USA-532x705.jpg 532w, https:\/\/graomestreleandrodacosta.com.br\/wp-content\/uploads\/2023\/03\/4o-DAN-SHOTOKAN-USKA-USA.jpg 966w\" data-sizes=\"(max-width: 777px) 100vw, 777px\" data-rel='gallery-1' data-prev-img='https:\/\/graomestreleandrodacosta.com.br\/wp-content\/uploads\/2023\/03\/4o-DAN-SHOTOKAN-USKA-USA-495x400.jpg' class='lightbox ' data-onclick='55' title='4\u00ba DAN SHOTOKAN - USKA - USA'  itemprop=\"thumbnailUrl\"  ><img decoding=\"async\" class=\"wp-image-436 avia-img-lazy-loading-not-436\"   src=\"https:\/\/graomestreleandrodacosta.com.br\/wp-content\/uploads\/2023\/03\/4o-DAN-SHOTOKAN-USKA-USA-495x400.jpg\" width=\"495\" height=\"400\"  title='4\u00ba DAN SHOTOKAN - USKA - USA' alt='' srcset=\"https:\/\/graomestreleandrodacosta.com.br\/wp-content\/uploads\/2023\/03\/4o-DAN-SHOTOKAN-USKA-USA-495x400.jpg 495w, https:\/\/graomestreleandrodacosta.com.br\/wp-content\/uploads\/2023\/03\/4o-DAN-SHOTOKAN-USKA-USA-845x684.jpg 845w\" sizes=\"(max-width: 495px) 100vw, 495px\" \/><div class='big-prev-fake'><img decoding=\"async\" class=\"wp-image-436 avia-img-lazy-loading-436\"  width=\"495\" height=\"400\" src=\"https:\/\/graomestreleandrodacosta.com.br\/wp-content\/uploads\/2023\/03\/4o-DAN-SHOTOKAN-USKA-USA-495x400.jpg\" title='4\u00ba DAN SHOTOKAN - USKA - USA' alt='' srcset=\"https:\/\/graomestreleandrodacosta.com.br\/wp-content\/uploads\/2023\/03\/4o-DAN-SHOTOKAN-USKA-USA-495x400.jpg 495w, https:\/\/graomestreleandrodacosta.com.br\/wp-content\/uploads\/2023\/03\/4o-DAN-SHOTOKAN-USKA-USA-845x684.jpg 845w\" sizes=\"(max-width: 495px) 100vw, 495px\" \/><\/div><\/a><a href=\"https:\/\/graomestreleandrodacosta.com.br\/wp-content\/uploads\/2023\/03\/9o-DAN-BUKEIKORYU-KARATE-DE-CONTATO-KANCHO-LEANDRO-DA-COSTA-1030x727.jpg\" data-srcset=\"https:\/\/graomestreleandrodacosta.com.br\/wp-content\/uploads\/2023\/03\/9o-DAN-BUKEIKORYU-KARATE-DE-CONTATO-KANCHO-LEANDRO-DA-COSTA-1030x727.jpg 1030w, https:\/\/graomestreleandrodacosta.com.br\/wp-content\/uploads\/2023\/03\/9o-DAN-BUKEIKORYU-KARATE-DE-CONTATO-KANCHO-LEANDRO-DA-COSTA-300x212.jpg 300w, https:\/\/graomestreleandrodacosta.com.br\/wp-content\/uploads\/2023\/03\/9o-DAN-BUKEIKORYU-KARATE-DE-CONTATO-KANCHO-LEANDRO-DA-COSTA-768x542.jpg 768w, https:\/\/graomestreleandrodacosta.com.br\/wp-content\/uploads\/2023\/03\/9o-DAN-BUKEIKORYU-KARATE-DE-CONTATO-KANCHO-LEANDRO-DA-COSTA-260x185.jpg 260w, https:\/\/graomestreleandrodacosta.com.br\/wp-content\/uploads\/2023\/03\/9o-DAN-BUKEIKORYU-KARATE-DE-CONTATO-KANCHO-LEANDRO-DA-COSTA-705x498.jpg 705w, https:\/\/graomestreleandrodacosta.com.br\/wp-content\/uploads\/2023\/03\/9o-DAN-BUKEIKORYU-KARATE-DE-CONTATO-KANCHO-LEANDRO-DA-COSTA.jpg 1280w\" data-sizes=\"(max-width: 1030px) 100vw, 1030px\" data-rel='gallery-1' data-prev-img='https:\/\/graomestreleandrodacosta.com.br\/wp-content\/uploads\/2023\/03\/9o-DAN-BUKEIKORYU-KARATE-DE-CONTATO-KANCHO-LEANDRO-DA-COSTA-495x400.jpg' class='lightbox ' data-onclick='56' title='9\u00ba DAN BUKEIKORYU KARATE DE CONTATO - KANCHO LEANDRO DA COSTA'  itemprop=\"thumbnailUrl\"  ><img decoding=\"async\" class=\"wp-image-437 avia-img-lazy-loading-not-437\"   src=\"https:\/\/graomestreleandrodacosta.com.br\/wp-content\/uploads\/2023\/03\/9o-DAN-BUKEIKORYU-KARATE-DE-CONTATO-KANCHO-LEANDRO-DA-COSTA-495x400.jpg\" width=\"495\" height=\"400\"  title='9\u00ba DAN BUKEIKORYU KARATE DE CONTATO - KANCHO LEANDRO DA COSTA' alt='' srcset=\"https:\/\/graomestreleandrodacosta.com.br\/wp-content\/uploads\/2023\/03\/9o-DAN-BUKEIKORYU-KARATE-DE-CONTATO-KANCHO-LEANDRO-DA-COSTA-495x400.jpg 495w, https:\/\/graomestreleandrodacosta.com.br\/wp-content\/uploads\/2023\/03\/9o-DAN-BUKEIKORYU-KARATE-DE-CONTATO-KANCHO-LEANDRO-DA-COSTA-845x684.jpg 845w\" sizes=\"(max-width: 495px) 100vw, 495px\" \/><div class='big-prev-fake'><img decoding=\"async\" class=\"wp-image-437 avia-img-lazy-loading-437\"  width=\"495\" height=\"400\" src=\"https:\/\/graomestreleandrodacosta.com.br\/wp-content\/uploads\/2023\/03\/9o-DAN-BUKEIKORYU-KARATE-DE-CONTATO-KANCHO-LEANDRO-DA-COSTA-495x400.jpg\" title='9\u00ba DAN BUKEIKORYU KARATE DE CONTATO - KANCHO LEANDRO DA COSTA' alt='' srcset=\"https:\/\/graomestreleandrodacosta.com.br\/wp-content\/uploads\/2023\/03\/9o-DAN-BUKEIKORYU-KARATE-DE-CONTATO-KANCHO-LEANDRO-DA-COSTA-495x400.jpg 495w, https:\/\/graomestreleandrodacosta.com.br\/wp-content\/uploads\/2023\/03\/9o-DAN-BUKEIKORYU-KARATE-DE-CONTATO-KANCHO-LEANDRO-DA-COSTA-845x684.jpg 845w\" sizes=\"(max-width: 495px) 100vw, 495px\" \/><\/div><\/a><a href=\"https:\/\/graomestreleandrodacosta.com.br\/wp-content\/uploads\/2023\/03\/9o-DAN-BUKEIKORYU-KARATE-DIPLOMA-INTERNACIONAL-1030x744.jpg\" data-srcset=\"https:\/\/graomestreleandrodacosta.com.br\/wp-content\/uploads\/2023\/03\/9o-DAN-BUKEIKORYU-KARATE-DIPLOMA-INTERNACIONAL-1030x744.jpg 1030w, https:\/\/graomestreleandrodacosta.com.br\/wp-content\/uploads\/2023\/03\/9o-DAN-BUKEIKORYU-KARATE-DIPLOMA-INTERNACIONAL-300x217.jpg 300w, https:\/\/graomestreleandrodacosta.com.br\/wp-content\/uploads\/2023\/03\/9o-DAN-BUKEIKORYU-KARATE-DIPLOMA-INTERNACIONAL-768x554.jpg 768w, https:\/\/graomestreleandrodacosta.com.br\/wp-content\/uploads\/2023\/03\/9o-DAN-BUKEIKORYU-KARATE-DIPLOMA-INTERNACIONAL-705x509.jpg 705w, https:\/\/graomestreleandrodacosta.com.br\/wp-content\/uploads\/2023\/03\/9o-DAN-BUKEIKORYU-KARATE-DIPLOMA-INTERNACIONAL.jpg 1280w\" data-sizes=\"(max-width: 1030px) 100vw, 1030px\" data-rel='gallery-1' data-prev-img='https:\/\/graomestreleandrodacosta.com.br\/wp-content\/uploads\/2023\/03\/9o-DAN-BUKEIKORYU-KARATE-DIPLOMA-INTERNACIONAL-495x400.jpg' class='lightbox ' data-onclick='57' title='9\u00ba DAN BUKEIKORYU KARATE - DIPLOMA INTERNACIONAL'  itemprop=\"thumbnailUrl\"  ><img decoding=\"async\" class=\"wp-image-438 avia-img-lazy-loading-not-438\"   src=\"https:\/\/graomestreleandrodacosta.com.br\/wp-content\/uploads\/2023\/03\/9o-DAN-BUKEIKORYU-KARATE-DIPLOMA-INTERNACIONAL-495x400.jpg\" width=\"495\" height=\"400\"  title='9\u00ba DAN BUKEIKORYU KARATE - DIPLOMA INTERNACIONAL' alt='' srcset=\"https:\/\/graomestreleandrodacosta.com.br\/wp-content\/uploads\/2023\/03\/9o-DAN-BUKEIKORYU-KARATE-DIPLOMA-INTERNACIONAL-495x400.jpg 495w, https:\/\/graomestreleandrodacosta.com.br\/wp-content\/uploads\/2023\/03\/9o-DAN-BUKEIKORYU-KARATE-DIPLOMA-INTERNACIONAL-845x684.jpg 845w\" sizes=\"(max-width: 495px) 100vw, 495px\" \/><div class='big-prev-fake'><img decoding=\"async\" class=\"wp-image-438 avia-img-lazy-loading-438\"  width=\"495\" height=\"400\" src=\"https:\/\/graomestreleandrodacosta.com.br\/wp-content\/uploads\/2023\/03\/9o-DAN-BUKEIKORYU-KARATE-DIPLOMA-INTERNACIONAL-495x400.jpg\" title='9\u00ba DAN BUKEIKORYU KARATE - DIPLOMA INTERNACIONAL' alt='' srcset=\"https:\/\/graomestreleandrodacosta.com.br\/wp-content\/uploads\/2023\/03\/9o-DAN-BUKEIKORYU-KARATE-DIPLOMA-INTERNACIONAL-495x400.jpg 495w, https:\/\/graomestreleandrodacosta.com.br\/wp-content\/uploads\/2023\/03\/9o-DAN-BUKEIKORYU-KARATE-DIPLOMA-INTERNACIONAL-845x684.jpg 845w\" sizes=\"(max-width: 495px) 100vw, 495px\" \/><\/div><\/a><a href=\"https:\/\/graomestreleandrodacosta.com.br\/wp-content\/uploads\/2023\/03\/9o-DAN-KARATE-BUKEIKO-RYU-728x1030.jpg\" data-srcset=\"https:\/\/graomestreleandrodacosta.com.br\/wp-content\/uploads\/2023\/03\/9o-DAN-KARATE-BUKEIKO-RYU-728x1030.jpg 728w, https:\/\/graomestreleandrodacosta.com.br\/wp-content\/uploads\/2023\/03\/9o-DAN-KARATE-BUKEIKO-RYU-212x300.jpg 212w, https:\/\/graomestreleandrodacosta.com.br\/wp-content\/uploads\/2023\/03\/9o-DAN-KARATE-BUKEIKO-RYU-768x1086.jpg 768w, https:\/\/graomestreleandrodacosta.com.br\/wp-content\/uploads\/2023\/03\/9o-DAN-KARATE-BUKEIKO-RYU-498x705.jpg 498w, https:\/\/graomestreleandrodacosta.com.br\/wp-content\/uploads\/2023\/03\/9o-DAN-KARATE-BUKEIKO-RYU.jpg 905w\" data-sizes=\"(max-width: 728px) 100vw, 728px\" data-rel='gallery-1' data-prev-img='https:\/\/graomestreleandrodacosta.com.br\/wp-content\/uploads\/2023\/03\/9o-DAN-KARATE-BUKEIKO-RYU-495x400.jpg' class='lightbox ' data-onclick='58' title='9\u00ba DAN KARATE BUKEIKO-RYU'  itemprop=\"thumbnailUrl\"  ><img decoding=\"async\" class=\"wp-image-439 avia-img-lazy-loading-not-439\"   src=\"https:\/\/graomestreleandrodacosta.com.br\/wp-content\/uploads\/2023\/03\/9o-DAN-KARATE-BUKEIKO-RYU-495x400.jpg\" width=\"495\" height=\"400\"  title='9\u00ba DAN KARATE BUKEIKO-RYU' alt='' srcset=\"https:\/\/graomestreleandrodacosta.com.br\/wp-content\/uploads\/2023\/03\/9o-DAN-KARATE-BUKEIKO-RYU-495x400.jpg 495w, https:\/\/graomestreleandrodacosta.com.br\/wp-content\/uploads\/2023\/03\/9o-DAN-KARATE-BUKEIKO-RYU-845x684.jpg 845w\" sizes=\"(max-width: 495px) 100vw, 495px\" \/><div class='big-prev-fake'><img decoding=\"async\" class=\"wp-image-439 avia-img-lazy-loading-439\"  width=\"495\" height=\"400\" src=\"https:\/\/graomestreleandrodacosta.com.br\/wp-content\/uploads\/2023\/03\/9o-DAN-KARATE-BUKEIKO-RYU-495x400.jpg\" title='9\u00ba DAN KARATE BUKEIKO-RYU' alt='' srcset=\"https:\/\/graomestreleandrodacosta.com.br\/wp-content\/uploads\/2023\/03\/9o-DAN-KARATE-BUKEIKO-RYU-495x400.jpg 495w, https:\/\/graomestreleandrodacosta.com.br\/wp-content\/uploads\/2023\/03\/9o-DAN-KARATE-BUKEIKO-RYU-845x684.jpg 845w\" sizes=\"(max-width: 495px) 100vw, 495px\" \/><\/div><\/a><a href=\"https:\/\/graomestreleandrodacosta.com.br\/wp-content\/uploads\/2023\/03\/ARBITRO-DE-KARATE-FBKK-1030x728.jpg\" data-srcset=\"https:\/\/graomestreleandrodacosta.com.br\/wp-content\/uploads\/2023\/03\/ARBITRO-DE-KARATE-FBKK-1030x728.jpg 1030w, https:\/\/graomestreleandrodacosta.com.br\/wp-content\/uploads\/2023\/03\/ARBITRO-DE-KARATE-FBKK-300x212.jpg 300w, https:\/\/graomestreleandrodacosta.com.br\/wp-content\/uploads\/2023\/03\/ARBITRO-DE-KARATE-FBKK-768x543.jpg 768w, https:\/\/graomestreleandrodacosta.com.br\/wp-content\/uploads\/2023\/03\/ARBITRO-DE-KARATE-FBKK-260x185.jpg 260w, https:\/\/graomestreleandrodacosta.com.br\/wp-content\/uploads\/2023\/03\/ARBITRO-DE-KARATE-FBKK-705x498.jpg 705w, https:\/\/graomestreleandrodacosta.com.br\/wp-content\/uploads\/2023\/03\/ARBITRO-DE-KARATE-FBKK.jpg 1280w\" data-sizes=\"(max-width: 1030px) 100vw, 1030px\" data-rel='gallery-1' data-prev-img='https:\/\/graomestreleandrodacosta.com.br\/wp-content\/uploads\/2023\/03\/ARBITRO-DE-KARATE-FBKK-495x400.jpg' class='lightbox ' data-onclick='59' title='\u00c1RBITRO DE KARATE FBKK'  itemprop=\"thumbnailUrl\"  ><img decoding=\"async\" class=\"wp-image-440 avia-img-lazy-loading-not-440\"   src=\"https:\/\/graomestreleandrodacosta.com.br\/wp-content\/uploads\/2023\/03\/ARBITRO-DE-KARATE-FBKK-495x400.jpg\" width=\"495\" height=\"400\"  title='\u00c1RBITRO DE KARATE FBKK' alt='' srcset=\"https:\/\/graomestreleandrodacosta.com.br\/wp-content\/uploads\/2023\/03\/ARBITRO-DE-KARATE-FBKK-495x400.jpg 495w, https:\/\/graomestreleandrodacosta.com.br\/wp-content\/uploads\/2023\/03\/ARBITRO-DE-KARATE-FBKK-845x684.jpg 845w\" sizes=\"(max-width: 495px) 100vw, 495px\" \/><div class='big-prev-fake'><img decoding=\"async\" class=\"wp-image-440 avia-img-lazy-loading-440\"  width=\"495\" height=\"400\" src=\"https:\/\/graomestreleandrodacosta.com.br\/wp-content\/uploads\/2023\/03\/ARBITRO-DE-KARATE-FBKK-495x400.jpg\" title='\u00c1RBITRO DE KARATE FBKK' alt='' srcset=\"https:\/\/graomestreleandrodacosta.com.br\/wp-content\/uploads\/2023\/03\/ARBITRO-DE-KARATE-FBKK-495x400.jpg 495w, https:\/\/graomestreleandrodacosta.com.br\/wp-content\/uploads\/2023\/03\/ARBITRO-DE-KARATE-FBKK-845x684.jpg 845w\" sizes=\"(max-width: 495px) 100vw, 495px\" \/><\/div><\/a><a href=\"https:\/\/graomestreleandrodacosta.com.br\/wp-content\/uploads\/2023\/03\/CARTA-DE-AUTORIZACAODO-DE-INSTRUTOR-DE-KARATE-FULL-CONTACT-DO-ANO-DE-1992-CARTA-EMITIDA-E-ASSINADA-PELO-GRAO-MESTRE-PERICLES-AUTORIZANDO-O-GRAO-MESTRE-LEANDRO-728x1030.jpg\" data-srcset=\"https:\/\/graomestreleandrodacosta.com.br\/wp-content\/uploads\/2023\/03\/CARTA-DE-AUTORIZACAODO-DE-INSTRUTOR-DE-KARATE-FULL-CONTACT-DO-ANO-DE-1992-CARTA-EMITIDA-E-ASSINADA-PELO-GRAO-MESTRE-PERICLES-AUTORIZANDO-O-GRAO-MESTRE-LEANDRO-728x1030.jpg 728w, https:\/\/graomestreleandrodacosta.com.br\/wp-content\/uploads\/2023\/03\/CARTA-DE-AUTORIZACAODO-DE-INSTRUTOR-DE-KARATE-FULL-CONTACT-DO-ANO-DE-1992-CARTA-EMITIDA-E-ASSINADA-PELO-GRAO-MESTRE-PERICLES-AUTORIZANDO-O-GRAO-MESTRE-LEANDRO-212x300.jpg 212w, https:\/\/graomestreleandrodacosta.com.br\/wp-content\/uploads\/2023\/03\/CARTA-DE-AUTORIZACAODO-DE-INSTRUTOR-DE-KARATE-FULL-CONTACT-DO-ANO-DE-1992-CARTA-EMITIDA-E-ASSINADA-PELO-GRAO-MESTRE-PERICLES-AUTORIZANDO-O-GRAO-MESTRE-LEANDRO-768x1086.jpg 768w, https:\/\/graomestreleandrodacosta.com.br\/wp-content\/uploads\/2023\/03\/CARTA-DE-AUTORIZACAODO-DE-INSTRUTOR-DE-KARATE-FULL-CONTACT-DO-ANO-DE-1992-CARTA-EMITIDA-E-ASSINADA-PELO-GRAO-MESTRE-PERICLES-AUTORIZANDO-O-GRAO-MESTRE-LEANDRO-498x705.jpg 498w, https:\/\/graomestreleandrodacosta.com.br\/wp-content\/uploads\/2023\/03\/CARTA-DE-AUTORIZACAODO-DE-INSTRUTOR-DE-KARATE-FULL-CONTACT-DO-ANO-DE-1992-CARTA-EMITIDA-E-ASSINADA-PELO-GRAO-MESTRE-PERICLES-AUTORIZANDO-O-GRAO-MESTRE-LEANDRO.jpg 905w\" data-sizes=\"(max-width: 728px) 100vw, 728px\" data-rel='gallery-1' data-prev-img='https:\/\/graomestreleandrodacosta.com.br\/wp-content\/uploads\/2023\/03\/CARTA-DE-AUTORIZACAODO-DE-INSTRUTOR-DE-KARATE-FULL-CONTACT-DO-ANO-DE-1992-CARTA-EMITIDA-E-ASSINADA-PELO-GRAO-MESTRE-PERICLES-AUTORIZANDO-O-GRAO-MESTRE-LEANDRO-495x400.jpg' class='lightbox ' data-onclick='60' title='CARTA DE AUTORIZA\u00c7\u00c3ODO DE INSTRUTOR DE KARATE FULL CONTACT DO ANO DE 1992 CARTA EMITIDA E ASSINADA PELO GR\u00c3O MESTRE P\u00c9RICLES AUTORIZANDO O GR\u00c3O MESTRE LEANDRO'  itemprop=\"thumbnailUrl\"  ><img decoding=\"async\" class=\"wp-image-441 avia-img-lazy-loading-not-441\"   src=\"https:\/\/graomestreleandrodacosta.com.br\/wp-content\/uploads\/2023\/03\/CARTA-DE-AUTORIZACAODO-DE-INSTRUTOR-DE-KARATE-FULL-CONTACT-DO-ANO-DE-1992-CARTA-EMITIDA-E-ASSINADA-PELO-GRAO-MESTRE-PERICLES-AUTORIZANDO-O-GRAO-MESTRE-LEANDRO-495x400.jpg\" width=\"495\" height=\"400\"  title='CARTA DE AUTORIZA\u00c7\u00c3ODO DE INSTRUTOR DE KARATE FULL CONTACT DO ANO DE 1992 CARTA EMITIDA E ASSINADA PELO GR\u00c3O MESTRE P\u00c9RICLES AUTORIZANDO O GR\u00c3O MESTRE LEANDRO' alt='' srcset=\"https:\/\/graomestreleandrodacosta.com.br\/wp-content\/uploads\/2023\/03\/CARTA-DE-AUTORIZACAODO-DE-INSTRUTOR-DE-KARATE-FULL-CONTACT-DO-ANO-DE-1992-CARTA-EMITIDA-E-ASSINADA-PELO-GRAO-MESTRE-PERICLES-AUTORIZANDO-O-GRAO-MESTRE-LEANDRO-495x400.jpg 495w, https:\/\/graomestreleandrodacosta.com.br\/wp-content\/uploads\/2023\/03\/CARTA-DE-AUTORIZACAODO-DE-INSTRUTOR-DE-KARATE-FULL-CONTACT-DO-ANO-DE-1992-CARTA-EMITIDA-E-ASSINADA-PELO-GRAO-MESTRE-PERICLES-AUTORIZANDO-O-GRAO-MESTRE-LEANDRO-845x684.jpg 845w\" sizes=\"(max-width: 495px) 100vw, 495px\" \/><div class='big-prev-fake'><img decoding=\"async\" class=\"wp-image-441 avia-img-lazy-loading-441\"  width=\"495\" height=\"400\" src=\"https:\/\/graomestreleandrodacosta.com.br\/wp-content\/uploads\/2023\/03\/CARTA-DE-AUTORIZACAODO-DE-INSTRUTOR-DE-KARATE-FULL-CONTACT-DO-ANO-DE-1992-CARTA-EMITIDA-E-ASSINADA-PELO-GRAO-MESTRE-PERICLES-AUTORIZANDO-O-GRAO-MESTRE-LEANDRO-495x400.jpg\" title='CARTA DE AUTORIZA\u00c7\u00c3ODO DE INSTRUTOR DE KARATE FULL CONTACT DO ANO DE 1992 CARTA EMITIDA E ASSINADA PELO GR\u00c3O MESTRE P\u00c9RICLES AUTORIZANDO O GR\u00c3O MESTRE LEANDRO' alt='' srcset=\"https:\/\/graomestreleandrodacosta.com.br\/wp-content\/uploads\/2023\/03\/CARTA-DE-AUTORIZACAODO-DE-INSTRUTOR-DE-KARATE-FULL-CONTACT-DO-ANO-DE-1992-CARTA-EMITIDA-E-ASSINADA-PELO-GRAO-MESTRE-PERICLES-AUTORIZANDO-O-GRAO-MESTRE-LEANDRO-495x400.jpg 495w, https:\/\/graomestreleandrodacosta.com.br\/wp-content\/uploads\/2023\/03\/CARTA-DE-AUTORIZACAODO-DE-INSTRUTOR-DE-KARATE-FULL-CONTACT-DO-ANO-DE-1992-CARTA-EMITIDA-E-ASSINADA-PELO-GRAO-MESTRE-PERICLES-AUTORIZANDO-O-GRAO-MESTRE-LEANDRO-845x684.jpg 845w\" sizes=\"(max-width: 495px) 100vw, 495px\" \/><\/div><\/a><a href=\"https:\/\/graomestreleandrodacosta.com.br\/wp-content\/uploads\/2023\/03\/carta-de-filiacao-pericles-833x1030.jpg\" data-srcset=\"https:\/\/graomestreleandrodacosta.com.br\/wp-content\/uploads\/2023\/03\/carta-de-filiacao-pericles-833x1030.jpg 833w, https:\/\/graomestreleandrodacosta.com.br\/wp-content\/uploads\/2023\/03\/carta-de-filiacao-pericles-243x300.jpg 243w, https:\/\/graomestreleandrodacosta.com.br\/wp-content\/uploads\/2023\/03\/carta-de-filiacao-pericles-768x950.jpg 768w, https:\/\/graomestreleandrodacosta.com.br\/wp-content\/uploads\/2023\/03\/carta-de-filiacao-pericles-570x705.jpg 570w, https:\/\/graomestreleandrodacosta.com.br\/wp-content\/uploads\/2023\/03\/carta-de-filiacao-pericles.jpg 1035w\" data-sizes=\"(max-width: 833px) 100vw, 833px\" data-rel='gallery-1' data-prev-img='https:\/\/graomestreleandrodacosta.com.br\/wp-content\/uploads\/2023\/03\/carta-de-filiacao-pericles-495x400.jpg' class='first_thumb lightbox ' data-onclick='61' title='carta de filia\u00e7\u00e3o p\u00e9ricles'  itemprop=\"thumbnailUrl\"  ><img decoding=\"async\" class=\"wp-image-442 avia-img-lazy-loading-not-442\"   src=\"https:\/\/graomestreleandrodacosta.com.br\/wp-content\/uploads\/2023\/03\/carta-de-filiacao-pericles-495x400.jpg\" width=\"495\" height=\"400\"  title='carta de filia\u00e7\u00e3o p\u00e9ricles' alt='' srcset=\"https:\/\/graomestreleandrodacosta.com.br\/wp-content\/uploads\/2023\/03\/carta-de-filiacao-pericles-495x400.jpg 495w, https:\/\/graomestreleandrodacosta.com.br\/wp-content\/uploads\/2023\/03\/carta-de-filiacao-pericles-845x684.jpg 845w\" sizes=\"(max-width: 495px) 100vw, 495px\" \/><div class='big-prev-fake'><img decoding=\"async\" class=\"wp-image-442 avia-img-lazy-loading-442\"  width=\"495\" height=\"400\" src=\"https:\/\/graomestreleandrodacosta.com.br\/wp-content\/uploads\/2023\/03\/carta-de-filiacao-pericles-495x400.jpg\" title='carta de filia\u00e7\u00e3o p\u00e9ricles' alt='' srcset=\"https:\/\/graomestreleandrodacosta.com.br\/wp-content\/uploads\/2023\/03\/carta-de-filiacao-pericles-495x400.jpg 495w, https:\/\/graomestreleandrodacosta.com.br\/wp-content\/uploads\/2023\/03\/carta-de-filiacao-pericles-845x684.jpg 845w\" sizes=\"(max-width: 495px) 100vw, 495px\" \/><\/div><\/a><a href=\"https:\/\/graomestreleandrodacosta.com.br\/wp-content\/uploads\/2023\/03\/Design-sem-nome-727x1030.png\" data-srcset=\"https:\/\/graomestreleandrodacosta.com.br\/wp-content\/uploads\/2023\/03\/Design-sem-nome-727x1030.png 727w, https:\/\/graomestreleandrodacosta.com.br\/wp-content\/uploads\/2023\/03\/Design-sem-nome-212x300.png 212w, https:\/\/graomestreleandrodacosta.com.br\/wp-content\/uploads\/2023\/03\/Design-sem-nome-768x1087.png 768w, https:\/\/graomestreleandrodacosta.com.br\/wp-content\/uploads\/2023\/03\/Design-sem-nome-498x705.png 498w, https:\/\/graomestreleandrodacosta.com.br\/wp-content\/uploads\/2023\/03\/Design-sem-nome.png 904w\" data-sizes=\"(max-width: 727px) 100vw, 727px\" data-rel='gallery-1' data-prev-img='https:\/\/graomestreleandrodacosta.com.br\/wp-content\/uploads\/2023\/03\/Design-sem-nome-495x400.png' class='lightbox ' data-onclick='62' title='Design sem nome'  itemprop=\"thumbnailUrl\"  ><img decoding=\"async\" class=\"wp-image-443 avia-img-lazy-loading-not-443\"   src=\"https:\/\/graomestreleandrodacosta.com.br\/wp-content\/uploads\/2023\/03\/Design-sem-nome-495x400.png\" width=\"495\" height=\"400\"  title='Design sem nome' alt='' srcset=\"https:\/\/graomestreleandrodacosta.com.br\/wp-content\/uploads\/2023\/03\/Design-sem-nome-495x400.png 495w, https:\/\/graomestreleandrodacosta.com.br\/wp-content\/uploads\/2023\/03\/Design-sem-nome-845x684.png 845w\" sizes=\"(max-width: 495px) 100vw, 495px\" \/><div class='big-prev-fake'><img decoding=\"async\" class=\"wp-image-443 avia-img-lazy-loading-443\"  width=\"495\" height=\"400\" src=\"https:\/\/graomestreleandrodacosta.com.br\/wp-content\/uploads\/2023\/03\/Design-sem-nome-495x400.png\" title='Design sem nome' alt='' srcset=\"https:\/\/graomestreleandrodacosta.com.br\/wp-content\/uploads\/2023\/03\/Design-sem-nome-495x400.png 495w, https:\/\/graomestreleandrodacosta.com.br\/wp-content\/uploads\/2023\/03\/Design-sem-nome-845x684.png 845w\" sizes=\"(max-width: 495px) 100vw, 495px\" \/><\/div><\/a><a href=\"https:\/\/graomestreleandrodacosta.com.br\/wp-content\/uploads\/2023\/03\/Design-sem-nome-1-1030x729.png\" data-srcset=\"https:\/\/graomestreleandrodacosta.com.br\/wp-content\/uploads\/2023\/03\/Design-sem-nome-1-1030x729.png 1030w, https:\/\/graomestreleandrodacosta.com.br\/wp-content\/uploads\/2023\/03\/Design-sem-nome-1-300x212.png 300w, https:\/\/graomestreleandrodacosta.com.br\/wp-content\/uploads\/2023\/03\/Design-sem-nome-1-768x544.png 768w, https:\/\/graomestreleandrodacosta.com.br\/wp-content\/uploads\/2023\/03\/Design-sem-nome-1-260x185.png 260w, https:\/\/graomestreleandrodacosta.com.br\/wp-content\/uploads\/2023\/03\/Design-sem-nome-1-705x499.png 705w, https:\/\/graomestreleandrodacosta.com.br\/wp-content\/uploads\/2023\/03\/Design-sem-nome-1.png 1280w\" data-sizes=\"(max-width: 1030px) 100vw, 1030px\" data-rel='gallery-1' data-prev-img='https:\/\/graomestreleandrodacosta.com.br\/wp-content\/uploads\/2023\/03\/Design-sem-nome-1-495x400.png' class='lightbox ' data-onclick='63' title='Design sem nome (1)'  itemprop=\"thumbnailUrl\"  ><img decoding=\"async\" class=\"wp-image-444 avia-img-lazy-loading-not-444\"   src=\"https:\/\/graomestreleandrodacosta.com.br\/wp-content\/uploads\/2023\/03\/Design-sem-nome-1-495x400.png\" width=\"495\" height=\"400\"  title='Design sem nome (1)' alt='' srcset=\"https:\/\/graomestreleandrodacosta.com.br\/wp-content\/uploads\/2023\/03\/Design-sem-nome-1-495x400.png 495w, https:\/\/graomestreleandrodacosta.com.br\/wp-content\/uploads\/2023\/03\/Design-sem-nome-1-845x684.png 845w\" sizes=\"(max-width: 495px) 100vw, 495px\" \/><div class='big-prev-fake'><img decoding=\"async\" class=\"wp-image-444 avia-img-lazy-loading-444\"  width=\"495\" height=\"400\" src=\"https:\/\/graomestreleandrodacosta.com.br\/wp-content\/uploads\/2023\/03\/Design-sem-nome-1-495x400.png\" title='Design sem nome (1)' alt='' srcset=\"https:\/\/graomestreleandrodacosta.com.br\/wp-content\/uploads\/2023\/03\/Design-sem-nome-1-495x400.png 495w, https:\/\/graomestreleandrodacosta.com.br\/wp-content\/uploads\/2023\/03\/Design-sem-nome-1-845x684.png 845w\" sizes=\"(max-width: 495px) 100vw, 495px\" \/><\/div><\/a><a href=\"https:\/\/graomestreleandrodacosta.com.br\/wp-content\/uploads\/2023\/03\/Design-sem-nome-3.png\" data-srcset=\"https:\/\/graomestreleandrodacosta.com.br\/wp-content\/uploads\/2023\/03\/Design-sem-nome-3.png 1024w, https:\/\/graomestreleandrodacosta.com.br\/wp-content\/uploads\/2023\/03\/Design-sem-nome-3-300x217.png 300w, https:\/\/graomestreleandrodacosta.com.br\/wp-content\/uploads\/2023\/03\/Design-sem-nome-3-768x554.png 768w, https:\/\/graomestreleandrodacosta.com.br\/wp-content\/uploads\/2023\/03\/Design-sem-nome-3-705x509.png 705w\" data-sizes=\"(max-width: 1024px) 100vw, 1024px\" data-rel='gallery-1' data-prev-img='https:\/\/graomestreleandrodacosta.com.br\/wp-content\/uploads\/2023\/03\/Design-sem-nome-3-495x400.png' class='lightbox ' data-onclick='64' title='Design sem nome (3)'  itemprop=\"thumbnailUrl\"  ><img decoding=\"async\" class=\"wp-image-445 avia-img-lazy-loading-not-445\"   src=\"https:\/\/graomestreleandrodacosta.com.br\/wp-content\/uploads\/2023\/03\/Design-sem-nome-3-495x400.png\" width=\"495\" height=\"400\"  title='Design sem nome (3)' alt='' srcset=\"https:\/\/graomestreleandrodacosta.com.br\/wp-content\/uploads\/2023\/03\/Design-sem-nome-3-495x400.png 495w, https:\/\/graomestreleandrodacosta.com.br\/wp-content\/uploads\/2023\/03\/Design-sem-nome-3-845x684.png 845w\" sizes=\"(max-width: 495px) 100vw, 495px\" \/><div class='big-prev-fake'><img decoding=\"async\" class=\"wp-image-445 avia-img-lazy-loading-445\"  width=\"495\" height=\"400\" src=\"https:\/\/graomestreleandrodacosta.com.br\/wp-content\/uploads\/2023\/03\/Design-sem-nome-3-495x400.png\" title='Design sem nome (3)' alt='' srcset=\"https:\/\/graomestreleandrodacosta.com.br\/wp-content\/uploads\/2023\/03\/Design-sem-nome-3-495x400.png 495w, https:\/\/graomestreleandrodacosta.com.br\/wp-content\/uploads\/2023\/03\/Design-sem-nome-3-845x684.png 845w\" sizes=\"(max-width: 495px) 100vw, 495px\" \/><\/div><\/a><a href=\"https:\/\/graomestreleandrodacosta.com.br\/wp-content\/uploads\/2023\/03\/Design-sem-nomex.png\" data-srcset=\"https:\/\/graomestreleandrodacosta.com.br\/wp-content\/uploads\/2023\/03\/Design-sem-nomex.png 581w, https:\/\/graomestreleandrodacosta.com.br\/wp-content\/uploads\/2023\/03\/Design-sem-nomex-218x300.png 218w, https:\/\/graomestreleandrodacosta.com.br\/wp-content\/uploads\/2023\/03\/Design-sem-nomex-512x705.png 512w\" data-sizes=\"(max-width: 581px) 100vw, 581px\" data-rel='gallery-1' data-prev-img='https:\/\/graomestreleandrodacosta.com.br\/wp-content\/uploads\/2023\/03\/Design-sem-nomex-495x400.png' class='lightbox ' data-onclick='65' title='Design sem nomex'  itemprop=\"thumbnailUrl\"  ><img decoding=\"async\" class=\"wp-image-446 avia-img-lazy-loading-not-446\"   src=\"https:\/\/graomestreleandrodacosta.com.br\/wp-content\/uploads\/2023\/03\/Design-sem-nomex-495x400.png\" width=\"495\" height=\"400\"  title='Design sem nomex' alt='' \/><div class='big-prev-fake'><img decoding=\"async\" class=\"wp-image-446 avia-img-lazy-loading-446\"  width=\"495\" height=\"400\" src=\"https:\/\/graomestreleandrodacosta.com.br\/wp-content\/uploads\/2023\/03\/Design-sem-nomex-495x400.png\" title='Design sem nomex' alt='' \/><\/div><\/a><a href=\"https:\/\/graomestreleandrodacosta.com.br\/wp-content\/uploads\/2023\/03\/Design-sem-nome2.png\" data-srcset=\"https:\/\/graomestreleandrodacosta.com.br\/wp-content\/uploads\/2023\/03\/Design-sem-nome2.png 1024w, https:\/\/graomestreleandrodacosta.com.br\/wp-content\/uploads\/2023\/03\/Design-sem-nome2-300x300.png 300w, https:\/\/graomestreleandrodacosta.com.br\/wp-content\/uploads\/2023\/03\/Design-sem-nome2-80x80.png 80w, https:\/\/graomestreleandrodacosta.com.br\/wp-content\/uploads\/2023\/03\/Design-sem-nome2-768x768.png 768w, https:\/\/graomestreleandrodacosta.com.br\/wp-content\/uploads\/2023\/03\/Design-sem-nome2-36x36.png 36w, https:\/\/graomestreleandrodacosta.com.br\/wp-content\/uploads\/2023\/03\/Design-sem-nome2-180x180.png 180w, https:\/\/graomestreleandrodacosta.com.br\/wp-content\/uploads\/2023\/03\/Design-sem-nome2-705x705.png 705w\" data-sizes=\"(max-width: 1024px) 100vw, 1024px\" data-rel='gallery-1' data-prev-img='https:\/\/graomestreleandrodacosta.com.br\/wp-content\/uploads\/2023\/03\/Design-sem-nome2-495x400.png' class='lightbox ' data-onclick='66' title='Design sem nome2'  itemprop=\"thumbnailUrl\"  ><img decoding=\"async\" class=\"wp-image-477 avia-img-lazy-loading-not-477\"   src=\"https:\/\/graomestreleandrodacosta.com.br\/wp-content\/uploads\/2023\/03\/Design-sem-nome2-495x400.png\" width=\"495\" height=\"400\"  title='Design sem nome2' alt='' srcset=\"https:\/\/graomestreleandrodacosta.com.br\/wp-content\/uploads\/2023\/03\/Design-sem-nome2-495x400.png 495w, https:\/\/graomestreleandrodacosta.com.br\/wp-content\/uploads\/2023\/03\/Design-sem-nome2-845x684.png 845w\" sizes=\"(max-width: 495px) 100vw, 495px\" \/><div class='big-prev-fake'><img decoding=\"async\" class=\"wp-image-477 avia-img-lazy-loading-477\"  width=\"495\" height=\"400\" src=\"https:\/\/graomestreleandrodacosta.com.br\/wp-content\/uploads\/2023\/03\/Design-sem-nome2-495x400.png\" title='Design sem nome2' alt='' srcset=\"https:\/\/graomestreleandrodacosta.com.br\/wp-content\/uploads\/2023\/03\/Design-sem-nome2-495x400.png 495w, https:\/\/graomestreleandrodacosta.com.br\/wp-content\/uploads\/2023\/03\/Design-sem-nome2-845x684.png 845w\" sizes=\"(max-width: 495px) 100vw, 495px\" \/><\/div><\/a><a href=\"https:\/\/graomestreleandrodacosta.com.br\/wp-content\/uploads\/2023\/03\/Design-sem-nome-2.png\" data-srcset=\"https:\/\/graomestreleandrodacosta.com.br\/wp-content\/uploads\/2023\/03\/Design-sem-nome-2.png 725w, https:\/\/graomestreleandrodacosta.com.br\/wp-content\/uploads\/2023\/03\/Design-sem-nome-2-212x300.png 212w, https:\/\/graomestreleandrodacosta.com.br\/wp-content\/uploads\/2023\/03\/Design-sem-nome-2-499x705.png 499w\" data-sizes=\"(max-width: 725px) 100vw, 725px\" data-rel='gallery-1' data-prev-img='https:\/\/graomestreleandrodacosta.com.br\/wp-content\/uploads\/2023\/03\/Design-sem-nome-2-495x400.png' class='lightbox ' data-onclick='67' title='Design sem nome'  itemprop=\"thumbnailUrl\"  ><img decoding=\"async\" class=\"wp-image-478 avia-img-lazy-loading-not-478\"   src=\"https:\/\/graomestreleandrodacosta.com.br\/wp-content\/uploads\/2023\/03\/Design-sem-nome-2-495x400.png\" width=\"495\" height=\"400\"  title='Design sem nome' alt='' \/><div class='big-prev-fake'><img decoding=\"async\" class=\"wp-image-478 avia-img-lazy-loading-478\"  width=\"495\" height=\"400\" src=\"https:\/\/graomestreleandrodacosta.com.br\/wp-content\/uploads\/2023\/03\/Design-sem-nome-2-495x400.png\" title='Design sem nome' alt='' \/><\/div><\/a><a href=\"https:\/\/graomestreleandrodacosta.com.br\/wp-content\/uploads\/2023\/03\/LOGO-CBLCB-1030x1030.png\" data-srcset=\"https:\/\/graomestreleandrodacosta.com.br\/wp-content\/uploads\/2023\/03\/LOGO-CBLCB-1030x1030.png 1030w, https:\/\/graomestreleandrodacosta.com.br\/wp-content\/uploads\/2023\/03\/LOGO-CBLCB-300x300.png 300w, https:\/\/graomestreleandrodacosta.com.br\/wp-content\/uploads\/2023\/03\/LOGO-CBLCB-80x80.png 80w, https:\/\/graomestreleandrodacosta.com.br\/wp-content\/uploads\/2023\/03\/LOGO-CBLCB-768x768.png 768w, https:\/\/graomestreleandrodacosta.com.br\/wp-content\/uploads\/2023\/03\/LOGO-CBLCB-1536x1536.png 1536w, https:\/\/graomestreleandrodacosta.com.br\/wp-content\/uploads\/2023\/03\/LOGO-CBLCB-2048x2048.png 2048w, https:\/\/graomestreleandrodacosta.com.br\/wp-content\/uploads\/2023\/03\/LOGO-CBLCB-36x36.png 36w, https:\/\/graomestreleandrodacosta.com.br\/wp-content\/uploads\/2023\/03\/LOGO-CBLCB-180x180.png 180w, https:\/\/graomestreleandrodacosta.com.br\/wp-content\/uploads\/2023\/03\/LOGO-CBLCB-1500x1500.png 1500w, https:\/\/graomestreleandrodacosta.com.br\/wp-content\/uploads\/2023\/03\/LOGO-CBLCB-705x705.png 705w\" data-sizes=\"(max-width: 1030px) 100vw, 1030px\" data-rel='gallery-1' data-prev-img='https:\/\/graomestreleandrodacosta.com.br\/wp-content\/uploads\/2023\/03\/LOGO-CBLCB-495x400.png' class='lightbox ' data-onclick='68' title='LOGO CBLCB'  itemprop=\"thumbnailUrl\"  ><img decoding=\"async\" class=\"wp-image-479 avia-img-lazy-loading-not-479\"   src=\"https:\/\/graomestreleandrodacosta.com.br\/wp-content\/uploads\/2023\/03\/LOGO-CBLCB-495x400.png\" width=\"495\" height=\"400\"  title='LOGO CBLCB' alt='' srcset=\"https:\/\/graomestreleandrodacosta.com.br\/wp-content\/uploads\/2023\/03\/LOGO-CBLCB-495x400.png 495w, https:\/\/graomestreleandrodacosta.com.br\/wp-content\/uploads\/2023\/03\/LOGO-CBLCB-845x684.png 845w\" sizes=\"(max-width: 495px) 100vw, 495px\" \/><div class='big-prev-fake'><img decoding=\"async\" class=\"wp-image-479 avia-img-lazy-loading-479\"  width=\"495\" height=\"400\" src=\"https:\/\/graomestreleandrodacosta.com.br\/wp-content\/uploads\/2023\/03\/LOGO-CBLCB-495x400.png\" title='LOGO CBLCB' alt='' srcset=\"https:\/\/graomestreleandrodacosta.com.br\/wp-content\/uploads\/2023\/03\/LOGO-CBLCB-495x400.png 495w, https:\/\/graomestreleandrodacosta.com.br\/wp-content\/uploads\/2023\/03\/LOGO-CBLCB-845x684.png 845w\" sizes=\"(max-width: 495px) 100vw, 495px\" \/><\/div><\/a><\/div><\/div>\n","protected":false},"excerpt":{"rendered":"","protected":false},"author":1,"featured_media":0,"parent":0,"menu_order":0,"comment_status":"closed","ping_status":"closed","template":"","meta":[],"_links":{"self":[{"href":"https:\/\/graomestreleandrodacosta.com.br\/index.php?rest_route=\/wp\/v2\/pages\/181"}],"collection":[{"href":"https:\/\/graomestreleandrodacosta.com.br\/index.php?rest_route=\/wp\/v2\/pages"}],"about":[{"href":"https:\/\/graomestreleandrodacosta.com.br\/index.php?rest_route=\/wp\/v2\/types\/page"}],"author":[{"embeddable":true,"href":"https:\/\/graomestreleandrodacosta.com.br\/index.php?rest_route=\/wp\/v2\/users\/1"}],"replies":[{"embeddable":true,"href":"https:\/\/graomestreleandrodacosta.com.br\/index.php?rest_route=%2Fwp%2Fv2%2Fcomments&post=181"}],"version-history":[{"count":1,"href":"https:\/\/graomestreleandrodacosta.com.br\/index.php?rest_route=\/wp\/v2\/pages\/181\/revisions"}],"predecessor-version":[{"id":859,"href":"https:\/\/graomestreleandrodacosta.com.br\/index.php?rest_route=\/wp\/v2\/pages\/181\/revisions\/859"}],"wp:attachment":[{"href":"https:\/\/graomestreleandrodacosta.com.br\/index.php?rest_route=%2Fwp%2Fv2%2Fmedia&parent=181"}],"curies":[{"name":"wp","href":"https:\/\/api.w.org\/{rel}","templated":true}]}}