{"id":665,"date":"2023-05-08T18:51:13","date_gmt":"2023-05-08T21:51:13","guid":{"rendered":"http:\/\/graomestreleandrodacosta.com.br\/?page_id=665"},"modified":"2023-06-01T18:21:17","modified_gmt":"2023-06-01T21:21:17","slug":"karate-do-shotokan","status":"publish","type":"page","link":"https:\/\/graomestreleandrodacosta.com.br\/?page_id=665","title":{"rendered":"KARATE-DO SHOTOKAN"},"content":{"rendered":"<div class='flex_column av-8yxct-78e9e793fb6089f833e9ca77fec9d9f3 av_one_full  avia-builder-el-0  el_before_av_gallery  avia-builder-el-first  first flex_column_div '     ><style type=\"text\/css\" data-created_by=\"avia_inline_auto\" id=\"style-css-av-lf1o0xc5-b59920055531887b1fb1d0442013956a\">\n#top .av_textblock_section.av-lf1o0xc5-b59920055531887b1fb1d0442013956a .avia_textblock{\nfont-size:15px;\ncolor:#000000;\n}\n<\/style>\n<section  class='av_textblock_section av-lf1o0xc5-b59920055531887b1fb1d0442013956a'  itemscope=\"itemscope\" itemtype=\"https:\/\/schema.org\/CreativeWork\" ><div class='avia_textblock av_inherit_color'  itemprop=\"text\" ><div class=\"elementToProof\">\n<div>\n<p><em>O KARATE \u2013 DO SHOTOKAN<\/em><\/p>\n<p>.O\u00a0Karat\u00ea \u00e9 uma palavra japonesa que significa \u201cm\u00e3os vazias\u201d. Consiste em uma arte marcial japonesa e um m\u00e9todo de ataque e defesa pessoal que inclui diversas t\u00e9cnicas executadas com as m\u00e3os desarmadas<\/p>\n<p>O que \u00e9 Kihon Kata e Kumite!<\/p>\n<p>O treino do Karat\u00ea baseia-se \u00a0no kihon (t\u00e9cnicas b\u00e1sicas), o Kata (formas), e no Kumite (luta).\u00a0Sobre estes tr\u00eas repousam todas as t\u00e9cnicas, toda a velocidade, toda a for\u00e7a e todo o progresso no Karate,al\u00e9m de profundos estudos da filosofia do (DO) Caminho.<\/p>\n<p>O Mestre Gichin Funakoshi nasceu em Shuri, Okinawa, em 1868, o mesmo ano da Restaura\u00e7\u00e3o Meiji. Funakoshi era filho \u00fanico, e logo ap\u00f3s o seu nascimento fora levado para a casa dos seus av\u00f3s maternos, com quem foi educado e aprendeu poesias cl\u00e1ssicas chinesas. Aos 11 anos de idade iniciou seus estudos, com o mestre Asato, no duro sistema Naha-Te, e com o mestre Itosu no sistema Shuri-Te (velocidade e elasticidade).<\/p>\n<p>Foi perto do fim do ano de 1921, mestre Funakoshi, numa exposi\u00e7\u00e3o de educa\u00e7\u00e3o f\u00edsica promovida pelo governo Japon\u00eas em Tokyo, foi escolhido como representante da ilha, para fazer oficialmente a primeira demonstra\u00e7\u00e3o p\u00fablica do Okinawa-te \u00e0 capital japonesa. Mestre Funakoshi reestruturou e codificou as t\u00e9cnicas de luta passando a cham\u00e1-las de Karate Do.<\/p>\n<p>Mestre Funakoshi sempre enfatizava o desenvolvimento do car\u00e1ter e autodisciplina nas suas narra\u00e7\u00f5es.<\/p>\n<p><em>\u201cAssim como um vale vazio pode ecoar o som da voz, do mesmo modo a pessoa que segue o Caminho do Karate Do deve esvaziar-se livrando-se de todo ego\u00edsmo e ambi\u00e7\u00e3o. Tornar-se vazio interiormente, mas reto por fora. Este \u00e9 o significado verdadeiro de vazio no Karate Do.\u201d<\/em><\/p>\n<p>O Mestre Gichin Funakoshi al\u00e9m de Mestre de Karate era tamb\u00e9m, ex\u00edmio poeta e quando escrevia os seus poemas usava o pseud\u00f4nimo de SHOTO (que significa: ondas de pinheiro).<\/p>\n<p>Ele usava este nome porque a cidade nativa de Shuri, local do seu nascimento, era rodeada por colinas com florestas de pinheiros RYUKYU e vegeta\u00e7\u00e3o subtropical; entre elas estava o Monte Torao.<\/p>\n<p>A palavra torao significa: cauda de tigre; e era particularmente adequada porque a montanha era estreita e t\u00e3o densamente arborizada que realmente tinha a apar\u00eancia de uma cauda de tigre quando vista de longe.<\/p>\n<p>Por volta de 1933, Funakoshi desenvolveu exerc\u00edcios b\u00e1sicos para pr\u00e1tica das t\u00e9cnicas em duplas. Tanto o ataque de cinco passos (Gohon Kumite) como o de um (Ippon Kumite) foram usados.<\/p>\n<p>Em 1934, um m\u00e9todo de praticar esses ataques e defesas com colegas de um modo levemente mais irrestrito, semi-livre (Jiu Ippon Kumite), foi adicionado ao treinamento.<\/p>\n<p><u>\u00a0<\/u><\/p>\n<p><u>Venha Treinar Karate \u2013 do Shotokan<\/u><\/p>\n<p>Associa\u00e7\u00e3o Garra de Tigre de Artes Marciais \u2013 AGTAM<\/p>\n<p>Associa\u00e7\u00e3o Brasileira de Karate &#8211; Do e Kickboxing &#8211; ABKK<\/p>\n<p><b>Pelotas-RS \u2013 TEL. 53-99988.0938<\/b><\/p>\n<p><span style=\"color: #ff0000; font-size: large;\"><b><i>Aulas com Shihan Leandro da Costa Praticante de Artes Marciais dede 1983, Diplomado e Registrado no Jap\u00e3o.\u00a0<\/i><\/b><\/span><\/p>\n<p><b><i><span style=\"color: #0000ff;\">O SHIHAN LEANDRO DA COSTA \u00c9 DISC\u00cdPULO DIRETO DO HANSHI P\u00c9RICLES DAMISKI VEIGA ONDE FORMOU-SE FAIXA PRETA EM KARATE-DO SHOTOKAN DO 1\u00ba DAN AO 6\u00ba DAN PELA ASSOCIA\u00c7\u00c3O SHOREIKAN-ASKK E PELA FEDERA\u00c7\u00c3O BRASILEIRA DE KARATE-DO E KOBU-DO-FBKK AMBAS PRESIDIDAS PELO SEU MESTRE HANSHI P\u00c9RICLES, TREINA COM O HANSHI P\u00c9RICLES DESDE 1991, MAS TREINANDO TAMB\u00c9M KARATE COM OUTROS SENSEIS EM PELOTAS DESDE 1984 ONDE APRENDEU MUITA COISA BOA COM CADA SENSEI, MAS DEVE SUA FORMA\u00c7\u00c3O DE FAIXA PRETA AO HANSHI P\u00c9RICLES. A QUEM O AVALIOU EM EXAME RIGOROSO NA SEDE DA ASSOCIA\u00c7\u00c3O SHOREIKAN E DA FEDERA\u00c7\u00c3O PAULISTA DE KARATE DE SEMI CONTATO E FEDERA\u00c7\u00c3O BRASILEIRA DE KARATE-DO E KOBU-DO-FBKK EM S\u00c3O PAULO.<\/span><\/i><\/b><\/p>\n<p><b><i><span style=\"color: #0000ff;\">POSSUI TAMB\u00c9M A GRADUA\u00c7\u00c3O DE 1\u00ba DAN E 2\u00ba DAN NO ESTILO DE KARATE-DO DE OKINAWA SHOREI-RYU FORMADO PELO HANSHI P\u00c9RICLES NA ESCOLA SHOREIKAN\u00a0, FEDERA\u00c7\u00c3O PAULISTA DE KARATE DE SEMI CONTATO E NA FEDERA\u00c7\u00c3O BRASILEIRA DE KARATE-DO E KOBU-DO AL\u00c9M DE SER DIPLOMADO E RECONHECIDO MUNDIALMENTE COMO 1\u00ba DAN EM SHOREI-RYU KARATE-DO PELA KONDO NO SHOKAI ORGANIZA\u00c7\u00c3O MUNDIAL DO ESTILO SHOREI-RYU COM MATRIZ NOS ESTADOS UNIDOS, PRESIDIDA PELO HANSHI TERRY SANDER.<\/span><\/i><\/b><\/p>\n<p><span style=\"font-size: large;\"><b><i>Gradua\u00e7\u00e3o no Karate-do Shotokan:<\/i><\/b><\/span><\/p>\n<p>Faixa preta 6\u00ba dan Karate \u2013 do Shotokan<\/p>\n<p>Diplomado pela, Confedera\u00e7\u00e3o Nacional de Karate &#8211; DO\u00a0\u2013 CNK.\u00a0(Osvaldo Can\u00e9)<\/p>\n<p>Diplomado pela, World Karate League\u00a0 \u2013 WKL &#8211; (Hanshi Osvaldo Can\u00e9)<\/p>\n<p>Diplomado pela Associa\u00e7\u00e3o Shoreikan de Karate-Do e Kobu-Do &#8211; ASKK &#8211; (Hanshi P\u00e9ricles Damiski Veiga)<\/p>\n<p>Diplomado pela, Federa\u00e7\u00e3o Brasileira de Karate do e Kobudo \u2013 FBKK &#8211; (Hanshi P\u00e9ricles Damiski Veiga)<\/p>\n<p>Diplomado pela Confedera\u00e7\u00e3o Nacional e Internacional de Desportos e Lutas &#8211; CONIDEL\u00a0(Hanshi Adalberto Alves de Souza)<\/p>\n<p>Diplomado e Reconhecido Faixa Preta 6\u00ba dan Shotokan Karate-Do Tradicional pela Associa\u00e7\u00e3o Jorge Matos de Karate-do Tradicional &#8211; (Kyoshi Jorge Matos) Rio Grande do Sul<\/p>\n<p><b>Faixa preta 5\u00ba dan Karate &#8211; do Shotokan Pela:<\/b><\/p>\n<p>Diplomado pela Confedera\u00e7\u00e3o Brasileira de Karate de Semi Contato\u00a0 &#8211; CBKSC\u00a0( Dr. Jos\u00e9 Augusto Maciel Torres)<\/p>\n<p>Diplomado pela Federa\u00e7\u00e3o Brasileira de Karate-do e Kobu-do &#8211; FBKK\u00a0 (Hanshi P\u00e9ricles Damiski Veiga)<\/p>\n<p>Diplomado pela Associa\u00e7\u00e3o Shoreikan de Karate-Do e Kobu-Do &#8211;\u00a0 ASKK\u00a0(Hanshi P\u00e9ricles Damiski Veiga)<\/p>\n<p>Diplomado pela Confedera\u00e7\u00e3o Nacional e Internacional de Desportos e Lutas &#8211; CONIDEL\u00a0&#8211; (Hanshi Adalberto Alves de souza)<\/p>\n<p>Faixa Preta 4\u00ba dan Karate-do Shotokan Pela;<\/p>\n<p>Diplomado pela, United States Karate Aliance \u2013 USKA\/EUA.<\/p>\n<p>Diplomado pela Federa\u00e7\u00e3o Brasileira de Karate-do e Kobu-Do &#8211; FBKK &#8211; (Hanshi P\u00e9ricles Damiski Veiga)<\/p>\n<p>Diplomado pela Confedera\u00e7\u00e3o Nacional e Internacional de Desportos e Lutas &#8211; CONIDEL &#8211; (Hanshi Adalberto Alves de Souza)<\/p>\n<p>Diplomado pela Associa\u00e7\u00e3o de Karate Shotokan Tigre Dente de Sabre &#8211; (Hanshi P\u00e9ricles Damiski Veiga)<\/p>\n<p>Diplomado pela, Confedera\u00e7\u00e3o do Desporto Nacional \u2013 CDN &#8211; (Hanshi Dami\u00e3o Martins)<\/p>\n<p>Diplomado pela Associa\u00e7\u00e3o Shoreikan de Karate-do e Kobu-Do &#8211; ASKK &#8211; (Hanshi P\u00e9ricles Damiski Veiga)<\/p>\n<p>Diplomado pela, Confedera\u00e7\u00e3o Nacional de Karate \u2013 CNK.\u00a0&#8211; (Hanshi Osvaldo Can\u00e9)<\/p>\n<p><b>Faixa Preta 3\u00ba dan Karate &#8211; do Shotokan Pela:<\/b><\/p>\n<p>Diplomado pela Federa\u00e7\u00e3o Brasileira de Karate &#8211; Do e Kobu-Do &#8211; FBKK, &#8211; (Hanshi P\u00e9ricles Damiski Veiga)<\/p>\n<p>Diplomado pela Associa\u00e7\u00e3o Shoreikan de Karate &#8211; Do e Kobu-Do &#8211; ASKK,\u00a0&#8211; (Hanshi P\u00e9ricles Damiski Veiga)<\/p>\n<p>Diplomado pela Confedera\u00e7\u00e3o Nacional e Internacional de Desportos e Lutas &#8211; CONIDEL\u00a0 &#8211; (Hanshi Adalberto Alves de Souza)<\/p>\n<p>Faixa Preta 2\u00ba dan Karate do Shotokan Pela:<\/p>\n<p>Diplomado pela Shotokan Karate-do Internacional Clube do Brasil \u2013 SKICB , (Kyoshi Teruo Furusho).<\/p>\n<p>Diplomado pelo Jap\u00e3o pela, Shotokan Karate \u2013 do International Federation \u2013 SKIF\/Jap\u00e3o.(Kancho Hirokazu Kanazawa).<\/p>\n<p>Diplomado pela Okinawa Shorin Ryu Kushinkai \u2013 Chile &#8211; (Hanshi Mauricio Troncoso)<\/p>\n<p>Diplomado pela Confedera\u00e7\u00e3o Nacional e Internacional de Desportos e Lutas &#8211; CONIDEL\u00a0(Hanshi Adalberto Alves de Souza)<\/p>\n<p>Diplomado pela Federa\u00e7\u00e3o Brasileira de Karate &#8211; Do e Kobu-Do &#8211; FBKK, &#8211; (Hanshi P\u00e9ricles Damiski Veiga)<\/p>\n<p>Diplomado pela Associa\u00e7\u00e3o Shoreikan de Karate &#8211; Do e Kobu-Do &#8211; ASKK,\u00a0&#8211;\u00a0\u00a0(Hanshi P\u00e9ricles Damiski Veiga)<\/p>\n<p>Faixa preta 1\u00ba dan Karate-do Shotokan Pela;<\/p>\n<p>Diplomado pela Confedera\u00e7\u00e3o de Karate Interestilos do Brasil \u2013 CKIB. (Shihan Fernando Rocha)<\/p>\n<p>Diplomado pela Shotokan Karate-do Internacional Clube do Brasil &#8211; SKICB (Kyoshi Teruo Furusho)<\/p>\n<p>Diplomado pela Confedera\u00e7\u00e3o Brasileira de Karate de Semi Contato\u00a0 &#8211; CBKSC\u00a0(Dr. Jos\u00e9 Augusto Maciel Torres)<\/p>\n<p>Diplomado pela Associa\u00e7\u00e3o Shoreikan de Karate-do e Kobu-Do &#8211; ASKK\u00a0(Hanshi P\u00e9ricles Damiski Veiga)<\/p>\n<p>Diplomado pela Federa\u00e7\u00e3o Paulista de Karate de Semi Contato &#8211; FPKSC\u00a0(Hanshi P\u00e9ricles Damiski Veiga)<\/p>\n<p>Diplomado pela Confedera\u00e7\u00e3o Nacional e Internacional de Desportos e Lutas &#8211; CONIDEL\u00a0(Hanshi Adalberto Alves de Souza)<\/p>\n<p>O Shihan Leandro da Costa, \u00e9 Diplomado e Reconhecido por v\u00e1rias outras Organiza\u00e7\u00f5es Nacionais e Internacionais, com sua experi\u00eancia de praticante de Karate e artes marciais desde 1983, iniciou seus estudos nas artes marciais com 07 anos de Idade no Jud\u00f4,\u00a0e com 08 anos passou a treinar Karate estilos Wado -Ryu, passando a treinar o Estilo Shotokan e depois o Kyokushin onde nunca parou de treinar abrindo sua Academia com apenas 20 anos de idade, sendo um dos mais jovens a Abrir uma Academia em Pelotas e permanecer at\u00e9 os dias de Hoje de Portas Abertas com For\u00e7a Total, no Ensino da verdadeira Raiz das artes marciais Japonesas.<\/p>\n<p>J\u00e1 Participou de Semin\u00e1rios e Cursos com as maiores Autoridades do Karate \u2013 Do Shotokan Brasileiro e Mundial.<\/p>\n<p>Ministra semin\u00e1rios e cursos, examinador de exames de faixa at\u00e9 o 5\u00ba dan.<\/p>\n<p><span style=\"color: #ff0000;\">Venha fazer parte da Fam\u00edlia Garra de Tigre, traga seu filho para treinar no Dojo Garra de Tigre, venha voc\u00ea tamb\u00e9m e desfrute de um ambiente harmonioso e agrad\u00e1vel que oferecemos aos nossos alunos.<\/span><\/p>\n<p><span style=\"color: #ff0000;\">Contate o Shihan Leandro da Costa para ministrar curso em sua Academia, ou realizar Avalia\u00e7\u00e3o de Faixas.<\/span><\/p>\n<p><span style=\"color: #ff0000;\">e-mail\u00a0<a href=\"mailto:kickboxingjapones@gmail.com\">kickboxingjapones@gmail.com<\/a>\u00a0 &#8211;\u00a0 tel. 53-99988-0938<\/span><\/p>\n<p><span style=\"color: #ff0000;\">AULAS DE KARATE NA ACADEMIA GARRA DE TIGRE, INFANTIL E ADULTO, MASCULINO E FEMININO.<\/span><\/p>\n<p><span style=\"color: #ff0000;\">Associa\u00e7\u00e3o Garra de Tigre de Artes Marciais &#8211; AGTAM<\/span><\/p>\n<p><span style=\"color: #ff0000;\">Associa\u00e7\u00e3o Brasileira de Karate &#8211; do e Kickboxing\u00a0 &#8211;\u00a0ABKK<\/span><\/p>\n<p><b><i><span style=\"color: #0000ff;\">Venha\u00a0Fazer\u00a0Uma Aula Experimental!<\/span><\/i><\/b><\/p>\n<p><b><i><span style=\"color: #0000ff;\">RUA GENERAL OS\u00d3RIO, 904 CENTRO PELOTAS-RS<\/span><\/i><\/b><\/p>\n<p><b><i><span style=\"color: #ff0000;\">SHIHAN LEANDRO DA COSTA &#8211; PROFESSOR DE EDUCA\u00c7\u00c3O FISICA\u00a0&#8211; CREF 004025-G\/RS<\/span><\/i><\/b><\/p>\n<p><b><i><span style=\"color: #0000ff;\">HIST\u00d3RIA &#8211; TRABALHO &#8211; HONESTIDADE E CREDIBILIDADE!<\/span><\/i><\/b><\/p>\n<p><b><i><span style=\"color: #0000ff;\">DESDE 1996 FORMANDO CAMPE\u00d5ES E EDUCANDO COM O ESPORTE!<\/span><\/i><\/b><\/p>\n<\/div>\n<\/div>\n<\/div><\/section><\/div>\n<style type=\"text\/css\" data-created_by=\"avia_inline_auto\" id=\"style-css-av-lhff5egj-74bb2d13caab56a3fe6e07f0a5f6ceca\">\n#top .avia-gallery.av-lhff5egj-74bb2d13caab56a3fe6e07f0a5f6ceca .avia-gallery-thumb a{\nwidth:16.6667%;\n}\n<\/style>\n<div  class='avia-gallery av-lhff5egj-74bb2d13caab56a3fe6e07f0a5f6ceca avia_animate_when_visible  avia-builder-el-2  el_after_av_one_full  avia-builder-el-last  animations_off avia-gallery-1'  itemprop=\"image\" itemscope=\"itemscope\" itemtype=\"https:\/\/schema.org\/ImageObject\" ><meta itemprop=\"contentURL\" content=\"https:\/\/graomestreleandrodacosta.com.br\/?page_id=665\"><div class='avia-gallery-thumb'><a href=\"https:\/\/graomestreleandrodacosta.com.br\/wp-content\/uploads\/2023\/05\/shihan-leandro-da-costa-com-seu-aluno-daniel-em-2001-durante-aula-de-karate-do-shotokan-no-dojo-garra-de-tigre-1030x685.jpg\" data-srcset=\"https:\/\/graomestreleandrodacosta.com.br\/wp-content\/uploads\/2023\/05\/shihan-leandro-da-costa-com-seu-aluno-daniel-em-2001-durante-aula-de-karate-do-shotokan-no-dojo-garra-de-tigre-1030x685.jpg 1030w, https:\/\/graomestreleandrodacosta.com.br\/wp-content\/uploads\/2023\/05\/shihan-leandro-da-costa-com-seu-aluno-daniel-em-2001-durante-aula-de-karate-do-shotokan-no-dojo-garra-de-tigre-300x200.jpg 300w, https:\/\/graomestreleandrodacosta.com.br\/wp-content\/uploads\/2023\/05\/shihan-leandro-da-costa-com-seu-aluno-daniel-em-2001-durante-aula-de-karate-do-shotokan-no-dojo-garra-de-tigre-768x511.jpg 768w, https:\/\/graomestreleandrodacosta.com.br\/wp-content\/uploads\/2023\/05\/shihan-leandro-da-costa-com-seu-aluno-daniel-em-2001-durante-aula-de-karate-do-shotokan-no-dojo-garra-de-tigre-1536x1022.jpg 1536w, https:\/\/graomestreleandrodacosta.com.br\/wp-content\/uploads\/2023\/05\/shihan-leandro-da-costa-com-seu-aluno-daniel-em-2001-durante-aula-de-karate-do-shotokan-no-dojo-garra-de-tigre-2048x1363.jpg 2048w, https:\/\/graomestreleandrodacosta.com.br\/wp-content\/uploads\/2023\/05\/shihan-leandro-da-costa-com-seu-aluno-daniel-em-2001-durante-aula-de-karate-do-shotokan-no-dojo-garra-de-tigre-1500x998.jpg 1500w, https:\/\/graomestreleandrodacosta.com.br\/wp-content\/uploads\/2023\/05\/shihan-leandro-da-costa-com-seu-aluno-daniel-em-2001-durante-aula-de-karate-do-shotokan-no-dojo-garra-de-tigre-705x469.jpg 705w\" data-sizes=\"(max-width: 1030px) 100vw, 1030px\" data-rel='gallery-1' data-prev-img='https:\/\/graomestreleandrodacosta.com.br\/wp-content\/uploads\/2023\/05\/shihan-leandro-da-costa-com-seu-aluno-daniel-em-2001-durante-aula-de-karate-do-shotokan-no-dojo-garra-de-tigre-495x400.jpg' class='first_thumb lightbox ' data-onclick='1' title='shihan leandro da costa com seu aluno daniel em 2001 durante aula de karate-do shotokan no dojo garra de tigre'  itemprop=\"thumbnailUrl\"  ><img decoding=\"async\" class=\"wp-image-673 avia-img-lazy-loading-not-673\"   src=\"https:\/\/graomestreleandrodacosta.com.br\/wp-content\/uploads\/2023\/05\/shihan-leandro-da-costa-com-seu-aluno-daniel-em-2001-durante-aula-de-karate-do-shotokan-no-dojo-garra-de-tigre-495x400.jpg\" width=\"495\" height=\"400\"  title='shihan leandro da costa com seu aluno daniel em 2001 durante aula de karate-do shotokan no dojo garra de tigre' alt='' srcset=\"https:\/\/graomestreleandrodacosta.com.br\/wp-content\/uploads\/2023\/05\/shihan-leandro-da-costa-com-seu-aluno-daniel-em-2001-durante-aula-de-karate-do-shotokan-no-dojo-garra-de-tigre-495x400.jpg 495w, https:\/\/graomestreleandrodacosta.com.br\/wp-content\/uploads\/2023\/05\/shihan-leandro-da-costa-com-seu-aluno-daniel-em-2001-durante-aula-de-karate-do-shotokan-no-dojo-garra-de-tigre-845x684.jpg 845w\" sizes=\"(max-width: 495px) 100vw, 495px\" \/><div class='big-prev-fake'><img decoding=\"async\" class=\"wp-image-673 avia-img-lazy-loading-673\"  width=\"495\" height=\"400\" src=\"https:\/\/graomestreleandrodacosta.com.br\/wp-content\/uploads\/2023\/05\/shihan-leandro-da-costa-com-seu-aluno-daniel-em-2001-durante-aula-de-karate-do-shotokan-no-dojo-garra-de-tigre-495x400.jpg\" title='shihan leandro da costa com seu aluno daniel em 2001 durante aula de karate-do shotokan no dojo garra de tigre' alt='' srcset=\"https:\/\/graomestreleandrodacosta.com.br\/wp-content\/uploads\/2023\/05\/shihan-leandro-da-costa-com-seu-aluno-daniel-em-2001-durante-aula-de-karate-do-shotokan-no-dojo-garra-de-tigre-495x400.jpg 495w, https:\/\/graomestreleandrodacosta.com.br\/wp-content\/uploads\/2023\/05\/shihan-leandro-da-costa-com-seu-aluno-daniel-em-2001-durante-aula-de-karate-do-shotokan-no-dojo-garra-de-tigre-845x684.jpg 845w\" sizes=\"(max-width: 495px) 100vw, 495px\" \/><\/div><\/a><a href=\"https:\/\/graomestreleandrodacosta.com.br\/wp-content\/uploads\/2023\/05\/MEUS-TREINOS-COM-O-MEU-MESTRE-DE-KARATE-SHOTOKAN-MESTE-PERICLES-OSSU-OBRIGADO-MESTRE-PELOS-ENSINAMENTOS-691x1030.jpg\" data-srcset=\"https:\/\/graomestreleandrodacosta.com.br\/wp-content\/uploads\/2023\/05\/MEUS-TREINOS-COM-O-MEU-MESTRE-DE-KARATE-SHOTOKAN-MESTE-PERICLES-OSSU-OBRIGADO-MESTRE-PELOS-ENSINAMENTOS-691x1030.jpg 691w, https:\/\/graomestreleandrodacosta.com.br\/wp-content\/uploads\/2023\/05\/MEUS-TREINOS-COM-O-MEU-MESTRE-DE-KARATE-SHOTOKAN-MESTE-PERICLES-OSSU-OBRIGADO-MESTRE-PELOS-ENSINAMENTOS-201x300.jpg 201w, https:\/\/graomestreleandrodacosta.com.br\/wp-content\/uploads\/2023\/05\/MEUS-TREINOS-COM-O-MEU-MESTRE-DE-KARATE-SHOTOKAN-MESTE-PERICLES-OSSU-OBRIGADO-MESTRE-PELOS-ENSINAMENTOS-768x1144.jpg 768w, https:\/\/graomestreleandrodacosta.com.br\/wp-content\/uploads\/2023\/05\/MEUS-TREINOS-COM-O-MEU-MESTRE-DE-KARATE-SHOTOKAN-MESTE-PERICLES-OSSU-OBRIGADO-MESTRE-PELOS-ENSINAMENTOS-1031x1536.jpg 1031w, https:\/\/graomestreleandrodacosta.com.br\/wp-content\/uploads\/2023\/05\/MEUS-TREINOS-COM-O-MEU-MESTRE-DE-KARATE-SHOTOKAN-MESTE-PERICLES-OSSU-OBRIGADO-MESTRE-PELOS-ENSINAMENTOS-1375x2048.jpg 1375w, https:\/\/graomestreleandrodacosta.com.br\/wp-content\/uploads\/2023\/05\/MEUS-TREINOS-COM-O-MEU-MESTRE-DE-KARATE-SHOTOKAN-MESTE-PERICLES-OSSU-OBRIGADO-MESTRE-PELOS-ENSINAMENTOS-1007x1500.jpg 1007w, https:\/\/graomestreleandrodacosta.com.br\/wp-content\/uploads\/2023\/05\/MEUS-TREINOS-COM-O-MEU-MESTRE-DE-KARATE-SHOTOKAN-MESTE-PERICLES-OSSU-OBRIGADO-MESTRE-PELOS-ENSINAMENTOS-473x705.jpg 473w, https:\/\/graomestreleandrodacosta.com.br\/wp-content\/uploads\/2023\/05\/MEUS-TREINOS-COM-O-MEU-MESTRE-DE-KARATE-SHOTOKAN-MESTE-PERICLES-OSSU-OBRIGADO-MESTRE-PELOS-ENSINAMENTOS.jpg 1588w\" data-sizes=\"(max-width: 691px) 100vw, 691px\" data-rel='gallery-1' data-prev-img='https:\/\/graomestreleandrodacosta.com.br\/wp-content\/uploads\/2023\/05\/MEUS-TREINOS-COM-O-MEU-MESTRE-DE-KARATE-SHOTOKAN-MESTE-PERICLES-OSSU-OBRIGADO-MESTRE-PELOS-ENSINAMENTOS-495x400.jpg' class='lightbox ' data-onclick='2' title='MEUS TREINOS COM O MEU MESTRE DE KARATE SHOTOKAN MESTE P\u00c9RICLES OSSU! OBRIGADO MESTRE PELOS ENSINAMENTOS'  itemprop=\"thumbnailUrl\"  ><img decoding=\"async\" class=\"wp-image-674 avia-img-lazy-loading-not-674\"   src=\"https:\/\/graomestreleandrodacosta.com.br\/wp-content\/uploads\/2023\/05\/MEUS-TREINOS-COM-O-MEU-MESTRE-DE-KARATE-SHOTOKAN-MESTE-PERICLES-OSSU-OBRIGADO-MESTRE-PELOS-ENSINAMENTOS-495x400.jpg\" width=\"495\" height=\"400\"  title='MEUS TREINOS COM O MEU MESTRE DE KARATE SHOTOKAN MESTE P\u00c9RICLES OSSU! OBRIGADO MESTRE PELOS ENSINAMENTOS' alt='' srcset=\"https:\/\/graomestreleandrodacosta.com.br\/wp-content\/uploads\/2023\/05\/MEUS-TREINOS-COM-O-MEU-MESTRE-DE-KARATE-SHOTOKAN-MESTE-PERICLES-OSSU-OBRIGADO-MESTRE-PELOS-ENSINAMENTOS-495x400.jpg 495w, https:\/\/graomestreleandrodacosta.com.br\/wp-content\/uploads\/2023\/05\/MEUS-TREINOS-COM-O-MEU-MESTRE-DE-KARATE-SHOTOKAN-MESTE-PERICLES-OSSU-OBRIGADO-MESTRE-PELOS-ENSINAMENTOS-845x684.jpg 845w\" sizes=\"(max-width: 495px) 100vw, 495px\" \/><div class='big-prev-fake'><img decoding=\"async\" class=\"wp-image-674 avia-img-lazy-loading-674\"  width=\"495\" height=\"400\" src=\"https:\/\/graomestreleandrodacosta.com.br\/wp-content\/uploads\/2023\/05\/MEUS-TREINOS-COM-O-MEU-MESTRE-DE-KARATE-SHOTOKAN-MESTE-PERICLES-OSSU-OBRIGADO-MESTRE-PELOS-ENSINAMENTOS-495x400.jpg\" title='MEUS TREINOS COM O MEU MESTRE DE KARATE SHOTOKAN MESTE P\u00c9RICLES OSSU! OBRIGADO MESTRE PELOS ENSINAMENTOS' alt='' srcset=\"https:\/\/graomestreleandrodacosta.com.br\/wp-content\/uploads\/2023\/05\/MEUS-TREINOS-COM-O-MEU-MESTRE-DE-KARATE-SHOTOKAN-MESTE-PERICLES-OSSU-OBRIGADO-MESTRE-PELOS-ENSINAMENTOS-495x400.jpg 495w, https:\/\/graomestreleandrodacosta.com.br\/wp-content\/uploads\/2023\/05\/MEUS-TREINOS-COM-O-MEU-MESTRE-DE-KARATE-SHOTOKAN-MESTE-PERICLES-OSSU-OBRIGADO-MESTRE-PELOS-ENSINAMENTOS-845x684.jpg 845w\" sizes=\"(max-width: 495px) 100vw, 495px\" \/><\/div><\/a><a href=\"https:\/\/graomestreleandrodacosta.com.br\/wp-content\/uploads\/2023\/05\/shihan-rocha-e-shihan-leandro-687x1030.jpg\" data-srcset=\"https:\/\/graomestreleandrodacosta.com.br\/wp-content\/uploads\/2023\/05\/shihan-rocha-e-shihan-leandro-687x1030.jpg 687w, https:\/\/graomestreleandrodacosta.com.br\/wp-content\/uploads\/2023\/05\/shihan-rocha-e-shihan-leandro-200x300.jpg 200w, https:\/\/graomestreleandrodacosta.com.br\/wp-content\/uploads\/2023\/05\/shihan-rocha-e-shihan-leandro-768x1151.jpg 768w, https:\/\/graomestreleandrodacosta.com.br\/wp-content\/uploads\/2023\/05\/shihan-rocha-e-shihan-leandro-1025x1536.jpg 1025w, https:\/\/graomestreleandrodacosta.com.br\/wp-content\/uploads\/2023\/05\/shihan-rocha-e-shihan-leandro-1001x1500.jpg 1001w, https:\/\/graomestreleandrodacosta.com.br\/wp-content\/uploads\/2023\/05\/shihan-rocha-e-shihan-leandro-470x705.jpg 470w, https:\/\/graomestreleandrodacosta.com.br\/wp-content\/uploads\/2023\/05\/shihan-rocha-e-shihan-leandro.jpg 1086w\" data-sizes=\"(max-width: 687px) 100vw, 687px\" data-rel='gallery-1' data-prev-img='https:\/\/graomestreleandrodacosta.com.br\/wp-content\/uploads\/2023\/05\/shihan-rocha-e-shihan-leandro-495x400.jpg' class='lightbox ' data-onclick='3' title='shihan rocha e shihan leandro'  itemprop=\"thumbnailUrl\"  ><img decoding=\"async\" class=\"wp-image-675 avia-img-lazy-loading-not-675\"   src=\"https:\/\/graomestreleandrodacosta.com.br\/wp-content\/uploads\/2023\/05\/shihan-rocha-e-shihan-leandro-495x400.jpg\" width=\"495\" height=\"400\"  title='shihan rocha e shihan leandro' alt='' srcset=\"https:\/\/graomestreleandrodacosta.com.br\/wp-content\/uploads\/2023\/05\/shihan-rocha-e-shihan-leandro-495x400.jpg 495w, https:\/\/graomestreleandrodacosta.com.br\/wp-content\/uploads\/2023\/05\/shihan-rocha-e-shihan-leandro-845x684.jpg 845w\" sizes=\"(max-width: 495px) 100vw, 495px\" \/><div class='big-prev-fake'><img decoding=\"async\" class=\"wp-image-675 avia-img-lazy-loading-675\"  width=\"495\" height=\"400\" src=\"https:\/\/graomestreleandrodacosta.com.br\/wp-content\/uploads\/2023\/05\/shihan-rocha-e-shihan-leandro-495x400.jpg\" title='shihan rocha e shihan leandro' alt='' srcset=\"https:\/\/graomestreleandrodacosta.com.br\/wp-content\/uploads\/2023\/05\/shihan-rocha-e-shihan-leandro-495x400.jpg 495w, https:\/\/graomestreleandrodacosta.com.br\/wp-content\/uploads\/2023\/05\/shihan-rocha-e-shihan-leandro-845x684.jpg 845w\" sizes=\"(max-width: 495px) 100vw, 495px\" \/><\/div><\/a><a href=\"https:\/\/graomestreleandrodacosta.com.br\/wp-content\/uploads\/2023\/05\/shihan-leandro-com-seu-aluno-e-hoje-sensei-de-shotokan-e-bukeiko-ryu-sensei-cassio-durante-uma-aula-de-karate-shotokan-no-dojo-garra-de-tigre-em-2001-690x1030.jpg\" data-srcset=\"https:\/\/graomestreleandrodacosta.com.br\/wp-content\/uploads\/2023\/05\/shihan-leandro-com-seu-aluno-e-hoje-sensei-de-shotokan-e-bukeiko-ryu-sensei-cassio-durante-uma-aula-de-karate-shotokan-no-dojo-garra-de-tigre-em-2001-690x1030.jpg 690w, https:\/\/graomestreleandrodacosta.com.br\/wp-content\/uploads\/2023\/05\/shihan-leandro-com-seu-aluno-e-hoje-sensei-de-shotokan-e-bukeiko-ryu-sensei-cassio-durante-uma-aula-de-karate-shotokan-no-dojo-garra-de-tigre-em-2001-201x300.jpg 201w, https:\/\/graomestreleandrodacosta.com.br\/wp-content\/uploads\/2023\/05\/shihan-leandro-com-seu-aluno-e-hoje-sensei-de-shotokan-e-bukeiko-ryu-sensei-cassio-durante-uma-aula-de-karate-shotokan-no-dojo-garra-de-tigre-em-2001-768x1147.jpg 768w, https:\/\/graomestreleandrodacosta.com.br\/wp-content\/uploads\/2023\/05\/shihan-leandro-com-seu-aluno-e-hoje-sensei-de-shotokan-e-bukeiko-ryu-sensei-cassio-durante-uma-aula-de-karate-shotokan-no-dojo-garra-de-tigre-em-2001-472x705.jpg 472w, https:\/\/graomestreleandrodacosta.com.br\/wp-content\/uploads\/2023\/05\/shihan-leandro-com-seu-aluno-e-hoje-sensei-de-shotokan-e-bukeiko-ryu-sensei-cassio-durante-uma-aula-de-karate-shotokan-no-dojo-garra-de-tigre-em-2001.jpg 857w\" data-sizes=\"(max-width: 690px) 100vw, 690px\" data-rel='gallery-1' data-prev-img='https:\/\/graomestreleandrodacosta.com.br\/wp-content\/uploads\/2023\/05\/shihan-leandro-com-seu-aluno-e-hoje-sensei-de-shotokan-e-bukeiko-ryu-sensei-cassio-durante-uma-aula-de-karate-shotokan-no-dojo-garra-de-tigre-em-2001-495x400.jpg' class='lightbox ' data-onclick='4' title='shihan leandro com seu aluno e hoje sensei de shotokan e bukeiko-ryu sensei c\u00e1ssio durante uma aula de karate shotokan no dojo garra de tigre em 2001'  itemprop=\"thumbnailUrl\"  ><img decoding=\"async\" class=\"wp-image-676 avia-img-lazy-loading-not-676\"   src=\"https:\/\/graomestreleandrodacosta.com.br\/wp-content\/uploads\/2023\/05\/shihan-leandro-com-seu-aluno-e-hoje-sensei-de-shotokan-e-bukeiko-ryu-sensei-cassio-durante-uma-aula-de-karate-shotokan-no-dojo-garra-de-tigre-em-2001-495x400.jpg\" width=\"495\" height=\"400\"  title='shihan leandro com seu aluno e hoje sensei de shotokan e bukeiko-ryu sensei c\u00e1ssio durante uma aula de karate shotokan no dojo garra de tigre em 2001' alt='' srcset=\"https:\/\/graomestreleandrodacosta.com.br\/wp-content\/uploads\/2023\/05\/shihan-leandro-com-seu-aluno-e-hoje-sensei-de-shotokan-e-bukeiko-ryu-sensei-cassio-durante-uma-aula-de-karate-shotokan-no-dojo-garra-de-tigre-em-2001-495x400.jpg 495w, https:\/\/graomestreleandrodacosta.com.br\/wp-content\/uploads\/2023\/05\/shihan-leandro-com-seu-aluno-e-hoje-sensei-de-shotokan-e-bukeiko-ryu-sensei-cassio-durante-uma-aula-de-karate-shotokan-no-dojo-garra-de-tigre-em-2001-845x684.jpg 845w\" sizes=\"(max-width: 495px) 100vw, 495px\" \/><div class='big-prev-fake'><img decoding=\"async\" class=\"wp-image-676 avia-img-lazy-loading-676\"  width=\"495\" height=\"400\" src=\"https:\/\/graomestreleandrodacosta.com.br\/wp-content\/uploads\/2023\/05\/shihan-leandro-com-seu-aluno-e-hoje-sensei-de-shotokan-e-bukeiko-ryu-sensei-cassio-durante-uma-aula-de-karate-shotokan-no-dojo-garra-de-tigre-em-2001-495x400.jpg\" title='shihan leandro com seu aluno e hoje sensei de shotokan e bukeiko-ryu sensei c\u00e1ssio durante uma aula de karate shotokan no dojo garra de tigre em 2001' alt='' srcset=\"https:\/\/graomestreleandrodacosta.com.br\/wp-content\/uploads\/2023\/05\/shihan-leandro-com-seu-aluno-e-hoje-sensei-de-shotokan-e-bukeiko-ryu-sensei-cassio-durante-uma-aula-de-karate-shotokan-no-dojo-garra-de-tigre-em-2001-495x400.jpg 495w, https:\/\/graomestreleandrodacosta.com.br\/wp-content\/uploads\/2023\/05\/shihan-leandro-com-seu-aluno-e-hoje-sensei-de-shotokan-e-bukeiko-ryu-sensei-cassio-durante-uma-aula-de-karate-shotokan-no-dojo-garra-de-tigre-em-2001-845x684.jpg 845w\" sizes=\"(max-width: 495px) 100vw, 495px\" \/><\/div><\/a><a href=\"https:\/\/graomestreleandrodacosta.com.br\/wp-content\/uploads\/2023\/05\/SHIHAN-LEANDRO-COM-KYOSHI-JORE-SENSEI-RAFAEL-E-MEMBROS-DA-ASSOCIACAO-DE-KARATE-TRADICIONAL-1030x686.jpg\" data-srcset=\"https:\/\/graomestreleandrodacosta.com.br\/wp-content\/uploads\/2023\/05\/SHIHAN-LEANDRO-COM-KYOSHI-JORE-SENSEI-RAFAEL-E-MEMBROS-DA-ASSOCIACAO-DE-KARATE-TRADICIONAL-1030x686.jpg 1030w, https:\/\/graomestreleandrodacosta.com.br\/wp-content\/uploads\/2023\/05\/SHIHAN-LEANDRO-COM-KYOSHI-JORE-SENSEI-RAFAEL-E-MEMBROS-DA-ASSOCIACAO-DE-KARATE-TRADICIONAL-300x200.jpg 300w, https:\/\/graomestreleandrodacosta.com.br\/wp-content\/uploads\/2023\/05\/SHIHAN-LEANDRO-COM-KYOSHI-JORE-SENSEI-RAFAEL-E-MEMBROS-DA-ASSOCIACAO-DE-KARATE-TRADICIONAL-768x512.jpg 768w, https:\/\/graomestreleandrodacosta.com.br\/wp-content\/uploads\/2023\/05\/SHIHAN-LEANDRO-COM-KYOSHI-JORE-SENSEI-RAFAEL-E-MEMBROS-DA-ASSOCIACAO-DE-KARATE-TRADICIONAL-705x470.jpg 705w, https:\/\/graomestreleandrodacosta.com.br\/wp-content\/uploads\/2023\/05\/SHIHAN-LEANDRO-COM-KYOSHI-JORE-SENSEI-RAFAEL-E-MEMBROS-DA-ASSOCIACAO-DE-KARATE-TRADICIONAL.jpg 1402w\" data-sizes=\"(max-width: 1030px) 100vw, 1030px\" data-rel='gallery-1' data-prev-img='https:\/\/graomestreleandrodacosta.com.br\/wp-content\/uploads\/2023\/05\/SHIHAN-LEANDRO-COM-KYOSHI-JORE-SENSEI-RAFAEL-E-MEMBROS-DA-ASSOCIACAO-DE-KARATE-TRADICIONAL-495x400.jpg' class='lightbox ' data-onclick='5' title='SHIHAN LEANDRO COM KYOSHI JORE, SENSEI RAFAEL E MEMBROS DA ASSOCIA\u00c7\u00c3O DE KARATE TRADICIONAL,'  itemprop=\"thumbnailUrl\"  ><img decoding=\"async\" class=\"wp-image-677 avia-img-lazy-loading-not-677\"   src=\"https:\/\/graomestreleandrodacosta.com.br\/wp-content\/uploads\/2023\/05\/SHIHAN-LEANDRO-COM-KYOSHI-JORE-SENSEI-RAFAEL-E-MEMBROS-DA-ASSOCIACAO-DE-KARATE-TRADICIONAL-495x400.jpg\" width=\"495\" height=\"400\"  title='SHIHAN LEANDRO COM KYOSHI JORE, SENSEI RAFAEL E MEMBROS DA ASSOCIA\u00c7\u00c3O DE KARATE TRADICIONAL,' alt='' srcset=\"https:\/\/graomestreleandrodacosta.com.br\/wp-content\/uploads\/2023\/05\/SHIHAN-LEANDRO-COM-KYOSHI-JORE-SENSEI-RAFAEL-E-MEMBROS-DA-ASSOCIACAO-DE-KARATE-TRADICIONAL-495x400.jpg 495w, https:\/\/graomestreleandrodacosta.com.br\/wp-content\/uploads\/2023\/05\/SHIHAN-LEANDRO-COM-KYOSHI-JORE-SENSEI-RAFAEL-E-MEMBROS-DA-ASSOCIACAO-DE-KARATE-TRADICIONAL-845x684.jpg 845w\" sizes=\"(max-width: 495px) 100vw, 495px\" \/><div class='big-prev-fake'><img decoding=\"async\" class=\"wp-image-677 avia-img-lazy-loading-677\"  width=\"495\" height=\"400\" src=\"https:\/\/graomestreleandrodacosta.com.br\/wp-content\/uploads\/2023\/05\/SHIHAN-LEANDRO-COM-KYOSHI-JORE-SENSEI-RAFAEL-E-MEMBROS-DA-ASSOCIACAO-DE-KARATE-TRADICIONAL-495x400.jpg\" title='SHIHAN LEANDRO COM KYOSHI JORE, SENSEI RAFAEL E MEMBROS DA ASSOCIA\u00c7\u00c3O DE KARATE TRADICIONAL,' alt='' srcset=\"https:\/\/graomestreleandrodacosta.com.br\/wp-content\/uploads\/2023\/05\/SHIHAN-LEANDRO-COM-KYOSHI-JORE-SENSEI-RAFAEL-E-MEMBROS-DA-ASSOCIACAO-DE-KARATE-TRADICIONAL-495x400.jpg 495w, https:\/\/graomestreleandrodacosta.com.br\/wp-content\/uploads\/2023\/05\/SHIHAN-LEANDRO-COM-KYOSHI-JORE-SENSEI-RAFAEL-E-MEMBROS-DA-ASSOCIACAO-DE-KARATE-TRADICIONAL-845x684.jpg 845w\" sizes=\"(max-width: 495px) 100vw, 495px\" \/><\/div><\/a><a href=\"https:\/\/graomestreleandrodacosta.com.br\/wp-content\/uploads\/2023\/05\/shihan-leandro-da-costa-6o-dan-karate-do-shotokan-687x1030.jpg\" data-srcset=\"https:\/\/graomestreleandrodacosta.com.br\/wp-content\/uploads\/2023\/05\/shihan-leandro-da-costa-6o-dan-karate-do-shotokan-687x1030.jpg 687w, https:\/\/graomestreleandrodacosta.com.br\/wp-content\/uploads\/2023\/05\/shihan-leandro-da-costa-6o-dan-karate-do-shotokan-200x300.jpg 200w, https:\/\/graomestreleandrodacosta.com.br\/wp-content\/uploads\/2023\/05\/shihan-leandro-da-costa-6o-dan-karate-do-shotokan-768x1151.jpg 768w, https:\/\/graomestreleandrodacosta.com.br\/wp-content\/uploads\/2023\/05\/shihan-leandro-da-costa-6o-dan-karate-do-shotokan-1025x1536.jpg 1025w, https:\/\/graomestreleandrodacosta.com.br\/wp-content\/uploads\/2023\/05\/shihan-leandro-da-costa-6o-dan-karate-do-shotokan-1001x1500.jpg 1001w, https:\/\/graomestreleandrodacosta.com.br\/wp-content\/uploads\/2023\/05\/shihan-leandro-da-costa-6o-dan-karate-do-shotokan-470x705.jpg 470w, https:\/\/graomestreleandrodacosta.com.br\/wp-content\/uploads\/2023\/05\/shihan-leandro-da-costa-6o-dan-karate-do-shotokan.jpg 1182w\" data-sizes=\"(max-width: 687px) 100vw, 687px\" data-rel='gallery-1' data-prev-img='https:\/\/graomestreleandrodacosta.com.br\/wp-content\/uploads\/2023\/05\/shihan-leandro-da-costa-6o-dan-karate-do-shotokan-495x400.jpg' class='lightbox ' data-onclick='6' title='shihan leandro da costa 6\u00ba dan karate-do shotokan'  itemprop=\"thumbnailUrl\"  ><img decoding=\"async\" class=\"wp-image-678 avia-img-lazy-loading-not-678\"   src=\"https:\/\/graomestreleandrodacosta.com.br\/wp-content\/uploads\/2023\/05\/shihan-leandro-da-costa-6o-dan-karate-do-shotokan-495x400.jpg\" width=\"495\" height=\"400\"  title='shihan leandro da costa 6\u00ba dan karate-do shotokan' alt='' srcset=\"https:\/\/graomestreleandrodacosta.com.br\/wp-content\/uploads\/2023\/05\/shihan-leandro-da-costa-6o-dan-karate-do-shotokan-495x400.jpg 495w, https:\/\/graomestreleandrodacosta.com.br\/wp-content\/uploads\/2023\/05\/shihan-leandro-da-costa-6o-dan-karate-do-shotokan-845x684.jpg 845w\" sizes=\"(max-width: 495px) 100vw, 495px\" \/><div class='big-prev-fake'><img decoding=\"async\" class=\"wp-image-678 avia-img-lazy-loading-678\"  width=\"495\" height=\"400\" src=\"https:\/\/graomestreleandrodacosta.com.br\/wp-content\/uploads\/2023\/05\/shihan-leandro-da-costa-6o-dan-karate-do-shotokan-495x400.jpg\" title='shihan leandro da costa 6\u00ba dan karate-do shotokan' alt='' srcset=\"https:\/\/graomestreleandrodacosta.com.br\/wp-content\/uploads\/2023\/05\/shihan-leandro-da-costa-6o-dan-karate-do-shotokan-495x400.jpg 495w, https:\/\/graomestreleandrodacosta.com.br\/wp-content\/uploads\/2023\/05\/shihan-leandro-da-costa-6o-dan-karate-do-shotokan-845x684.jpg 845w\" sizes=\"(max-width: 495px) 100vw, 495px\" \/><\/div><\/a><a href=\"https:\/\/graomestreleandrodacosta.com.br\/wp-content\/uploads\/2023\/05\/kyoshi-jorge-matos-shihan-leandro-da-costa-e-sensei-rafael-karate-do-tradicional-1030x686.jpg\" data-srcset=\"https:\/\/graomestreleandrodacosta.com.br\/wp-content\/uploads\/2023\/05\/kyoshi-jorge-matos-shihan-leandro-da-costa-e-sensei-rafael-karate-do-tradicional-1030x686.jpg 1030w, https:\/\/graomestreleandrodacosta.com.br\/wp-content\/uploads\/2023\/05\/kyoshi-jorge-matos-shihan-leandro-da-costa-e-sensei-rafael-karate-do-tradicional-300x200.jpg 300w, https:\/\/graomestreleandrodacosta.com.br\/wp-content\/uploads\/2023\/05\/kyoshi-jorge-matos-shihan-leandro-da-costa-e-sensei-rafael-karate-do-tradicional-768x512.jpg 768w, https:\/\/graomestreleandrodacosta.com.br\/wp-content\/uploads\/2023\/05\/kyoshi-jorge-matos-shihan-leandro-da-costa-e-sensei-rafael-karate-do-tradicional-705x470.jpg 705w, https:\/\/graomestreleandrodacosta.com.br\/wp-content\/uploads\/2023\/05\/kyoshi-jorge-matos-shihan-leandro-da-costa-e-sensei-rafael-karate-do-tradicional.jpg 1402w\" data-sizes=\"(max-width: 1030px) 100vw, 1030px\" data-rel='gallery-1' data-prev-img='https:\/\/graomestreleandrodacosta.com.br\/wp-content\/uploads\/2023\/05\/kyoshi-jorge-matos-shihan-leandro-da-costa-e-sensei-rafael-karate-do-tradicional-495x400.jpg' class='first_thumb lightbox ' data-onclick='7' title='kyoshi jorge matos, shihan leandro da costa e sensei rafael - karate-do tradicional'  itemprop=\"thumbnailUrl\"  ><img decoding=\"async\" class=\"wp-image-679 avia-img-lazy-loading-not-679\"   src=\"https:\/\/graomestreleandrodacosta.com.br\/wp-content\/uploads\/2023\/05\/kyoshi-jorge-matos-shihan-leandro-da-costa-e-sensei-rafael-karate-do-tradicional-495x400.jpg\" width=\"495\" height=\"400\"  title='kyoshi jorge matos, shihan leandro da costa e sensei rafael - karate-do tradicional' alt='' srcset=\"https:\/\/graomestreleandrodacosta.com.br\/wp-content\/uploads\/2023\/05\/kyoshi-jorge-matos-shihan-leandro-da-costa-e-sensei-rafael-karate-do-tradicional-495x400.jpg 495w, https:\/\/graomestreleandrodacosta.com.br\/wp-content\/uploads\/2023\/05\/kyoshi-jorge-matos-shihan-leandro-da-costa-e-sensei-rafael-karate-do-tradicional-845x684.jpg 845w\" sizes=\"(max-width: 495px) 100vw, 495px\" \/><div class='big-prev-fake'><img decoding=\"async\" class=\"wp-image-679 avia-img-lazy-loading-679\"  width=\"495\" height=\"400\" src=\"https:\/\/graomestreleandrodacosta.com.br\/wp-content\/uploads\/2023\/05\/kyoshi-jorge-matos-shihan-leandro-da-costa-e-sensei-rafael-karate-do-tradicional-495x400.jpg\" title='kyoshi jorge matos, shihan leandro da costa e sensei rafael - karate-do tradicional' alt='' srcset=\"https:\/\/graomestreleandrodacosta.com.br\/wp-content\/uploads\/2023\/05\/kyoshi-jorge-matos-shihan-leandro-da-costa-e-sensei-rafael-karate-do-tradicional-495x400.jpg 495w, https:\/\/graomestreleandrodacosta.com.br\/wp-content\/uploads\/2023\/05\/kyoshi-jorge-matos-shihan-leandro-da-costa-e-sensei-rafael-karate-do-tradicional-845x684.jpg 845w\" sizes=\"(max-width: 495px) 100vw, 495px\" \/><\/div><\/a><a href=\"https:\/\/graomestreleandrodacosta.com.br\/wp-content\/uploads\/2023\/05\/CARTA-USKA-USA-AO-MESTRE-LEANDRO-DA-COSTA-756x1030.jpg\" data-srcset=\"https:\/\/graomestreleandrodacosta.com.br\/wp-content\/uploads\/2023\/05\/CARTA-USKA-USA-AO-MESTRE-LEANDRO-DA-COSTA-756x1030.jpg 756w, https:\/\/graomestreleandrodacosta.com.br\/wp-content\/uploads\/2023\/05\/CARTA-USKA-USA-AO-MESTRE-LEANDRO-DA-COSTA-220x300.jpg 220w, https:\/\/graomestreleandrodacosta.com.br\/wp-content\/uploads\/2023\/05\/CARTA-USKA-USA-AO-MESTRE-LEANDRO-DA-COSTA-768x1047.jpg 768w, https:\/\/graomestreleandrodacosta.com.br\/wp-content\/uploads\/2023\/05\/CARTA-USKA-USA-AO-MESTRE-LEANDRO-DA-COSTA-517x705.jpg 517w, https:\/\/graomestreleandrodacosta.com.br\/wp-content\/uploads\/2023\/05\/CARTA-USKA-USA-AO-MESTRE-LEANDRO-DA-COSTA.jpg 939w\" data-sizes=\"(max-width: 756px) 100vw, 756px\" data-rel='gallery-1' data-prev-img='https:\/\/graomestreleandrodacosta.com.br\/wp-content\/uploads\/2023\/05\/CARTA-USKA-USA-AO-MESTRE-LEANDRO-DA-COSTA-495x400.jpg' class='lightbox ' data-onclick='8' title='CARTA USKA-USA AO MESTRE LEANDRO DA COSTA'  itemprop=\"thumbnailUrl\"  ><img decoding=\"async\" class=\"wp-image-680 avia-img-lazy-loading-not-680\"   src=\"https:\/\/graomestreleandrodacosta.com.br\/wp-content\/uploads\/2023\/05\/CARTA-USKA-USA-AO-MESTRE-LEANDRO-DA-COSTA-495x400.jpg\" width=\"495\" height=\"400\"  title='CARTA USKA-USA AO MESTRE LEANDRO DA COSTA' alt='' srcset=\"https:\/\/graomestreleandrodacosta.com.br\/wp-content\/uploads\/2023\/05\/CARTA-USKA-USA-AO-MESTRE-LEANDRO-DA-COSTA-495x400.jpg 495w, https:\/\/graomestreleandrodacosta.com.br\/wp-content\/uploads\/2023\/05\/CARTA-USKA-USA-AO-MESTRE-LEANDRO-DA-COSTA-845x684.jpg 845w\" sizes=\"(max-width: 495px) 100vw, 495px\" \/><div class='big-prev-fake'><img decoding=\"async\" class=\"wp-image-680 avia-img-lazy-loading-680\"  width=\"495\" height=\"400\" src=\"https:\/\/graomestreleandrodacosta.com.br\/wp-content\/uploads\/2023\/05\/CARTA-USKA-USA-AO-MESTRE-LEANDRO-DA-COSTA-495x400.jpg\" title='CARTA USKA-USA AO MESTRE LEANDRO DA COSTA' alt='' srcset=\"https:\/\/graomestreleandrodacosta.com.br\/wp-content\/uploads\/2023\/05\/CARTA-USKA-USA-AO-MESTRE-LEANDRO-DA-COSTA-495x400.jpg 495w, https:\/\/graomestreleandrodacosta.com.br\/wp-content\/uploads\/2023\/05\/CARTA-USKA-USA-AO-MESTRE-LEANDRO-DA-COSTA-845x684.jpg 845w\" sizes=\"(max-width: 495px) 100vw, 495px\" \/><\/div><\/a><a href=\"https:\/\/graomestreleandrodacosta.com.br\/wp-content\/uploads\/2023\/05\/foto-do-hanshi-pericles-com-dedicatoria-ao-mestre-leandro-728x1030.jpg\" data-srcset=\"https:\/\/graomestreleandrodacosta.com.br\/wp-content\/uploads\/2023\/05\/foto-do-hanshi-pericles-com-dedicatoria-ao-mestre-leandro-728x1030.jpg 728w, https:\/\/graomestreleandrodacosta.com.br\/wp-content\/uploads\/2023\/05\/foto-do-hanshi-pericles-com-dedicatoria-ao-mestre-leandro-212x300.jpg 212w, https:\/\/graomestreleandrodacosta.com.br\/wp-content\/uploads\/2023\/05\/foto-do-hanshi-pericles-com-dedicatoria-ao-mestre-leandro-768x1086.jpg 768w, https:\/\/graomestreleandrodacosta.com.br\/wp-content\/uploads\/2023\/05\/foto-do-hanshi-pericles-com-dedicatoria-ao-mestre-leandro-498x705.jpg 498w, https:\/\/graomestreleandrodacosta.com.br\/wp-content\/uploads\/2023\/05\/foto-do-hanshi-pericles-com-dedicatoria-ao-mestre-leandro.jpg 905w\" data-sizes=\"(max-width: 728px) 100vw, 728px\" data-rel='gallery-1' data-prev-img='https:\/\/graomestreleandrodacosta.com.br\/wp-content\/uploads\/2023\/05\/foto-do-hanshi-pericles-com-dedicatoria-ao-mestre-leandro-495x400.jpg' class='lightbox ' data-onclick='9' title='foto do hanshi p\u00e9ricles com dedicat\u00f3ria ao mestre leandro'  itemprop=\"thumbnailUrl\"  ><img decoding=\"async\" class=\"wp-image-681 avia-img-lazy-loading-not-681\"   src=\"https:\/\/graomestreleandrodacosta.com.br\/wp-content\/uploads\/2023\/05\/foto-do-hanshi-pericles-com-dedicatoria-ao-mestre-leandro-495x400.jpg\" width=\"495\" height=\"400\"  title='foto do hanshi p\u00e9ricles com dedicat\u00f3ria ao mestre leandro' alt='' srcset=\"https:\/\/graomestreleandrodacosta.com.br\/wp-content\/uploads\/2023\/05\/foto-do-hanshi-pericles-com-dedicatoria-ao-mestre-leandro-495x400.jpg 495w, https:\/\/graomestreleandrodacosta.com.br\/wp-content\/uploads\/2023\/05\/foto-do-hanshi-pericles-com-dedicatoria-ao-mestre-leandro-845x684.jpg 845w\" sizes=\"(max-width: 495px) 100vw, 495px\" \/><div class='big-prev-fake'><img decoding=\"async\" class=\"wp-image-681 avia-img-lazy-loading-681\"  width=\"495\" height=\"400\" src=\"https:\/\/graomestreleandrodacosta.com.br\/wp-content\/uploads\/2023\/05\/foto-do-hanshi-pericles-com-dedicatoria-ao-mestre-leandro-495x400.jpg\" title='foto do hanshi p\u00e9ricles com dedicat\u00f3ria ao mestre leandro' alt='' srcset=\"https:\/\/graomestreleandrodacosta.com.br\/wp-content\/uploads\/2023\/05\/foto-do-hanshi-pericles-com-dedicatoria-ao-mestre-leandro-495x400.jpg 495w, https:\/\/graomestreleandrodacosta.com.br\/wp-content\/uploads\/2023\/05\/foto-do-hanshi-pericles-com-dedicatoria-ao-mestre-leandro-845x684.jpg 845w\" sizes=\"(max-width: 495px) 100vw, 495px\" \/><\/div><\/a><a href=\"https:\/\/graomestreleandrodacosta.com.br\/wp-content\/uploads\/2023\/05\/shihan-leandro-com-kyoshi-jorge-recebendo-seu-diploma-de-reconhecimento-de-6o-dan-karate-tradicional-shotokan-1030x686.jpg\" data-srcset=\"https:\/\/graomestreleandrodacosta.com.br\/wp-content\/uploads\/2023\/05\/shihan-leandro-com-kyoshi-jorge-recebendo-seu-diploma-de-reconhecimento-de-6o-dan-karate-tradicional-shotokan-1030x686.jpg 1030w, https:\/\/graomestreleandrodacosta.com.br\/wp-content\/uploads\/2023\/05\/shihan-leandro-com-kyoshi-jorge-recebendo-seu-diploma-de-reconhecimento-de-6o-dan-karate-tradicional-shotokan-300x200.jpg 300w, https:\/\/graomestreleandrodacosta.com.br\/wp-content\/uploads\/2023\/05\/shihan-leandro-com-kyoshi-jorge-recebendo-seu-diploma-de-reconhecimento-de-6o-dan-karate-tradicional-shotokan-768x511.jpg 768w, https:\/\/graomestreleandrodacosta.com.br\/wp-content\/uploads\/2023\/05\/shihan-leandro-com-kyoshi-jorge-recebendo-seu-diploma-de-reconhecimento-de-6o-dan-karate-tradicional-shotokan-705x469.jpg 705w, https:\/\/graomestreleandrodacosta.com.br\/wp-content\/uploads\/2023\/05\/shihan-leandro-com-kyoshi-jorge-recebendo-seu-diploma-de-reconhecimento-de-6o-dan-karate-tradicional-shotokan.jpg 1232w\" data-sizes=\"(max-width: 1030px) 100vw, 1030px\" data-rel='gallery-1' data-prev-img='https:\/\/graomestreleandrodacosta.com.br\/wp-content\/uploads\/2023\/05\/shihan-leandro-com-kyoshi-jorge-recebendo-seu-diploma-de-reconhecimento-de-6o-dan-karate-tradicional-shotokan-495x400.jpg' class='lightbox ' data-onclick='10' title='shihan leandro com kyoshi jorge recebendo seu diploma de reconhecimento de 6\u00ba dan karate tradicional shotokan'  itemprop=\"thumbnailUrl\"  ><img decoding=\"async\" class=\"wp-image-682 avia-img-lazy-loading-not-682\"   src=\"https:\/\/graomestreleandrodacosta.com.br\/wp-content\/uploads\/2023\/05\/shihan-leandro-com-kyoshi-jorge-recebendo-seu-diploma-de-reconhecimento-de-6o-dan-karate-tradicional-shotokan-495x400.jpg\" width=\"495\" height=\"400\"  title='shihan leandro com kyoshi jorge recebendo seu diploma de reconhecimento de 6\u00ba dan karate tradicional shotokan' alt='' srcset=\"https:\/\/graomestreleandrodacosta.com.br\/wp-content\/uploads\/2023\/05\/shihan-leandro-com-kyoshi-jorge-recebendo-seu-diploma-de-reconhecimento-de-6o-dan-karate-tradicional-shotokan-495x400.jpg 495w, https:\/\/graomestreleandrodacosta.com.br\/wp-content\/uploads\/2023\/05\/shihan-leandro-com-kyoshi-jorge-recebendo-seu-diploma-de-reconhecimento-de-6o-dan-karate-tradicional-shotokan-845x684.jpg 845w\" sizes=\"(max-width: 495px) 100vw, 495px\" \/><div class='big-prev-fake'><img decoding=\"async\" class=\"wp-image-682 avia-img-lazy-loading-682\"  width=\"495\" height=\"400\" src=\"https:\/\/graomestreleandrodacosta.com.br\/wp-content\/uploads\/2023\/05\/shihan-leandro-com-kyoshi-jorge-recebendo-seu-diploma-de-reconhecimento-de-6o-dan-karate-tradicional-shotokan-495x400.jpg\" title='shihan leandro com kyoshi jorge recebendo seu diploma de reconhecimento de 6\u00ba dan karate tradicional shotokan' alt='' srcset=\"https:\/\/graomestreleandrodacosta.com.br\/wp-content\/uploads\/2023\/05\/shihan-leandro-com-kyoshi-jorge-recebendo-seu-diploma-de-reconhecimento-de-6o-dan-karate-tradicional-shotokan-495x400.jpg 495w, https:\/\/graomestreleandrodacosta.com.br\/wp-content\/uploads\/2023\/05\/shihan-leandro-com-kyoshi-jorge-recebendo-seu-diploma-de-reconhecimento-de-6o-dan-karate-tradicional-shotokan-845x684.jpg 845w\" sizes=\"(max-width: 495px) 100vw, 495px\" \/><\/div><\/a><a href=\"https:\/\/graomestreleandrodacosta.com.br\/wp-content\/uploads\/2023\/05\/carteira-jka-karate.jpg\" data-srcset=\"https:\/\/graomestreleandrodacosta.com.br\/wp-content\/uploads\/2023\/05\/carteira-jka-karate.jpg 784w, https:\/\/graomestreleandrodacosta.com.br\/wp-content\/uploads\/2023\/05\/carteira-jka-karate-300x192.jpg 300w, https:\/\/graomestreleandrodacosta.com.br\/wp-content\/uploads\/2023\/05\/carteira-jka-karate-768x491.jpg 768w, https:\/\/graomestreleandrodacosta.com.br\/wp-content\/uploads\/2023\/05\/carteira-jka-karate-705x451.jpg 705w\" data-sizes=\"(max-width: 784px) 100vw, 784px\" data-rel='gallery-1' data-prev-img='https:\/\/graomestreleandrodacosta.com.br\/wp-content\/uploads\/2023\/05\/carteira-jka-karate-495x400.jpg' class='lightbox ' data-onclick='11' title='carteira jka karate'  itemprop=\"thumbnailUrl\"  ><img decoding=\"async\" class=\"wp-image-683 avia-img-lazy-loading-not-683\"   src=\"https:\/\/graomestreleandrodacosta.com.br\/wp-content\/uploads\/2023\/05\/carteira-jka-karate-495x400.jpg\" width=\"495\" height=\"400\"  title='carteira jka karate' alt='' \/><div class='big-prev-fake'><img decoding=\"async\" class=\"wp-image-683 avia-img-lazy-loading-683\"  width=\"495\" height=\"400\" src=\"https:\/\/graomestreleandrodacosta.com.br\/wp-content\/uploads\/2023\/05\/carteira-jka-karate-495x400.jpg\" title='carteira jka karate' alt='' \/><\/div><\/a><a href=\"https:\/\/graomestreleandrodacosta.com.br\/wp-content\/uploads\/2023\/05\/SHIHAN-LEANDRO-COM-SHIHAN-YASUTAKA-TANAKA-EM-SEMINARIO-EM-PORTO-ALEGRE-PELA-FEDERACAO-SUL-RIOGRANDENSE-DE-KARATE-DO-TRADICIONAL-EM-2002.jpg\" data-srcset=\"https:\/\/graomestreleandrodacosta.com.br\/wp-content\/uploads\/2023\/05\/SHIHAN-LEANDRO-COM-SHIHAN-YASUTAKA-TANAKA-EM-SEMINARIO-EM-PORTO-ALEGRE-PELA-FEDERACAO-SUL-RIOGRANDENSE-DE-KARATE-DO-TRADICIONAL-EM-2002.jpg 416w, https:\/\/graomestreleandrodacosta.com.br\/wp-content\/uploads\/2023\/05\/SHIHAN-LEANDRO-COM-SHIHAN-YASUTAKA-TANAKA-EM-SEMINARIO-EM-PORTO-ALEGRE-PELA-FEDERACAO-SUL-RIOGRANDENSE-DE-KARATE-DO-TRADICIONAL-EM-2002-226x300.jpg 226w\" data-sizes=\"(max-width: 416px) 100vw, 416px\" data-rel='gallery-1' data-prev-img='https:\/\/graomestreleandrodacosta.com.br\/wp-content\/uploads\/2023\/05\/SHIHAN-LEANDRO-COM-SHIHAN-YASUTAKA-TANAKA-EM-SEMINARIO-EM-PORTO-ALEGRE-PELA-FEDERACAO-SUL-RIOGRANDENSE-DE-KARATE-DO-TRADICIONAL-EM-2002-416x400.jpg' class='lightbox ' data-onclick='12' title='SHIHAN LEANDRO COM SHIHAN YASUTAKA TANAKA EM SEMIN\u00c1RIO EM PORTO ALEGRE PELA FEDERA\u00c7\u00c3O SUL-RIOGRANDENSE DE KARATE-DO TRADICIONAL EM 2002'  itemprop=\"thumbnailUrl\"  ><img decoding=\"async\" class=\"wp-image-684 avia-img-lazy-loading-not-684\"   src=\"https:\/\/graomestreleandrodacosta.com.br\/wp-content\/uploads\/2023\/05\/SHIHAN-LEANDRO-COM-SHIHAN-YASUTAKA-TANAKA-EM-SEMINARIO-EM-PORTO-ALEGRE-PELA-FEDERACAO-SUL-RIOGRANDENSE-DE-KARATE-DO-TRADICIONAL-EM-2002-416x400.jpg\" width=\"416\" height=\"400\"  title='SHIHAN LEANDRO COM SHIHAN YASUTAKA TANAKA EM SEMIN\u00c1RIO EM PORTO ALEGRE PELA FEDERA\u00c7\u00c3O SUL-RIOGRANDENSE DE KARATE-DO TRADICIONAL EM 2002' alt='' srcset=\"https:\/\/graomestreleandrodacosta.com.br\/wp-content\/uploads\/2023\/05\/SHIHAN-LEANDRO-COM-SHIHAN-YASUTAKA-TANAKA-EM-SEMINARIO-EM-PORTO-ALEGRE-PELA-FEDERACAO-SUL-RIOGRANDENSE-DE-KARATE-DO-TRADICIONAL-EM-2002-416x400.jpg 416w, https:\/\/graomestreleandrodacosta.com.br\/wp-content\/uploads\/2023\/05\/SHIHAN-LEANDRO-COM-SHIHAN-YASUTAKA-TANAKA-EM-SEMINARIO-EM-PORTO-ALEGRE-PELA-FEDERACAO-SUL-RIOGRANDENSE-DE-KARATE-DO-TRADICIONAL-EM-2002-36x36.jpg 36w\" sizes=\"(max-width: 416px) 100vw, 416px\" \/><div class='big-prev-fake'><img decoding=\"async\" class=\"wp-image-684 avia-img-lazy-loading-684\"  width=\"416\" height=\"400\" src=\"https:\/\/graomestreleandrodacosta.com.br\/wp-content\/uploads\/2023\/05\/SHIHAN-LEANDRO-COM-SHIHAN-YASUTAKA-TANAKA-EM-SEMINARIO-EM-PORTO-ALEGRE-PELA-FEDERACAO-SUL-RIOGRANDENSE-DE-KARATE-DO-TRADICIONAL-EM-2002-416x400.jpg\" title='SHIHAN LEANDRO COM SHIHAN YASUTAKA TANAKA EM SEMIN\u00c1RIO EM PORTO ALEGRE PELA FEDERA\u00c7\u00c3O SUL-RIOGRANDENSE DE KARATE-DO TRADICIONAL EM 2002' alt='' srcset=\"https:\/\/graomestreleandrodacosta.com.br\/wp-content\/uploads\/2023\/05\/SHIHAN-LEANDRO-COM-SHIHAN-YASUTAKA-TANAKA-EM-SEMINARIO-EM-PORTO-ALEGRE-PELA-FEDERACAO-SUL-RIOGRANDENSE-DE-KARATE-DO-TRADICIONAL-EM-2002-416x400.jpg 416w, https:\/\/graomestreleandrodacosta.com.br\/wp-content\/uploads\/2023\/05\/SHIHAN-LEANDRO-COM-SHIHAN-YASUTAKA-TANAKA-EM-SEMINARIO-EM-PORTO-ALEGRE-PELA-FEDERACAO-SUL-RIOGRANDENSE-DE-KARATE-DO-TRADICIONAL-EM-2002-36x36.jpg 36w\" sizes=\"(max-width: 416px) 100vw, 416px\" \/><\/div><\/a><a href=\"https:\/\/graomestreleandrodacosta.com.br\/wp-content\/uploads\/2023\/05\/SHIHAN-LEANDRO-COM-O-SHIHAN-EDGARDO-AUZA-DURANTE-CURSO-DE-KARATE-EM-BAGE-INICIO-DOS-ANOS-2000.jpg\" data-srcset=\"https:\/\/graomestreleandrodacosta.com.br\/wp-content\/uploads\/2023\/05\/SHIHAN-LEANDRO-COM-O-SHIHAN-EDGARDO-AUZA-DURANTE-CURSO-DE-KARATE-EM-BAGE-INICIO-DOS-ANOS-2000.jpg 423w, https:\/\/graomestreleandrodacosta.com.br\/wp-content\/uploads\/2023\/05\/SHIHAN-LEANDRO-COM-O-SHIHAN-EDGARDO-AUZA-DURANTE-CURSO-DE-KARATE-EM-BAGE-INICIO-DOS-ANOS-2000-205x300.jpg 205w\" data-sizes=\"(max-width: 423px) 100vw, 423px\" data-rel='gallery-1' data-prev-img='https:\/\/graomestreleandrodacosta.com.br\/wp-content\/uploads\/2023\/05\/SHIHAN-LEANDRO-COM-O-SHIHAN-EDGARDO-AUZA-DURANTE-CURSO-DE-KARATE-EM-BAGE-INICIO-DOS-ANOS-2000-423x400.jpg' class='first_thumb lightbox ' data-onclick='13' title='SHIHAN LEANDRO COM O SHIHAN EDGARDO AUZA DURANTE CURSO DE KARATE EM BAG\u00c9 INICIO DOS ANOS 2000'  itemprop=\"thumbnailUrl\"  ><img decoding=\"async\" class=\"wp-image-685 avia-img-lazy-loading-not-685\"   src=\"https:\/\/graomestreleandrodacosta.com.br\/wp-content\/uploads\/2023\/05\/SHIHAN-LEANDRO-COM-O-SHIHAN-EDGARDO-AUZA-DURANTE-CURSO-DE-KARATE-EM-BAGE-INICIO-DOS-ANOS-2000-423x400.jpg\" width=\"423\" height=\"400\"  title='SHIHAN LEANDRO COM O SHIHAN EDGARDO AUZA DURANTE CURSO DE KARATE EM BAG\u00c9 INICIO DOS ANOS 2000' alt='' \/><div class='big-prev-fake'><img decoding=\"async\" class=\"wp-image-685 avia-img-lazy-loading-685\"  width=\"423\" height=\"400\" src=\"https:\/\/graomestreleandrodacosta.com.br\/wp-content\/uploads\/2023\/05\/SHIHAN-LEANDRO-COM-O-SHIHAN-EDGARDO-AUZA-DURANTE-CURSO-DE-KARATE-EM-BAGE-INICIO-DOS-ANOS-2000-423x400.jpg\" title='SHIHAN LEANDRO COM O SHIHAN EDGARDO AUZA DURANTE CURSO DE KARATE EM BAG\u00c9 INICIO DOS ANOS 2000' alt='' \/><\/div><\/a><a href=\"https:\/\/graomestreleandrodacosta.com.br\/wp-content\/uploads\/2023\/05\/SHIHAN-LEANDRO-COM-SHIHAN-SADAMU-URIU-DURANTE-CURSO-E-KARATE-DO-SHOTOKAN.jpg\" data-srcset=\"https:\/\/graomestreleandrodacosta.com.br\/wp-content\/uploads\/2023\/05\/SHIHAN-LEANDRO-COM-SHIHAN-SADAMU-URIU-DURANTE-CURSO-E-KARATE-DO-SHOTOKAN.jpg 632w, https:\/\/graomestreleandrodacosta.com.br\/wp-content\/uploads\/2023\/05\/SHIHAN-LEANDRO-COM-SHIHAN-SADAMU-URIU-DURANTE-CURSO-E-KARATE-DO-SHOTOKAN-300x203.jpg 300w\" data-sizes=\"(max-width: 632px) 100vw, 632px\" data-rel='gallery-1' data-prev-img='https:\/\/graomestreleandrodacosta.com.br\/wp-content\/uploads\/2023\/05\/SHIHAN-LEANDRO-COM-SHIHAN-SADAMU-URIU-DURANTE-CURSO-E-KARATE-DO-SHOTOKAN-495x400.jpg' class='lightbox ' data-onclick='14' title='SHIHAN LEANDRO COM SHIHAN SADAMU URIU DURANTE CURSO E KARATE-DO SHOTOKAN'  itemprop=\"thumbnailUrl\"  ><img decoding=\"async\" class=\"wp-image-686 avia-img-lazy-loading-not-686\"   src=\"https:\/\/graomestreleandrodacosta.com.br\/wp-content\/uploads\/2023\/05\/SHIHAN-LEANDRO-COM-SHIHAN-SADAMU-URIU-DURANTE-CURSO-E-KARATE-DO-SHOTOKAN-495x400.jpg\" width=\"495\" height=\"400\"  title='SHIHAN LEANDRO COM SHIHAN SADAMU URIU DURANTE CURSO E KARATE-DO SHOTOKAN' alt='' \/><div class='big-prev-fake'><img decoding=\"async\" class=\"wp-image-686 avia-img-lazy-loading-686\"  width=\"495\" height=\"400\" src=\"https:\/\/graomestreleandrodacosta.com.br\/wp-content\/uploads\/2023\/05\/SHIHAN-LEANDRO-COM-SHIHAN-SADAMU-URIU-DURANTE-CURSO-E-KARATE-DO-SHOTOKAN-495x400.jpg\" title='SHIHAN LEANDRO COM SHIHAN SADAMU URIU DURANTE CURSO E KARATE-DO SHOTOKAN' alt='' \/><\/div><\/a><a href=\"https:\/\/graomestreleandrodacosta.com.br\/wp-content\/uploads\/2023\/05\/SHIHAN-LEANDRO-E-KYOSHI-DAVID-VALENTIN-FILHO-DURANTE-CURSO-DE-KOBUDO-EM-SUSANO-SP.jpg\" data-srcset=\"https:\/\/graomestreleandrodacosta.com.br\/wp-content\/uploads\/2023\/05\/SHIHAN-LEANDRO-E-KYOSHI-DAVID-VALENTIN-FILHO-DURANTE-CURSO-DE-KOBUDO-EM-SUSANO-SP.jpg 628w, https:\/\/graomestreleandrodacosta.com.br\/wp-content\/uploads\/2023\/05\/SHIHAN-LEANDRO-E-KYOSHI-DAVID-VALENTIN-FILHO-DURANTE-CURSO-DE-KOBUDO-EM-SUSANO-SP-300x235.jpg 300w\" data-sizes=\"(max-width: 628px) 100vw, 628px\" data-rel='gallery-1' data-prev-img='https:\/\/graomestreleandrodacosta.com.br\/wp-content\/uploads\/2023\/05\/SHIHAN-LEANDRO-E-KYOSHI-DAVID-VALENTIN-FILHO-DURANTE-CURSO-DE-KOBUDO-EM-SUSANO-SP-495x400.jpg' class='lightbox ' data-onclick='15' title='SHIHAN LEANDRO E KYOSHI DAVID VALENTIN FILHO DURANTE CURSO DE KOBUDO EM SUSANO-SP'  itemprop=\"thumbnailUrl\"  ><img decoding=\"async\" class=\"wp-image-687 avia-img-lazy-loading-not-687\"   src=\"https:\/\/graomestreleandrodacosta.com.br\/wp-content\/uploads\/2023\/05\/SHIHAN-LEANDRO-E-KYOSHI-DAVID-VALENTIN-FILHO-DURANTE-CURSO-DE-KOBUDO-EM-SUSANO-SP-495x400.jpg\" width=\"495\" height=\"400\"  title='SHIHAN LEANDRO E KYOSHI DAVID VALENTIN FILHO DURANTE CURSO DE KOBUDO EM SUSANO-SP' alt='' \/><div class='big-prev-fake'><img decoding=\"async\" class=\"wp-image-687 avia-img-lazy-loading-687\"  width=\"495\" height=\"400\" src=\"https:\/\/graomestreleandrodacosta.com.br\/wp-content\/uploads\/2023\/05\/SHIHAN-LEANDRO-E-KYOSHI-DAVID-VALENTIN-FILHO-DURANTE-CURSO-DE-KOBUDO-EM-SUSANO-SP-495x400.jpg\" title='SHIHAN LEANDRO E KYOSHI DAVID VALENTIN FILHO DURANTE CURSO DE KOBUDO EM SUSANO-SP' alt='' \/><\/div><\/a><a href=\"https:\/\/graomestreleandrodacosta.com.br\/wp-content\/uploads\/2023\/05\/SHIHAN-LEANDRO-DA-COSTA-COM-O-SEU-MESTRE-PERICLES-DAMISKI-VEIGA-EM-1999-EM-SAO-PAULO-NO-DOJO-SHOREIKAN.jpg\" data-srcset=\"https:\/\/graomestreleandrodacosta.com.br\/wp-content\/uploads\/2023\/05\/SHIHAN-LEANDRO-DA-COSTA-COM-O-SEU-MESTRE-PERICLES-DAMISKI-VEIGA-EM-1999-EM-SAO-PAULO-NO-DOJO-SHOREIKAN.jpg 568w, https:\/\/graomestreleandrodacosta.com.br\/wp-content\/uploads\/2023\/05\/SHIHAN-LEANDRO-DA-COSTA-COM-O-SEU-MESTRE-PERICLES-DAMISKI-VEIGA-EM-1999-EM-SAO-PAULO-NO-DOJO-SHOREIKAN-300x226.jpg 300w\" data-sizes=\"(max-width: 568px) 100vw, 568px\" data-rel='gallery-1' data-prev-img='https:\/\/graomestreleandrodacosta.com.br\/wp-content\/uploads\/2023\/05\/SHIHAN-LEANDRO-DA-COSTA-COM-O-SEU-MESTRE-PERICLES-DAMISKI-VEIGA-EM-1999-EM-SAO-PAULO-NO-DOJO-SHOREIKAN-495x400.jpg' class='lightbox ' data-onclick='16' title='SHIHAN LEANDRO DA COSTA COM O SEU MESTRE P\u00c9RICLES DAMISKI VEIGA EM 1999 EM S\u00c3O PAULO NO DOJO SHOREIKAN'  itemprop=\"thumbnailUrl\"  ><img decoding=\"async\" class=\"wp-image-688 avia-img-lazy-loading-not-688\"   src=\"https:\/\/graomestreleandrodacosta.com.br\/wp-content\/uploads\/2023\/05\/SHIHAN-LEANDRO-DA-COSTA-COM-O-SEU-MESTRE-PERICLES-DAMISKI-VEIGA-EM-1999-EM-SAO-PAULO-NO-DOJO-SHOREIKAN-495x400.jpg\" width=\"495\" height=\"400\"  title='SHIHAN LEANDRO DA COSTA COM O SEU MESTRE P\u00c9RICLES DAMISKI VEIGA EM 1999 EM S\u00c3O PAULO NO DOJO SHOREIKAN' alt='' \/><div class='big-prev-fake'><img decoding=\"async\" class=\"wp-image-688 avia-img-lazy-loading-688\"  width=\"495\" height=\"400\" src=\"https:\/\/graomestreleandrodacosta.com.br\/wp-content\/uploads\/2023\/05\/SHIHAN-LEANDRO-DA-COSTA-COM-O-SEU-MESTRE-PERICLES-DAMISKI-VEIGA-EM-1999-EM-SAO-PAULO-NO-DOJO-SHOREIKAN-495x400.jpg\" title='SHIHAN LEANDRO DA COSTA COM O SEU MESTRE P\u00c9RICLES DAMISKI VEIGA EM 1999 EM S\u00c3O PAULO NO DOJO SHOREIKAN' alt='' \/><\/div><\/a><a href=\"https:\/\/graomestreleandrodacosta.com.br\/wp-content\/uploads\/2023\/05\/SHIHAN-LEANDRO-COM-O-SHIHAN-NATAL-APARECIDO-DA-SILVA-EM-2003-DURANTE-CURSO-DE-KOBUDO-EM-SAO-PAULO.jpg\" data-srcset=\"https:\/\/graomestreleandrodacosta.com.br\/wp-content\/uploads\/2023\/05\/SHIHAN-LEANDRO-COM-O-SHIHAN-NATAL-APARECIDO-DA-SILVA-EM-2003-DURANTE-CURSO-DE-KOBUDO-EM-SAO-PAULO.jpg 564w, https:\/\/graomestreleandrodacosta.com.br\/wp-content\/uploads\/2023\/05\/SHIHAN-LEANDRO-COM-O-SHIHAN-NATAL-APARECIDO-DA-SILVA-EM-2003-DURANTE-CURSO-DE-KOBUDO-EM-SAO-PAULO-300x205.jpg 300w\" data-sizes=\"(max-width: 564px) 100vw, 564px\" data-rel='gallery-1' data-prev-img='https:\/\/graomestreleandrodacosta.com.br\/wp-content\/uploads\/2023\/05\/SHIHAN-LEANDRO-COM-O-SHIHAN-NATAL-APARECIDO-DA-SILVA-EM-2003-DURANTE-CURSO-DE-KOBUDO-EM-SAO-PAULO-495x385.jpg' class='lightbox ' data-onclick='17' title='SHIHAN LEANDRO COM O SHIHAN NATAL APARECIDO DA SILVA EM 2003 DURANTE CURSO DE KOBUDO EM S\u00c3O PAULO'  itemprop=\"thumbnailUrl\"  ><img decoding=\"async\" class=\"wp-image-689 avia-img-lazy-loading-not-689\"   src=\"https:\/\/graomestreleandrodacosta.com.br\/wp-content\/uploads\/2023\/05\/SHIHAN-LEANDRO-COM-O-SHIHAN-NATAL-APARECIDO-DA-SILVA-EM-2003-DURANTE-CURSO-DE-KOBUDO-EM-SAO-PAULO-495x385.jpg\" width=\"495\" height=\"385\"  title='SHIHAN LEANDRO COM O SHIHAN NATAL APARECIDO DA SILVA EM 2003 DURANTE CURSO DE KOBUDO EM S\u00c3O PAULO' alt='' \/><div class='big-prev-fake'><img decoding=\"async\" class=\"wp-image-689 avia-img-lazy-loading-689\"  width=\"495\" height=\"385\" src=\"https:\/\/graomestreleandrodacosta.com.br\/wp-content\/uploads\/2023\/05\/SHIHAN-LEANDRO-COM-O-SHIHAN-NATAL-APARECIDO-DA-SILVA-EM-2003-DURANTE-CURSO-DE-KOBUDO-EM-SAO-PAULO-495x385.jpg\" title='SHIHAN LEANDRO COM O SHIHAN NATAL APARECIDO DA SILVA EM 2003 DURANTE CURSO DE KOBUDO EM S\u00c3O PAULO' alt='' \/><\/div><\/a><a href=\"https:\/\/graomestreleandrodacosta.com.br\/wp-content\/uploads\/2023\/05\/SHIHAN-LEANDRO-COM-MESTRE-YASUIUKI-SASAKI-DURANTE-CURSO-DE-KARATE-SHOTOKAN.jpg\" data-srcset=\"https:\/\/graomestreleandrodacosta.com.br\/wp-content\/uploads\/2023\/05\/SHIHAN-LEANDRO-COM-MESTRE-YASUIUKI-SASAKI-DURANTE-CURSO-DE-KARATE-SHOTOKAN.jpg 322w, https:\/\/graomestreleandrodacosta.com.br\/wp-content\/uploads\/2023\/05\/SHIHAN-LEANDRO-COM-MESTRE-YASUIUKI-SASAKI-DURANTE-CURSO-DE-KARATE-SHOTOKAN-211x300.jpg 211w\" data-sizes=\"(max-width: 322px) 100vw, 322px\" data-rel='gallery-1' data-prev-img='https:\/\/graomestreleandrodacosta.com.br\/wp-content\/uploads\/2023\/05\/SHIHAN-LEANDRO-COM-MESTRE-YASUIUKI-SASAKI-DURANTE-CURSO-DE-KARATE-SHOTOKAN-322x400.jpg' class='lightbox ' data-onclick='18' title='SHIHAN LEANDRO COM MESTRE YASUIUKI SASAKI DURANTE CURSO DE KARATE SHOTOKAN'  itemprop=\"thumbnailUrl\"  ><img decoding=\"async\" class=\"wp-image-690 avia-img-lazy-loading-not-690\"   src=\"https:\/\/graomestreleandrodacosta.com.br\/wp-content\/uploads\/2023\/05\/SHIHAN-LEANDRO-COM-MESTRE-YASUIUKI-SASAKI-DURANTE-CURSO-DE-KARATE-SHOTOKAN-322x400.jpg\" width=\"322\" height=\"400\"  title='SHIHAN LEANDRO COM MESTRE YASUIUKI SASAKI DURANTE CURSO DE KARATE SHOTOKAN' alt='' \/><div class='big-prev-fake'><img decoding=\"async\" class=\"wp-image-690 avia-img-lazy-loading-690\"  width=\"322\" height=\"400\" src=\"https:\/\/graomestreleandrodacosta.com.br\/wp-content\/uploads\/2023\/05\/SHIHAN-LEANDRO-COM-MESTRE-YASUIUKI-SASAKI-DURANTE-CURSO-DE-KARATE-SHOTOKAN-322x400.jpg\" title='SHIHAN LEANDRO COM MESTRE YASUIUKI SASAKI DURANTE CURSO DE KARATE SHOTOKAN' alt='' \/><\/div><\/a><a href=\"https:\/\/graomestreleandrodacosta.com.br\/wp-content\/uploads\/2023\/05\/certifiado-de-curso-de-karate-do-tradicional-1030x729.jpg\" data-srcset=\"https:\/\/graomestreleandrodacosta.com.br\/wp-content\/uploads\/2023\/05\/certifiado-de-curso-de-karate-do-tradicional-1030x729.jpg 1030w, https:\/\/graomestreleandrodacosta.com.br\/wp-content\/uploads\/2023\/05\/certifiado-de-curso-de-karate-do-tradicional-300x212.jpg 300w, https:\/\/graomestreleandrodacosta.com.br\/wp-content\/uploads\/2023\/05\/certifiado-de-curso-de-karate-do-tradicional-768x543.jpg 768w, https:\/\/graomestreleandrodacosta.com.br\/wp-content\/uploads\/2023\/05\/certifiado-de-curso-de-karate-do-tradicional-1536x1086.jpg 1536w, https:\/\/graomestreleandrodacosta.com.br\/wp-content\/uploads\/2023\/05\/certifiado-de-curso-de-karate-do-tradicional-2048x1449.jpg 2048w, https:\/\/graomestreleandrodacosta.com.br\/wp-content\/uploads\/2023\/05\/certifiado-de-curso-de-karate-do-tradicional-1500x1061.jpg 1500w, https:\/\/graomestreleandrodacosta.com.br\/wp-content\/uploads\/2023\/05\/certifiado-de-curso-de-karate-do-tradicional-260x185.jpg 260w, https:\/\/graomestreleandrodacosta.com.br\/wp-content\/uploads\/2023\/05\/certifiado-de-curso-de-karate-do-tradicional-705x499.jpg 705w\" data-sizes=\"(max-width: 1030px) 100vw, 1030px\" data-rel='gallery-1' data-prev-img='https:\/\/graomestreleandrodacosta.com.br\/wp-content\/uploads\/2023\/05\/certifiado-de-curso-de-karate-do-tradicional-495x400.jpg' class='first_thumb lightbox ' data-onclick='19' title='certifiado de curso de karate-do tradicional'  itemprop=\"thumbnailUrl\"  ><img decoding=\"async\" class=\"wp-image-692 avia-img-lazy-loading-not-692\"   src=\"https:\/\/graomestreleandrodacosta.com.br\/wp-content\/uploads\/2023\/05\/certifiado-de-curso-de-karate-do-tradicional-495x400.jpg\" width=\"495\" height=\"400\"  title='certifiado de curso de karate-do tradicional' alt='' srcset=\"https:\/\/graomestreleandrodacosta.com.br\/wp-content\/uploads\/2023\/05\/certifiado-de-curso-de-karate-do-tradicional-495x400.jpg 495w, https:\/\/graomestreleandrodacosta.com.br\/wp-content\/uploads\/2023\/05\/certifiado-de-curso-de-karate-do-tradicional-845x684.jpg 845w\" sizes=\"(max-width: 495px) 100vw, 495px\" \/><div class='big-prev-fake'><img decoding=\"async\" class=\"wp-image-692 avia-img-lazy-loading-692\"  width=\"495\" height=\"400\" src=\"https:\/\/graomestreleandrodacosta.com.br\/wp-content\/uploads\/2023\/05\/certifiado-de-curso-de-karate-do-tradicional-495x400.jpg\" title='certifiado de curso de karate-do tradicional' alt='' srcset=\"https:\/\/graomestreleandrodacosta.com.br\/wp-content\/uploads\/2023\/05\/certifiado-de-curso-de-karate-do-tradicional-495x400.jpg 495w, https:\/\/graomestreleandrodacosta.com.br\/wp-content\/uploads\/2023\/05\/certifiado-de-curso-de-karate-do-tradicional-845x684.jpg 845w\" sizes=\"(max-width: 495px) 100vw, 495px\" \/><\/div><\/a><a href=\"https:\/\/graomestreleandrodacosta.com.br\/wp-content\/uploads\/2023\/05\/CERTIFICADO-HOMENAGEM-AO-SHIHAN-LEANDRO-DA-COSTA-1030x718.jpg\" data-srcset=\"https:\/\/graomestreleandrodacosta.com.br\/wp-content\/uploads\/2023\/05\/CERTIFICADO-HOMENAGEM-AO-SHIHAN-LEANDRO-DA-COSTA-1030x718.jpg 1030w, https:\/\/graomestreleandrodacosta.com.br\/wp-content\/uploads\/2023\/05\/CERTIFICADO-HOMENAGEM-AO-SHIHAN-LEANDRO-DA-COSTA-300x209.jpg 300w, https:\/\/graomestreleandrodacosta.com.br\/wp-content\/uploads\/2023\/05\/CERTIFICADO-HOMENAGEM-AO-SHIHAN-LEANDRO-DA-COSTA-768x536.jpg 768w, https:\/\/graomestreleandrodacosta.com.br\/wp-content\/uploads\/2023\/05\/CERTIFICADO-HOMENAGEM-AO-SHIHAN-LEANDRO-DA-COSTA-1536x1071.jpg 1536w, https:\/\/graomestreleandrodacosta.com.br\/wp-content\/uploads\/2023\/05\/CERTIFICADO-HOMENAGEM-AO-SHIHAN-LEANDRO-DA-COSTA-2048x1429.jpg 2048w, https:\/\/graomestreleandrodacosta.com.br\/wp-content\/uploads\/2023\/05\/CERTIFICADO-HOMENAGEM-AO-SHIHAN-LEANDRO-DA-COSTA-1500x1046.jpg 1500w, https:\/\/graomestreleandrodacosta.com.br\/wp-content\/uploads\/2023\/05\/CERTIFICADO-HOMENAGEM-AO-SHIHAN-LEANDRO-DA-COSTA-705x492.jpg 705w\" data-sizes=\"(max-width: 1030px) 100vw, 1030px\" data-rel='gallery-1' data-prev-img='https:\/\/graomestreleandrodacosta.com.br\/wp-content\/uploads\/2023\/05\/CERTIFICADO-HOMENAGEM-AO-SHIHAN-LEANDRO-DA-COSTA-495x400.jpg' class='lightbox ' data-onclick='20' title='CERTIFICADO HOMENAGEM AO SHIHAN LEANDRO DA COSTA'  itemprop=\"thumbnailUrl\"  ><img decoding=\"async\" class=\"wp-image-693 avia-img-lazy-loading-not-693\"   src=\"https:\/\/graomestreleandrodacosta.com.br\/wp-content\/uploads\/2023\/05\/CERTIFICADO-HOMENAGEM-AO-SHIHAN-LEANDRO-DA-COSTA-495x400.jpg\" width=\"495\" height=\"400\"  title='CERTIFICADO HOMENAGEM AO SHIHAN LEANDRO DA COSTA' alt='' srcset=\"https:\/\/graomestreleandrodacosta.com.br\/wp-content\/uploads\/2023\/05\/CERTIFICADO-HOMENAGEM-AO-SHIHAN-LEANDRO-DA-COSTA-495x400.jpg 495w, https:\/\/graomestreleandrodacosta.com.br\/wp-content\/uploads\/2023\/05\/CERTIFICADO-HOMENAGEM-AO-SHIHAN-LEANDRO-DA-COSTA-845x684.jpg 845w\" sizes=\"(max-width: 495px) 100vw, 495px\" \/><div class='big-prev-fake'><img decoding=\"async\" class=\"wp-image-693 avia-img-lazy-loading-693\"  width=\"495\" height=\"400\" src=\"https:\/\/graomestreleandrodacosta.com.br\/wp-content\/uploads\/2023\/05\/CERTIFICADO-HOMENAGEM-AO-SHIHAN-LEANDRO-DA-COSTA-495x400.jpg\" title='CERTIFICADO HOMENAGEM AO SHIHAN LEANDRO DA COSTA' alt='' srcset=\"https:\/\/graomestreleandrodacosta.com.br\/wp-content\/uploads\/2023\/05\/CERTIFICADO-HOMENAGEM-AO-SHIHAN-LEANDRO-DA-COSTA-495x400.jpg 495w, https:\/\/graomestreleandrodacosta.com.br\/wp-content\/uploads\/2023\/05\/CERTIFICADO-HOMENAGEM-AO-SHIHAN-LEANDRO-DA-COSTA-845x684.jpg 845w\" sizes=\"(max-width: 495px) 100vw, 495px\" \/><\/div><\/a><a href=\"https:\/\/graomestreleandrodacosta.com.br\/wp-content\/uploads\/2023\/05\/FBKK-HOMENAGEIA-O-shihan-LEANDRO-E-O-DOJO-GARRA-DE-TIGRE-BUKEIKO-RYU-1030x746.jpg\" data-srcset=\"https:\/\/graomestreleandrodacosta.com.br\/wp-content\/uploads\/2023\/05\/FBKK-HOMENAGEIA-O-shihan-LEANDRO-E-O-DOJO-GARRA-DE-TIGRE-BUKEIKO-RYU-1030x746.jpg 1030w, https:\/\/graomestreleandrodacosta.com.br\/wp-content\/uploads\/2023\/05\/FBKK-HOMENAGEIA-O-shihan-LEANDRO-E-O-DOJO-GARRA-DE-TIGRE-BUKEIKO-RYU-300x217.jpg 300w, https:\/\/graomestreleandrodacosta.com.br\/wp-content\/uploads\/2023\/05\/FBKK-HOMENAGEIA-O-shihan-LEANDRO-E-O-DOJO-GARRA-DE-TIGRE-BUKEIKO-RYU-768x556.jpg 768w, https:\/\/graomestreleandrodacosta.com.br\/wp-content\/uploads\/2023\/05\/FBKK-HOMENAGEIA-O-shihan-LEANDRO-E-O-DOJO-GARRA-DE-TIGRE-BUKEIKO-RYU-1536x1112.jpg 1536w, https:\/\/graomestreleandrodacosta.com.br\/wp-content\/uploads\/2023\/05\/FBKK-HOMENAGEIA-O-shihan-LEANDRO-E-O-DOJO-GARRA-DE-TIGRE-BUKEIKO-RYU-2048x1483.jpg 2048w, https:\/\/graomestreleandrodacosta.com.br\/wp-content\/uploads\/2023\/05\/FBKK-HOMENAGEIA-O-shihan-LEANDRO-E-O-DOJO-GARRA-DE-TIGRE-BUKEIKO-RYU-1500x1086.jpg 1500w, https:\/\/graomestreleandrodacosta.com.br\/wp-content\/uploads\/2023\/05\/FBKK-HOMENAGEIA-O-shihan-LEANDRO-E-O-DOJO-GARRA-DE-TIGRE-BUKEIKO-RYU-705x511.jpg 705w\" data-sizes=\"(max-width: 1030px) 100vw, 1030px\" data-rel='gallery-1' data-prev-img='https:\/\/graomestreleandrodacosta.com.br\/wp-content\/uploads\/2023\/05\/FBKK-HOMENAGEIA-O-shihan-LEANDRO-E-O-DOJO-GARRA-DE-TIGRE-BUKEIKO-RYU-495x400.jpg' class='lightbox ' data-onclick='21' title='FBKK HOMENAGEIA O shihan LEANDRO E O DOJO GARRA DE TIGRE BUKEIKO-RYU'  itemprop=\"thumbnailUrl\"  ><img decoding=\"async\" class=\"wp-image-694 avia-img-lazy-loading-not-694\"   src=\"https:\/\/graomestreleandrodacosta.com.br\/wp-content\/uploads\/2023\/05\/FBKK-HOMENAGEIA-O-shihan-LEANDRO-E-O-DOJO-GARRA-DE-TIGRE-BUKEIKO-RYU-495x400.jpg\" width=\"495\" height=\"400\"  title='FBKK HOMENAGEIA O shihan LEANDRO E O DOJO GARRA DE TIGRE BUKEIKO-RYU' alt='' srcset=\"https:\/\/graomestreleandrodacosta.com.br\/wp-content\/uploads\/2023\/05\/FBKK-HOMENAGEIA-O-shihan-LEANDRO-E-O-DOJO-GARRA-DE-TIGRE-BUKEIKO-RYU-495x400.jpg 495w, https:\/\/graomestreleandrodacosta.com.br\/wp-content\/uploads\/2023\/05\/FBKK-HOMENAGEIA-O-shihan-LEANDRO-E-O-DOJO-GARRA-DE-TIGRE-BUKEIKO-RYU-845x684.jpg 845w\" sizes=\"(max-width: 495px) 100vw, 495px\" \/><div class='big-prev-fake'><img decoding=\"async\" class=\"wp-image-694 avia-img-lazy-loading-694\"  width=\"495\" height=\"400\" src=\"https:\/\/graomestreleandrodacosta.com.br\/wp-content\/uploads\/2023\/05\/FBKK-HOMENAGEIA-O-shihan-LEANDRO-E-O-DOJO-GARRA-DE-TIGRE-BUKEIKO-RYU-495x400.jpg\" title='FBKK HOMENAGEIA O shihan LEANDRO E O DOJO GARRA DE TIGRE BUKEIKO-RYU' alt='' srcset=\"https:\/\/graomestreleandrodacosta.com.br\/wp-content\/uploads\/2023\/05\/FBKK-HOMENAGEIA-O-shihan-LEANDRO-E-O-DOJO-GARRA-DE-TIGRE-BUKEIKO-RYU-495x400.jpg 495w, https:\/\/graomestreleandrodacosta.com.br\/wp-content\/uploads\/2023\/05\/FBKK-HOMENAGEIA-O-shihan-LEANDRO-E-O-DOJO-GARRA-DE-TIGRE-BUKEIKO-RYU-845x684.jpg 845w\" sizes=\"(max-width: 495px) 100vw, 495px\" \/><\/div><\/a><a href=\"https:\/\/graomestreleandrodacosta.com.br\/wp-content\/uploads\/2023\/05\/exame-de-faixa-sao-paulo-diretoria-da-fbkk-1030x687.jpg\" data-srcset=\"https:\/\/graomestreleandrodacosta.com.br\/wp-content\/uploads\/2023\/05\/exame-de-faixa-sao-paulo-diretoria-da-fbkk-1030x687.jpg 1030w, https:\/\/graomestreleandrodacosta.com.br\/wp-content\/uploads\/2023\/05\/exame-de-faixa-sao-paulo-diretoria-da-fbkk-300x200.jpg 300w, https:\/\/graomestreleandrodacosta.com.br\/wp-content\/uploads\/2023\/05\/exame-de-faixa-sao-paulo-diretoria-da-fbkk-768x512.jpg 768w, https:\/\/graomestreleandrodacosta.com.br\/wp-content\/uploads\/2023\/05\/exame-de-faixa-sao-paulo-diretoria-da-fbkk-1536x1025.jpg 1536w, https:\/\/graomestreleandrodacosta.com.br\/wp-content\/uploads\/2023\/05\/exame-de-faixa-sao-paulo-diretoria-da-fbkk-1500x1001.jpg 1500w, https:\/\/graomestreleandrodacosta.com.br\/wp-content\/uploads\/2023\/05\/exame-de-faixa-sao-paulo-diretoria-da-fbkk-705x470.jpg 705w, https:\/\/graomestreleandrodacosta.com.br\/wp-content\/uploads\/2023\/05\/exame-de-faixa-sao-paulo-diretoria-da-fbkk.jpg 1772w\" data-sizes=\"(max-width: 1030px) 100vw, 1030px\" data-rel='gallery-1' data-prev-img='https:\/\/graomestreleandrodacosta.com.br\/wp-content\/uploads\/2023\/05\/exame-de-faixa-sao-paulo-diretoria-da-fbkk-495x400.jpg' class='lightbox ' data-onclick='22' title='exame de faixa s\u00e3o paulo, diretoria da fbkk'  itemprop=\"thumbnailUrl\"  ><img decoding=\"async\" class=\"wp-image-695 avia-img-lazy-loading-not-695\"   src=\"https:\/\/graomestreleandrodacosta.com.br\/wp-content\/uploads\/2023\/05\/exame-de-faixa-sao-paulo-diretoria-da-fbkk-495x400.jpg\" width=\"495\" height=\"400\"  title='exame de faixa s\u00e3o paulo, diretoria da fbkk' alt='' srcset=\"https:\/\/graomestreleandrodacosta.com.br\/wp-content\/uploads\/2023\/05\/exame-de-faixa-sao-paulo-diretoria-da-fbkk-495x400.jpg 495w, https:\/\/graomestreleandrodacosta.com.br\/wp-content\/uploads\/2023\/05\/exame-de-faixa-sao-paulo-diretoria-da-fbkk-845x684.jpg 845w\" sizes=\"(max-width: 495px) 100vw, 495px\" \/><div class='big-prev-fake'><img decoding=\"async\" class=\"wp-image-695 avia-img-lazy-loading-695\"  width=\"495\" height=\"400\" src=\"https:\/\/graomestreleandrodacosta.com.br\/wp-content\/uploads\/2023\/05\/exame-de-faixa-sao-paulo-diretoria-da-fbkk-495x400.jpg\" title='exame de faixa s\u00e3o paulo, diretoria da fbkk' alt='' srcset=\"https:\/\/graomestreleandrodacosta.com.br\/wp-content\/uploads\/2023\/05\/exame-de-faixa-sao-paulo-diretoria-da-fbkk-495x400.jpg 495w, https:\/\/graomestreleandrodacosta.com.br\/wp-content\/uploads\/2023\/05\/exame-de-faixa-sao-paulo-diretoria-da-fbkk-845x684.jpg 845w\" sizes=\"(max-width: 495px) 100vw, 495px\" \/><\/div><\/a><a href=\"https:\/\/graomestreleandrodacosta.com.br\/wp-content\/uploads\/2023\/05\/shihan-leandro-com-seu-ex-sensei-de-shotokan-sensei-ilton-durante-o-brasileiro-de-kickboxing-e-karate-organizado-pelo-shihan-leandro-em-2011-em-pelotas-rs.jpg\" data-srcset=\"https:\/\/graomestreleandrodacosta.com.br\/wp-content\/uploads\/2023\/05\/shihan-leandro-com-seu-ex-sensei-de-shotokan-sensei-ilton-durante-o-brasileiro-de-kickboxing-e-karate-organizado-pelo-shihan-leandro-em-2011-em-pelotas-rs.jpg 662w, https:\/\/graomestreleandrodacosta.com.br\/wp-content\/uploads\/2023\/05\/shihan-leandro-com-seu-ex-sensei-de-shotokan-sensei-ilton-durante-o-brasileiro-de-kickboxing-e-karate-organizado-pelo-shihan-leandro-em-2011-em-pelotas-rs-199x300.jpg 199w, https:\/\/graomestreleandrodacosta.com.br\/wp-content\/uploads\/2023\/05\/shihan-leandro-com-seu-ex-sensei-de-shotokan-sensei-ilton-durante-o-brasileiro-de-kickboxing-e-karate-organizado-pelo-shihan-leandro-em-2011-em-pelotas-rs-467x705.jpg 467w\" data-sizes=\"(max-width: 662px) 100vw, 662px\" data-rel='gallery-1' data-prev-img='https:\/\/graomestreleandrodacosta.com.br\/wp-content\/uploads\/2023\/05\/shihan-leandro-com-seu-ex-sensei-de-shotokan-sensei-ilton-durante-o-brasileiro-de-kickboxing-e-karate-organizado-pelo-shihan-leandro-em-2011-em-pelotas-rs-495x400.jpg' class='lightbox ' data-onclick='23' title='shihan leandro com seu ex sensei de shotokan sensei ilton durante o brasileiro de kickboxing e karate organizado pelo shihan leandro em 2011 em pelotas-rs'  itemprop=\"thumbnailUrl\"  ><img decoding=\"async\" class=\"wp-image-696 avia-img-lazy-loading-not-696\"   src=\"https:\/\/graomestreleandrodacosta.com.br\/wp-content\/uploads\/2023\/05\/shihan-leandro-com-seu-ex-sensei-de-shotokan-sensei-ilton-durante-o-brasileiro-de-kickboxing-e-karate-organizado-pelo-shihan-leandro-em-2011-em-pelotas-rs-495x400.jpg\" width=\"495\" height=\"400\"  title='shihan leandro com seu ex sensei de shotokan sensei ilton durante o brasileiro de kickboxing e karate organizado pelo shihan leandro em 2011 em pelotas-rs' alt='' \/><div class='big-prev-fake'><img decoding=\"async\" class=\"wp-image-696 avia-img-lazy-loading-696\"  width=\"495\" height=\"400\" src=\"https:\/\/graomestreleandrodacosta.com.br\/wp-content\/uploads\/2023\/05\/shihan-leandro-com-seu-ex-sensei-de-shotokan-sensei-ilton-durante-o-brasileiro-de-kickboxing-e-karate-organizado-pelo-shihan-leandro-em-2011-em-pelotas-rs-495x400.jpg\" title='shihan leandro com seu ex sensei de shotokan sensei ilton durante o brasileiro de kickboxing e karate organizado pelo shihan leandro em 2011 em pelotas-rs' alt='' \/><\/div><\/a><a href=\"https:\/\/graomestreleandrodacosta.com.br\/wp-content\/uploads\/2023\/05\/4o-DAN-SHOTOKAN-USKA-USA-777x1030.jpg\" data-srcset=\"https:\/\/graomestreleandrodacosta.com.br\/wp-content\/uploads\/2023\/05\/4o-DAN-SHOTOKAN-USKA-USA-777x1030.jpg 777w, https:\/\/graomestreleandrodacosta.com.br\/wp-content\/uploads\/2023\/05\/4o-DAN-SHOTOKAN-USKA-USA-226x300.jpg 226w, https:\/\/graomestreleandrodacosta.com.br\/wp-content\/uploads\/2023\/05\/4o-DAN-SHOTOKAN-USKA-USA-768x1018.jpg 768w, https:\/\/graomestreleandrodacosta.com.br\/wp-content\/uploads\/2023\/05\/4o-DAN-SHOTOKAN-USKA-USA-532x705.jpg 532w, https:\/\/graomestreleandrodacosta.com.br\/wp-content\/uploads\/2023\/05\/4o-DAN-SHOTOKAN-USKA-USA.jpg 966w\" data-sizes=\"(max-width: 777px) 100vw, 777px\" data-rel='gallery-1' data-prev-img='https:\/\/graomestreleandrodacosta.com.br\/wp-content\/uploads\/2023\/05\/4o-DAN-SHOTOKAN-USKA-USA-495x400.jpg' class='lightbox ' data-onclick='24' title='4\u00ba DAN SHOTOKAN - USKA - USA'  itemprop=\"thumbnailUrl\"  ><img decoding=\"async\" class=\"wp-image-697 avia-img-lazy-loading-not-697\"   src=\"https:\/\/graomestreleandrodacosta.com.br\/wp-content\/uploads\/2023\/05\/4o-DAN-SHOTOKAN-USKA-USA-495x400.jpg\" width=\"495\" height=\"400\"  title='4\u00ba DAN SHOTOKAN - USKA - USA' alt='' srcset=\"https:\/\/graomestreleandrodacosta.com.br\/wp-content\/uploads\/2023\/05\/4o-DAN-SHOTOKAN-USKA-USA-495x400.jpg 495w, https:\/\/graomestreleandrodacosta.com.br\/wp-content\/uploads\/2023\/05\/4o-DAN-SHOTOKAN-USKA-USA-845x684.jpg 845w\" sizes=\"(max-width: 495px) 100vw, 495px\" \/><div class='big-prev-fake'><img decoding=\"async\" class=\"wp-image-697 avia-img-lazy-loading-697\"  width=\"495\" height=\"400\" src=\"https:\/\/graomestreleandrodacosta.com.br\/wp-content\/uploads\/2023\/05\/4o-DAN-SHOTOKAN-USKA-USA-495x400.jpg\" title='4\u00ba DAN SHOTOKAN - USKA - USA' alt='' srcset=\"https:\/\/graomestreleandrodacosta.com.br\/wp-content\/uploads\/2023\/05\/4o-DAN-SHOTOKAN-USKA-USA-495x400.jpg 495w, https:\/\/graomestreleandrodacosta.com.br\/wp-content\/uploads\/2023\/05\/4o-DAN-SHOTOKAN-USKA-USA-845x684.jpg 845w\" sizes=\"(max-width: 495px) 100vw, 495px\" \/><\/div><\/a><a href=\"https:\/\/graomestreleandrodacosta.com.br\/wp-content\/uploads\/2023\/05\/ARBITRO-DE-KARATE-FBKK-1030x728.jpg\" data-srcset=\"https:\/\/graomestreleandrodacosta.com.br\/wp-content\/uploads\/2023\/05\/ARBITRO-DE-KARATE-FBKK-1030x728.jpg 1030w, https:\/\/graomestreleandrodacosta.com.br\/wp-content\/uploads\/2023\/05\/ARBITRO-DE-KARATE-FBKK-300x212.jpg 300w, https:\/\/graomestreleandrodacosta.com.br\/wp-content\/uploads\/2023\/05\/ARBITRO-DE-KARATE-FBKK-768x543.jpg 768w, https:\/\/graomestreleandrodacosta.com.br\/wp-content\/uploads\/2023\/05\/ARBITRO-DE-KARATE-FBKK-260x185.jpg 260w, https:\/\/graomestreleandrodacosta.com.br\/wp-content\/uploads\/2023\/05\/ARBITRO-DE-KARATE-FBKK-705x498.jpg 705w, https:\/\/graomestreleandrodacosta.com.br\/wp-content\/uploads\/2023\/05\/ARBITRO-DE-KARATE-FBKK.jpg 1280w\" data-sizes=\"(max-width: 1030px) 100vw, 1030px\" data-rel='gallery-1' data-prev-img='https:\/\/graomestreleandrodacosta.com.br\/wp-content\/uploads\/2023\/05\/ARBITRO-DE-KARATE-FBKK-495x400.jpg' class='first_thumb lightbox ' data-onclick='25' title='\u00c1RBITRO DE KARATE FBKK'  itemprop=\"thumbnailUrl\"  ><img decoding=\"async\" class=\"wp-image-698 avia-img-lazy-loading-not-698\"   src=\"https:\/\/graomestreleandrodacosta.com.br\/wp-content\/uploads\/2023\/05\/ARBITRO-DE-KARATE-FBKK-495x400.jpg\" width=\"495\" height=\"400\"  title='\u00c1RBITRO DE KARATE FBKK' alt='' srcset=\"https:\/\/graomestreleandrodacosta.com.br\/wp-content\/uploads\/2023\/05\/ARBITRO-DE-KARATE-FBKK-495x400.jpg 495w, https:\/\/graomestreleandrodacosta.com.br\/wp-content\/uploads\/2023\/05\/ARBITRO-DE-KARATE-FBKK-845x684.jpg 845w\" sizes=\"(max-width: 495px) 100vw, 495px\" \/><div class='big-prev-fake'><img decoding=\"async\" class=\"wp-image-698 avia-img-lazy-loading-698\"  width=\"495\" height=\"400\" src=\"https:\/\/graomestreleandrodacosta.com.br\/wp-content\/uploads\/2023\/05\/ARBITRO-DE-KARATE-FBKK-495x400.jpg\" title='\u00c1RBITRO DE KARATE FBKK' alt='' srcset=\"https:\/\/graomestreleandrodacosta.com.br\/wp-content\/uploads\/2023\/05\/ARBITRO-DE-KARATE-FBKK-495x400.jpg 495w, https:\/\/graomestreleandrodacosta.com.br\/wp-content\/uploads\/2023\/05\/ARBITRO-DE-KARATE-FBKK-845x684.jpg 845w\" sizes=\"(max-width: 495px) 100vw, 495px\" \/><\/div><\/a><a href=\"https:\/\/graomestreleandrodacosta.com.br\/wp-content\/uploads\/2023\/05\/1o-DAN-KOBUDO-1030x728.jpg\" data-srcset=\"https:\/\/graomestreleandrodacosta.com.br\/wp-content\/uploads\/2023\/05\/1o-DAN-KOBUDO-1030x728.jpg 1030w, https:\/\/graomestreleandrodacosta.com.br\/wp-content\/uploads\/2023\/05\/1o-DAN-KOBUDO-300x212.jpg 300w, https:\/\/graomestreleandrodacosta.com.br\/wp-content\/uploads\/2023\/05\/1o-DAN-KOBUDO-768x543.jpg 768w, https:\/\/graomestreleandrodacosta.com.br\/wp-content\/uploads\/2023\/05\/1o-DAN-KOBUDO-260x185.jpg 260w, https:\/\/graomestreleandrodacosta.com.br\/wp-content\/uploads\/2023\/05\/1o-DAN-KOBUDO-705x498.jpg 705w, https:\/\/graomestreleandrodacosta.com.br\/wp-content\/uploads\/2023\/05\/1o-DAN-KOBUDO.jpg 1280w\" data-sizes=\"(max-width: 1030px) 100vw, 1030px\" data-rel='gallery-1' data-prev-img='https:\/\/graomestreleandrodacosta.com.br\/wp-content\/uploads\/2023\/05\/1o-DAN-KOBUDO-495x400.jpg' class='lightbox ' data-onclick='26' title='1\u00ba DAN KOBUDO'  itemprop=\"thumbnailUrl\"  ><img decoding=\"async\" class=\"wp-image-699 avia-img-lazy-loading-not-699\"   src=\"https:\/\/graomestreleandrodacosta.com.br\/wp-content\/uploads\/2023\/05\/1o-DAN-KOBUDO-495x400.jpg\" width=\"495\" height=\"400\"  title='1\u00ba DAN KOBUDO' alt='' srcset=\"https:\/\/graomestreleandrodacosta.com.br\/wp-content\/uploads\/2023\/05\/1o-DAN-KOBUDO-495x400.jpg 495w, https:\/\/graomestreleandrodacosta.com.br\/wp-content\/uploads\/2023\/05\/1o-DAN-KOBUDO-845x684.jpg 845w\" sizes=\"(max-width: 495px) 100vw, 495px\" \/><div class='big-prev-fake'><img decoding=\"async\" class=\"wp-image-699 avia-img-lazy-loading-699\"  width=\"495\" height=\"400\" src=\"https:\/\/graomestreleandrodacosta.com.br\/wp-content\/uploads\/2023\/05\/1o-DAN-KOBUDO-495x400.jpg\" title='1\u00ba DAN KOBUDO' alt='' srcset=\"https:\/\/graomestreleandrodacosta.com.br\/wp-content\/uploads\/2023\/05\/1o-DAN-KOBUDO-495x400.jpg 495w, https:\/\/graomestreleandrodacosta.com.br\/wp-content\/uploads\/2023\/05\/1o-DAN-KOBUDO-845x684.jpg 845w\" sizes=\"(max-width: 495px) 100vw, 495px\" \/><\/div><\/a><a href=\"https:\/\/graomestreleandrodacosta.com.br\/wp-content\/uploads\/2023\/05\/CERTIFICADO-DE-ARBITRO-OFICIAL-DE-KARATE-DE-COMBATE-PELA-FEDERACAO-PAULISTA-DE-KAKUTO-KARATE-FPKK-1030x728.jpg\" data-srcset=\"https:\/\/graomestreleandrodacosta.com.br\/wp-content\/uploads\/2023\/05\/CERTIFICADO-DE-ARBITRO-OFICIAL-DE-KARATE-DE-COMBATE-PELA-FEDERACAO-PAULISTA-DE-KAKUTO-KARATE-FPKK-1030x728.jpg 1030w, https:\/\/graomestreleandrodacosta.com.br\/wp-content\/uploads\/2023\/05\/CERTIFICADO-DE-ARBITRO-OFICIAL-DE-KARATE-DE-COMBATE-PELA-FEDERACAO-PAULISTA-DE-KAKUTO-KARATE-FPKK-300x212.jpg 300w, https:\/\/graomestreleandrodacosta.com.br\/wp-content\/uploads\/2023\/05\/CERTIFICADO-DE-ARBITRO-OFICIAL-DE-KARATE-DE-COMBATE-PELA-FEDERACAO-PAULISTA-DE-KAKUTO-KARATE-FPKK-768x543.jpg 768w, https:\/\/graomestreleandrodacosta.com.br\/wp-content\/uploads\/2023\/05\/CERTIFICADO-DE-ARBITRO-OFICIAL-DE-KARATE-DE-COMBATE-PELA-FEDERACAO-PAULISTA-DE-KAKUTO-KARATE-FPKK-260x185.jpg 260w, https:\/\/graomestreleandrodacosta.com.br\/wp-content\/uploads\/2023\/05\/CERTIFICADO-DE-ARBITRO-OFICIAL-DE-KARATE-DE-COMBATE-PELA-FEDERACAO-PAULISTA-DE-KAKUTO-KARATE-FPKK-705x498.jpg 705w, https:\/\/graomestreleandrodacosta.com.br\/wp-content\/uploads\/2023\/05\/CERTIFICADO-DE-ARBITRO-OFICIAL-DE-KARATE-DE-COMBATE-PELA-FEDERACAO-PAULISTA-DE-KAKUTO-KARATE-FPKK.jpg 1280w\" data-sizes=\"(max-width: 1030px) 100vw, 1030px\" data-rel='gallery-1' data-prev-img='https:\/\/graomestreleandrodacosta.com.br\/wp-content\/uploads\/2023\/05\/CERTIFICADO-DE-ARBITRO-OFICIAL-DE-KARATE-DE-COMBATE-PELA-FEDERACAO-PAULISTA-DE-KAKUTO-KARATE-FPKK-495x400.jpg' class='lightbox ' data-onclick='27' title='CERTIFICADO DE \u00c1RBITRO OFICIAL DE KARATE DE COMBATE PELA FEDERA\u00c7\u00c3O PAULISTA DE KAKUTO KARATE - FPKK'  itemprop=\"thumbnailUrl\"  ><img decoding=\"async\" class=\"wp-image-700 avia-img-lazy-loading-not-700\"   src=\"https:\/\/graomestreleandrodacosta.com.br\/wp-content\/uploads\/2023\/05\/CERTIFICADO-DE-ARBITRO-OFICIAL-DE-KARATE-DE-COMBATE-PELA-FEDERACAO-PAULISTA-DE-KAKUTO-KARATE-FPKK-495x400.jpg\" width=\"495\" height=\"400\"  title='CERTIFICADO DE \u00c1RBITRO OFICIAL DE KARATE DE COMBATE PELA FEDERA\u00c7\u00c3O PAULISTA DE KAKUTO KARATE - FPKK' alt='' srcset=\"https:\/\/graomestreleandrodacosta.com.br\/wp-content\/uploads\/2023\/05\/CERTIFICADO-DE-ARBITRO-OFICIAL-DE-KARATE-DE-COMBATE-PELA-FEDERACAO-PAULISTA-DE-KAKUTO-KARATE-FPKK-495x400.jpg 495w, https:\/\/graomestreleandrodacosta.com.br\/wp-content\/uploads\/2023\/05\/CERTIFICADO-DE-ARBITRO-OFICIAL-DE-KARATE-DE-COMBATE-PELA-FEDERACAO-PAULISTA-DE-KAKUTO-KARATE-FPKK-845x684.jpg 845w\" sizes=\"(max-width: 495px) 100vw, 495px\" \/><div class='big-prev-fake'><img decoding=\"async\" class=\"wp-image-700 avia-img-lazy-loading-700\"  width=\"495\" height=\"400\" src=\"https:\/\/graomestreleandrodacosta.com.br\/wp-content\/uploads\/2023\/05\/CERTIFICADO-DE-ARBITRO-OFICIAL-DE-KARATE-DE-COMBATE-PELA-FEDERACAO-PAULISTA-DE-KAKUTO-KARATE-FPKK-495x400.jpg\" title='CERTIFICADO DE \u00c1RBITRO OFICIAL DE KARATE DE COMBATE PELA FEDERA\u00c7\u00c3O PAULISTA DE KAKUTO KARATE - FPKK' alt='' srcset=\"https:\/\/graomestreleandrodacosta.com.br\/wp-content\/uploads\/2023\/05\/CERTIFICADO-DE-ARBITRO-OFICIAL-DE-KARATE-DE-COMBATE-PELA-FEDERACAO-PAULISTA-DE-KAKUTO-KARATE-FPKK-495x400.jpg 495w, https:\/\/graomestreleandrodacosta.com.br\/wp-content\/uploads\/2023\/05\/CERTIFICADO-DE-ARBITRO-OFICIAL-DE-KARATE-DE-COMBATE-PELA-FEDERACAO-PAULISTA-DE-KAKUTO-KARATE-FPKK-845x684.jpg 845w\" sizes=\"(max-width: 495px) 100vw, 495px\" \/><\/div><\/a><a href=\"https:\/\/graomestreleandrodacosta.com.br\/wp-content\/uploads\/2023\/05\/DIPLOMA-DE-2o-DAN-SKICB-BRASIL-TERUO-FURUSHO-742x1030.jpg\" data-srcset=\"https:\/\/graomestreleandrodacosta.com.br\/wp-content\/uploads\/2023\/05\/DIPLOMA-DE-2o-DAN-SKICB-BRASIL-TERUO-FURUSHO-742x1030.jpg 742w, https:\/\/graomestreleandrodacosta.com.br\/wp-content\/uploads\/2023\/05\/DIPLOMA-DE-2o-DAN-SKICB-BRASIL-TERUO-FURUSHO-216x300.jpg 216w, https:\/\/graomestreleandrodacosta.com.br\/wp-content\/uploads\/2023\/05\/DIPLOMA-DE-2o-DAN-SKICB-BRASIL-TERUO-FURUSHO-768x1066.jpg 768w, https:\/\/graomestreleandrodacosta.com.br\/wp-content\/uploads\/2023\/05\/DIPLOMA-DE-2o-DAN-SKICB-BRASIL-TERUO-FURUSHO-508x705.jpg 508w, https:\/\/graomestreleandrodacosta.com.br\/wp-content\/uploads\/2023\/05\/DIPLOMA-DE-2o-DAN-SKICB-BRASIL-TERUO-FURUSHO.jpg 922w\" data-sizes=\"(max-width: 742px) 100vw, 742px\" data-rel='gallery-1' data-prev-img='https:\/\/graomestreleandrodacosta.com.br\/wp-content\/uploads\/2023\/05\/DIPLOMA-DE-2o-DAN-SKICB-BRASIL-TERUO-FURUSHO-495x400.jpg' class='lightbox ' data-onclick='28' title='DIPLOMA DE 2\u00ba DAN SKICB BRASIL TERUO FURUSHO'  itemprop=\"thumbnailUrl\"  ><img decoding=\"async\" class=\"wp-image-701 avia-img-lazy-loading-not-701\"   src=\"https:\/\/graomestreleandrodacosta.com.br\/wp-content\/uploads\/2023\/05\/DIPLOMA-DE-2o-DAN-SKICB-BRASIL-TERUO-FURUSHO-495x400.jpg\" width=\"495\" height=\"400\"  title='DIPLOMA DE 2\u00ba DAN SKICB BRASIL TERUO FURUSHO' alt='' srcset=\"https:\/\/graomestreleandrodacosta.com.br\/wp-content\/uploads\/2023\/05\/DIPLOMA-DE-2o-DAN-SKICB-BRASIL-TERUO-FURUSHO-495x400.jpg 495w, https:\/\/graomestreleandrodacosta.com.br\/wp-content\/uploads\/2023\/05\/DIPLOMA-DE-2o-DAN-SKICB-BRASIL-TERUO-FURUSHO-845x684.jpg 845w\" sizes=\"(max-width: 495px) 100vw, 495px\" \/><div class='big-prev-fake'><img decoding=\"async\" class=\"wp-image-701 avia-img-lazy-loading-701\"  width=\"495\" height=\"400\" src=\"https:\/\/graomestreleandrodacosta.com.br\/wp-content\/uploads\/2023\/05\/DIPLOMA-DE-2o-DAN-SKICB-BRASIL-TERUO-FURUSHO-495x400.jpg\" title='DIPLOMA DE 2\u00ba DAN SKICB BRASIL TERUO FURUSHO' alt='' srcset=\"https:\/\/graomestreleandrodacosta.com.br\/wp-content\/uploads\/2023\/05\/DIPLOMA-DE-2o-DAN-SKICB-BRASIL-TERUO-FURUSHO-495x400.jpg 495w, https:\/\/graomestreleandrodacosta.com.br\/wp-content\/uploads\/2023\/05\/DIPLOMA-DE-2o-DAN-SKICB-BRASIL-TERUO-FURUSHO-845x684.jpg 845w\" sizes=\"(max-width: 495px) 100vw, 495px\" \/><\/div><\/a><a href=\"https:\/\/graomestreleandrodacosta.com.br\/wp-content\/uploads\/2023\/05\/DIPLOMA-DE-2o-DAN-KARATE-SHOTOKAN-PELA-ORGANIZACAO-DE-KARATE-DO-CHILE-1030x743.jpg\" data-srcset=\"https:\/\/graomestreleandrodacosta.com.br\/wp-content\/uploads\/2023\/05\/DIPLOMA-DE-2o-DAN-KARATE-SHOTOKAN-PELA-ORGANIZACAO-DE-KARATE-DO-CHILE-1030x743.jpg 1030w, https:\/\/graomestreleandrodacosta.com.br\/wp-content\/uploads\/2023\/05\/DIPLOMA-DE-2o-DAN-KARATE-SHOTOKAN-PELA-ORGANIZACAO-DE-KARATE-DO-CHILE-300x216.jpg 300w, https:\/\/graomestreleandrodacosta.com.br\/wp-content\/uploads\/2023\/05\/DIPLOMA-DE-2o-DAN-KARATE-SHOTOKAN-PELA-ORGANIZACAO-DE-KARATE-DO-CHILE-768x554.jpg 768w, https:\/\/graomestreleandrodacosta.com.br\/wp-content\/uploads\/2023\/05\/DIPLOMA-DE-2o-DAN-KARATE-SHOTOKAN-PELA-ORGANIZACAO-DE-KARATE-DO-CHILE-705x508.jpg 705w, https:\/\/graomestreleandrodacosta.com.br\/wp-content\/uploads\/2023\/05\/DIPLOMA-DE-2o-DAN-KARATE-SHOTOKAN-PELA-ORGANIZACAO-DE-KARATE-DO-CHILE.jpg 1280w\" data-sizes=\"(max-width: 1030px) 100vw, 1030px\" data-rel='gallery-1' data-prev-img='https:\/\/graomestreleandrodacosta.com.br\/wp-content\/uploads\/2023\/05\/DIPLOMA-DE-2o-DAN-KARATE-SHOTOKAN-PELA-ORGANIZACAO-DE-KARATE-DO-CHILE-495x400.jpg' class='lightbox ' data-onclick='29' title='DIPLOMA DE 2\u00ba DAN KARATE SHOTOKAN PELA ORGANIZA\u00c7\u00c3O DE KARATE DO CHILE'  itemprop=\"thumbnailUrl\"  ><img decoding=\"async\" class=\"wp-image-702 avia-img-lazy-loading-not-702\"   src=\"https:\/\/graomestreleandrodacosta.com.br\/wp-content\/uploads\/2023\/05\/DIPLOMA-DE-2o-DAN-KARATE-SHOTOKAN-PELA-ORGANIZACAO-DE-KARATE-DO-CHILE-495x400.jpg\" width=\"495\" height=\"400\"  title='DIPLOMA DE 2\u00ba DAN KARATE SHOTOKAN PELA ORGANIZA\u00c7\u00c3O DE KARATE DO CHILE' alt='' srcset=\"https:\/\/graomestreleandrodacosta.com.br\/wp-content\/uploads\/2023\/05\/DIPLOMA-DE-2o-DAN-KARATE-SHOTOKAN-PELA-ORGANIZACAO-DE-KARATE-DO-CHILE-495x400.jpg 495w, https:\/\/graomestreleandrodacosta.com.br\/wp-content\/uploads\/2023\/05\/DIPLOMA-DE-2o-DAN-KARATE-SHOTOKAN-PELA-ORGANIZACAO-DE-KARATE-DO-CHILE-845x684.jpg 845w\" sizes=\"(max-width: 495px) 100vw, 495px\" \/><div class='big-prev-fake'><img decoding=\"async\" class=\"wp-image-702 avia-img-lazy-loading-702\"  width=\"495\" height=\"400\" src=\"https:\/\/graomestreleandrodacosta.com.br\/wp-content\/uploads\/2023\/05\/DIPLOMA-DE-2o-DAN-KARATE-SHOTOKAN-PELA-ORGANIZACAO-DE-KARATE-DO-CHILE-495x400.jpg\" title='DIPLOMA DE 2\u00ba DAN KARATE SHOTOKAN PELA ORGANIZA\u00c7\u00c3O DE KARATE DO CHILE' alt='' srcset=\"https:\/\/graomestreleandrodacosta.com.br\/wp-content\/uploads\/2023\/05\/DIPLOMA-DE-2o-DAN-KARATE-SHOTOKAN-PELA-ORGANIZACAO-DE-KARATE-DO-CHILE-495x400.jpg 495w, https:\/\/graomestreleandrodacosta.com.br\/wp-content\/uploads\/2023\/05\/DIPLOMA-DE-2o-DAN-KARATE-SHOTOKAN-PELA-ORGANIZACAO-DE-KARATE-DO-CHILE-845x684.jpg 845w\" sizes=\"(max-width: 495px) 100vw, 495px\" \/><\/div><\/a><a href=\"https:\/\/graomestreleandrodacosta.com.br\/wp-content\/uploads\/2023\/05\/shihan-leandro-com-a-sensei-saori-okamoto-campea-mundial-jks-do-japao-seminario-em-2019-1030x773.jpg\" data-srcset=\"https:\/\/graomestreleandrodacosta.com.br\/wp-content\/uploads\/2023\/05\/shihan-leandro-com-a-sensei-saori-okamoto-campea-mundial-jks-do-japao-seminario-em-2019-1030x773.jpg 1030w, https:\/\/graomestreleandrodacosta.com.br\/wp-content\/uploads\/2023\/05\/shihan-leandro-com-a-sensei-saori-okamoto-campea-mundial-jks-do-japao-seminario-em-2019-300x225.jpg 300w, https:\/\/graomestreleandrodacosta.com.br\/wp-content\/uploads\/2023\/05\/shihan-leandro-com-a-sensei-saori-okamoto-campea-mundial-jks-do-japao-seminario-em-2019-768x576.jpg 768w, https:\/\/graomestreleandrodacosta.com.br\/wp-content\/uploads\/2023\/05\/shihan-leandro-com-a-sensei-saori-okamoto-campea-mundial-jks-do-japao-seminario-em-2019-705x529.jpg 705w, https:\/\/graomestreleandrodacosta.com.br\/wp-content\/uploads\/2023\/05\/shihan-leandro-com-a-sensei-saori-okamoto-campea-mundial-jks-do-japao-seminario-em-2019.jpg 1280w\" data-sizes=\"(max-width: 1030px) 100vw, 1030px\" data-rel='gallery-1' data-prev-img='https:\/\/graomestreleandrodacosta.com.br\/wp-content\/uploads\/2023\/05\/shihan-leandro-com-a-sensei-saori-okamoto-campea-mundial-jks-do-japao-seminario-em-2019-495x400.jpg' class='lightbox ' data-onclick='30' title='shihan leandro com a sensei saori okamoto campe\u00e3 mundial jks do jap\u00e3o, semin\u00e1rio em 2019'  itemprop=\"thumbnailUrl\"  ><img decoding=\"async\" class=\"wp-image-703 avia-img-lazy-loading-not-703\"   src=\"https:\/\/graomestreleandrodacosta.com.br\/wp-content\/uploads\/2023\/05\/shihan-leandro-com-a-sensei-saori-okamoto-campea-mundial-jks-do-japao-seminario-em-2019-495x400.jpg\" width=\"495\" height=\"400\"  title='shihan leandro com a sensei saori okamoto campe\u00e3 mundial jks do jap\u00e3o, semin\u00e1rio em 2019' alt='' srcset=\"https:\/\/graomestreleandrodacosta.com.br\/wp-content\/uploads\/2023\/05\/shihan-leandro-com-a-sensei-saori-okamoto-campea-mundial-jks-do-japao-seminario-em-2019-495x400.jpg 495w, https:\/\/graomestreleandrodacosta.com.br\/wp-content\/uploads\/2023\/05\/shihan-leandro-com-a-sensei-saori-okamoto-campea-mundial-jks-do-japao-seminario-em-2019-845x684.jpg 845w\" sizes=\"(max-width: 495px) 100vw, 495px\" \/><div class='big-prev-fake'><img decoding=\"async\" class=\"wp-image-703 avia-img-lazy-loading-703\"  width=\"495\" height=\"400\" src=\"https:\/\/graomestreleandrodacosta.com.br\/wp-content\/uploads\/2023\/05\/shihan-leandro-com-a-sensei-saori-okamoto-campea-mundial-jks-do-japao-seminario-em-2019-495x400.jpg\" title='shihan leandro com a sensei saori okamoto campe\u00e3 mundial jks do jap\u00e3o, semin\u00e1rio em 2019' alt='' srcset=\"https:\/\/graomestreleandrodacosta.com.br\/wp-content\/uploads\/2023\/05\/shihan-leandro-com-a-sensei-saori-okamoto-campea-mundial-jks-do-japao-seminario-em-2019-495x400.jpg 495w, https:\/\/graomestreleandrodacosta.com.br\/wp-content\/uploads\/2023\/05\/shihan-leandro-com-a-sensei-saori-okamoto-campea-mundial-jks-do-japao-seminario-em-2019-845x684.jpg 845w\" sizes=\"(max-width: 495px) 100vw, 495px\" \/><\/div><\/a><a href=\"https:\/\/graomestreleandrodacosta.com.br\/wp-content\/uploads\/2023\/05\/CAMPEONATO-DE-KARATE-DO-EM-PELOTAS-AGOSTO-DE-2002-shihan-LEANDRO-DA-COSTA-EM-PE-COM-SEU-ADVERSARIO-NO-CHAO.-1030x669.jpg\" data-srcset=\"https:\/\/graomestreleandrodacosta.com.br\/wp-content\/uploads\/2023\/05\/CAMPEONATO-DE-KARATE-DO-EM-PELOTAS-AGOSTO-DE-2002-shihan-LEANDRO-DA-COSTA-EM-PE-COM-SEU-ADVERSARIO-NO-CHAO.-1030x669.jpg 1030w, https:\/\/graomestreleandrodacosta.com.br\/wp-content\/uploads\/2023\/05\/CAMPEONATO-DE-KARATE-DO-EM-PELOTAS-AGOSTO-DE-2002-shihan-LEANDRO-DA-COSTA-EM-PE-COM-SEU-ADVERSARIO-NO-CHAO.-300x195.jpg 300w, https:\/\/graomestreleandrodacosta.com.br\/wp-content\/uploads\/2023\/05\/CAMPEONATO-DE-KARATE-DO-EM-PELOTAS-AGOSTO-DE-2002-shihan-LEANDRO-DA-COSTA-EM-PE-COM-SEU-ADVERSARIO-NO-CHAO.-768x499.jpg 768w, https:\/\/graomestreleandrodacosta.com.br\/wp-content\/uploads\/2023\/05\/CAMPEONATO-DE-KARATE-DO-EM-PELOTAS-AGOSTO-DE-2002-shihan-LEANDRO-DA-COSTA-EM-PE-COM-SEU-ADVERSARIO-NO-CHAO.-1536x998.jpg 1536w, https:\/\/graomestreleandrodacosta.com.br\/wp-content\/uploads\/2023\/05\/CAMPEONATO-DE-KARATE-DO-EM-PELOTAS-AGOSTO-DE-2002-shihan-LEANDRO-DA-COSTA-EM-PE-COM-SEU-ADVERSARIO-NO-CHAO.-2048x1331.jpg 2048w, https:\/\/graomestreleandrodacosta.com.br\/wp-content\/uploads\/2023\/05\/CAMPEONATO-DE-KARATE-DO-EM-PELOTAS-AGOSTO-DE-2002-shihan-LEANDRO-DA-COSTA-EM-PE-COM-SEU-ADVERSARIO-NO-CHAO.-1500x975.jpg 1500w, https:\/\/graomestreleandrodacosta.com.br\/wp-content\/uploads\/2023\/05\/CAMPEONATO-DE-KARATE-DO-EM-PELOTAS-AGOSTO-DE-2002-shihan-LEANDRO-DA-COSTA-EM-PE-COM-SEU-ADVERSARIO-NO-CHAO.-705x458.jpg 705w\" data-sizes=\"(max-width: 1030px) 100vw, 1030px\" data-rel='gallery-1' data-prev-img='https:\/\/graomestreleandrodacosta.com.br\/wp-content\/uploads\/2023\/05\/CAMPEONATO-DE-KARATE-DO-EM-PELOTAS-AGOSTO-DE-2002-shihan-LEANDRO-DA-COSTA-EM-PE-COM-SEU-ADVERSARIO-NO-CHAO.-495x400.jpg' class='first_thumb lightbox ' data-onclick='31' title='CAMPEONATO DE KARATE-DO EM PELOTAS AGOSTO DE 2002 shihan LEANDRO DA COSTA EM P\u00c9 COM SEU ADVERS\u00c1RIO NO CH\u00c3O.'  itemprop=\"thumbnailUrl\"  ><img decoding=\"async\" class=\"wp-image-704 avia-img-lazy-loading-not-704\"   src=\"https:\/\/graomestreleandrodacosta.com.br\/wp-content\/uploads\/2023\/05\/CAMPEONATO-DE-KARATE-DO-EM-PELOTAS-AGOSTO-DE-2002-shihan-LEANDRO-DA-COSTA-EM-PE-COM-SEU-ADVERSARIO-NO-CHAO.-495x400.jpg\" width=\"495\" height=\"400\"  title='CAMPEONATO DE KARATE-DO EM PELOTAS AGOSTO DE 2002 shihan LEANDRO DA COSTA EM P\u00c9 COM SEU ADVERS\u00c1RIO NO CH\u00c3O.' alt='' srcset=\"https:\/\/graomestreleandrodacosta.com.br\/wp-content\/uploads\/2023\/05\/CAMPEONATO-DE-KARATE-DO-EM-PELOTAS-AGOSTO-DE-2002-shihan-LEANDRO-DA-COSTA-EM-PE-COM-SEU-ADVERSARIO-NO-CHAO.-495x400.jpg 495w, https:\/\/graomestreleandrodacosta.com.br\/wp-content\/uploads\/2023\/05\/CAMPEONATO-DE-KARATE-DO-EM-PELOTAS-AGOSTO-DE-2002-shihan-LEANDRO-DA-COSTA-EM-PE-COM-SEU-ADVERSARIO-NO-CHAO.-845x684.jpg 845w\" sizes=\"(max-width: 495px) 100vw, 495px\" \/><div class='big-prev-fake'><img decoding=\"async\" class=\"wp-image-704 avia-img-lazy-loading-704\"  width=\"495\" height=\"400\" src=\"https:\/\/graomestreleandrodacosta.com.br\/wp-content\/uploads\/2023\/05\/CAMPEONATO-DE-KARATE-DO-EM-PELOTAS-AGOSTO-DE-2002-shihan-LEANDRO-DA-COSTA-EM-PE-COM-SEU-ADVERSARIO-NO-CHAO.-495x400.jpg\" title='CAMPEONATO DE KARATE-DO EM PELOTAS AGOSTO DE 2002 shihan LEANDRO DA COSTA EM P\u00c9 COM SEU ADVERS\u00c1RIO NO CH\u00c3O.' alt='' srcset=\"https:\/\/graomestreleandrodacosta.com.br\/wp-content\/uploads\/2023\/05\/CAMPEONATO-DE-KARATE-DO-EM-PELOTAS-AGOSTO-DE-2002-shihan-LEANDRO-DA-COSTA-EM-PE-COM-SEU-ADVERSARIO-NO-CHAO.-495x400.jpg 495w, https:\/\/graomestreleandrodacosta.com.br\/wp-content\/uploads\/2023\/05\/CAMPEONATO-DE-KARATE-DO-EM-PELOTAS-AGOSTO-DE-2002-shihan-LEANDRO-DA-COSTA-EM-PE-COM-SEU-ADVERSARIO-NO-CHAO.-845x684.jpg 845w\" sizes=\"(max-width: 495px) 100vw, 495px\" \/><\/div><\/a><a href=\"https:\/\/graomestreleandrodacosta.com.br\/wp-content\/uploads\/2023\/05\/mestre-leandro-da-costa-treinando-karate-shorei-ryu-e-shotokan-com-mestre-pericles-no-dojo-shoreikan-em-sao-paulo-nos-anos-90-686x1030.jpg\" data-srcset=\"https:\/\/graomestreleandrodacosta.com.br\/wp-content\/uploads\/2023\/05\/mestre-leandro-da-costa-treinando-karate-shorei-ryu-e-shotokan-com-mestre-pericles-no-dojo-shoreikan-em-sao-paulo-nos-anos-90-686x1030.jpg 686w, https:\/\/graomestreleandrodacosta.com.br\/wp-content\/uploads\/2023\/05\/mestre-leandro-da-costa-treinando-karate-shorei-ryu-e-shotokan-com-mestre-pericles-no-dojo-shoreikan-em-sao-paulo-nos-anos-90-200x300.jpg 200w, https:\/\/graomestreleandrodacosta.com.br\/wp-content\/uploads\/2023\/05\/mestre-leandro-da-costa-treinando-karate-shorei-ryu-e-shotokan-com-mestre-pericles-no-dojo-shoreikan-em-sao-paulo-nos-anos-90-768x1152.jpg 768w, https:\/\/graomestreleandrodacosta.com.br\/wp-content\/uploads\/2023\/05\/mestre-leandro-da-costa-treinando-karate-shorei-ryu-e-shotokan-com-mestre-pericles-no-dojo-shoreikan-em-sao-paulo-nos-anos-90-1024x1536.jpg 1024w, https:\/\/graomestreleandrodacosta.com.br\/wp-content\/uploads\/2023\/05\/mestre-leandro-da-costa-treinando-karate-shorei-ryu-e-shotokan-com-mestre-pericles-no-dojo-shoreikan-em-sao-paulo-nos-anos-90-1000x1500.jpg 1000w, https:\/\/graomestreleandrodacosta.com.br\/wp-content\/uploads\/2023\/05\/mestre-leandro-da-costa-treinando-karate-shorei-ryu-e-shotokan-com-mestre-pericles-no-dojo-shoreikan-em-sao-paulo-nos-anos-90-470x705.jpg 470w, https:\/\/graomestreleandrodacosta.com.br\/wp-content\/uploads\/2023\/05\/mestre-leandro-da-costa-treinando-karate-shorei-ryu-e-shotokan-com-mestre-pericles-no-dojo-shoreikan-em-sao-paulo-nos-anos-90.jpg 1181w\" data-sizes=\"(max-width: 686px) 100vw, 686px\" data-rel='gallery-1' data-prev-img='https:\/\/graomestreleandrodacosta.com.br\/wp-content\/uploads\/2023\/05\/mestre-leandro-da-costa-treinando-karate-shorei-ryu-e-shotokan-com-mestre-pericles-no-dojo-shoreikan-em-sao-paulo-nos-anos-90-495x400.jpg' class='lightbox ' data-onclick='32' title='mestre leandro da costa treinando karate shorei ryu e shotokan com mestre p\u00e9ricles no dojo shoreikan em s\u00e3o paulo nos anos 90'  itemprop=\"thumbnailUrl\"  ><img decoding=\"async\" class=\"wp-image-705 avia-img-lazy-loading-not-705\"   src=\"https:\/\/graomestreleandrodacosta.com.br\/wp-content\/uploads\/2023\/05\/mestre-leandro-da-costa-treinando-karate-shorei-ryu-e-shotokan-com-mestre-pericles-no-dojo-shoreikan-em-sao-paulo-nos-anos-90-495x400.jpg\" width=\"495\" height=\"400\"  title='mestre leandro da costa treinando karate shorei ryu e shotokan com mestre p\u00e9ricles no dojo shoreikan em s\u00e3o paulo nos anos 90' alt='' srcset=\"https:\/\/graomestreleandrodacosta.com.br\/wp-content\/uploads\/2023\/05\/mestre-leandro-da-costa-treinando-karate-shorei-ryu-e-shotokan-com-mestre-pericles-no-dojo-shoreikan-em-sao-paulo-nos-anos-90-495x400.jpg 495w, https:\/\/graomestreleandrodacosta.com.br\/wp-content\/uploads\/2023\/05\/mestre-leandro-da-costa-treinando-karate-shorei-ryu-e-shotokan-com-mestre-pericles-no-dojo-shoreikan-em-sao-paulo-nos-anos-90-845x684.jpg 845w\" sizes=\"(max-width: 495px) 100vw, 495px\" \/><div class='big-prev-fake'><img decoding=\"async\" class=\"wp-image-705 avia-img-lazy-loading-705\"  width=\"495\" height=\"400\" src=\"https:\/\/graomestreleandrodacosta.com.br\/wp-content\/uploads\/2023\/05\/mestre-leandro-da-costa-treinando-karate-shorei-ryu-e-shotokan-com-mestre-pericles-no-dojo-shoreikan-em-sao-paulo-nos-anos-90-495x400.jpg\" title='mestre leandro da costa treinando karate shorei ryu e shotokan com mestre p\u00e9ricles no dojo shoreikan em s\u00e3o paulo nos anos 90' alt='' srcset=\"https:\/\/graomestreleandrodacosta.com.br\/wp-content\/uploads\/2023\/05\/mestre-leandro-da-costa-treinando-karate-shorei-ryu-e-shotokan-com-mestre-pericles-no-dojo-shoreikan-em-sao-paulo-nos-anos-90-495x400.jpg 495w, https:\/\/graomestreleandrodacosta.com.br\/wp-content\/uploads\/2023\/05\/mestre-leandro-da-costa-treinando-karate-shorei-ryu-e-shotokan-com-mestre-pericles-no-dojo-shoreikan-em-sao-paulo-nos-anos-90-845x684.jpg 845w\" sizes=\"(max-width: 495px) 100vw, 495px\" \/><\/div><\/a><a href=\"https:\/\/graomestreleandrodacosta.com.br\/wp-content\/uploads\/2023\/05\/DIPLOMA-2o-DAN-SHOTOKAN-SKIF-JAPAO-1030x728.jpg\" data-srcset=\"https:\/\/graomestreleandrodacosta.com.br\/wp-content\/uploads\/2023\/05\/DIPLOMA-2o-DAN-SHOTOKAN-SKIF-JAPAO-1030x728.jpg 1030w, https:\/\/graomestreleandrodacosta.com.br\/wp-content\/uploads\/2023\/05\/DIPLOMA-2o-DAN-SHOTOKAN-SKIF-JAPAO-300x212.jpg 300w, https:\/\/graomestreleandrodacosta.com.br\/wp-content\/uploads\/2023\/05\/DIPLOMA-2o-DAN-SHOTOKAN-SKIF-JAPAO-768x543.jpg 768w, https:\/\/graomestreleandrodacosta.com.br\/wp-content\/uploads\/2023\/05\/DIPLOMA-2o-DAN-SHOTOKAN-SKIF-JAPAO-260x185.jpg 260w, https:\/\/graomestreleandrodacosta.com.br\/wp-content\/uploads\/2023\/05\/DIPLOMA-2o-DAN-SHOTOKAN-SKIF-JAPAO-705x498.jpg 705w, https:\/\/graomestreleandrodacosta.com.br\/wp-content\/uploads\/2023\/05\/DIPLOMA-2o-DAN-SHOTOKAN-SKIF-JAPAO.jpg 1280w\" data-sizes=\"(max-width: 1030px) 100vw, 1030px\" data-rel='gallery-1' data-prev-img='https:\/\/graomestreleandrodacosta.com.br\/wp-content\/uploads\/2023\/05\/DIPLOMA-2o-DAN-SHOTOKAN-SKIF-JAPAO-495x400.jpg' class='lightbox ' data-onclick='33' title='DIPLOMA 2\u00ba DAN SHOTOKAN SKIF JAP\u00c3O'  itemprop=\"thumbnailUrl\"  ><img decoding=\"async\" class=\"wp-image-706 avia-img-lazy-loading-not-706\"   src=\"https:\/\/graomestreleandrodacosta.com.br\/wp-content\/uploads\/2023\/05\/DIPLOMA-2o-DAN-SHOTOKAN-SKIF-JAPAO-495x400.jpg\" width=\"495\" height=\"400\"  title='DIPLOMA 2\u00ba DAN SHOTOKAN SKIF JAP\u00c3O' alt='' srcset=\"https:\/\/graomestreleandrodacosta.com.br\/wp-content\/uploads\/2023\/05\/DIPLOMA-2o-DAN-SHOTOKAN-SKIF-JAPAO-495x400.jpg 495w, https:\/\/graomestreleandrodacosta.com.br\/wp-content\/uploads\/2023\/05\/DIPLOMA-2o-DAN-SHOTOKAN-SKIF-JAPAO-845x684.jpg 845w\" sizes=\"(max-width: 495px) 100vw, 495px\" \/><div class='big-prev-fake'><img decoding=\"async\" class=\"wp-image-706 avia-img-lazy-loading-706\"  width=\"495\" height=\"400\" src=\"https:\/\/graomestreleandrodacosta.com.br\/wp-content\/uploads\/2023\/05\/DIPLOMA-2o-DAN-SHOTOKAN-SKIF-JAPAO-495x400.jpg\" title='DIPLOMA 2\u00ba DAN SHOTOKAN SKIF JAP\u00c3O' alt='' srcset=\"https:\/\/graomestreleandrodacosta.com.br\/wp-content\/uploads\/2023\/05\/DIPLOMA-2o-DAN-SHOTOKAN-SKIF-JAPAO-495x400.jpg 495w, https:\/\/graomestreleandrodacosta.com.br\/wp-content\/uploads\/2023\/05\/DIPLOMA-2o-DAN-SHOTOKAN-SKIF-JAPAO-845x684.jpg 845w\" sizes=\"(max-width: 495px) 100vw, 495px\" \/><\/div><\/a><a href=\"https:\/\/graomestreleandrodacosta.com.br\/wp-content\/uploads\/2023\/05\/shihan-leandro-da-costa-ministrando-aula-de-karate-shotokan-em-seu-dojo-garra-de-tigre-treinando-junto-com-os-alunos-no-ano-de-2002-1030x686.jpg\" data-srcset=\"https:\/\/graomestreleandrodacosta.com.br\/wp-content\/uploads\/2023\/05\/shihan-leandro-da-costa-ministrando-aula-de-karate-shotokan-em-seu-dojo-garra-de-tigre-treinando-junto-com-os-alunos-no-ano-de-2002-1030x686.jpg 1030w, https:\/\/graomestreleandrodacosta.com.br\/wp-content\/uploads\/2023\/05\/shihan-leandro-da-costa-ministrando-aula-de-karate-shotokan-em-seu-dojo-garra-de-tigre-treinando-junto-com-os-alunos-no-ano-de-2002-300x200.jpg 300w, https:\/\/graomestreleandrodacosta.com.br\/wp-content\/uploads\/2023\/05\/shihan-leandro-da-costa-ministrando-aula-de-karate-shotokan-em-seu-dojo-garra-de-tigre-treinando-junto-com-os-alunos-no-ano-de-2002-768x512.jpg 768w, https:\/\/graomestreleandrodacosta.com.br\/wp-content\/uploads\/2023\/05\/shihan-leandro-da-costa-ministrando-aula-de-karate-shotokan-em-seu-dojo-garra-de-tigre-treinando-junto-com-os-alunos-no-ano-de-2002-1500x1000.jpg 1500w, https:\/\/graomestreleandrodacosta.com.br\/wp-content\/uploads\/2023\/05\/shihan-leandro-da-costa-ministrando-aula-de-karate-shotokan-em-seu-dojo-garra-de-tigre-treinando-junto-com-os-alunos-no-ano-de-2002-705x470.jpg 705w, https:\/\/graomestreleandrodacosta.com.br\/wp-content\/uploads\/2023\/05\/shihan-leandro-da-costa-ministrando-aula-de-karate-shotokan-em-seu-dojo-garra-de-tigre-treinando-junto-com-os-alunos-no-ano-de-2002.jpg 1526w\" data-sizes=\"(max-width: 1030px) 100vw, 1030px\" data-rel='gallery-1' data-prev-img='https:\/\/graomestreleandrodacosta.com.br\/wp-content\/uploads\/2023\/05\/shihan-leandro-da-costa-ministrando-aula-de-karate-shotokan-em-seu-dojo-garra-de-tigre-treinando-junto-com-os-alunos-no-ano-de-2002-495x400.jpg' class='lightbox ' data-onclick='34' title='shihan leandro da costa ministrando aula de karate shotokan em seu dojo garra de tigre, treinando junto com os alunos no ano de 2002'  itemprop=\"thumbnailUrl\"  ><img decoding=\"async\" class=\"wp-image-707 avia-img-lazy-loading-not-707\"   src=\"https:\/\/graomestreleandrodacosta.com.br\/wp-content\/uploads\/2023\/05\/shihan-leandro-da-costa-ministrando-aula-de-karate-shotokan-em-seu-dojo-garra-de-tigre-treinando-junto-com-os-alunos-no-ano-de-2002-495x400.jpg\" width=\"495\" height=\"400\"  title='shihan leandro da costa ministrando aula de karate shotokan em seu dojo garra de tigre, treinando junto com os alunos no ano de 2002' alt='' srcset=\"https:\/\/graomestreleandrodacosta.com.br\/wp-content\/uploads\/2023\/05\/shihan-leandro-da-costa-ministrando-aula-de-karate-shotokan-em-seu-dojo-garra-de-tigre-treinando-junto-com-os-alunos-no-ano-de-2002-495x400.jpg 495w, https:\/\/graomestreleandrodacosta.com.br\/wp-content\/uploads\/2023\/05\/shihan-leandro-da-costa-ministrando-aula-de-karate-shotokan-em-seu-dojo-garra-de-tigre-treinando-junto-com-os-alunos-no-ano-de-2002-845x684.jpg 845w\" sizes=\"(max-width: 495px) 100vw, 495px\" \/><div class='big-prev-fake'><img decoding=\"async\" class=\"wp-image-707 avia-img-lazy-loading-707\"  width=\"495\" height=\"400\" src=\"https:\/\/graomestreleandrodacosta.com.br\/wp-content\/uploads\/2023\/05\/shihan-leandro-da-costa-ministrando-aula-de-karate-shotokan-em-seu-dojo-garra-de-tigre-treinando-junto-com-os-alunos-no-ano-de-2002-495x400.jpg\" title='shihan leandro da costa ministrando aula de karate shotokan em seu dojo garra de tigre, treinando junto com os alunos no ano de 2002' alt='' srcset=\"https:\/\/graomestreleandrodacosta.com.br\/wp-content\/uploads\/2023\/05\/shihan-leandro-da-costa-ministrando-aula-de-karate-shotokan-em-seu-dojo-garra-de-tigre-treinando-junto-com-os-alunos-no-ano-de-2002-495x400.jpg 495w, https:\/\/graomestreleandrodacosta.com.br\/wp-content\/uploads\/2023\/05\/shihan-leandro-da-costa-ministrando-aula-de-karate-shotokan-em-seu-dojo-garra-de-tigre-treinando-junto-com-os-alunos-no-ano-de-2002-845x684.jpg 845w\" sizes=\"(max-width: 495px) 100vw, 495px\" \/><\/div><\/a><a href=\"https:\/\/graomestreleandrodacosta.com.br\/wp-content\/uploads\/2023\/05\/SHIHAN-LEANDRO-OM-HANSHI-PERICLES-DURANTE-AULA-E-EVENTO-EM-SAO-PAULO-DE-KARATE-DO-MEU-MESTE-E-AMIGO-PERICLES-1030x687.jpg\" data-srcset=\"https:\/\/graomestreleandrodacosta.com.br\/wp-content\/uploads\/2023\/05\/SHIHAN-LEANDRO-OM-HANSHI-PERICLES-DURANTE-AULA-E-EVENTO-EM-SAO-PAULO-DE-KARATE-DO-MEU-MESTE-E-AMIGO-PERICLES-1030x687.jpg 1030w, https:\/\/graomestreleandrodacosta.com.br\/wp-content\/uploads\/2023\/05\/SHIHAN-LEANDRO-OM-HANSHI-PERICLES-DURANTE-AULA-E-EVENTO-EM-SAO-PAULO-DE-KARATE-DO-MEU-MESTE-E-AMIGO-PERICLES-300x200.jpg 300w, https:\/\/graomestreleandrodacosta.com.br\/wp-content\/uploads\/2023\/05\/SHIHAN-LEANDRO-OM-HANSHI-PERICLES-DURANTE-AULA-E-EVENTO-EM-SAO-PAULO-DE-KARATE-DO-MEU-MESTE-E-AMIGO-PERICLES-768x512.jpg 768w, https:\/\/graomestreleandrodacosta.com.br\/wp-content\/uploads\/2023\/05\/SHIHAN-LEANDRO-OM-HANSHI-PERICLES-DURANTE-AULA-E-EVENTO-EM-SAO-PAULO-DE-KARATE-DO-MEU-MESTE-E-AMIGO-PERICLES-705x470.jpg 705w, https:\/\/graomestreleandrodacosta.com.br\/wp-content\/uploads\/2023\/05\/SHIHAN-LEANDRO-OM-HANSHI-PERICLES-DURANTE-AULA-E-EVENTO-EM-SAO-PAULO-DE-KARATE-DO-MEU-MESTE-E-AMIGO-PERICLES.jpg 1280w\" data-sizes=\"(max-width: 1030px) 100vw, 1030px\" data-rel='gallery-1' data-prev-img='https:\/\/graomestreleandrodacosta.com.br\/wp-content\/uploads\/2023\/05\/SHIHAN-LEANDRO-OM-HANSHI-PERICLES-DURANTE-AULA-E-EVENTO-EM-SAO-PAULO-DE-KARATE-DO-MEU-MESTE-E-AMIGO-PERICLES-495x400.jpg' class='lightbox ' data-onclick='35' title='SHIHAN LEANDRO OM HANSHI P\u00c9RICLES DURANTE AULA E EVENTO EM S\u00c3O PAULO DE KARATE-DO, MEU MESTE E AMIGO P\u00c9RICLES'  itemprop=\"thumbnailUrl\"  ><img decoding=\"async\" class=\"wp-image-708 avia-img-lazy-loading-not-708\"   src=\"https:\/\/graomestreleandrodacosta.com.br\/wp-content\/uploads\/2023\/05\/SHIHAN-LEANDRO-OM-HANSHI-PERICLES-DURANTE-AULA-E-EVENTO-EM-SAO-PAULO-DE-KARATE-DO-MEU-MESTE-E-AMIGO-PERICLES-495x400.jpg\" width=\"495\" height=\"400\"  title='SHIHAN LEANDRO OM HANSHI P\u00c9RICLES DURANTE AULA E EVENTO EM S\u00c3O PAULO DE KARATE-DO, MEU MESTE E AMIGO P\u00c9RICLES' alt='' srcset=\"https:\/\/graomestreleandrodacosta.com.br\/wp-content\/uploads\/2023\/05\/SHIHAN-LEANDRO-OM-HANSHI-PERICLES-DURANTE-AULA-E-EVENTO-EM-SAO-PAULO-DE-KARATE-DO-MEU-MESTE-E-AMIGO-PERICLES-495x400.jpg 495w, https:\/\/graomestreleandrodacosta.com.br\/wp-content\/uploads\/2023\/05\/SHIHAN-LEANDRO-OM-HANSHI-PERICLES-DURANTE-AULA-E-EVENTO-EM-SAO-PAULO-DE-KARATE-DO-MEU-MESTE-E-AMIGO-PERICLES-845x684.jpg 845w\" sizes=\"(max-width: 495px) 100vw, 495px\" \/><div class='big-prev-fake'><img decoding=\"async\" class=\"wp-image-708 avia-img-lazy-loading-708\"  width=\"495\" height=\"400\" src=\"https:\/\/graomestreleandrodacosta.com.br\/wp-content\/uploads\/2023\/05\/SHIHAN-LEANDRO-OM-HANSHI-PERICLES-DURANTE-AULA-E-EVENTO-EM-SAO-PAULO-DE-KARATE-DO-MEU-MESTE-E-AMIGO-PERICLES-495x400.jpg\" title='SHIHAN LEANDRO OM HANSHI P\u00c9RICLES DURANTE AULA E EVENTO EM S\u00c3O PAULO DE KARATE-DO, MEU MESTE E AMIGO P\u00c9RICLES' alt='' srcset=\"https:\/\/graomestreleandrodacosta.com.br\/wp-content\/uploads\/2023\/05\/SHIHAN-LEANDRO-OM-HANSHI-PERICLES-DURANTE-AULA-E-EVENTO-EM-SAO-PAULO-DE-KARATE-DO-MEU-MESTE-E-AMIGO-PERICLES-495x400.jpg 495w, https:\/\/graomestreleandrodacosta.com.br\/wp-content\/uploads\/2023\/05\/SHIHAN-LEANDRO-OM-HANSHI-PERICLES-DURANTE-AULA-E-EVENTO-EM-SAO-PAULO-DE-KARATE-DO-MEU-MESTE-E-AMIGO-PERICLES-845x684.jpg 845w\" sizes=\"(max-width: 495px) 100vw, 495px\" \/><\/div><\/a><a href=\"https:\/\/graomestreleandrodacosta.com.br\/wp-content\/uploads\/2023\/05\/SHIHAN-Leandro-da-Costa-1998-karate-1030x724.jpg\" data-srcset=\"https:\/\/graomestreleandrodacosta.com.br\/wp-content\/uploads\/2023\/05\/SHIHAN-Leandro-da-Costa-1998-karate-1030x724.jpg 1030w, https:\/\/graomestreleandrodacosta.com.br\/wp-content\/uploads\/2023\/05\/SHIHAN-Leandro-da-Costa-1998-karate-300x211.jpg 300w, https:\/\/graomestreleandrodacosta.com.br\/wp-content\/uploads\/2023\/05\/SHIHAN-Leandro-da-Costa-1998-karate-768x540.jpg 768w, https:\/\/graomestreleandrodacosta.com.br\/wp-content\/uploads\/2023\/05\/SHIHAN-Leandro-da-Costa-1998-karate-705x496.jpg 705w, https:\/\/graomestreleandrodacosta.com.br\/wp-content\/uploads\/2023\/05\/SHIHAN-Leandro-da-Costa-1998-karate.jpg 1280w\" data-sizes=\"(max-width: 1030px) 100vw, 1030px\" data-rel='gallery-1' data-prev-img='https:\/\/graomestreleandrodacosta.com.br\/wp-content\/uploads\/2023\/05\/SHIHAN-Leandro-da-Costa-1998-karate-495x400.jpg' class='lightbox ' data-onclick='36' title='SHIHAN Leandro da Costa 1998 karate'  itemprop=\"thumbnailUrl\"  ><img decoding=\"async\" class=\"wp-image-709 avia-img-lazy-loading-not-709\"   src=\"https:\/\/graomestreleandrodacosta.com.br\/wp-content\/uploads\/2023\/05\/SHIHAN-Leandro-da-Costa-1998-karate-495x400.jpg\" width=\"495\" height=\"400\"  title='SHIHAN Leandro da Costa 1998 karate' alt='' srcset=\"https:\/\/graomestreleandrodacosta.com.br\/wp-content\/uploads\/2023\/05\/SHIHAN-Leandro-da-Costa-1998-karate-495x400.jpg 495w, https:\/\/graomestreleandrodacosta.com.br\/wp-content\/uploads\/2023\/05\/SHIHAN-Leandro-da-Costa-1998-karate-845x684.jpg 845w\" sizes=\"(max-width: 495px) 100vw, 495px\" \/><div class='big-prev-fake'><img decoding=\"async\" class=\"wp-image-709 avia-img-lazy-loading-709\"  width=\"495\" height=\"400\" src=\"https:\/\/graomestreleandrodacosta.com.br\/wp-content\/uploads\/2023\/05\/SHIHAN-Leandro-da-Costa-1998-karate-495x400.jpg\" title='SHIHAN Leandro da Costa 1998 karate' alt='' srcset=\"https:\/\/graomestreleandrodacosta.com.br\/wp-content\/uploads\/2023\/05\/SHIHAN-Leandro-da-Costa-1998-karate-495x400.jpg 495w, https:\/\/graomestreleandrodacosta.com.br\/wp-content\/uploads\/2023\/05\/SHIHAN-Leandro-da-Costa-1998-karate-845x684.jpg 845w\" sizes=\"(max-width: 495px) 100vw, 495px\" \/><\/div><\/a><a href=\"https:\/\/graomestreleandrodacosta.com.br\/wp-content\/uploads\/2023\/05\/mestre-leandro-da-costa-com-o-professor-lyoto-machida-773x1030.jpg\" data-srcset=\"https:\/\/graomestreleandrodacosta.com.br\/wp-content\/uploads\/2023\/05\/mestre-leandro-da-costa-com-o-professor-lyoto-machida-773x1030.jpg 773w, https:\/\/graomestreleandrodacosta.com.br\/wp-content\/uploads\/2023\/05\/mestre-leandro-da-costa-com-o-professor-lyoto-machida-225x300.jpg 225w, https:\/\/graomestreleandrodacosta.com.br\/wp-content\/uploads\/2023\/05\/mestre-leandro-da-costa-com-o-professor-lyoto-machida-768x1024.jpg 768w, https:\/\/graomestreleandrodacosta.com.br\/wp-content\/uploads\/2023\/05\/mestre-leandro-da-costa-com-o-professor-lyoto-machida-1152x1536.jpg 1152w, https:\/\/graomestreleandrodacosta.com.br\/wp-content\/uploads\/2023\/05\/mestre-leandro-da-costa-com-o-professor-lyoto-machida-1125x1500.jpg 1125w, https:\/\/graomestreleandrodacosta.com.br\/wp-content\/uploads\/2023\/05\/mestre-leandro-da-costa-com-o-professor-lyoto-machida-529x705.jpg 529w, https:\/\/graomestreleandrodacosta.com.br\/wp-content\/uploads\/2023\/05\/mestre-leandro-da-costa-com-o-professor-lyoto-machida.jpg 1200w\" data-sizes=\"(max-width: 773px) 100vw, 773px\" data-rel='gallery-1' data-prev-img='https:\/\/graomestreleandrodacosta.com.br\/wp-content\/uploads\/2023\/05\/mestre-leandro-da-costa-com-o-professor-lyoto-machida-495x400.jpg' class='first_thumb lightbox ' data-onclick='37' title='My beautiful picture'  itemprop=\"thumbnailUrl\"  ><img decoding=\"async\" class=\"wp-image-710 avia-img-lazy-loading-not-710\"  data-avia-tooltip='My beautiful picture' src=\"https:\/\/graomestreleandrodacosta.com.br\/wp-content\/uploads\/2023\/05\/mestre-leandro-da-costa-com-o-professor-lyoto-machida-495x400.jpg\" width=\"495\" height=\"400\"  title='My beautiful picture' alt='' srcset=\"https:\/\/graomestreleandrodacosta.com.br\/wp-content\/uploads\/2023\/05\/mestre-leandro-da-costa-com-o-professor-lyoto-machida-495x400.jpg 495w, https:\/\/graomestreleandrodacosta.com.br\/wp-content\/uploads\/2023\/05\/mestre-leandro-da-costa-com-o-professor-lyoto-machida-845x684.jpg 845w\" sizes=\"(max-width: 495px) 100vw, 495px\" \/><div class='big-prev-fake'><img decoding=\"async\" class=\"wp-image-710 avia-img-lazy-loading-710\"  width=\"495\" height=\"400\" src=\"https:\/\/graomestreleandrodacosta.com.br\/wp-content\/uploads\/2023\/05\/mestre-leandro-da-costa-com-o-professor-lyoto-machida-495x400.jpg\" title='My beautiful picture' alt='' srcset=\"https:\/\/graomestreleandrodacosta.com.br\/wp-content\/uploads\/2023\/05\/mestre-leandro-da-costa-com-o-professor-lyoto-machida-495x400.jpg 495w, https:\/\/graomestreleandrodacosta.com.br\/wp-content\/uploads\/2023\/05\/mestre-leandro-da-costa-com-o-professor-lyoto-machida-845x684.jpg 845w\" sizes=\"(max-width: 495px) 100vw, 495px\" \/><\/div><\/a><a href=\"https:\/\/graomestreleandrodacosta.com.br\/wp-content\/uploads\/2023\/05\/SHIHAN-LEANDRO-DA-COSTA-COM-24-ANOS-DURANTE-UMA-AULA-DE-KARATE-EM-SEU-DOJO-GARRA-DE-TIGRE-PELOTAS-RS-1030x686.jpg\" data-srcset=\"https:\/\/graomestreleandrodacosta.com.br\/wp-content\/uploads\/2023\/05\/SHIHAN-LEANDRO-DA-COSTA-COM-24-ANOS-DURANTE-UMA-AULA-DE-KARATE-EM-SEU-DOJO-GARRA-DE-TIGRE-PELOTAS-RS-1030x686.jpg 1030w, https:\/\/graomestreleandrodacosta.com.br\/wp-content\/uploads\/2023\/05\/SHIHAN-LEANDRO-DA-COSTA-COM-24-ANOS-DURANTE-UMA-AULA-DE-KARATE-EM-SEU-DOJO-GARRA-DE-TIGRE-PELOTAS-RS-300x200.jpg 300w, https:\/\/graomestreleandrodacosta.com.br\/wp-content\/uploads\/2023\/05\/SHIHAN-LEANDRO-DA-COSTA-COM-24-ANOS-DURANTE-UMA-AULA-DE-KARATE-EM-SEU-DOJO-GARRA-DE-TIGRE-PELOTAS-RS-768x511.jpg 768w, https:\/\/graomestreleandrodacosta.com.br\/wp-content\/uploads\/2023\/05\/SHIHAN-LEANDRO-DA-COSTA-COM-24-ANOS-DURANTE-UMA-AULA-DE-KARATE-EM-SEU-DOJO-GARRA-DE-TIGRE-PELOTAS-RS-1536x1022.jpg 1536w, https:\/\/graomestreleandrodacosta.com.br\/wp-content\/uploads\/2023\/05\/SHIHAN-LEANDRO-DA-COSTA-COM-24-ANOS-DURANTE-UMA-AULA-DE-KARATE-EM-SEU-DOJO-GARRA-DE-TIGRE-PELOTAS-RS-2048x1363.jpg 2048w, https:\/\/graomestreleandrodacosta.com.br\/wp-content\/uploads\/2023\/05\/SHIHAN-LEANDRO-DA-COSTA-COM-24-ANOS-DURANTE-UMA-AULA-DE-KARATE-EM-SEU-DOJO-GARRA-DE-TIGRE-PELOTAS-RS-1500x998.jpg 1500w, https:\/\/graomestreleandrodacosta.com.br\/wp-content\/uploads\/2023\/05\/SHIHAN-LEANDRO-DA-COSTA-COM-24-ANOS-DURANTE-UMA-AULA-DE-KARATE-EM-SEU-DOJO-GARRA-DE-TIGRE-PELOTAS-RS-705x469.jpg 705w\" data-sizes=\"(max-width: 1030px) 100vw, 1030px\" data-rel='gallery-1' data-prev-img='https:\/\/graomestreleandrodacosta.com.br\/wp-content\/uploads\/2023\/05\/SHIHAN-LEANDRO-DA-COSTA-COM-24-ANOS-DURANTE-UMA-AULA-DE-KARATE-EM-SEU-DOJO-GARRA-DE-TIGRE-PELOTAS-RS-495x400.jpg' class='lightbox ' data-onclick='38' title='SHIHAN LEANDRO DA COSTA COM 24 ANOS DURANTE UMA AULA DE KARATE EM SEU DOJO GARRA DE TIGRE PELOTAS-RS'  itemprop=\"thumbnailUrl\"  ><img decoding=\"async\" class=\"wp-image-711 avia-img-lazy-loading-not-711\"   src=\"https:\/\/graomestreleandrodacosta.com.br\/wp-content\/uploads\/2023\/05\/SHIHAN-LEANDRO-DA-COSTA-COM-24-ANOS-DURANTE-UMA-AULA-DE-KARATE-EM-SEU-DOJO-GARRA-DE-TIGRE-PELOTAS-RS-495x400.jpg\" width=\"495\" height=\"400\"  title='SHIHAN LEANDRO DA COSTA COM 24 ANOS DURANTE UMA AULA DE KARATE EM SEU DOJO GARRA DE TIGRE PELOTAS-RS' alt='' srcset=\"https:\/\/graomestreleandrodacosta.com.br\/wp-content\/uploads\/2023\/05\/SHIHAN-LEANDRO-DA-COSTA-COM-24-ANOS-DURANTE-UMA-AULA-DE-KARATE-EM-SEU-DOJO-GARRA-DE-TIGRE-PELOTAS-RS-495x400.jpg 495w, https:\/\/graomestreleandrodacosta.com.br\/wp-content\/uploads\/2023\/05\/SHIHAN-LEANDRO-DA-COSTA-COM-24-ANOS-DURANTE-UMA-AULA-DE-KARATE-EM-SEU-DOJO-GARRA-DE-TIGRE-PELOTAS-RS-845x684.jpg 845w\" sizes=\"(max-width: 495px) 100vw, 495px\" \/><div class='big-prev-fake'><img decoding=\"async\" class=\"wp-image-711 avia-img-lazy-loading-711\"  width=\"495\" height=\"400\" src=\"https:\/\/graomestreleandrodacosta.com.br\/wp-content\/uploads\/2023\/05\/SHIHAN-LEANDRO-DA-COSTA-COM-24-ANOS-DURANTE-UMA-AULA-DE-KARATE-EM-SEU-DOJO-GARRA-DE-TIGRE-PELOTAS-RS-495x400.jpg\" title='SHIHAN LEANDRO DA COSTA COM 24 ANOS DURANTE UMA AULA DE KARATE EM SEU DOJO GARRA DE TIGRE PELOTAS-RS' alt='' srcset=\"https:\/\/graomestreleandrodacosta.com.br\/wp-content\/uploads\/2023\/05\/SHIHAN-LEANDRO-DA-COSTA-COM-24-ANOS-DURANTE-UMA-AULA-DE-KARATE-EM-SEU-DOJO-GARRA-DE-TIGRE-PELOTAS-RS-495x400.jpg 495w, https:\/\/graomestreleandrodacosta.com.br\/wp-content\/uploads\/2023\/05\/SHIHAN-LEANDRO-DA-COSTA-COM-24-ANOS-DURANTE-UMA-AULA-DE-KARATE-EM-SEU-DOJO-GARRA-DE-TIGRE-PELOTAS-RS-845x684.jpg 845w\" sizes=\"(max-width: 495px) 100vw, 495px\" \/><\/div><\/a><a href=\"https:\/\/graomestreleandrodacosta.com.br\/wp-content\/uploads\/2023\/05\/DIPLOMA-HONRA-AO-MERITO-NO-KARATE-728x1030.jpg\" data-srcset=\"https:\/\/graomestreleandrodacosta.com.br\/wp-content\/uploads\/2023\/05\/DIPLOMA-HONRA-AO-MERITO-NO-KARATE-728x1030.jpg 728w, https:\/\/graomestreleandrodacosta.com.br\/wp-content\/uploads\/2023\/05\/DIPLOMA-HONRA-AO-MERITO-NO-KARATE-212x300.jpg 212w, https:\/\/graomestreleandrodacosta.com.br\/wp-content\/uploads\/2023\/05\/DIPLOMA-HONRA-AO-MERITO-NO-KARATE-768x1086.jpg 768w, https:\/\/graomestreleandrodacosta.com.br\/wp-content\/uploads\/2023\/05\/DIPLOMA-HONRA-AO-MERITO-NO-KARATE-498x705.jpg 498w, https:\/\/graomestreleandrodacosta.com.br\/wp-content\/uploads\/2023\/05\/DIPLOMA-HONRA-AO-MERITO-NO-KARATE.jpg 905w\" data-sizes=\"(max-width: 728px) 100vw, 728px\" data-rel='gallery-1' data-prev-img='https:\/\/graomestreleandrodacosta.com.br\/wp-content\/uploads\/2023\/05\/DIPLOMA-HONRA-AO-MERITO-NO-KARATE-495x400.jpg' class='lightbox ' data-onclick='39' title='DIPLOMA HONRA AO M\u00c9RITO NO KARATE'  itemprop=\"thumbnailUrl\"  ><img decoding=\"async\" class=\"wp-image-712 avia-img-lazy-loading-not-712\"   src=\"https:\/\/graomestreleandrodacosta.com.br\/wp-content\/uploads\/2023\/05\/DIPLOMA-HONRA-AO-MERITO-NO-KARATE-495x400.jpg\" width=\"495\" height=\"400\"  title='DIPLOMA HONRA AO M\u00c9RITO NO KARATE' alt='' srcset=\"https:\/\/graomestreleandrodacosta.com.br\/wp-content\/uploads\/2023\/05\/DIPLOMA-HONRA-AO-MERITO-NO-KARATE-495x400.jpg 495w, https:\/\/graomestreleandrodacosta.com.br\/wp-content\/uploads\/2023\/05\/DIPLOMA-HONRA-AO-MERITO-NO-KARATE-845x684.jpg 845w\" sizes=\"(max-width: 495px) 100vw, 495px\" \/><div class='big-prev-fake'><img decoding=\"async\" class=\"wp-image-712 avia-img-lazy-loading-712\"  width=\"495\" height=\"400\" src=\"https:\/\/graomestreleandrodacosta.com.br\/wp-content\/uploads\/2023\/05\/DIPLOMA-HONRA-AO-MERITO-NO-KARATE-495x400.jpg\" title='DIPLOMA HONRA AO M\u00c9RITO NO KARATE' alt='' srcset=\"https:\/\/graomestreleandrodacosta.com.br\/wp-content\/uploads\/2023\/05\/DIPLOMA-HONRA-AO-MERITO-NO-KARATE-495x400.jpg 495w, https:\/\/graomestreleandrodacosta.com.br\/wp-content\/uploads\/2023\/05\/DIPLOMA-HONRA-AO-MERITO-NO-KARATE-845x684.jpg 845w\" sizes=\"(max-width: 495px) 100vw, 495px\" \/><\/div><\/a><a href=\"https:\/\/graomestreleandrodacosta.com.br\/wp-content\/uploads\/2023\/05\/campeonato-de-karate-em-suzano-sp-2002-1030x678.jpg\" data-srcset=\"https:\/\/graomestreleandrodacosta.com.br\/wp-content\/uploads\/2023\/05\/campeonato-de-karate-em-suzano-sp-2002-1030x678.jpg 1030w, https:\/\/graomestreleandrodacosta.com.br\/wp-content\/uploads\/2023\/05\/campeonato-de-karate-em-suzano-sp-2002-300x198.jpg 300w, https:\/\/graomestreleandrodacosta.com.br\/wp-content\/uploads\/2023\/05\/campeonato-de-karate-em-suzano-sp-2002-768x506.jpg 768w, https:\/\/graomestreleandrodacosta.com.br\/wp-content\/uploads\/2023\/05\/campeonato-de-karate-em-suzano-sp-2002-1536x1011.jpg 1536w, https:\/\/graomestreleandrodacosta.com.br\/wp-content\/uploads\/2023\/05\/campeonato-de-karate-em-suzano-sp-2002-2048x1348.jpg 2048w, https:\/\/graomestreleandrodacosta.com.br\/wp-content\/uploads\/2023\/05\/campeonato-de-karate-em-suzano-sp-2002-1500x988.jpg 1500w, https:\/\/graomestreleandrodacosta.com.br\/wp-content\/uploads\/2023\/05\/campeonato-de-karate-em-suzano-sp-2002-705x464.jpg 705w\" data-sizes=\"(max-width: 1030px) 100vw, 1030px\" data-rel='gallery-1' data-prev-img='https:\/\/graomestreleandrodacosta.com.br\/wp-content\/uploads\/2023\/05\/campeonato-de-karate-em-suzano-sp-2002-495x400.jpg' class='lightbox ' data-onclick='40' title='campeonato de karate em suzano-sp 2002'  itemprop=\"thumbnailUrl\"  ><img decoding=\"async\" class=\"wp-image-713 avia-img-lazy-loading-not-713\"   src=\"https:\/\/graomestreleandrodacosta.com.br\/wp-content\/uploads\/2023\/05\/campeonato-de-karate-em-suzano-sp-2002-495x400.jpg\" width=\"495\" height=\"400\"  title='campeonato de karate em suzano-sp 2002' alt='' srcset=\"https:\/\/graomestreleandrodacosta.com.br\/wp-content\/uploads\/2023\/05\/campeonato-de-karate-em-suzano-sp-2002-495x400.jpg 495w, https:\/\/graomestreleandrodacosta.com.br\/wp-content\/uploads\/2023\/05\/campeonato-de-karate-em-suzano-sp-2002-845x684.jpg 845w\" sizes=\"(max-width: 495px) 100vw, 495px\" \/><div class='big-prev-fake'><img decoding=\"async\" class=\"wp-image-713 avia-img-lazy-loading-713\"  width=\"495\" height=\"400\" src=\"https:\/\/graomestreleandrodacosta.com.br\/wp-content\/uploads\/2023\/05\/campeonato-de-karate-em-suzano-sp-2002-495x400.jpg\" title='campeonato de karate em suzano-sp 2002' alt='' srcset=\"https:\/\/graomestreleandrodacosta.com.br\/wp-content\/uploads\/2023\/05\/campeonato-de-karate-em-suzano-sp-2002-495x400.jpg 495w, https:\/\/graomestreleandrodacosta.com.br\/wp-content\/uploads\/2023\/05\/campeonato-de-karate-em-suzano-sp-2002-845x684.jpg 845w\" sizes=\"(max-width: 495px) 100vw, 495px\" \/><\/div><\/a><a href=\"https:\/\/graomestreleandrodacosta.com.br\/wp-content\/uploads\/2023\/05\/MESTRE-Gichin-Funakoshi-CRIADOR-DO-ESTILO-SHOTOKAN-O-MAIOR-MESTRE-DE-KARATE-DE-TODOS-OS-TEMPOS-CONSIDERADO-O-PAI-DO-KARATE-MODERNO-736x1030.jpg\" data-srcset=\"https:\/\/graomestreleandrodacosta.com.br\/wp-content\/uploads\/2023\/05\/MESTRE-Gichin-Funakoshi-CRIADOR-DO-ESTILO-SHOTOKAN-O-MAIOR-MESTRE-DE-KARATE-DE-TODOS-OS-TEMPOS-CONSIDERADO-O-PAI-DO-KARATE-MODERNO-736x1030.jpg 736w, https:\/\/graomestreleandrodacosta.com.br\/wp-content\/uploads\/2023\/05\/MESTRE-Gichin-Funakoshi-CRIADOR-DO-ESTILO-SHOTOKAN-O-MAIOR-MESTRE-DE-KARATE-DE-TODOS-OS-TEMPOS-CONSIDERADO-O-PAI-DO-KARATE-MODERNO-215x300.jpg 215w, https:\/\/graomestreleandrodacosta.com.br\/wp-content\/uploads\/2023\/05\/MESTRE-Gichin-Funakoshi-CRIADOR-DO-ESTILO-SHOTOKAN-O-MAIOR-MESTRE-DE-KARATE-DE-TODOS-OS-TEMPOS-CONSIDERADO-O-PAI-DO-KARATE-MODERNO-768x1074.jpg 768w, https:\/\/graomestreleandrodacosta.com.br\/wp-content\/uploads\/2023\/05\/MESTRE-Gichin-Funakoshi-CRIADOR-DO-ESTILO-SHOTOKAN-O-MAIOR-MESTRE-DE-KARATE-DE-TODOS-OS-TEMPOS-CONSIDERADO-O-PAI-DO-KARATE-MODERNO-1098x1536.jpg 1098w, https:\/\/graomestreleandrodacosta.com.br\/wp-content\/uploads\/2023\/05\/MESTRE-Gichin-Funakoshi-CRIADOR-DO-ESTILO-SHOTOKAN-O-MAIOR-MESTRE-DE-KARATE-DE-TODOS-OS-TEMPOS-CONSIDERADO-O-PAI-DO-KARATE-MODERNO-1073x1500.jpg 1073w, https:\/\/graomestreleandrodacosta.com.br\/wp-content\/uploads\/2023\/05\/MESTRE-Gichin-Funakoshi-CRIADOR-DO-ESTILO-SHOTOKAN-O-MAIOR-MESTRE-DE-KARATE-DE-TODOS-OS-TEMPOS-CONSIDERADO-O-PAI-DO-KARATE-MODERNO-504x705.jpg 504w, https:\/\/graomestreleandrodacosta.com.br\/wp-content\/uploads\/2023\/05\/MESTRE-Gichin-Funakoshi-CRIADOR-DO-ESTILO-SHOTOKAN-O-MAIOR-MESTRE-DE-KARATE-DE-TODOS-OS-TEMPOS-CONSIDERADO-O-PAI-DO-KARATE-MODERNO.jpg 1144w\" data-sizes=\"(max-width: 736px) 100vw, 736px\" data-rel='gallery-1' data-prev-img='https:\/\/graomestreleandrodacosta.com.br\/wp-content\/uploads\/2023\/05\/MESTRE-Gichin-Funakoshi-CRIADOR-DO-ESTILO-SHOTOKAN-O-MAIOR-MESTRE-DE-KARATE-DE-TODOS-OS-TEMPOS-CONSIDERADO-O-PAI-DO-KARATE-MODERNO-495x400.jpg' class='lightbox ' data-onclick='41' title='MESTRE Gichin Funakoshi - CRIADOR DO ESTILO SHOTOKAN, O MAIOR MESTRE DE KARATE DE TODOS OS TEMPOS, CONSIDERADO O PAI DO KARATE MODERNO'  itemprop=\"thumbnailUrl\"  ><img decoding=\"async\" class=\"wp-image-714 avia-img-lazy-loading-not-714\"   src=\"https:\/\/graomestreleandrodacosta.com.br\/wp-content\/uploads\/2023\/05\/MESTRE-Gichin-Funakoshi-CRIADOR-DO-ESTILO-SHOTOKAN-O-MAIOR-MESTRE-DE-KARATE-DE-TODOS-OS-TEMPOS-CONSIDERADO-O-PAI-DO-KARATE-MODERNO-495x400.jpg\" width=\"495\" height=\"400\"  title='MESTRE Gichin Funakoshi - CRIADOR DO ESTILO SHOTOKAN, O MAIOR MESTRE DE KARATE DE TODOS OS TEMPOS, CONSIDERADO O PAI DO KARATE MODERNO' alt='' srcset=\"https:\/\/graomestreleandrodacosta.com.br\/wp-content\/uploads\/2023\/05\/MESTRE-Gichin-Funakoshi-CRIADOR-DO-ESTILO-SHOTOKAN-O-MAIOR-MESTRE-DE-KARATE-DE-TODOS-OS-TEMPOS-CONSIDERADO-O-PAI-DO-KARATE-MODERNO-495x400.jpg 495w, https:\/\/graomestreleandrodacosta.com.br\/wp-content\/uploads\/2023\/05\/MESTRE-Gichin-Funakoshi-CRIADOR-DO-ESTILO-SHOTOKAN-O-MAIOR-MESTRE-DE-KARATE-DE-TODOS-OS-TEMPOS-CONSIDERADO-O-PAI-DO-KARATE-MODERNO-845x684.jpg 845w\" sizes=\"(max-width: 495px) 100vw, 495px\" \/><div class='big-prev-fake'><img decoding=\"async\" class=\"wp-image-714 avia-img-lazy-loading-714\"  width=\"495\" height=\"400\" src=\"https:\/\/graomestreleandrodacosta.com.br\/wp-content\/uploads\/2023\/05\/MESTRE-Gichin-Funakoshi-CRIADOR-DO-ESTILO-SHOTOKAN-O-MAIOR-MESTRE-DE-KARATE-DE-TODOS-OS-TEMPOS-CONSIDERADO-O-PAI-DO-KARATE-MODERNO-495x400.jpg\" title='MESTRE Gichin Funakoshi - CRIADOR DO ESTILO SHOTOKAN, O MAIOR MESTRE DE KARATE DE TODOS OS TEMPOS, CONSIDERADO O PAI DO KARATE MODERNO' alt='' srcset=\"https:\/\/graomestreleandrodacosta.com.br\/wp-content\/uploads\/2023\/05\/MESTRE-Gichin-Funakoshi-CRIADOR-DO-ESTILO-SHOTOKAN-O-MAIOR-MESTRE-DE-KARATE-DE-TODOS-OS-TEMPOS-CONSIDERADO-O-PAI-DO-KARATE-MODERNO-495x400.jpg 495w, https:\/\/graomestreleandrodacosta.com.br\/wp-content\/uploads\/2023\/05\/MESTRE-Gichin-Funakoshi-CRIADOR-DO-ESTILO-SHOTOKAN-O-MAIOR-MESTRE-DE-KARATE-DE-TODOS-OS-TEMPOS-CONSIDERADO-O-PAI-DO-KARATE-MODERNO-845x684.jpg 845w\" sizes=\"(max-width: 495px) 100vw, 495px\" \/><\/div><\/a><a href=\"https:\/\/graomestreleandrodacosta.com.br\/wp-content\/uploads\/2023\/05\/campeonato-karate-2003-porto-alegre-1030x689.jpg\" data-srcset=\"https:\/\/graomestreleandrodacosta.com.br\/wp-content\/uploads\/2023\/05\/campeonato-karate-2003-porto-alegre-1030x689.jpg 1030w, https:\/\/graomestreleandrodacosta.com.br\/wp-content\/uploads\/2023\/05\/campeonato-karate-2003-porto-alegre-300x201.jpg 300w, https:\/\/graomestreleandrodacosta.com.br\/wp-content\/uploads\/2023\/05\/campeonato-karate-2003-porto-alegre-768x514.jpg 768w, https:\/\/graomestreleandrodacosta.com.br\/wp-content\/uploads\/2023\/05\/campeonato-karate-2003-porto-alegre-1536x1027.jpg 1536w, https:\/\/graomestreleandrodacosta.com.br\/wp-content\/uploads\/2023\/05\/campeonato-karate-2003-porto-alegre-2048x1370.jpg 2048w, https:\/\/graomestreleandrodacosta.com.br\/wp-content\/uploads\/2023\/05\/campeonato-karate-2003-porto-alegre-1500x1003.jpg 1500w, https:\/\/graomestreleandrodacosta.com.br\/wp-content\/uploads\/2023\/05\/campeonato-karate-2003-porto-alegre-705x472.jpg 705w\" data-sizes=\"(max-width: 1030px) 100vw, 1030px\" data-rel='gallery-1' data-prev-img='https:\/\/graomestreleandrodacosta.com.br\/wp-content\/uploads\/2023\/05\/campeonato-karate-2003-porto-alegre-495x400.jpg' class='lightbox ' data-onclick='42' title='campeonato karate 2003 porto alegre'  itemprop=\"thumbnailUrl\"  ><img decoding=\"async\" class=\"wp-image-715 avia-img-lazy-loading-not-715\"   src=\"https:\/\/graomestreleandrodacosta.com.br\/wp-content\/uploads\/2023\/05\/campeonato-karate-2003-porto-alegre-495x400.jpg\" width=\"495\" height=\"400\"  title='campeonato karate 2003 porto alegre' alt='' srcset=\"https:\/\/graomestreleandrodacosta.com.br\/wp-content\/uploads\/2023\/05\/campeonato-karate-2003-porto-alegre-495x400.jpg 495w, https:\/\/graomestreleandrodacosta.com.br\/wp-content\/uploads\/2023\/05\/campeonato-karate-2003-porto-alegre-845x684.jpg 845w\" sizes=\"(max-width: 495px) 100vw, 495px\" \/><div class='big-prev-fake'><img decoding=\"async\" class=\"wp-image-715 avia-img-lazy-loading-715\"  width=\"495\" height=\"400\" src=\"https:\/\/graomestreleandrodacosta.com.br\/wp-content\/uploads\/2023\/05\/campeonato-karate-2003-porto-alegre-495x400.jpg\" title='campeonato karate 2003 porto alegre' alt='' srcset=\"https:\/\/graomestreleandrodacosta.com.br\/wp-content\/uploads\/2023\/05\/campeonato-karate-2003-porto-alegre-495x400.jpg 495w, https:\/\/graomestreleandrodacosta.com.br\/wp-content\/uploads\/2023\/05\/campeonato-karate-2003-porto-alegre-845x684.jpg 845w\" sizes=\"(max-width: 495px) 100vw, 495px\" \/><\/div><\/a><a href=\"https:\/\/graomestreleandrodacosta.com.br\/wp-content\/uploads\/2023\/05\/shihan-leandro-shihan-sadamu-uriu-e-shihan-oswaldo-marino-1030x688.jpg\" data-srcset=\"https:\/\/graomestreleandrodacosta.com.br\/wp-content\/uploads\/2023\/05\/shihan-leandro-shihan-sadamu-uriu-e-shihan-oswaldo-marino-1030x688.jpg 1030w, https:\/\/graomestreleandrodacosta.com.br\/wp-content\/uploads\/2023\/05\/shihan-leandro-shihan-sadamu-uriu-e-shihan-oswaldo-marino-300x200.jpg 300w, https:\/\/graomestreleandrodacosta.com.br\/wp-content\/uploads\/2023\/05\/shihan-leandro-shihan-sadamu-uriu-e-shihan-oswaldo-marino-768x513.jpg 768w, https:\/\/graomestreleandrodacosta.com.br\/wp-content\/uploads\/2023\/05\/shihan-leandro-shihan-sadamu-uriu-e-shihan-oswaldo-marino-705x471.jpg 705w, https:\/\/graomestreleandrodacosta.com.br\/wp-content\/uploads\/2023\/05\/shihan-leandro-shihan-sadamu-uriu-e-shihan-oswaldo-marino.jpg 1390w\" data-sizes=\"(max-width: 1030px) 100vw, 1030px\" data-rel='gallery-1' data-prev-img='https:\/\/graomestreleandrodacosta.com.br\/wp-content\/uploads\/2023\/05\/shihan-leandro-shihan-sadamu-uriu-e-shihan-oswaldo-marino-495x400.jpg' class='first_thumb lightbox ' data-onclick='43' title='shihan leandro, shihan sadamu uriu e shihan oswaldo marino'  itemprop=\"thumbnailUrl\"  ><img decoding=\"async\" class=\"wp-image-716 avia-img-lazy-loading-not-716\"   src=\"https:\/\/graomestreleandrodacosta.com.br\/wp-content\/uploads\/2023\/05\/shihan-leandro-shihan-sadamu-uriu-e-shihan-oswaldo-marino-495x400.jpg\" width=\"495\" height=\"400\"  title='shihan leandro, shihan sadamu uriu e shihan oswaldo marino' alt='' srcset=\"https:\/\/graomestreleandrodacosta.com.br\/wp-content\/uploads\/2023\/05\/shihan-leandro-shihan-sadamu-uriu-e-shihan-oswaldo-marino-495x400.jpg 495w, https:\/\/graomestreleandrodacosta.com.br\/wp-content\/uploads\/2023\/05\/shihan-leandro-shihan-sadamu-uriu-e-shihan-oswaldo-marino-845x684.jpg 845w\" sizes=\"(max-width: 495px) 100vw, 495px\" \/><div class='big-prev-fake'><img decoding=\"async\" class=\"wp-image-716 avia-img-lazy-loading-716\"  width=\"495\" height=\"400\" src=\"https:\/\/graomestreleandrodacosta.com.br\/wp-content\/uploads\/2023\/05\/shihan-leandro-shihan-sadamu-uriu-e-shihan-oswaldo-marino-495x400.jpg\" title='shihan leandro, shihan sadamu uriu e shihan oswaldo marino' alt='' srcset=\"https:\/\/graomestreleandrodacosta.com.br\/wp-content\/uploads\/2023\/05\/shihan-leandro-shihan-sadamu-uriu-e-shihan-oswaldo-marino-495x400.jpg 495w, https:\/\/graomestreleandrodacosta.com.br\/wp-content\/uploads\/2023\/05\/shihan-leandro-shihan-sadamu-uriu-e-shihan-oswaldo-marino-845x684.jpg 845w\" sizes=\"(max-width: 495px) 100vw, 495px\" \/><\/div><\/a><a href=\"https:\/\/graomestreleandrodacosta.com.br\/wp-content\/uploads\/2023\/05\/kumite-kamae-de-mao-abertas-1030x773.jpg\" data-srcset=\"https:\/\/graomestreleandrodacosta.com.br\/wp-content\/uploads\/2023\/05\/kumite-kamae-de-mao-abertas-1030x773.jpg 1030w, https:\/\/graomestreleandrodacosta.com.br\/wp-content\/uploads\/2023\/05\/kumite-kamae-de-mao-abertas-300x225.jpg 300w, https:\/\/graomestreleandrodacosta.com.br\/wp-content\/uploads\/2023\/05\/kumite-kamae-de-mao-abertas-768x576.jpg 768w, https:\/\/graomestreleandrodacosta.com.br\/wp-content\/uploads\/2023\/05\/kumite-kamae-de-mao-abertas-1536x1152.jpg 1536w, https:\/\/graomestreleandrodacosta.com.br\/wp-content\/uploads\/2023\/05\/kumite-kamae-de-mao-abertas-2048x1536.jpg 2048w, https:\/\/graomestreleandrodacosta.com.br\/wp-content\/uploads\/2023\/05\/kumite-kamae-de-mao-abertas-1500x1125.jpg 1500w, https:\/\/graomestreleandrodacosta.com.br\/wp-content\/uploads\/2023\/05\/kumite-kamae-de-mao-abertas-705x529.jpg 705w\" data-sizes=\"(max-width: 1030px) 100vw, 1030px\" data-rel='gallery-1' data-prev-img='https:\/\/graomestreleandrodacosta.com.br\/wp-content\/uploads\/2023\/05\/kumite-kamae-de-mao-abertas-495x400.jpg' class='lightbox ' data-onclick='44' title='kumite kamae de mao abertas'  itemprop=\"thumbnailUrl\"  ><img decoding=\"async\" class=\"wp-image-722 avia-img-lazy-loading-not-722\"   src=\"https:\/\/graomestreleandrodacosta.com.br\/wp-content\/uploads\/2023\/05\/kumite-kamae-de-mao-abertas-495x400.jpg\" width=\"495\" height=\"400\"  title='kumite kamae de mao abertas' alt='' srcset=\"https:\/\/graomestreleandrodacosta.com.br\/wp-content\/uploads\/2023\/05\/kumite-kamae-de-mao-abertas-495x400.jpg 495w, https:\/\/graomestreleandrodacosta.com.br\/wp-content\/uploads\/2023\/05\/kumite-kamae-de-mao-abertas-845x684.jpg 845w\" sizes=\"(max-width: 495px) 100vw, 495px\" \/><div class='big-prev-fake'><img decoding=\"async\" class=\"wp-image-722 avia-img-lazy-loading-722\"  width=\"495\" height=\"400\" src=\"https:\/\/graomestreleandrodacosta.com.br\/wp-content\/uploads\/2023\/05\/kumite-kamae-de-mao-abertas-495x400.jpg\" title='kumite kamae de mao abertas' alt='' srcset=\"https:\/\/graomestreleandrodacosta.com.br\/wp-content\/uploads\/2023\/05\/kumite-kamae-de-mao-abertas-495x400.jpg 495w, https:\/\/graomestreleandrodacosta.com.br\/wp-content\/uploads\/2023\/05\/kumite-kamae-de-mao-abertas-845x684.jpg 845w\" sizes=\"(max-width: 495px) 100vw, 495px\" \/><\/div><\/a><a href=\"https:\/\/graomestreleandrodacosta.com.br\/wp-content\/uploads\/2023\/05\/kumite-kamae-de-lado-shihan-leandro-da-costa-1030x773.jpg\" data-srcset=\"https:\/\/graomestreleandrodacosta.com.br\/wp-content\/uploads\/2023\/05\/kumite-kamae-de-lado-shihan-leandro-da-costa-1030x773.jpg 1030w, https:\/\/graomestreleandrodacosta.com.br\/wp-content\/uploads\/2023\/05\/kumite-kamae-de-lado-shihan-leandro-da-costa-300x225.jpg 300w, https:\/\/graomestreleandrodacosta.com.br\/wp-content\/uploads\/2023\/05\/kumite-kamae-de-lado-shihan-leandro-da-costa-768x576.jpg 768w, https:\/\/graomestreleandrodacosta.com.br\/wp-content\/uploads\/2023\/05\/kumite-kamae-de-lado-shihan-leandro-da-costa-1536x1152.jpg 1536w, https:\/\/graomestreleandrodacosta.com.br\/wp-content\/uploads\/2023\/05\/kumite-kamae-de-lado-shihan-leandro-da-costa-2048x1536.jpg 2048w, https:\/\/graomestreleandrodacosta.com.br\/wp-content\/uploads\/2023\/05\/kumite-kamae-de-lado-shihan-leandro-da-costa-1500x1125.jpg 1500w, https:\/\/graomestreleandrodacosta.com.br\/wp-content\/uploads\/2023\/05\/kumite-kamae-de-lado-shihan-leandro-da-costa-705x529.jpg 705w\" data-sizes=\"(max-width: 1030px) 100vw, 1030px\" data-rel='gallery-1' data-prev-img='https:\/\/graomestreleandrodacosta.com.br\/wp-content\/uploads\/2023\/05\/kumite-kamae-de-lado-shihan-leandro-da-costa-495x400.jpg' class='lightbox ' data-onclick='45' title='kumite kamae de lado shihan leandro da costa'  itemprop=\"thumbnailUrl\"  ><img decoding=\"async\" class=\"wp-image-723 avia-img-lazy-loading-not-723\"   src=\"https:\/\/graomestreleandrodacosta.com.br\/wp-content\/uploads\/2023\/05\/kumite-kamae-de-lado-shihan-leandro-da-costa-495x400.jpg\" width=\"495\" height=\"400\"  title='kumite kamae de lado shihan leandro da costa' alt='' srcset=\"https:\/\/graomestreleandrodacosta.com.br\/wp-content\/uploads\/2023\/05\/kumite-kamae-de-lado-shihan-leandro-da-costa-495x400.jpg 495w, https:\/\/graomestreleandrodacosta.com.br\/wp-content\/uploads\/2023\/05\/kumite-kamae-de-lado-shihan-leandro-da-costa-845x684.jpg 845w\" sizes=\"(max-width: 495px) 100vw, 495px\" \/><div class='big-prev-fake'><img decoding=\"async\" class=\"wp-image-723 avia-img-lazy-loading-723\"  width=\"495\" height=\"400\" src=\"https:\/\/graomestreleandrodacosta.com.br\/wp-content\/uploads\/2023\/05\/kumite-kamae-de-lado-shihan-leandro-da-costa-495x400.jpg\" title='kumite kamae de lado shihan leandro da costa' alt='' srcset=\"https:\/\/graomestreleandrodacosta.com.br\/wp-content\/uploads\/2023\/05\/kumite-kamae-de-lado-shihan-leandro-da-costa-495x400.jpg 495w, https:\/\/graomestreleandrodacosta.com.br\/wp-content\/uploads\/2023\/05\/kumite-kamae-de-lado-shihan-leandro-da-costa-845x684.jpg 845w\" sizes=\"(max-width: 495px) 100vw, 495px\" \/><\/div><\/a><a href=\"https:\/\/graomestreleandrodacosta.com.br\/wp-content\/uploads\/2023\/05\/gyaku-zuki-shotokan-1030x773.jpg\" data-srcset=\"https:\/\/graomestreleandrodacosta.com.br\/wp-content\/uploads\/2023\/05\/gyaku-zuki-shotokan-1030x773.jpg 1030w, https:\/\/graomestreleandrodacosta.com.br\/wp-content\/uploads\/2023\/05\/gyaku-zuki-shotokan-300x225.jpg 300w, https:\/\/graomestreleandrodacosta.com.br\/wp-content\/uploads\/2023\/05\/gyaku-zuki-shotokan-768x576.jpg 768w, https:\/\/graomestreleandrodacosta.com.br\/wp-content\/uploads\/2023\/05\/gyaku-zuki-shotokan-1536x1152.jpg 1536w, https:\/\/graomestreleandrodacosta.com.br\/wp-content\/uploads\/2023\/05\/gyaku-zuki-shotokan-2048x1536.jpg 2048w, https:\/\/graomestreleandrodacosta.com.br\/wp-content\/uploads\/2023\/05\/gyaku-zuki-shotokan-1500x1125.jpg 1500w, https:\/\/graomestreleandrodacosta.com.br\/wp-content\/uploads\/2023\/05\/gyaku-zuki-shotokan-705x529.jpg 705w\" data-sizes=\"(max-width: 1030px) 100vw, 1030px\" data-rel='gallery-1' data-prev-img='https:\/\/graomestreleandrodacosta.com.br\/wp-content\/uploads\/2023\/05\/gyaku-zuki-shotokan-495x400.jpg' class='lightbox ' data-onclick='46' title='gyaku zuki - shotokan'  itemprop=\"thumbnailUrl\"  ><img decoding=\"async\" class=\"wp-image-724 avia-img-lazy-loading-not-724\"   src=\"https:\/\/graomestreleandrodacosta.com.br\/wp-content\/uploads\/2023\/05\/gyaku-zuki-shotokan-495x400.jpg\" width=\"495\" height=\"400\"  title='gyaku zuki - shotokan' alt='' srcset=\"https:\/\/graomestreleandrodacosta.com.br\/wp-content\/uploads\/2023\/05\/gyaku-zuki-shotokan-495x400.jpg 495w, https:\/\/graomestreleandrodacosta.com.br\/wp-content\/uploads\/2023\/05\/gyaku-zuki-shotokan-845x684.jpg 845w\" sizes=\"(max-width: 495px) 100vw, 495px\" \/><div class='big-prev-fake'><img decoding=\"async\" class=\"wp-image-724 avia-img-lazy-loading-724\"  width=\"495\" height=\"400\" src=\"https:\/\/graomestreleandrodacosta.com.br\/wp-content\/uploads\/2023\/05\/gyaku-zuki-shotokan-495x400.jpg\" title='gyaku zuki - shotokan' alt='' srcset=\"https:\/\/graomestreleandrodacosta.com.br\/wp-content\/uploads\/2023\/05\/gyaku-zuki-shotokan-495x400.jpg 495w, https:\/\/graomestreleandrodacosta.com.br\/wp-content\/uploads\/2023\/05\/gyaku-zuki-shotokan-845x684.jpg 845w\" sizes=\"(max-width: 495px) 100vw, 495px\" \/><\/div><\/a><a href=\"https:\/\/graomestreleandrodacosta.com.br\/wp-content\/uploads\/2023\/05\/kokutsu-dachi-shuto-uke-karate-shotokan-shihan-leandro-da-costa-1030x773.jpg\" data-srcset=\"https:\/\/graomestreleandrodacosta.com.br\/wp-content\/uploads\/2023\/05\/kokutsu-dachi-shuto-uke-karate-shotokan-shihan-leandro-da-costa-1030x773.jpg 1030w, https:\/\/graomestreleandrodacosta.com.br\/wp-content\/uploads\/2023\/05\/kokutsu-dachi-shuto-uke-karate-shotokan-shihan-leandro-da-costa-300x225.jpg 300w, https:\/\/graomestreleandrodacosta.com.br\/wp-content\/uploads\/2023\/05\/kokutsu-dachi-shuto-uke-karate-shotokan-shihan-leandro-da-costa-768x576.jpg 768w, https:\/\/graomestreleandrodacosta.com.br\/wp-content\/uploads\/2023\/05\/kokutsu-dachi-shuto-uke-karate-shotokan-shihan-leandro-da-costa-1536x1152.jpg 1536w, https:\/\/graomestreleandrodacosta.com.br\/wp-content\/uploads\/2023\/05\/kokutsu-dachi-shuto-uke-karate-shotokan-shihan-leandro-da-costa-2048x1536.jpg 2048w, https:\/\/graomestreleandrodacosta.com.br\/wp-content\/uploads\/2023\/05\/kokutsu-dachi-shuto-uke-karate-shotokan-shihan-leandro-da-costa-1500x1125.jpg 1500w, https:\/\/graomestreleandrodacosta.com.br\/wp-content\/uploads\/2023\/05\/kokutsu-dachi-shuto-uke-karate-shotokan-shihan-leandro-da-costa-705x529.jpg 705w\" data-sizes=\"(max-width: 1030px) 100vw, 1030px\" data-rel='gallery-1' data-prev-img='https:\/\/graomestreleandrodacosta.com.br\/wp-content\/uploads\/2023\/05\/kokutsu-dachi-shuto-uke-karate-shotokan-shihan-leandro-da-costa-495x400.jpg' class='lightbox ' data-onclick='47' title='kokutsu dachi shuto uke - karate shotokan shihan leandro da costa'  itemprop=\"thumbnailUrl\"  ><img decoding=\"async\" class=\"wp-image-725 avia-img-lazy-loading-not-725\"   src=\"https:\/\/graomestreleandrodacosta.com.br\/wp-content\/uploads\/2023\/05\/kokutsu-dachi-shuto-uke-karate-shotokan-shihan-leandro-da-costa-495x400.jpg\" width=\"495\" height=\"400\"  title='kokutsu dachi shuto uke - karate shotokan shihan leandro da costa' alt='' srcset=\"https:\/\/graomestreleandrodacosta.com.br\/wp-content\/uploads\/2023\/05\/kokutsu-dachi-shuto-uke-karate-shotokan-shihan-leandro-da-costa-495x400.jpg 495w, https:\/\/graomestreleandrodacosta.com.br\/wp-content\/uploads\/2023\/05\/kokutsu-dachi-shuto-uke-karate-shotokan-shihan-leandro-da-costa-845x684.jpg 845w\" sizes=\"(max-width: 495px) 100vw, 495px\" \/><div class='big-prev-fake'><img decoding=\"async\" class=\"wp-image-725 avia-img-lazy-loading-725\"  width=\"495\" height=\"400\" src=\"https:\/\/graomestreleandrodacosta.com.br\/wp-content\/uploads\/2023\/05\/kokutsu-dachi-shuto-uke-karate-shotokan-shihan-leandro-da-costa-495x400.jpg\" title='kokutsu dachi shuto uke - karate shotokan shihan leandro da costa' alt='' srcset=\"https:\/\/graomestreleandrodacosta.com.br\/wp-content\/uploads\/2023\/05\/kokutsu-dachi-shuto-uke-karate-shotokan-shihan-leandro-da-costa-495x400.jpg 495w, https:\/\/graomestreleandrodacosta.com.br\/wp-content\/uploads\/2023\/05\/kokutsu-dachi-shuto-uke-karate-shotokan-shihan-leandro-da-costa-845x684.jpg 845w\" sizes=\"(max-width: 495px) 100vw, 495px\" \/><\/div><\/a><a href=\"https:\/\/graomestreleandrodacosta.com.br\/wp-content\/uploads\/2023\/05\/SHIHAN-LEANDRO-COM-O-SHIHAN-KOJI-ARIMOTO-CAMPEAO-MUNDIAL-DE-KARATE-DA-JKS-DO-JAPAO-MUITA-HONRA-DE-PARTICIPAR-DE-UM-SEMINARIO-COM-ESTA-LENDA-DO-KARATE-JAPONES-E-MUNDIAL-OSSU-1030x773.jpg\" data-srcset=\"https:\/\/graomestreleandrodacosta.com.br\/wp-content\/uploads\/2023\/05\/SHIHAN-LEANDRO-COM-O-SHIHAN-KOJI-ARIMOTO-CAMPEAO-MUNDIAL-DE-KARATE-DA-JKS-DO-JAPAO-MUITA-HONRA-DE-PARTICIPAR-DE-UM-SEMINARIO-COM-ESTA-LENDA-DO-KARATE-JAPONES-E-MUNDIAL-OSSU-1030x773.jpg 1030w, https:\/\/graomestreleandrodacosta.com.br\/wp-content\/uploads\/2023\/05\/SHIHAN-LEANDRO-COM-O-SHIHAN-KOJI-ARIMOTO-CAMPEAO-MUNDIAL-DE-KARATE-DA-JKS-DO-JAPAO-MUITA-HONRA-DE-PARTICIPAR-DE-UM-SEMINARIO-COM-ESTA-LENDA-DO-KARATE-JAPONES-E-MUNDIAL-OSSU-300x225.jpg 300w, https:\/\/graomestreleandrodacosta.com.br\/wp-content\/uploads\/2023\/05\/SHIHAN-LEANDRO-COM-O-SHIHAN-KOJI-ARIMOTO-CAMPEAO-MUNDIAL-DE-KARATE-DA-JKS-DO-JAPAO-MUITA-HONRA-DE-PARTICIPAR-DE-UM-SEMINARIO-COM-ESTA-LENDA-DO-KARATE-JAPONES-E-MUNDIAL-OSSU-768x576.jpg 768w, https:\/\/graomestreleandrodacosta.com.br\/wp-content\/uploads\/2023\/05\/SHIHAN-LEANDRO-COM-O-SHIHAN-KOJI-ARIMOTO-CAMPEAO-MUNDIAL-DE-KARATE-DA-JKS-DO-JAPAO-MUITA-HONRA-DE-PARTICIPAR-DE-UM-SEMINARIO-COM-ESTA-LENDA-DO-KARATE-JAPONES-E-MUNDIAL-OSSU-1536x1152.jpg 1536w, https:\/\/graomestreleandrodacosta.com.br\/wp-content\/uploads\/2023\/05\/SHIHAN-LEANDRO-COM-O-SHIHAN-KOJI-ARIMOTO-CAMPEAO-MUNDIAL-DE-KARATE-DA-JKS-DO-JAPAO-MUITA-HONRA-DE-PARTICIPAR-DE-UM-SEMINARIO-COM-ESTA-LENDA-DO-KARATE-JAPONES-E-MUNDIAL-OSSU-2048x1536.jpg 2048w, https:\/\/graomestreleandrodacosta.com.br\/wp-content\/uploads\/2023\/05\/SHIHAN-LEANDRO-COM-O-SHIHAN-KOJI-ARIMOTO-CAMPEAO-MUNDIAL-DE-KARATE-DA-JKS-DO-JAPAO-MUITA-HONRA-DE-PARTICIPAR-DE-UM-SEMINARIO-COM-ESTA-LENDA-DO-KARATE-JAPONES-E-MUNDIAL-OSSU-1500x1125.jpg 1500w, https:\/\/graomestreleandrodacosta.com.br\/wp-content\/uploads\/2023\/05\/SHIHAN-LEANDRO-COM-O-SHIHAN-KOJI-ARIMOTO-CAMPEAO-MUNDIAL-DE-KARATE-DA-JKS-DO-JAPAO-MUITA-HONRA-DE-PARTICIPAR-DE-UM-SEMINARIO-COM-ESTA-LENDA-DO-KARATE-JAPONES-E-MUNDIAL-OSSU-705x529.jpg 705w\" data-sizes=\"(max-width: 1030px) 100vw, 1030px\" data-rel='gallery-1' data-prev-img='https:\/\/graomestreleandrodacosta.com.br\/wp-content\/uploads\/2023\/05\/SHIHAN-LEANDRO-COM-O-SHIHAN-KOJI-ARIMOTO-CAMPEAO-MUNDIAL-DE-KARATE-DA-JKS-DO-JAPAO-MUITA-HONRA-DE-PARTICIPAR-DE-UM-SEMINARIO-COM-ESTA-LENDA-DO-KARATE-JAPONES-E-MUNDIAL-OSSU-495x400.jpg' class='lightbox ' data-onclick='48' title='SHIHAN LEANDRO COM O SHIHAN KOJI ARIMOTO CAMPE\u00c3O MUNDIAL DE KARATE DA JKS DO JAP\u00c3O, MUITA HONRA DE PARTICIPAR DE UM SEMIN\u00c1RIO COM ESTA LENDA DO KARATE JAPON~ES E MUNDIAL OSSU!'  itemprop=\"thumbnailUrl\"  ><img decoding=\"async\" class=\"wp-image-726 avia-img-lazy-loading-not-726\"   src=\"https:\/\/graomestreleandrodacosta.com.br\/wp-content\/uploads\/2023\/05\/SHIHAN-LEANDRO-COM-O-SHIHAN-KOJI-ARIMOTO-CAMPEAO-MUNDIAL-DE-KARATE-DA-JKS-DO-JAPAO-MUITA-HONRA-DE-PARTICIPAR-DE-UM-SEMINARIO-COM-ESTA-LENDA-DO-KARATE-JAPONES-E-MUNDIAL-OSSU-495x400.jpg\" width=\"495\" height=\"400\"  title='SHIHAN LEANDRO COM O SHIHAN KOJI ARIMOTO CAMPE\u00c3O MUNDIAL DE KARATE DA JKS DO JAP\u00c3O, MUITA HONRA DE PARTICIPAR DE UM SEMIN\u00c1RIO COM ESTA LENDA DO KARATE JAPON~ES E MUNDIAL OSSU!' alt='' srcset=\"https:\/\/graomestreleandrodacosta.com.br\/wp-content\/uploads\/2023\/05\/SHIHAN-LEANDRO-COM-O-SHIHAN-KOJI-ARIMOTO-CAMPEAO-MUNDIAL-DE-KARATE-DA-JKS-DO-JAPAO-MUITA-HONRA-DE-PARTICIPAR-DE-UM-SEMINARIO-COM-ESTA-LENDA-DO-KARATE-JAPONES-E-MUNDIAL-OSSU-495x400.jpg 495w, https:\/\/graomestreleandrodacosta.com.br\/wp-content\/uploads\/2023\/05\/SHIHAN-LEANDRO-COM-O-SHIHAN-KOJI-ARIMOTO-CAMPEAO-MUNDIAL-DE-KARATE-DA-JKS-DO-JAPAO-MUITA-HONRA-DE-PARTICIPAR-DE-UM-SEMINARIO-COM-ESTA-LENDA-DO-KARATE-JAPONES-E-MUNDIAL-OSSU-845x684.jpg 845w\" sizes=\"(max-width: 495px) 100vw, 495px\" \/><div class='big-prev-fake'><img decoding=\"async\" class=\"wp-image-726 avia-img-lazy-loading-726\"  width=\"495\" height=\"400\" src=\"https:\/\/graomestreleandrodacosta.com.br\/wp-content\/uploads\/2023\/05\/SHIHAN-LEANDRO-COM-O-SHIHAN-KOJI-ARIMOTO-CAMPEAO-MUNDIAL-DE-KARATE-DA-JKS-DO-JAPAO-MUITA-HONRA-DE-PARTICIPAR-DE-UM-SEMINARIO-COM-ESTA-LENDA-DO-KARATE-JAPONES-E-MUNDIAL-OSSU-495x400.jpg\" title='SHIHAN LEANDRO COM O SHIHAN KOJI ARIMOTO CAMPE\u00c3O MUNDIAL DE KARATE DA JKS DO JAP\u00c3O, MUITA HONRA DE PARTICIPAR DE UM SEMIN\u00c1RIO COM ESTA LENDA DO KARATE JAPON~ES E MUNDIAL OSSU!' alt='' srcset=\"https:\/\/graomestreleandrodacosta.com.br\/wp-content\/uploads\/2023\/05\/SHIHAN-LEANDRO-COM-O-SHIHAN-KOJI-ARIMOTO-CAMPEAO-MUNDIAL-DE-KARATE-DA-JKS-DO-JAPAO-MUITA-HONRA-DE-PARTICIPAR-DE-UM-SEMINARIO-COM-ESTA-LENDA-DO-KARATE-JAPONES-E-MUNDIAL-OSSU-495x400.jpg 495w, https:\/\/graomestreleandrodacosta.com.br\/wp-content\/uploads\/2023\/05\/SHIHAN-LEANDRO-COM-O-SHIHAN-KOJI-ARIMOTO-CAMPEAO-MUNDIAL-DE-KARATE-DA-JKS-DO-JAPAO-MUITA-HONRA-DE-PARTICIPAR-DE-UM-SEMINARIO-COM-ESTA-LENDA-DO-KARATE-JAPONES-E-MUNDIAL-OSSU-845x684.jpg 845w\" sizes=\"(max-width: 495px) 100vw, 495px\" \/><\/div><\/a><a href=\"https:\/\/graomestreleandrodacosta.com.br\/wp-content\/uploads\/2023\/05\/base-de-kuminte-shihan-leandro-da-costa-773x1030.jpg\" data-srcset=\"https:\/\/graomestreleandrodacosta.com.br\/wp-content\/uploads\/2023\/05\/base-de-kuminte-shihan-leandro-da-costa-773x1030.jpg 773w, https:\/\/graomestreleandrodacosta.com.br\/wp-content\/uploads\/2023\/05\/base-de-kuminte-shihan-leandro-da-costa-225x300.jpg 225w, https:\/\/graomestreleandrodacosta.com.br\/wp-content\/uploads\/2023\/05\/base-de-kuminte-shihan-leandro-da-costa-768x1024.jpg 768w, https:\/\/graomestreleandrodacosta.com.br\/wp-content\/uploads\/2023\/05\/base-de-kuminte-shihan-leandro-da-costa-1152x1536.jpg 1152w, https:\/\/graomestreleandrodacosta.com.br\/wp-content\/uploads\/2023\/05\/base-de-kuminte-shihan-leandro-da-costa-1536x2048.jpg 1536w, https:\/\/graomestreleandrodacosta.com.br\/wp-content\/uploads\/2023\/05\/base-de-kuminte-shihan-leandro-da-costa-1125x1500.jpg 1125w, https:\/\/graomestreleandrodacosta.com.br\/wp-content\/uploads\/2023\/05\/base-de-kuminte-shihan-leandro-da-costa-529x705.jpg 529w, https:\/\/graomestreleandrodacosta.com.br\/wp-content\/uploads\/2023\/05\/base-de-kuminte-shihan-leandro-da-costa-scaled.jpg 1920w\" data-sizes=\"(max-width: 773px) 100vw, 773px\" data-rel='gallery-1' data-prev-img='https:\/\/graomestreleandrodacosta.com.br\/wp-content\/uploads\/2023\/05\/base-de-kuminte-shihan-leandro-da-costa-495x400.jpg' class='first_thumb lightbox ' data-onclick='49' title='base de kuminte shihan leandro da costa'  itemprop=\"thumbnailUrl\"  ><img decoding=\"async\" class=\"wp-image-727 avia-img-lazy-loading-not-727\"   src=\"https:\/\/graomestreleandrodacosta.com.br\/wp-content\/uploads\/2023\/05\/base-de-kuminte-shihan-leandro-da-costa-495x400.jpg\" width=\"495\" height=\"400\"  title='base de kuminte shihan leandro da costa' alt='' srcset=\"https:\/\/graomestreleandrodacosta.com.br\/wp-content\/uploads\/2023\/05\/base-de-kuminte-shihan-leandro-da-costa-495x400.jpg 495w, https:\/\/graomestreleandrodacosta.com.br\/wp-content\/uploads\/2023\/05\/base-de-kuminte-shihan-leandro-da-costa-845x684.jpg 845w\" sizes=\"(max-width: 495px) 100vw, 495px\" \/><div class='big-prev-fake'><img decoding=\"async\" class=\"wp-image-727 avia-img-lazy-loading-727\"  width=\"495\" height=\"400\" src=\"https:\/\/graomestreleandrodacosta.com.br\/wp-content\/uploads\/2023\/05\/base-de-kuminte-shihan-leandro-da-costa-495x400.jpg\" title='base de kuminte shihan leandro da costa' alt='' srcset=\"https:\/\/graomestreleandrodacosta.com.br\/wp-content\/uploads\/2023\/05\/base-de-kuminte-shihan-leandro-da-costa-495x400.jpg 495w, https:\/\/graomestreleandrodacosta.com.br\/wp-content\/uploads\/2023\/05\/base-de-kuminte-shihan-leandro-da-costa-845x684.jpg 845w\" sizes=\"(max-width: 495px) 100vw, 495px\" \/><\/div><\/a><a href=\"https:\/\/graomestreleandrodacosta.com.br\/wp-content\/uploads\/2023\/05\/bloqueio-heian-nidan-1030x773.jpg\" data-srcset=\"https:\/\/graomestreleandrodacosta.com.br\/wp-content\/uploads\/2023\/05\/bloqueio-heian-nidan-1030x773.jpg 1030w, https:\/\/graomestreleandrodacosta.com.br\/wp-content\/uploads\/2023\/05\/bloqueio-heian-nidan-300x225.jpg 300w, https:\/\/graomestreleandrodacosta.com.br\/wp-content\/uploads\/2023\/05\/bloqueio-heian-nidan-768x576.jpg 768w, https:\/\/graomestreleandrodacosta.com.br\/wp-content\/uploads\/2023\/05\/bloqueio-heian-nidan-1536x1152.jpg 1536w, https:\/\/graomestreleandrodacosta.com.br\/wp-content\/uploads\/2023\/05\/bloqueio-heian-nidan-2048x1536.jpg 2048w, https:\/\/graomestreleandrodacosta.com.br\/wp-content\/uploads\/2023\/05\/bloqueio-heian-nidan-1500x1125.jpg 1500w, https:\/\/graomestreleandrodacosta.com.br\/wp-content\/uploads\/2023\/05\/bloqueio-heian-nidan-705x529.jpg 705w\" data-sizes=\"(max-width: 1030px) 100vw, 1030px\" data-rel='gallery-1' data-prev-img='https:\/\/graomestreleandrodacosta.com.br\/wp-content\/uploads\/2023\/05\/bloqueio-heian-nidan-495x400.jpg' class='lightbox ' data-onclick='50' title='bloqueio heian nidan'  itemprop=\"thumbnailUrl\"  ><img decoding=\"async\" class=\"wp-image-728 avia-img-lazy-loading-not-728\"   src=\"https:\/\/graomestreleandrodacosta.com.br\/wp-content\/uploads\/2023\/05\/bloqueio-heian-nidan-495x400.jpg\" width=\"495\" height=\"400\"  title='bloqueio heian nidan' alt='' srcset=\"https:\/\/graomestreleandrodacosta.com.br\/wp-content\/uploads\/2023\/05\/bloqueio-heian-nidan-495x400.jpg 495w, https:\/\/graomestreleandrodacosta.com.br\/wp-content\/uploads\/2023\/05\/bloqueio-heian-nidan-845x684.jpg 845w\" sizes=\"(max-width: 495px) 100vw, 495px\" \/><div class='big-prev-fake'><img decoding=\"async\" class=\"wp-image-728 avia-img-lazy-loading-728\"  width=\"495\" height=\"400\" src=\"https:\/\/graomestreleandrodacosta.com.br\/wp-content\/uploads\/2023\/05\/bloqueio-heian-nidan-495x400.jpg\" title='bloqueio heian nidan' alt='' srcset=\"https:\/\/graomestreleandrodacosta.com.br\/wp-content\/uploads\/2023\/05\/bloqueio-heian-nidan-495x400.jpg 495w, https:\/\/graomestreleandrodacosta.com.br\/wp-content\/uploads\/2023\/05\/bloqueio-heian-nidan-845x684.jpg 845w\" sizes=\"(max-width: 495px) 100vw, 495px\" \/><\/div><\/a><a href=\"https:\/\/graomestreleandrodacosta.com.br\/wp-content\/uploads\/2023\/05\/kokutsu-dachi-shuto-uke-com-shihan-leandro-karate-do-shotokan-1030x773.jpg\" data-srcset=\"https:\/\/graomestreleandrodacosta.com.br\/wp-content\/uploads\/2023\/05\/kokutsu-dachi-shuto-uke-com-shihan-leandro-karate-do-shotokan-1030x773.jpg 1030w, https:\/\/graomestreleandrodacosta.com.br\/wp-content\/uploads\/2023\/05\/kokutsu-dachi-shuto-uke-com-shihan-leandro-karate-do-shotokan-300x225.jpg 300w, https:\/\/graomestreleandrodacosta.com.br\/wp-content\/uploads\/2023\/05\/kokutsu-dachi-shuto-uke-com-shihan-leandro-karate-do-shotokan-768x576.jpg 768w, https:\/\/graomestreleandrodacosta.com.br\/wp-content\/uploads\/2023\/05\/kokutsu-dachi-shuto-uke-com-shihan-leandro-karate-do-shotokan-1536x1152.jpg 1536w, https:\/\/graomestreleandrodacosta.com.br\/wp-content\/uploads\/2023\/05\/kokutsu-dachi-shuto-uke-com-shihan-leandro-karate-do-shotokan-2048x1536.jpg 2048w, https:\/\/graomestreleandrodacosta.com.br\/wp-content\/uploads\/2023\/05\/kokutsu-dachi-shuto-uke-com-shihan-leandro-karate-do-shotokan-1500x1125.jpg 1500w, https:\/\/graomestreleandrodacosta.com.br\/wp-content\/uploads\/2023\/05\/kokutsu-dachi-shuto-uke-com-shihan-leandro-karate-do-shotokan-705x529.jpg 705w\" data-sizes=\"(max-width: 1030px) 100vw, 1030px\" data-rel='gallery-1' data-prev-img='https:\/\/graomestreleandrodacosta.com.br\/wp-content\/uploads\/2023\/05\/kokutsu-dachi-shuto-uke-com-shihan-leandro-karate-do-shotokan-495x400.jpg' class='lightbox ' data-onclick='51' title='kokutsu dachi shuto uke - com shihan leandro karate-do shotokan'  itemprop=\"thumbnailUrl\"  ><img decoding=\"async\" class=\"wp-image-729 avia-img-lazy-loading-not-729\"   src=\"https:\/\/graomestreleandrodacosta.com.br\/wp-content\/uploads\/2023\/05\/kokutsu-dachi-shuto-uke-com-shihan-leandro-karate-do-shotokan-495x400.jpg\" width=\"495\" height=\"400\"  title='kokutsu dachi shuto uke - com shihan leandro karate-do shotokan' alt='' srcset=\"https:\/\/graomestreleandrodacosta.com.br\/wp-content\/uploads\/2023\/05\/kokutsu-dachi-shuto-uke-com-shihan-leandro-karate-do-shotokan-495x400.jpg 495w, https:\/\/graomestreleandrodacosta.com.br\/wp-content\/uploads\/2023\/05\/kokutsu-dachi-shuto-uke-com-shihan-leandro-karate-do-shotokan-845x684.jpg 845w\" sizes=\"(max-width: 495px) 100vw, 495px\" \/><div class='big-prev-fake'><img decoding=\"async\" class=\"wp-image-729 avia-img-lazy-loading-729\"  width=\"495\" height=\"400\" src=\"https:\/\/graomestreleandrodacosta.com.br\/wp-content\/uploads\/2023\/05\/kokutsu-dachi-shuto-uke-com-shihan-leandro-karate-do-shotokan-495x400.jpg\" title='kokutsu dachi shuto uke - com shihan leandro karate-do shotokan' alt='' srcset=\"https:\/\/graomestreleandrodacosta.com.br\/wp-content\/uploads\/2023\/05\/kokutsu-dachi-shuto-uke-com-shihan-leandro-karate-do-shotokan-495x400.jpg 495w, https:\/\/graomestreleandrodacosta.com.br\/wp-content\/uploads\/2023\/05\/kokutsu-dachi-shuto-uke-com-shihan-leandro-karate-do-shotokan-845x684.jpg 845w\" sizes=\"(max-width: 495px) 100vw, 495px\" \/><\/div><\/a><a href=\"https:\/\/graomestreleandrodacosta.com.br\/wp-content\/uploads\/2023\/05\/jodan-shuto-uke-773x1030.jpg\" data-srcset=\"https:\/\/graomestreleandrodacosta.com.br\/wp-content\/uploads\/2023\/05\/jodan-shuto-uke-773x1030.jpg 773w, https:\/\/graomestreleandrodacosta.com.br\/wp-content\/uploads\/2023\/05\/jodan-shuto-uke-225x300.jpg 225w, https:\/\/graomestreleandrodacosta.com.br\/wp-content\/uploads\/2023\/05\/jodan-shuto-uke-768x1024.jpg 768w, https:\/\/graomestreleandrodacosta.com.br\/wp-content\/uploads\/2023\/05\/jodan-shuto-uke-1152x1536.jpg 1152w, https:\/\/graomestreleandrodacosta.com.br\/wp-content\/uploads\/2023\/05\/jodan-shuto-uke-1536x2048.jpg 1536w, https:\/\/graomestreleandrodacosta.com.br\/wp-content\/uploads\/2023\/05\/jodan-shuto-uke-1125x1500.jpg 1125w, https:\/\/graomestreleandrodacosta.com.br\/wp-content\/uploads\/2023\/05\/jodan-shuto-uke-529x705.jpg 529w, https:\/\/graomestreleandrodacosta.com.br\/wp-content\/uploads\/2023\/05\/jodan-shuto-uke-scaled.jpg 1920w\" data-sizes=\"(max-width: 773px) 100vw, 773px\" data-rel='gallery-1' data-prev-img='https:\/\/graomestreleandrodacosta.com.br\/wp-content\/uploads\/2023\/05\/jodan-shuto-uke-495x400.jpg' class='lightbox ' data-onclick='52' title='jodan shuto uke'  itemprop=\"thumbnailUrl\"  ><img decoding=\"async\" class=\"wp-image-730 avia-img-lazy-loading-not-730\"   src=\"https:\/\/graomestreleandrodacosta.com.br\/wp-content\/uploads\/2023\/05\/jodan-shuto-uke-495x400.jpg\" width=\"495\" height=\"400\"  title='jodan shuto uke' alt='' srcset=\"https:\/\/graomestreleandrodacosta.com.br\/wp-content\/uploads\/2023\/05\/jodan-shuto-uke-495x400.jpg 495w, https:\/\/graomestreleandrodacosta.com.br\/wp-content\/uploads\/2023\/05\/jodan-shuto-uke-845x684.jpg 845w\" sizes=\"(max-width: 495px) 100vw, 495px\" \/><div class='big-prev-fake'><img decoding=\"async\" class=\"wp-image-730 avia-img-lazy-loading-730\"  width=\"495\" height=\"400\" src=\"https:\/\/graomestreleandrodacosta.com.br\/wp-content\/uploads\/2023\/05\/jodan-shuto-uke-495x400.jpg\" title='jodan shuto uke' alt='' srcset=\"https:\/\/graomestreleandrodacosta.com.br\/wp-content\/uploads\/2023\/05\/jodan-shuto-uke-495x400.jpg 495w, https:\/\/graomestreleandrodacosta.com.br\/wp-content\/uploads\/2023\/05\/jodan-shuto-uke-845x684.jpg 845w\" sizes=\"(max-width: 495px) 100vw, 495px\" \/><\/div><\/a><a href=\"https:\/\/graomestreleandrodacosta.com.br\/wp-content\/uploads\/2023\/05\/shihan-LEANDRO-NO-DOJO-DO-SHIHAN-SERGIO-HISAOKA-NO-BAIRRO-LIBERDADE-EM-SAO-PAULO-UMA-LENDA-DO-SHOTOKAN-BRASILEIRO-OSSU-1030x773.jpg\" data-srcset=\"https:\/\/graomestreleandrodacosta.com.br\/wp-content\/uploads\/2023\/05\/shihan-LEANDRO-NO-DOJO-DO-SHIHAN-SERGIO-HISAOKA-NO-BAIRRO-LIBERDADE-EM-SAO-PAULO-UMA-LENDA-DO-SHOTOKAN-BRASILEIRO-OSSU-1030x773.jpg 1030w, https:\/\/graomestreleandrodacosta.com.br\/wp-content\/uploads\/2023\/05\/shihan-LEANDRO-NO-DOJO-DO-SHIHAN-SERGIO-HISAOKA-NO-BAIRRO-LIBERDADE-EM-SAO-PAULO-UMA-LENDA-DO-SHOTOKAN-BRASILEIRO-OSSU-300x225.jpg 300w, https:\/\/graomestreleandrodacosta.com.br\/wp-content\/uploads\/2023\/05\/shihan-LEANDRO-NO-DOJO-DO-SHIHAN-SERGIO-HISAOKA-NO-BAIRRO-LIBERDADE-EM-SAO-PAULO-UMA-LENDA-DO-SHOTOKAN-BRASILEIRO-OSSU-768x576.jpg 768w, https:\/\/graomestreleandrodacosta.com.br\/wp-content\/uploads\/2023\/05\/shihan-LEANDRO-NO-DOJO-DO-SHIHAN-SERGIO-HISAOKA-NO-BAIRRO-LIBERDADE-EM-SAO-PAULO-UMA-LENDA-DO-SHOTOKAN-BRASILEIRO-OSSU-1536x1152.jpg 1536w, https:\/\/graomestreleandrodacosta.com.br\/wp-content\/uploads\/2023\/05\/shihan-LEANDRO-NO-DOJO-DO-SHIHAN-SERGIO-HISAOKA-NO-BAIRRO-LIBERDADE-EM-SAO-PAULO-UMA-LENDA-DO-SHOTOKAN-BRASILEIRO-OSSU-2048x1536.jpg 2048w, https:\/\/graomestreleandrodacosta.com.br\/wp-content\/uploads\/2023\/05\/shihan-LEANDRO-NO-DOJO-DO-SHIHAN-SERGIO-HISAOKA-NO-BAIRRO-LIBERDADE-EM-SAO-PAULO-UMA-LENDA-DO-SHOTOKAN-BRASILEIRO-OSSU-1500x1125.jpg 1500w, https:\/\/graomestreleandrodacosta.com.br\/wp-content\/uploads\/2023\/05\/shihan-LEANDRO-NO-DOJO-DO-SHIHAN-SERGIO-HISAOKA-NO-BAIRRO-LIBERDADE-EM-SAO-PAULO-UMA-LENDA-DO-SHOTOKAN-BRASILEIRO-OSSU-705x529.jpg 705w\" data-sizes=\"(max-width: 1030px) 100vw, 1030px\" data-rel='gallery-1' data-prev-img='https:\/\/graomestreleandrodacosta.com.br\/wp-content\/uploads\/2023\/05\/shihan-LEANDRO-NO-DOJO-DO-SHIHAN-SERGIO-HISAOKA-NO-BAIRRO-LIBERDADE-EM-SAO-PAULO-UMA-LENDA-DO-SHOTOKAN-BRASILEIRO-OSSU-495x400.jpg' class='lightbox ' data-onclick='53' title='shihan LEANDRO NO DOJO DO SHIHAN S\u00c9RGIO HISAOKA NO BAIRRO LIBERDADE EM S\u00c3O PAULO, UMA LENDA DO SHOTOKAN BRASILEIRO OSSU!'  itemprop=\"thumbnailUrl\"  ><img decoding=\"async\" class=\"wp-image-731 avia-img-lazy-loading-not-731\"   src=\"https:\/\/graomestreleandrodacosta.com.br\/wp-content\/uploads\/2023\/05\/shihan-LEANDRO-NO-DOJO-DO-SHIHAN-SERGIO-HISAOKA-NO-BAIRRO-LIBERDADE-EM-SAO-PAULO-UMA-LENDA-DO-SHOTOKAN-BRASILEIRO-OSSU-495x400.jpg\" width=\"495\" height=\"400\"  title='shihan LEANDRO NO DOJO DO SHIHAN S\u00c9RGIO HISAOKA NO BAIRRO LIBERDADE EM S\u00c3O PAULO, UMA LENDA DO SHOTOKAN BRASILEIRO OSSU!' alt='' srcset=\"https:\/\/graomestreleandrodacosta.com.br\/wp-content\/uploads\/2023\/05\/shihan-LEANDRO-NO-DOJO-DO-SHIHAN-SERGIO-HISAOKA-NO-BAIRRO-LIBERDADE-EM-SAO-PAULO-UMA-LENDA-DO-SHOTOKAN-BRASILEIRO-OSSU-495x400.jpg 495w, https:\/\/graomestreleandrodacosta.com.br\/wp-content\/uploads\/2023\/05\/shihan-LEANDRO-NO-DOJO-DO-SHIHAN-SERGIO-HISAOKA-NO-BAIRRO-LIBERDADE-EM-SAO-PAULO-UMA-LENDA-DO-SHOTOKAN-BRASILEIRO-OSSU-845x684.jpg 845w\" sizes=\"(max-width: 495px) 100vw, 495px\" \/><div class='big-prev-fake'><img decoding=\"async\" class=\"wp-image-731 avia-img-lazy-loading-731\"  width=\"495\" height=\"400\" src=\"https:\/\/graomestreleandrodacosta.com.br\/wp-content\/uploads\/2023\/05\/shihan-LEANDRO-NO-DOJO-DO-SHIHAN-SERGIO-HISAOKA-NO-BAIRRO-LIBERDADE-EM-SAO-PAULO-UMA-LENDA-DO-SHOTOKAN-BRASILEIRO-OSSU-495x400.jpg\" title='shihan LEANDRO NO DOJO DO SHIHAN S\u00c9RGIO HISAOKA NO BAIRRO LIBERDADE EM S\u00c3O PAULO, UMA LENDA DO SHOTOKAN BRASILEIRO OSSU!' alt='' srcset=\"https:\/\/graomestreleandrodacosta.com.br\/wp-content\/uploads\/2023\/05\/shihan-LEANDRO-NO-DOJO-DO-SHIHAN-SERGIO-HISAOKA-NO-BAIRRO-LIBERDADE-EM-SAO-PAULO-UMA-LENDA-DO-SHOTOKAN-BRASILEIRO-OSSU-495x400.jpg 495w, https:\/\/graomestreleandrodacosta.com.br\/wp-content\/uploads\/2023\/05\/shihan-LEANDRO-NO-DOJO-DO-SHIHAN-SERGIO-HISAOKA-NO-BAIRRO-LIBERDADE-EM-SAO-PAULO-UMA-LENDA-DO-SHOTOKAN-BRASILEIRO-OSSU-845x684.jpg 845w\" sizes=\"(max-width: 495px) 100vw, 495px\" \/><\/div><\/a><a href=\"https:\/\/graomestreleandrodacosta.com.br\/wp-content\/uploads\/2023\/05\/shihan-leandro-com-diploma-6o-dan-tradicional-karate-shotokan-reconhecimento-apos-curso-de-atualizacao-com-o-kyoshi-jorge-matos-7o-dan-karate-tradicional-dia-30-de-abril-2023-1030x773.jpg\" data-srcset=\"https:\/\/graomestreleandrodacosta.com.br\/wp-content\/uploads\/2023\/05\/shihan-leandro-com-diploma-6o-dan-tradicional-karate-shotokan-reconhecimento-apos-curso-de-atualizacao-com-o-kyoshi-jorge-matos-7o-dan-karate-tradicional-dia-30-de-abril-2023-1030x773.jpg 1030w, https:\/\/graomestreleandrodacosta.com.br\/wp-content\/uploads\/2023\/05\/shihan-leandro-com-diploma-6o-dan-tradicional-karate-shotokan-reconhecimento-apos-curso-de-atualizacao-com-o-kyoshi-jorge-matos-7o-dan-karate-tradicional-dia-30-de-abril-2023-300x225.jpg 300w, https:\/\/graomestreleandrodacosta.com.br\/wp-content\/uploads\/2023\/05\/shihan-leandro-com-diploma-6o-dan-tradicional-karate-shotokan-reconhecimento-apos-curso-de-atualizacao-com-o-kyoshi-jorge-matos-7o-dan-karate-tradicional-dia-30-de-abril-2023-768x576.jpg 768w, https:\/\/graomestreleandrodacosta.com.br\/wp-content\/uploads\/2023\/05\/shihan-leandro-com-diploma-6o-dan-tradicional-karate-shotokan-reconhecimento-apos-curso-de-atualizacao-com-o-kyoshi-jorge-matos-7o-dan-karate-tradicional-dia-30-de-abril-2023-1536x1152.jpg 1536w, https:\/\/graomestreleandrodacosta.com.br\/wp-content\/uploads\/2023\/05\/shihan-leandro-com-diploma-6o-dan-tradicional-karate-shotokan-reconhecimento-apos-curso-de-atualizacao-com-o-kyoshi-jorge-matos-7o-dan-karate-tradicional-dia-30-de-abril-2023-2048x1536.jpg 2048w, https:\/\/graomestreleandrodacosta.com.br\/wp-content\/uploads\/2023\/05\/shihan-leandro-com-diploma-6o-dan-tradicional-karate-shotokan-reconhecimento-apos-curso-de-atualizacao-com-o-kyoshi-jorge-matos-7o-dan-karate-tradicional-dia-30-de-abril-2023-1500x1125.jpg 1500w, https:\/\/graomestreleandrodacosta.com.br\/wp-content\/uploads\/2023\/05\/shihan-leandro-com-diploma-6o-dan-tradicional-karate-shotokan-reconhecimento-apos-curso-de-atualizacao-com-o-kyoshi-jorge-matos-7o-dan-karate-tradicional-dia-30-de-abril-2023-705x529.jpg 705w\" data-sizes=\"(max-width: 1030px) 100vw, 1030px\" data-rel='gallery-1' data-prev-img='https:\/\/graomestreleandrodacosta.com.br\/wp-content\/uploads\/2023\/05\/shihan-leandro-com-diploma-6o-dan-tradicional-karate-shotokan-reconhecimento-apos-curso-de-atualizacao-com-o-kyoshi-jorge-matos-7o-dan-karate-tradicional-dia-30-de-abril-2023-495x400.jpg' class='lightbox ' data-onclick='54' title='shihan leandro com diploma 6\u00ba dan tradicional karate shotokan reconhecimento ap\u00f3s curso de atualiza\u00e7\u00e3o com o kyoshi jorge matos 7\u00ba dan karate tradicional dia 30 de abril 2023'  itemprop=\"thumbnailUrl\"  ><img decoding=\"async\" class=\"wp-image-732 avia-img-lazy-loading-not-732\"   src=\"https:\/\/graomestreleandrodacosta.com.br\/wp-content\/uploads\/2023\/05\/shihan-leandro-com-diploma-6o-dan-tradicional-karate-shotokan-reconhecimento-apos-curso-de-atualizacao-com-o-kyoshi-jorge-matos-7o-dan-karate-tradicional-dia-30-de-abril-2023-495x400.jpg\" width=\"495\" height=\"400\"  title='shihan leandro com diploma 6\u00ba dan tradicional karate shotokan reconhecimento ap\u00f3s curso de atualiza\u00e7\u00e3o com o kyoshi jorge matos 7\u00ba dan karate tradicional dia 30 de abril 2023' alt='' srcset=\"https:\/\/graomestreleandrodacosta.com.br\/wp-content\/uploads\/2023\/05\/shihan-leandro-com-diploma-6o-dan-tradicional-karate-shotokan-reconhecimento-apos-curso-de-atualizacao-com-o-kyoshi-jorge-matos-7o-dan-karate-tradicional-dia-30-de-abril-2023-495x400.jpg 495w, https:\/\/graomestreleandrodacosta.com.br\/wp-content\/uploads\/2023\/05\/shihan-leandro-com-diploma-6o-dan-tradicional-karate-shotokan-reconhecimento-apos-curso-de-atualizacao-com-o-kyoshi-jorge-matos-7o-dan-karate-tradicional-dia-30-de-abril-2023-845x684.jpg 845w\" sizes=\"(max-width: 495px) 100vw, 495px\" \/><div class='big-prev-fake'><img decoding=\"async\" class=\"wp-image-732 avia-img-lazy-loading-732\"  width=\"495\" height=\"400\" src=\"https:\/\/graomestreleandrodacosta.com.br\/wp-content\/uploads\/2023\/05\/shihan-leandro-com-diploma-6o-dan-tradicional-karate-shotokan-reconhecimento-apos-curso-de-atualizacao-com-o-kyoshi-jorge-matos-7o-dan-karate-tradicional-dia-30-de-abril-2023-495x400.jpg\" title='shihan leandro com diploma 6\u00ba dan tradicional karate shotokan reconhecimento ap\u00f3s curso de atualiza\u00e7\u00e3o com o kyoshi jorge matos 7\u00ba dan karate tradicional dia 30 de abril 2023' alt='' srcset=\"https:\/\/graomestreleandrodacosta.com.br\/wp-content\/uploads\/2023\/05\/shihan-leandro-com-diploma-6o-dan-tradicional-karate-shotokan-reconhecimento-apos-curso-de-atualizacao-com-o-kyoshi-jorge-matos-7o-dan-karate-tradicional-dia-30-de-abril-2023-495x400.jpg 495w, https:\/\/graomestreleandrodacosta.com.br\/wp-content\/uploads\/2023\/05\/shihan-leandro-com-diploma-6o-dan-tradicional-karate-shotokan-reconhecimento-apos-curso-de-atualizacao-com-o-kyoshi-jorge-matos-7o-dan-karate-tradicional-dia-30-de-abril-2023-845x684.jpg 845w\" sizes=\"(max-width: 495px) 100vw, 495px\" \/><\/div><\/a><a href=\"https:\/\/graomestreleandrodacosta.com.br\/wp-content\/uploads\/2023\/05\/logo-shotokan-shihan-leandro-da-costa-1030x1030.png\" data-srcset=\"https:\/\/graomestreleandrodacosta.com.br\/wp-content\/uploads\/2023\/05\/logo-shotokan-shihan-leandro-da-costa-1030x1030.png 1030w, https:\/\/graomestreleandrodacosta.com.br\/wp-content\/uploads\/2023\/05\/logo-shotokan-shihan-leandro-da-costa-300x300.png 300w, https:\/\/graomestreleandrodacosta.com.br\/wp-content\/uploads\/2023\/05\/logo-shotokan-shihan-leandro-da-costa-80x80.png 80w, https:\/\/graomestreleandrodacosta.com.br\/wp-content\/uploads\/2023\/05\/logo-shotokan-shihan-leandro-da-costa-768x768.png 768w, https:\/\/graomestreleandrodacosta.com.br\/wp-content\/uploads\/2023\/05\/logo-shotokan-shihan-leandro-da-costa-1536x1536.png 1536w, https:\/\/graomestreleandrodacosta.com.br\/wp-content\/uploads\/2023\/05\/logo-shotokan-shihan-leandro-da-costa-2048x2048.png 2048w, https:\/\/graomestreleandrodacosta.com.br\/wp-content\/uploads\/2023\/05\/logo-shotokan-shihan-leandro-da-costa-36x36.png 36w, https:\/\/graomestreleandrodacosta.com.br\/wp-content\/uploads\/2023\/05\/logo-shotokan-shihan-leandro-da-costa-180x180.png 180w, https:\/\/graomestreleandrodacosta.com.br\/wp-content\/uploads\/2023\/05\/logo-shotokan-shihan-leandro-da-costa-1500x1500.png 1500w, https:\/\/graomestreleandrodacosta.com.br\/wp-content\/uploads\/2023\/05\/logo-shotokan-shihan-leandro-da-costa-705x705.png 705w\" data-sizes=\"(max-width: 1030px) 100vw, 1030px\" data-rel='gallery-1' data-prev-img='https:\/\/graomestreleandrodacosta.com.br\/wp-content\/uploads\/2023\/05\/logo-shotokan-shihan-leandro-da-costa-495x400.png' class='first_thumb lightbox ' data-onclick='55' title='logo shotokan shihan leandro da costa'  itemprop=\"thumbnailUrl\"  ><img decoding=\"async\" class=\"wp-image-733 avia-img-lazy-loading-not-733\"   src=\"https:\/\/graomestreleandrodacosta.com.br\/wp-content\/uploads\/2023\/05\/logo-shotokan-shihan-leandro-da-costa-495x400.png\" width=\"495\" height=\"400\"  title='logo shotokan shihan leandro da costa' alt='' srcset=\"https:\/\/graomestreleandrodacosta.com.br\/wp-content\/uploads\/2023\/05\/logo-shotokan-shihan-leandro-da-costa-495x400.png 495w, https:\/\/graomestreleandrodacosta.com.br\/wp-content\/uploads\/2023\/05\/logo-shotokan-shihan-leandro-da-costa-845x684.png 845w\" sizes=\"(max-width: 495px) 100vw, 495px\" \/><div class='big-prev-fake'><img decoding=\"async\" class=\"wp-image-733 avia-img-lazy-loading-733\"  width=\"495\" height=\"400\" src=\"https:\/\/graomestreleandrodacosta.com.br\/wp-content\/uploads\/2023\/05\/logo-shotokan-shihan-leandro-da-costa-495x400.png\" title='logo shotokan shihan leandro da costa' alt='' srcset=\"https:\/\/graomestreleandrodacosta.com.br\/wp-content\/uploads\/2023\/05\/logo-shotokan-shihan-leandro-da-costa-495x400.png 495w, https:\/\/graomestreleandrodacosta.com.br\/wp-content\/uploads\/2023\/05\/logo-shotokan-shihan-leandro-da-costa-845x684.png 845w\" sizes=\"(max-width: 495px) 100vw, 495px\" \/><\/div><\/a><a href=\"https:\/\/graomestreleandrodacosta.com.br\/wp-content\/uploads\/2023\/05\/DIPLOMA-DE-6o-DAN-DE-KARATE-DO-SHOTOKAN-CONFEDERACAO-NACIONAL-DE-KARATE-728x1030.jpg\" data-srcset=\"https:\/\/graomestreleandrodacosta.com.br\/wp-content\/uploads\/2023\/05\/DIPLOMA-DE-6o-DAN-DE-KARATE-DO-SHOTOKAN-CONFEDERACAO-NACIONAL-DE-KARATE-728x1030.jpg 728w, https:\/\/graomestreleandrodacosta.com.br\/wp-content\/uploads\/2023\/05\/DIPLOMA-DE-6o-DAN-DE-KARATE-DO-SHOTOKAN-CONFEDERACAO-NACIONAL-DE-KARATE-212x300.jpg 212w, https:\/\/graomestreleandrodacosta.com.br\/wp-content\/uploads\/2023\/05\/DIPLOMA-DE-6o-DAN-DE-KARATE-DO-SHOTOKAN-CONFEDERACAO-NACIONAL-DE-KARATE-768x1086.jpg 768w, https:\/\/graomestreleandrodacosta.com.br\/wp-content\/uploads\/2023\/05\/DIPLOMA-DE-6o-DAN-DE-KARATE-DO-SHOTOKAN-CONFEDERACAO-NACIONAL-DE-KARATE-1086x1536.jpg 1086w, https:\/\/graomestreleandrodacosta.com.br\/wp-content\/uploads\/2023\/05\/DIPLOMA-DE-6o-DAN-DE-KARATE-DO-SHOTOKAN-CONFEDERACAO-NACIONAL-DE-KARATE-1448x2048.jpg 1448w, https:\/\/graomestreleandrodacosta.com.br\/wp-content\/uploads\/2023\/05\/DIPLOMA-DE-6o-DAN-DE-KARATE-DO-SHOTOKAN-CONFEDERACAO-NACIONAL-DE-KARATE-1061x1500.jpg 1061w, https:\/\/graomestreleandrodacosta.com.br\/wp-content\/uploads\/2023\/05\/DIPLOMA-DE-6o-DAN-DE-KARATE-DO-SHOTOKAN-CONFEDERACAO-NACIONAL-DE-KARATE-499x705.jpg 499w, https:\/\/graomestreleandrodacosta.com.br\/wp-content\/uploads\/2023\/05\/DIPLOMA-DE-6o-DAN-DE-KARATE-DO-SHOTOKAN-CONFEDERACAO-NACIONAL-DE-KARATE-scaled.jpg 1810w\" data-sizes=\"(max-width: 728px) 100vw, 728px\" data-rel='gallery-1' data-prev-img='https:\/\/graomestreleandrodacosta.com.br\/wp-content\/uploads\/2023\/05\/DIPLOMA-DE-6o-DAN-DE-KARATE-DO-SHOTOKAN-CONFEDERACAO-NACIONAL-DE-KARATE-495x400.jpg' class='lightbox ' data-onclick='56' title='DIPLOMA DE 6\u00ba DAN DE KARATE DO SHOTOKAN - CONFEDERA\u00c7\u00c3O NACIONAL DE KARATE'  itemprop=\"thumbnailUrl\"  ><img decoding=\"async\" class=\"wp-image-734 avia-img-lazy-loading-not-734\"   src=\"https:\/\/graomestreleandrodacosta.com.br\/wp-content\/uploads\/2023\/05\/DIPLOMA-DE-6o-DAN-DE-KARATE-DO-SHOTOKAN-CONFEDERACAO-NACIONAL-DE-KARATE-495x400.jpg\" width=\"495\" height=\"400\"  title='DIPLOMA DE 6\u00ba DAN DE KARATE DO SHOTOKAN - CONFEDERA\u00c7\u00c3O NACIONAL DE KARATE' alt='' srcset=\"https:\/\/graomestreleandrodacosta.com.br\/wp-content\/uploads\/2023\/05\/DIPLOMA-DE-6o-DAN-DE-KARATE-DO-SHOTOKAN-CONFEDERACAO-NACIONAL-DE-KARATE-495x400.jpg 495w, https:\/\/graomestreleandrodacosta.com.br\/wp-content\/uploads\/2023\/05\/DIPLOMA-DE-6o-DAN-DE-KARATE-DO-SHOTOKAN-CONFEDERACAO-NACIONAL-DE-KARATE-845x684.jpg 845w\" sizes=\"(max-width: 495px) 100vw, 495px\" \/><div class='big-prev-fake'><img decoding=\"async\" class=\"wp-image-734 avia-img-lazy-loading-734\"  width=\"495\" height=\"400\" src=\"https:\/\/graomestreleandrodacosta.com.br\/wp-content\/uploads\/2023\/05\/DIPLOMA-DE-6o-DAN-DE-KARATE-DO-SHOTOKAN-CONFEDERACAO-NACIONAL-DE-KARATE-495x400.jpg\" title='DIPLOMA DE 6\u00ba DAN DE KARATE DO SHOTOKAN - CONFEDERA\u00c7\u00c3O NACIONAL DE KARATE' alt='' srcset=\"https:\/\/graomestreleandrodacosta.com.br\/wp-content\/uploads\/2023\/05\/DIPLOMA-DE-6o-DAN-DE-KARATE-DO-SHOTOKAN-CONFEDERACAO-NACIONAL-DE-KARATE-495x400.jpg 495w, https:\/\/graomestreleandrodacosta.com.br\/wp-content\/uploads\/2023\/05\/DIPLOMA-DE-6o-DAN-DE-KARATE-DO-SHOTOKAN-CONFEDERACAO-NACIONAL-DE-KARATE-845x684.jpg 845w\" sizes=\"(max-width: 495px) 100vw, 495px\" \/><\/div><\/a><a href=\"https:\/\/graomestreleandrodacosta.com.br\/wp-content\/uploads\/2023\/05\/CURSO-DE-ARBITRO-DE-KARATE-FEDERACAO-GAUCHA-DE-KARATE-INTERESTILOS-FORMACAO-EM-2003-1030x729.jpg\" data-srcset=\"https:\/\/graomestreleandrodacosta.com.br\/wp-content\/uploads\/2023\/05\/CURSO-DE-ARBITRO-DE-KARATE-FEDERACAO-GAUCHA-DE-KARATE-INTERESTILOS-FORMACAO-EM-2003-1030x729.jpg 1030w, https:\/\/graomestreleandrodacosta.com.br\/wp-content\/uploads\/2023\/05\/CURSO-DE-ARBITRO-DE-KARATE-FEDERACAO-GAUCHA-DE-KARATE-INTERESTILOS-FORMACAO-EM-2003-300x212.jpg 300w, https:\/\/graomestreleandrodacosta.com.br\/wp-content\/uploads\/2023\/05\/CURSO-DE-ARBITRO-DE-KARATE-FEDERACAO-GAUCHA-DE-KARATE-INTERESTILOS-FORMACAO-EM-2003-768x543.jpg 768w, https:\/\/graomestreleandrodacosta.com.br\/wp-content\/uploads\/2023\/05\/CURSO-DE-ARBITRO-DE-KARATE-FEDERACAO-GAUCHA-DE-KARATE-INTERESTILOS-FORMACAO-EM-2003-1536x1087.jpg 1536w, https:\/\/graomestreleandrodacosta.com.br\/wp-content\/uploads\/2023\/05\/CURSO-DE-ARBITRO-DE-KARATE-FEDERACAO-GAUCHA-DE-KARATE-INTERESTILOS-FORMACAO-EM-2003-2048x1449.jpg 2048w, https:\/\/graomestreleandrodacosta.com.br\/wp-content\/uploads\/2023\/05\/CURSO-DE-ARBITRO-DE-KARATE-FEDERACAO-GAUCHA-DE-KARATE-INTERESTILOS-FORMACAO-EM-2003-1500x1061.jpg 1500w, https:\/\/graomestreleandrodacosta.com.br\/wp-content\/uploads\/2023\/05\/CURSO-DE-ARBITRO-DE-KARATE-FEDERACAO-GAUCHA-DE-KARATE-INTERESTILOS-FORMACAO-EM-2003-260x185.jpg 260w, https:\/\/graomestreleandrodacosta.com.br\/wp-content\/uploads\/2023\/05\/CURSO-DE-ARBITRO-DE-KARATE-FEDERACAO-GAUCHA-DE-KARATE-INTERESTILOS-FORMACAO-EM-2003-705x499.jpg 705w\" data-sizes=\"(max-width: 1030px) 100vw, 1030px\" data-rel='gallery-1' data-prev-img='https:\/\/graomestreleandrodacosta.com.br\/wp-content\/uploads\/2023\/05\/CURSO-DE-ARBITRO-DE-KARATE-FEDERACAO-GAUCHA-DE-KARATE-INTERESTILOS-FORMACAO-EM-2003-495x400.jpg' class='lightbox ' data-onclick='57' title='CURSO DE \u00c1RBITRO DE KARATE - FEDERA\u00c7\u00c3O GA\u00daCHA DE KARATE INTERESTILOS - FORMA\u00c7\u00c3O EM 2003'  itemprop=\"thumbnailUrl\"  ><img decoding=\"async\" class=\"wp-image-735 avia-img-lazy-loading-not-735\"   src=\"https:\/\/graomestreleandrodacosta.com.br\/wp-content\/uploads\/2023\/05\/CURSO-DE-ARBITRO-DE-KARATE-FEDERACAO-GAUCHA-DE-KARATE-INTERESTILOS-FORMACAO-EM-2003-495x400.jpg\" width=\"495\" height=\"400\"  title='CURSO DE \u00c1RBITRO DE KARATE - FEDERA\u00c7\u00c3O GA\u00daCHA DE KARATE INTERESTILOS - FORMA\u00c7\u00c3O EM 2003' alt='' srcset=\"https:\/\/graomestreleandrodacosta.com.br\/wp-content\/uploads\/2023\/05\/CURSO-DE-ARBITRO-DE-KARATE-FEDERACAO-GAUCHA-DE-KARATE-INTERESTILOS-FORMACAO-EM-2003-495x400.jpg 495w, https:\/\/graomestreleandrodacosta.com.br\/wp-content\/uploads\/2023\/05\/CURSO-DE-ARBITRO-DE-KARATE-FEDERACAO-GAUCHA-DE-KARATE-INTERESTILOS-FORMACAO-EM-2003-845x684.jpg 845w\" sizes=\"(max-width: 495px) 100vw, 495px\" \/><div class='big-prev-fake'><img decoding=\"async\" class=\"wp-image-735 avia-img-lazy-loading-735\"  width=\"495\" height=\"400\" src=\"https:\/\/graomestreleandrodacosta.com.br\/wp-content\/uploads\/2023\/05\/CURSO-DE-ARBITRO-DE-KARATE-FEDERACAO-GAUCHA-DE-KARATE-INTERESTILOS-FORMACAO-EM-2003-495x400.jpg\" title='CURSO DE \u00c1RBITRO DE KARATE - FEDERA\u00c7\u00c3O GA\u00daCHA DE KARATE INTERESTILOS - FORMA\u00c7\u00c3O EM 2003' alt='' srcset=\"https:\/\/graomestreleandrodacosta.com.br\/wp-content\/uploads\/2023\/05\/CURSO-DE-ARBITRO-DE-KARATE-FEDERACAO-GAUCHA-DE-KARATE-INTERESTILOS-FORMACAO-EM-2003-495x400.jpg 495w, https:\/\/graomestreleandrodacosta.com.br\/wp-content\/uploads\/2023\/05\/CURSO-DE-ARBITRO-DE-KARATE-FEDERACAO-GAUCHA-DE-KARATE-INTERESTILOS-FORMACAO-EM-2003-845x684.jpg 845w\" sizes=\"(max-width: 495px) 100vw, 495px\" \/><\/div><\/a><a href=\"https:\/\/graomestreleandrodacosta.com.br\/wp-content\/uploads\/2023\/05\/GRADUACAO-KARATE-SHOTOKAN-AGTAM-729x1030.jpg\" data-srcset=\"https:\/\/graomestreleandrodacosta.com.br\/wp-content\/uploads\/2023\/05\/GRADUACAO-KARATE-SHOTOKAN-AGTAM-729x1030.jpg 729w, https:\/\/graomestreleandrodacosta.com.br\/wp-content\/uploads\/2023\/05\/GRADUACAO-KARATE-SHOTOKAN-AGTAM-212x300.jpg 212w, https:\/\/graomestreleandrodacosta.com.br\/wp-content\/uploads\/2023\/05\/GRADUACAO-KARATE-SHOTOKAN-AGTAM-768x1085.jpg 768w, https:\/\/graomestreleandrodacosta.com.br\/wp-content\/uploads\/2023\/05\/GRADUACAO-KARATE-SHOTOKAN-AGTAM-1087x1536.jpg 1087w, https:\/\/graomestreleandrodacosta.com.br\/wp-content\/uploads\/2023\/05\/GRADUACAO-KARATE-SHOTOKAN-AGTAM-1449x2048.jpg 1449w, https:\/\/graomestreleandrodacosta.com.br\/wp-content\/uploads\/2023\/05\/GRADUACAO-KARATE-SHOTOKAN-AGTAM-1061x1500.jpg 1061w, https:\/\/graomestreleandrodacosta.com.br\/wp-content\/uploads\/2023\/05\/GRADUACAO-KARATE-SHOTOKAN-AGTAM-499x705.jpg 499w, https:\/\/graomestreleandrodacosta.com.br\/wp-content\/uploads\/2023\/05\/GRADUACAO-KARATE-SHOTOKAN-AGTAM-scaled.jpg 1811w\" data-sizes=\"(max-width: 729px) 100vw, 729px\" data-rel='gallery-1' data-prev-img='https:\/\/graomestreleandrodacosta.com.br\/wp-content\/uploads\/2023\/05\/GRADUACAO-KARATE-SHOTOKAN-AGTAM-495x400.jpg' class='lightbox ' data-onclick='58' title='GRADUA\u00c7\u00c3O KARATE SHOTOKAN - AGTAM'  itemprop=\"thumbnailUrl\"  ><img decoding=\"async\" class=\"wp-image-736 avia-img-lazy-loading-not-736\"   src=\"https:\/\/graomestreleandrodacosta.com.br\/wp-content\/uploads\/2023\/05\/GRADUACAO-KARATE-SHOTOKAN-AGTAM-495x400.jpg\" width=\"495\" height=\"400\"  title='GRADUA\u00c7\u00c3O KARATE SHOTOKAN - AGTAM' alt='' srcset=\"https:\/\/graomestreleandrodacosta.com.br\/wp-content\/uploads\/2023\/05\/GRADUACAO-KARATE-SHOTOKAN-AGTAM-495x400.jpg 495w, https:\/\/graomestreleandrodacosta.com.br\/wp-content\/uploads\/2023\/05\/GRADUACAO-KARATE-SHOTOKAN-AGTAM-845x684.jpg 845w\" sizes=\"(max-width: 495px) 100vw, 495px\" \/><div class='big-prev-fake'><img decoding=\"async\" class=\"wp-image-736 avia-img-lazy-loading-736\"  width=\"495\" height=\"400\" src=\"https:\/\/graomestreleandrodacosta.com.br\/wp-content\/uploads\/2023\/05\/GRADUACAO-KARATE-SHOTOKAN-AGTAM-495x400.jpg\" title='GRADUA\u00c7\u00c3O KARATE SHOTOKAN - AGTAM' alt='' srcset=\"https:\/\/graomestreleandrodacosta.com.br\/wp-content\/uploads\/2023\/05\/GRADUACAO-KARATE-SHOTOKAN-AGTAM-495x400.jpg 495w, https:\/\/graomestreleandrodacosta.com.br\/wp-content\/uploads\/2023\/05\/GRADUACAO-KARATE-SHOTOKAN-AGTAM-845x684.jpg 845w\" sizes=\"(max-width: 495px) 100vw, 495px\" \/><\/div><\/a><a href=\"https:\/\/graomestreleandrodacosta.com.br\/wp-content\/uploads\/2023\/05\/CURSO-INTERNACIONAL-DE-KARATE-COM-SHIHAN-KOJI-ARIMOTO-JKS-JAPAO-1030x729.jpg\" data-srcset=\"https:\/\/graomestreleandrodacosta.com.br\/wp-content\/uploads\/2023\/05\/CURSO-INTERNACIONAL-DE-KARATE-COM-SHIHAN-KOJI-ARIMOTO-JKS-JAPAO-1030x729.jpg 1030w, https:\/\/graomestreleandrodacosta.com.br\/wp-content\/uploads\/2023\/05\/CURSO-INTERNACIONAL-DE-KARATE-COM-SHIHAN-KOJI-ARIMOTO-JKS-JAPAO-300x212.jpg 300w, https:\/\/graomestreleandrodacosta.com.br\/wp-content\/uploads\/2023\/05\/CURSO-INTERNACIONAL-DE-KARATE-COM-SHIHAN-KOJI-ARIMOTO-JKS-JAPAO-768x543.jpg 768w, https:\/\/graomestreleandrodacosta.com.br\/wp-content\/uploads\/2023\/05\/CURSO-INTERNACIONAL-DE-KARATE-COM-SHIHAN-KOJI-ARIMOTO-JKS-JAPAO-1536x1087.jpg 1536w, https:\/\/graomestreleandrodacosta.com.br\/wp-content\/uploads\/2023\/05\/CURSO-INTERNACIONAL-DE-KARATE-COM-SHIHAN-KOJI-ARIMOTO-JKS-JAPAO-2048x1449.jpg 2048w, https:\/\/graomestreleandrodacosta.com.br\/wp-content\/uploads\/2023\/05\/CURSO-INTERNACIONAL-DE-KARATE-COM-SHIHAN-KOJI-ARIMOTO-JKS-JAPAO-1500x1061.jpg 1500w, https:\/\/graomestreleandrodacosta.com.br\/wp-content\/uploads\/2023\/05\/CURSO-INTERNACIONAL-DE-KARATE-COM-SHIHAN-KOJI-ARIMOTO-JKS-JAPAO-260x185.jpg 260w, https:\/\/graomestreleandrodacosta.com.br\/wp-content\/uploads\/2023\/05\/CURSO-INTERNACIONAL-DE-KARATE-COM-SHIHAN-KOJI-ARIMOTO-JKS-JAPAO-705x499.jpg 705w\" data-sizes=\"(max-width: 1030px) 100vw, 1030px\" data-rel='gallery-1' data-prev-img='https:\/\/graomestreleandrodacosta.com.br\/wp-content\/uploads\/2023\/05\/CURSO-INTERNACIONAL-DE-KARATE-COM-SHIHAN-KOJI-ARIMOTO-JKS-JAPAO-495x400.jpg' class='lightbox ' data-onclick='59' title='CURSO INTERNACIONAL DE KARATE COM SHIHAN KOJI ARIMOTO, JKS -JAP\u00c3O'  itemprop=\"thumbnailUrl\"  ><img decoding=\"async\" class=\"wp-image-737 avia-img-lazy-loading-not-737\"   src=\"https:\/\/graomestreleandrodacosta.com.br\/wp-content\/uploads\/2023\/05\/CURSO-INTERNACIONAL-DE-KARATE-COM-SHIHAN-KOJI-ARIMOTO-JKS-JAPAO-495x400.jpg\" width=\"495\" height=\"400\"  title='CURSO INTERNACIONAL DE KARATE COM SHIHAN KOJI ARIMOTO, JKS -JAP\u00c3O' alt='' srcset=\"https:\/\/graomestreleandrodacosta.com.br\/wp-content\/uploads\/2023\/05\/CURSO-INTERNACIONAL-DE-KARATE-COM-SHIHAN-KOJI-ARIMOTO-JKS-JAPAO-495x400.jpg 495w, https:\/\/graomestreleandrodacosta.com.br\/wp-content\/uploads\/2023\/05\/CURSO-INTERNACIONAL-DE-KARATE-COM-SHIHAN-KOJI-ARIMOTO-JKS-JAPAO-845x684.jpg 845w\" sizes=\"(max-width: 495px) 100vw, 495px\" \/><div class='big-prev-fake'><img decoding=\"async\" class=\"wp-image-737 avia-img-lazy-loading-737\"  width=\"495\" height=\"400\" src=\"https:\/\/graomestreleandrodacosta.com.br\/wp-content\/uploads\/2023\/05\/CURSO-INTERNACIONAL-DE-KARATE-COM-SHIHAN-KOJI-ARIMOTO-JKS-JAPAO-495x400.jpg\" title='CURSO INTERNACIONAL DE KARATE COM SHIHAN KOJI ARIMOTO, JKS -JAP\u00c3O' alt='' srcset=\"https:\/\/graomestreleandrodacosta.com.br\/wp-content\/uploads\/2023\/05\/CURSO-INTERNACIONAL-DE-KARATE-COM-SHIHAN-KOJI-ARIMOTO-JKS-JAPAO-495x400.jpg 495w, https:\/\/graomestreleandrodacosta.com.br\/wp-content\/uploads\/2023\/05\/CURSO-INTERNACIONAL-DE-KARATE-COM-SHIHAN-KOJI-ARIMOTO-JKS-JAPAO-845x684.jpg 845w\" sizes=\"(max-width: 495px) 100vw, 495px\" \/><\/div><\/a><a href=\"https:\/\/graomestreleandrodacosta.com.br\/wp-content\/uploads\/2023\/05\/DIPLOMA-INTERNACIONAL-DE-6o-DAN-KARATE-DO-SHOTOKAN-PELA-WKL-728x1030.jpg\" data-srcset=\"https:\/\/graomestreleandrodacosta.com.br\/wp-content\/uploads\/2023\/05\/DIPLOMA-INTERNACIONAL-DE-6o-DAN-KARATE-DO-SHOTOKAN-PELA-WKL-728x1030.jpg 728w, https:\/\/graomestreleandrodacosta.com.br\/wp-content\/uploads\/2023\/05\/DIPLOMA-INTERNACIONAL-DE-6o-DAN-KARATE-DO-SHOTOKAN-PELA-WKL-212x300.jpg 212w, https:\/\/graomestreleandrodacosta.com.br\/wp-content\/uploads\/2023\/05\/DIPLOMA-INTERNACIONAL-DE-6o-DAN-KARATE-DO-SHOTOKAN-PELA-WKL-768x1086.jpg 768w, https:\/\/graomestreleandrodacosta.com.br\/wp-content\/uploads\/2023\/05\/DIPLOMA-INTERNACIONAL-DE-6o-DAN-KARATE-DO-SHOTOKAN-PELA-WKL-1086x1536.jpg 1086w, https:\/\/graomestreleandrodacosta.com.br\/wp-content\/uploads\/2023\/05\/DIPLOMA-INTERNACIONAL-DE-6o-DAN-KARATE-DO-SHOTOKAN-PELA-WKL-1448x2048.jpg 1448w, https:\/\/graomestreleandrodacosta.com.br\/wp-content\/uploads\/2023\/05\/DIPLOMA-INTERNACIONAL-DE-6o-DAN-KARATE-DO-SHOTOKAN-PELA-WKL-1061x1500.jpg 1061w, https:\/\/graomestreleandrodacosta.com.br\/wp-content\/uploads\/2023\/05\/DIPLOMA-INTERNACIONAL-DE-6o-DAN-KARATE-DO-SHOTOKAN-PELA-WKL-499x705.jpg 499w, https:\/\/graomestreleandrodacosta.com.br\/wp-content\/uploads\/2023\/05\/DIPLOMA-INTERNACIONAL-DE-6o-DAN-KARATE-DO-SHOTOKAN-PELA-WKL-scaled.jpg 1810w\" data-sizes=\"(max-width: 728px) 100vw, 728px\" data-rel='gallery-1' data-prev-img='https:\/\/graomestreleandrodacosta.com.br\/wp-content\/uploads\/2023\/05\/DIPLOMA-INTERNACIONAL-DE-6o-DAN-KARATE-DO-SHOTOKAN-PELA-WKL-495x400.jpg' class='lightbox ' data-onclick='60' title='DIPLOMA INTERNACIONAL DE 6\u00ba DAN KARATE DO SHOTOKAN PELA WKL'  itemprop=\"thumbnailUrl\"  ><img decoding=\"async\" class=\"wp-image-738 avia-img-lazy-loading-not-738\"   src=\"https:\/\/graomestreleandrodacosta.com.br\/wp-content\/uploads\/2023\/05\/DIPLOMA-INTERNACIONAL-DE-6o-DAN-KARATE-DO-SHOTOKAN-PELA-WKL-495x400.jpg\" width=\"495\" height=\"400\"  title='DIPLOMA INTERNACIONAL DE 6\u00ba DAN KARATE DO SHOTOKAN PELA WKL' alt='' srcset=\"https:\/\/graomestreleandrodacosta.com.br\/wp-content\/uploads\/2023\/05\/DIPLOMA-INTERNACIONAL-DE-6o-DAN-KARATE-DO-SHOTOKAN-PELA-WKL-495x400.jpg 495w, https:\/\/graomestreleandrodacosta.com.br\/wp-content\/uploads\/2023\/05\/DIPLOMA-INTERNACIONAL-DE-6o-DAN-KARATE-DO-SHOTOKAN-PELA-WKL-845x684.jpg 845w\" sizes=\"(max-width: 495px) 100vw, 495px\" \/><div class='big-prev-fake'><img decoding=\"async\" class=\"wp-image-738 avia-img-lazy-loading-738\"  width=\"495\" height=\"400\" src=\"https:\/\/graomestreleandrodacosta.com.br\/wp-content\/uploads\/2023\/05\/DIPLOMA-INTERNACIONAL-DE-6o-DAN-KARATE-DO-SHOTOKAN-PELA-WKL-495x400.jpg\" title='DIPLOMA INTERNACIONAL DE 6\u00ba DAN KARATE DO SHOTOKAN PELA WKL' alt='' srcset=\"https:\/\/graomestreleandrodacosta.com.br\/wp-content\/uploads\/2023\/05\/DIPLOMA-INTERNACIONAL-DE-6o-DAN-KARATE-DO-SHOTOKAN-PELA-WKL-495x400.jpg 495w, https:\/\/graomestreleandrodacosta.com.br\/wp-content\/uploads\/2023\/05\/DIPLOMA-INTERNACIONAL-DE-6o-DAN-KARATE-DO-SHOTOKAN-PELA-WKL-845x684.jpg 845w\" sizes=\"(max-width: 495px) 100vw, 495px\" \/><\/div><\/a><a href=\"https:\/\/graomestreleandrodacosta.com.br\/wp-content\/uploads\/2023\/05\/DIPLOMA-6o-DAN-KARATE-DO-SHOTOKAN-FEDERACAO-BRASILEIRA-DE-KARATE-DO-E-KOBUDO-1030x729.jpg\" data-srcset=\"https:\/\/graomestreleandrodacosta.com.br\/wp-content\/uploads\/2023\/05\/DIPLOMA-6o-DAN-KARATE-DO-SHOTOKAN-FEDERACAO-BRASILEIRA-DE-KARATE-DO-E-KOBUDO-1030x729.jpg 1030w, https:\/\/graomestreleandrodacosta.com.br\/wp-content\/uploads\/2023\/05\/DIPLOMA-6o-DAN-KARATE-DO-SHOTOKAN-FEDERACAO-BRASILEIRA-DE-KARATE-DO-E-KOBUDO-300x212.jpg 300w, https:\/\/graomestreleandrodacosta.com.br\/wp-content\/uploads\/2023\/05\/DIPLOMA-6o-DAN-KARATE-DO-SHOTOKAN-FEDERACAO-BRASILEIRA-DE-KARATE-DO-E-KOBUDO-768x543.jpg 768w, https:\/\/graomestreleandrodacosta.com.br\/wp-content\/uploads\/2023\/05\/DIPLOMA-6o-DAN-KARATE-DO-SHOTOKAN-FEDERACAO-BRASILEIRA-DE-KARATE-DO-E-KOBUDO-1536x1087.jpg 1536w, https:\/\/graomestreleandrodacosta.com.br\/wp-content\/uploads\/2023\/05\/DIPLOMA-6o-DAN-KARATE-DO-SHOTOKAN-FEDERACAO-BRASILEIRA-DE-KARATE-DO-E-KOBUDO-2048x1449.jpg 2048w, https:\/\/graomestreleandrodacosta.com.br\/wp-content\/uploads\/2023\/05\/DIPLOMA-6o-DAN-KARATE-DO-SHOTOKAN-FEDERACAO-BRASILEIRA-DE-KARATE-DO-E-KOBUDO-1500x1061.jpg 1500w, https:\/\/graomestreleandrodacosta.com.br\/wp-content\/uploads\/2023\/05\/DIPLOMA-6o-DAN-KARATE-DO-SHOTOKAN-FEDERACAO-BRASILEIRA-DE-KARATE-DO-E-KOBUDO-260x185.jpg 260w, https:\/\/graomestreleandrodacosta.com.br\/wp-content\/uploads\/2023\/05\/DIPLOMA-6o-DAN-KARATE-DO-SHOTOKAN-FEDERACAO-BRASILEIRA-DE-KARATE-DO-E-KOBUDO-705x499.jpg 705w\" data-sizes=\"(max-width: 1030px) 100vw, 1030px\" data-rel='gallery-1' data-prev-img='https:\/\/graomestreleandrodacosta.com.br\/wp-content\/uploads\/2023\/05\/DIPLOMA-6o-DAN-KARATE-DO-SHOTOKAN-FEDERACAO-BRASILEIRA-DE-KARATE-DO-E-KOBUDO-495x400.jpg' class='first_thumb lightbox ' data-onclick='61' title='DIPLOMA 6\u00ba DAN KARATE - DO SHOTOKAN - FEDERA\u00c7\u00c3O BRASILEIRA DE KARATE-DO E KOBUDO'  itemprop=\"thumbnailUrl\"  ><img decoding=\"async\" class=\"wp-image-739 avia-img-lazy-loading-not-739\"   src=\"https:\/\/graomestreleandrodacosta.com.br\/wp-content\/uploads\/2023\/05\/DIPLOMA-6o-DAN-KARATE-DO-SHOTOKAN-FEDERACAO-BRASILEIRA-DE-KARATE-DO-E-KOBUDO-495x400.jpg\" width=\"495\" height=\"400\"  title='DIPLOMA 6\u00ba DAN KARATE - DO SHOTOKAN - FEDERA\u00c7\u00c3O BRASILEIRA DE KARATE-DO E KOBUDO' alt='' srcset=\"https:\/\/graomestreleandrodacosta.com.br\/wp-content\/uploads\/2023\/05\/DIPLOMA-6o-DAN-KARATE-DO-SHOTOKAN-FEDERACAO-BRASILEIRA-DE-KARATE-DO-E-KOBUDO-495x400.jpg 495w, https:\/\/graomestreleandrodacosta.com.br\/wp-content\/uploads\/2023\/05\/DIPLOMA-6o-DAN-KARATE-DO-SHOTOKAN-FEDERACAO-BRASILEIRA-DE-KARATE-DO-E-KOBUDO-845x684.jpg 845w\" sizes=\"(max-width: 495px) 100vw, 495px\" \/><div class='big-prev-fake'><img decoding=\"async\" class=\"wp-image-739 avia-img-lazy-loading-739\"  width=\"495\" height=\"400\" src=\"https:\/\/graomestreleandrodacosta.com.br\/wp-content\/uploads\/2023\/05\/DIPLOMA-6o-DAN-KARATE-DO-SHOTOKAN-FEDERACAO-BRASILEIRA-DE-KARATE-DO-E-KOBUDO-495x400.jpg\" title='DIPLOMA 6\u00ba DAN KARATE - DO SHOTOKAN - FEDERA\u00c7\u00c3O BRASILEIRA DE KARATE-DO E KOBUDO' alt='' srcset=\"https:\/\/graomestreleandrodacosta.com.br\/wp-content\/uploads\/2023\/05\/DIPLOMA-6o-DAN-KARATE-DO-SHOTOKAN-FEDERACAO-BRASILEIRA-DE-KARATE-DO-E-KOBUDO-495x400.jpg 495w, https:\/\/graomestreleandrodacosta.com.br\/wp-content\/uploads\/2023\/05\/DIPLOMA-6o-DAN-KARATE-DO-SHOTOKAN-FEDERACAO-BRASILEIRA-DE-KARATE-DO-E-KOBUDO-845x684.jpg 845w\" sizes=\"(max-width: 495px) 100vw, 495px\" \/><\/div><\/a><a href=\"https:\/\/graomestreleandrodacosta.com.br\/wp-content\/uploads\/2023\/05\/Certificado-de-Reconhecimento-de-6o-dan-de-Karate-Do-Tradicional-Shotokan-1030x729.jpg\" data-srcset=\"https:\/\/graomestreleandrodacosta.com.br\/wp-content\/uploads\/2023\/05\/Certificado-de-Reconhecimento-de-6o-dan-de-Karate-Do-Tradicional-Shotokan-1030x729.jpg 1030w, https:\/\/graomestreleandrodacosta.com.br\/wp-content\/uploads\/2023\/05\/Certificado-de-Reconhecimento-de-6o-dan-de-Karate-Do-Tradicional-Shotokan-300x212.jpg 300w, https:\/\/graomestreleandrodacosta.com.br\/wp-content\/uploads\/2023\/05\/Certificado-de-Reconhecimento-de-6o-dan-de-Karate-Do-Tradicional-Shotokan-768x543.jpg 768w, https:\/\/graomestreleandrodacosta.com.br\/wp-content\/uploads\/2023\/05\/Certificado-de-Reconhecimento-de-6o-dan-de-Karate-Do-Tradicional-Shotokan-1536x1086.jpg 1536w, https:\/\/graomestreleandrodacosta.com.br\/wp-content\/uploads\/2023\/05\/Certificado-de-Reconhecimento-de-6o-dan-de-Karate-Do-Tradicional-Shotokan-2048x1449.jpg 2048w, https:\/\/graomestreleandrodacosta.com.br\/wp-content\/uploads\/2023\/05\/Certificado-de-Reconhecimento-de-6o-dan-de-Karate-Do-Tradicional-Shotokan-1500x1061.jpg 1500w, https:\/\/graomestreleandrodacosta.com.br\/wp-content\/uploads\/2023\/05\/Certificado-de-Reconhecimento-de-6o-dan-de-Karate-Do-Tradicional-Shotokan-260x185.jpg 260w, https:\/\/graomestreleandrodacosta.com.br\/wp-content\/uploads\/2023\/05\/Certificado-de-Reconhecimento-de-6o-dan-de-Karate-Do-Tradicional-Shotokan-705x499.jpg 705w\" data-sizes=\"(max-width: 1030px) 100vw, 1030px\" data-rel='gallery-1' data-prev-img='https:\/\/graomestreleandrodacosta.com.br\/wp-content\/uploads\/2023\/05\/Certificado-de-Reconhecimento-de-6o-dan-de-Karate-Do-Tradicional-Shotokan-495x400.jpg' class='lightbox ' data-onclick='62' title='Certificado de Reconhecimento de 6\u00ba dan de Karate-Do Tradicional Shotokan'  itemprop=\"thumbnailUrl\"  ><img decoding=\"async\" class=\"wp-image-740 avia-img-lazy-loading-not-740\"   src=\"https:\/\/graomestreleandrodacosta.com.br\/wp-content\/uploads\/2023\/05\/Certificado-de-Reconhecimento-de-6o-dan-de-Karate-Do-Tradicional-Shotokan-495x400.jpg\" width=\"495\" height=\"400\"  title='Certificado de Reconhecimento de 6\u00ba dan de Karate-Do Tradicional Shotokan' alt='' srcset=\"https:\/\/graomestreleandrodacosta.com.br\/wp-content\/uploads\/2023\/05\/Certificado-de-Reconhecimento-de-6o-dan-de-Karate-Do-Tradicional-Shotokan-495x400.jpg 495w, https:\/\/graomestreleandrodacosta.com.br\/wp-content\/uploads\/2023\/05\/Certificado-de-Reconhecimento-de-6o-dan-de-Karate-Do-Tradicional-Shotokan-845x684.jpg 845w\" sizes=\"(max-width: 495px) 100vw, 495px\" \/><div class='big-prev-fake'><img decoding=\"async\" class=\"wp-image-740 avia-img-lazy-loading-740\"  width=\"495\" height=\"400\" src=\"https:\/\/graomestreleandrodacosta.com.br\/wp-content\/uploads\/2023\/05\/Certificado-de-Reconhecimento-de-6o-dan-de-Karate-Do-Tradicional-Shotokan-495x400.jpg\" title='Certificado de Reconhecimento de 6\u00ba dan de Karate-Do Tradicional Shotokan' alt='' srcset=\"https:\/\/graomestreleandrodacosta.com.br\/wp-content\/uploads\/2023\/05\/Certificado-de-Reconhecimento-de-6o-dan-de-Karate-Do-Tradicional-Shotokan-495x400.jpg 495w, https:\/\/graomestreleandrodacosta.com.br\/wp-content\/uploads\/2023\/05\/Certificado-de-Reconhecimento-de-6o-dan-de-Karate-Do-Tradicional-Shotokan-845x684.jpg 845w\" sizes=\"(max-width: 495px) 100vw, 495px\" \/><\/div><\/a><a href=\"https:\/\/graomestreleandrodacosta.com.br\/wp-content\/uploads\/2023\/05\/SHIHAN-LEANDRO-DA-COSTA-APOS-EXAME-RIGOROSO-PARA-O-NIDAN-EM-SHOTOKAN-INICIO-DOS-ANOS-2000-RECEBENDO-DIPLOMA-DO-HANSHI-PERICLES-FBKK.jpg\" data-rel='gallery-1' data-prev-img='https:\/\/graomestreleandrodacosta.com.br\/wp-content\/uploads\/2023\/05\/SHIHAN-LEANDRO-DA-COSTA-APOS-EXAME-RIGOROSO-PARA-O-NIDAN-EM-SHOTOKAN-INICIO-DOS-ANOS-2000-RECEBENDO-DIPLOMA-DO-HANSHI-PERICLES-FBKK.jpg' class='lightbox ' data-onclick='63' title='SHIHAN LEANDRO DA COSTA AP\u00d3S EXAME RIGOROSO PARA O NIDAN EM SHOTOKAN, INICIO DOS ANOS 2000, RECEBENDO DIPLOMA DO HANSHI P\u00c9RICLES - FBKK'  itemprop=\"thumbnailUrl\"  ><img decoding=\"async\" class=\"wp-image-748 avia-img-lazy-loading-not-748\"   src=\"https:\/\/graomestreleandrodacosta.com.br\/wp-content\/uploads\/2023\/05\/SHIHAN-LEANDRO-DA-COSTA-APOS-EXAME-RIGOROSO-PARA-O-NIDAN-EM-SHOTOKAN-INICIO-DOS-ANOS-2000-RECEBENDO-DIPLOMA-DO-HANSHI-PERICLES-FBKK.jpg\" width=\"272\" height=\"185\"  title='SHIHAN LEANDRO DA COSTA AP\u00d3S EXAME RIGOROSO PARA O NIDAN EM SHOTOKAN, INICIO DOS ANOS 2000, RECEBENDO DIPLOMA DO HANSHI P\u00c9RICLES - FBKK' alt='' \/><div class='big-prev-fake'><img decoding=\"async\" class=\"wp-image-748 avia-img-lazy-loading-748\"  width=\"272\" height=\"185\" src=\"https:\/\/graomestreleandrodacosta.com.br\/wp-content\/uploads\/2023\/05\/SHIHAN-LEANDRO-DA-COSTA-APOS-EXAME-RIGOROSO-PARA-O-NIDAN-EM-SHOTOKAN-INICIO-DOS-ANOS-2000-RECEBENDO-DIPLOMA-DO-HANSHI-PERICLES-FBKK.jpg\" title='SHIHAN LEANDRO DA COSTA AP\u00d3S EXAME RIGOROSO PARA O NIDAN EM SHOTOKAN, INICIO DOS ANOS 2000, RECEBENDO DIPLOMA DO HANSHI P\u00c9RICLES - FBKK' alt='' \/><\/div><\/a><a href=\"https:\/\/graomestreleandrodacosta.com.br\/wp-content\/uploads\/2023\/05\/LOGO-LIGA-ESTADUAL-DE-KARATE-DO-RS-PRESIDENTE-SHIHAN-LEANDRO-DA-COSTA-1030x1030.jpg\" data-srcset=\"https:\/\/graomestreleandrodacosta.com.br\/wp-content\/uploads\/2023\/05\/LOGO-LIGA-ESTADUAL-DE-KARATE-DO-RS-PRESIDENTE-SHIHAN-LEANDRO-DA-COSTA-1030x1030.jpg 1030w, https:\/\/graomestreleandrodacosta.com.br\/wp-content\/uploads\/2023\/05\/LOGO-LIGA-ESTADUAL-DE-KARATE-DO-RS-PRESIDENTE-SHIHAN-LEANDRO-DA-COSTA-300x300.jpg 300w, https:\/\/graomestreleandrodacosta.com.br\/wp-content\/uploads\/2023\/05\/LOGO-LIGA-ESTADUAL-DE-KARATE-DO-RS-PRESIDENTE-SHIHAN-LEANDRO-DA-COSTA-80x80.jpg 80w, https:\/\/graomestreleandrodacosta.com.br\/wp-content\/uploads\/2023\/05\/LOGO-LIGA-ESTADUAL-DE-KARATE-DO-RS-PRESIDENTE-SHIHAN-LEANDRO-DA-COSTA-768x769.jpg 768w, https:\/\/graomestreleandrodacosta.com.br\/wp-content\/uploads\/2023\/05\/LOGO-LIGA-ESTADUAL-DE-KARATE-DO-RS-PRESIDENTE-SHIHAN-LEANDRO-DA-COSTA-36x36.jpg 36w, https:\/\/graomestreleandrodacosta.com.br\/wp-content\/uploads\/2023\/05\/LOGO-LIGA-ESTADUAL-DE-KARATE-DO-RS-PRESIDENTE-SHIHAN-LEANDRO-DA-COSTA-180x180.jpg 180w, https:\/\/graomestreleandrodacosta.com.br\/wp-content\/uploads\/2023\/05\/LOGO-LIGA-ESTADUAL-DE-KARATE-DO-RS-PRESIDENTE-SHIHAN-LEANDRO-DA-COSTA-1500x1500.jpg 1500w, https:\/\/graomestreleandrodacosta.com.br\/wp-content\/uploads\/2023\/05\/LOGO-LIGA-ESTADUAL-DE-KARATE-DO-RS-PRESIDENTE-SHIHAN-LEANDRO-DA-COSTA-705x705.jpg 705w, https:\/\/graomestreleandrodacosta.com.br\/wp-content\/uploads\/2023\/05\/LOGO-LIGA-ESTADUAL-DE-KARATE-DO-RS-PRESIDENTE-SHIHAN-LEANDRO-DA-COSTA.jpg 1536w\" data-sizes=\"(max-width: 1030px) 100vw, 1030px\" data-rel='gallery-1' data-prev-img='https:\/\/graomestreleandrodacosta.com.br\/wp-content\/uploads\/2023\/05\/LOGO-LIGA-ESTADUAL-DE-KARATE-DO-RS-PRESIDENTE-SHIHAN-LEANDRO-DA-COSTA-495x400.jpg' class='lightbox ' data-onclick='64' title='LOGO LIGA ESTADUAL DE KARATE DO RS, PRESIDENTE SHIHAN LEANDRO DA COSTA'  itemprop=\"thumbnailUrl\"  ><img decoding=\"async\" class=\"wp-image-749 avia-img-lazy-loading-not-749\"   src=\"https:\/\/graomestreleandrodacosta.com.br\/wp-content\/uploads\/2023\/05\/LOGO-LIGA-ESTADUAL-DE-KARATE-DO-RS-PRESIDENTE-SHIHAN-LEANDRO-DA-COSTA-495x400.jpg\" width=\"495\" height=\"400\"  title='LOGO LIGA ESTADUAL DE KARATE DO RS, PRESIDENTE SHIHAN LEANDRO DA COSTA' alt='' srcset=\"https:\/\/graomestreleandrodacosta.com.br\/wp-content\/uploads\/2023\/05\/LOGO-LIGA-ESTADUAL-DE-KARATE-DO-RS-PRESIDENTE-SHIHAN-LEANDRO-DA-COSTA-495x400.jpg 495w, https:\/\/graomestreleandrodacosta.com.br\/wp-content\/uploads\/2023\/05\/LOGO-LIGA-ESTADUAL-DE-KARATE-DO-RS-PRESIDENTE-SHIHAN-LEANDRO-DA-COSTA-845x684.jpg 845w\" sizes=\"(max-width: 495px) 100vw, 495px\" \/><div class='big-prev-fake'><img decoding=\"async\" class=\"wp-image-749 avia-img-lazy-loading-749\"  width=\"495\" height=\"400\" src=\"https:\/\/graomestreleandrodacosta.com.br\/wp-content\/uploads\/2023\/05\/LOGO-LIGA-ESTADUAL-DE-KARATE-DO-RS-PRESIDENTE-SHIHAN-LEANDRO-DA-COSTA-495x400.jpg\" title='LOGO LIGA ESTADUAL DE KARATE DO RS, PRESIDENTE SHIHAN LEANDRO DA COSTA' alt='' srcset=\"https:\/\/graomestreleandrodacosta.com.br\/wp-content\/uploads\/2023\/05\/LOGO-LIGA-ESTADUAL-DE-KARATE-DO-RS-PRESIDENTE-SHIHAN-LEANDRO-DA-COSTA-495x400.jpg 495w, https:\/\/graomestreleandrodacosta.com.br\/wp-content\/uploads\/2023\/05\/LOGO-LIGA-ESTADUAL-DE-KARATE-DO-RS-PRESIDENTE-SHIHAN-LEANDRO-DA-COSTA-845x684.jpg 845w\" sizes=\"(max-width: 495px) 100vw, 495px\" \/><\/div><\/a><a href=\"https:\/\/graomestreleandrodacosta.com.br\/wp-content\/uploads\/2023\/05\/BRASILEIRO-CNKFB-ORGANIZADO-PELO-SHIHAN-LEANDRO-DA-COSTA-EM-PELOTAS-RS-EM-2011-KICKBOXING-FULL-CONTACT-E-KARATE.jpg\" data-srcset=\"https:\/\/graomestreleandrodacosta.com.br\/wp-content\/uploads\/2023\/05\/BRASILEIRO-CNKFB-ORGANIZADO-PELO-SHIHAN-LEANDRO-DA-COSTA-EM-PELOTAS-RS-EM-2011-KICKBOXING-FULL-CONTACT-E-KARATE.jpg 1000w, https:\/\/graomestreleandrodacosta.com.br\/wp-content\/uploads\/2023\/05\/BRASILEIRO-CNKFB-ORGANIZADO-PELO-SHIHAN-LEANDRO-DA-COSTA-EM-PELOTAS-RS-EM-2011-KICKBOXING-FULL-CONTACT-E-KARATE-300x199.jpg 300w, https:\/\/graomestreleandrodacosta.com.br\/wp-content\/uploads\/2023\/05\/BRASILEIRO-CNKFB-ORGANIZADO-PELO-SHIHAN-LEANDRO-DA-COSTA-EM-PELOTAS-RS-EM-2011-KICKBOXING-FULL-CONTACT-E-KARATE-768x508.jpg 768w, https:\/\/graomestreleandrodacosta.com.br\/wp-content\/uploads\/2023\/05\/BRASILEIRO-CNKFB-ORGANIZADO-PELO-SHIHAN-LEANDRO-DA-COSTA-EM-PELOTAS-RS-EM-2011-KICKBOXING-FULL-CONTACT-E-KARATE-705x467.jpg 705w\" data-sizes=\"(max-width: 1000px) 100vw, 1000px\" data-rel='gallery-1' data-prev-img='https:\/\/graomestreleandrodacosta.com.br\/wp-content\/uploads\/2023\/05\/BRASILEIRO-CNKFB-ORGANIZADO-PELO-SHIHAN-LEANDRO-DA-COSTA-EM-PELOTAS-RS-EM-2011-KICKBOXING-FULL-CONTACT-E-KARATE-495x400.jpg' class='lightbox ' data-onclick='65' title='BRASILEIRO CNKFB ORGANIZADO PELO SHIHAN LEANDRO DA COSTA EM PELOTAS-RS EM 2011 KICKBOXING, FULL CONTACT E KARATE'  itemprop=\"thumbnailUrl\"  ><img decoding=\"async\" class=\"wp-image-750 avia-img-lazy-loading-not-750\"   src=\"https:\/\/graomestreleandrodacosta.com.br\/wp-content\/uploads\/2023\/05\/BRASILEIRO-CNKFB-ORGANIZADO-PELO-SHIHAN-LEANDRO-DA-COSTA-EM-PELOTAS-RS-EM-2011-KICKBOXING-FULL-CONTACT-E-KARATE-495x400.jpg\" width=\"495\" height=\"400\"  title='BRASILEIRO CNKFB ORGANIZADO PELO SHIHAN LEANDRO DA COSTA EM PELOTAS-RS EM 2011 KICKBOXING, FULL CONTACT E KARATE' alt='' \/><div class='big-prev-fake'><img decoding=\"async\" class=\"wp-image-750 avia-img-lazy-loading-750\"  width=\"495\" height=\"400\" src=\"https:\/\/graomestreleandrodacosta.com.br\/wp-content\/uploads\/2023\/05\/BRASILEIRO-CNKFB-ORGANIZADO-PELO-SHIHAN-LEANDRO-DA-COSTA-EM-PELOTAS-RS-EM-2011-KICKBOXING-FULL-CONTACT-E-KARATE-495x400.jpg\" title='BRASILEIRO CNKFB ORGANIZADO PELO SHIHAN LEANDRO DA COSTA EM PELOTAS-RS EM 2011 KICKBOXING, FULL CONTACT E KARATE' alt='' \/><\/div><\/a><a href=\"https:\/\/graomestreleandrodacosta.com.br\/wp-content\/uploads\/2023\/05\/SHIHAN-LEANDRO-DURENTE-A-REALIZACAO-DO-CAMPEONATO-BRASILEIRO-E-SULAMERICANO-DE-KICKBOXING-E-KARATE-EM-2011-EM-PELOTAS-RS.jpg\" data-srcset=\"https:\/\/graomestreleandrodacosta.com.br\/wp-content\/uploads\/2023\/05\/SHIHAN-LEANDRO-DURENTE-A-REALIZACAO-DO-CAMPEONATO-BRASILEIRO-E-SULAMERICANO-DE-KICKBOXING-E-KARATE-EM-2011-EM-PELOTAS-RS.jpg 1000w, https:\/\/graomestreleandrodacosta.com.br\/wp-content\/uploads\/2023\/05\/SHIHAN-LEANDRO-DURENTE-A-REALIZACAO-DO-CAMPEONATO-BRASILEIRO-E-SULAMERICANO-DE-KICKBOXING-E-KARATE-EM-2011-EM-PELOTAS-RS-300x199.jpg 300w, https:\/\/graomestreleandrodacosta.com.br\/wp-content\/uploads\/2023\/05\/SHIHAN-LEANDRO-DURENTE-A-REALIZACAO-DO-CAMPEONATO-BRASILEIRO-E-SULAMERICANO-DE-KICKBOXING-E-KARATE-EM-2011-EM-PELOTAS-RS-768x508.jpg 768w, https:\/\/graomestreleandrodacosta.com.br\/wp-content\/uploads\/2023\/05\/SHIHAN-LEANDRO-DURENTE-A-REALIZACAO-DO-CAMPEONATO-BRASILEIRO-E-SULAMERICANO-DE-KICKBOXING-E-KARATE-EM-2011-EM-PELOTAS-RS-705x467.jpg 705w\" data-sizes=\"(max-width: 1000px) 100vw, 1000px\" data-rel='gallery-1' data-prev-img='https:\/\/graomestreleandrodacosta.com.br\/wp-content\/uploads\/2023\/05\/SHIHAN-LEANDRO-DURENTE-A-REALIZACAO-DO-CAMPEONATO-BRASILEIRO-E-SULAMERICANO-DE-KICKBOXING-E-KARATE-EM-2011-EM-PELOTAS-RS-495x400.jpg' class='lightbox ' data-onclick='66' title='SHIHAN LEANDRO - DURENTE A REALIZA\u00c7\u00c3O DO CAMPEONATO BRASILEIRO E SULAMERICANO DE KICKBOXING E KARATE EM 2011 EM PELOTAS-RS'  itemprop=\"thumbnailUrl\"  ><img decoding=\"async\" class=\"wp-image-751 avia-img-lazy-loading-not-751\"   src=\"https:\/\/graomestreleandrodacosta.com.br\/wp-content\/uploads\/2023\/05\/SHIHAN-LEANDRO-DURENTE-A-REALIZACAO-DO-CAMPEONATO-BRASILEIRO-E-SULAMERICANO-DE-KICKBOXING-E-KARATE-EM-2011-EM-PELOTAS-RS-495x400.jpg\" width=\"495\" height=\"400\"  title='SHIHAN LEANDRO - DURENTE A REALIZA\u00c7\u00c3O DO CAMPEONATO BRASILEIRO E SULAMERICANO DE KICKBOXING E KARATE EM 2011 EM PELOTAS-RS' alt='' \/><div class='big-prev-fake'><img decoding=\"async\" class=\"wp-image-751 avia-img-lazy-loading-751\"  width=\"495\" height=\"400\" src=\"https:\/\/graomestreleandrodacosta.com.br\/wp-content\/uploads\/2023\/05\/SHIHAN-LEANDRO-DURENTE-A-REALIZACAO-DO-CAMPEONATO-BRASILEIRO-E-SULAMERICANO-DE-KICKBOXING-E-KARATE-EM-2011-EM-PELOTAS-RS-495x400.jpg\" title='SHIHAN LEANDRO - DURENTE A REALIZA\u00c7\u00c3O DO CAMPEONATO BRASILEIRO E SULAMERICANO DE KICKBOXING E KARATE EM 2011 EM PELOTAS-RS' alt='' \/><\/div><\/a><a href=\"https:\/\/graomestreleandrodacosta.com.br\/wp-content\/uploads\/2023\/05\/mestre-leandro-com-seus-alunos-de-karate-do-shotokan-no-ano-de-2001-no-dojo-garra-de-tigre-em-pelotas-apos-exame-de-faixa-1030x686.jpg\" data-srcset=\"https:\/\/graomestreleandrodacosta.com.br\/wp-content\/uploads\/2023\/05\/mestre-leandro-com-seus-alunos-de-karate-do-shotokan-no-ano-de-2001-no-dojo-garra-de-tigre-em-pelotas-apos-exame-de-faixa-1030x686.jpg 1030w, https:\/\/graomestreleandrodacosta.com.br\/wp-content\/uploads\/2023\/05\/mestre-leandro-com-seus-alunos-de-karate-do-shotokan-no-ano-de-2001-no-dojo-garra-de-tigre-em-pelotas-apos-exame-de-faixa-300x200.jpg 300w, https:\/\/graomestreleandrodacosta.com.br\/wp-content\/uploads\/2023\/05\/mestre-leandro-com-seus-alunos-de-karate-do-shotokan-no-ano-de-2001-no-dojo-garra-de-tigre-em-pelotas-apos-exame-de-faixa-768x512.jpg 768w, https:\/\/graomestreleandrodacosta.com.br\/wp-content\/uploads\/2023\/05\/mestre-leandro-com-seus-alunos-de-karate-do-shotokan-no-ano-de-2001-no-dojo-garra-de-tigre-em-pelotas-apos-exame-de-faixa-1536x1024.jpg 1536w, https:\/\/graomestreleandrodacosta.com.br\/wp-content\/uploads\/2023\/05\/mestre-leandro-com-seus-alunos-de-karate-do-shotokan-no-ano-de-2001-no-dojo-garra-de-tigre-em-pelotas-apos-exame-de-faixa-1500x1000.jpg 1500w, https:\/\/graomestreleandrodacosta.com.br\/wp-content\/uploads\/2023\/05\/mestre-leandro-com-seus-alunos-de-karate-do-shotokan-no-ano-de-2001-no-dojo-garra-de-tigre-em-pelotas-apos-exame-de-faixa-705x470.jpg 705w, https:\/\/graomestreleandrodacosta.com.br\/wp-content\/uploads\/2023\/05\/mestre-leandro-com-seus-alunos-de-karate-do-shotokan-no-ano-de-2001-no-dojo-garra-de-tigre-em-pelotas-apos-exame-de-faixa.jpg 1772w\" data-sizes=\"(max-width: 1030px) 100vw, 1030px\" data-rel='gallery-1' data-prev-img='https:\/\/graomestreleandrodacosta.com.br\/wp-content\/uploads\/2023\/05\/mestre-leandro-com-seus-alunos-de-karate-do-shotokan-no-ano-de-2001-no-dojo-garra-de-tigre-em-pelotas-apos-exame-de-faixa-495x400.jpg' class='first_thumb lightbox ' data-onclick='67' title='mestre leandro com seus alunos de karate-do shotokan no ano de 2001 no dojo garra de tigre em pelotas, ap\u00f3s exame de faixa'  itemprop=\"thumbnailUrl\"  ><img decoding=\"async\" class=\"wp-image-752 avia-img-lazy-loading-not-752\"   src=\"https:\/\/graomestreleandrodacosta.com.br\/wp-content\/uploads\/2023\/05\/mestre-leandro-com-seus-alunos-de-karate-do-shotokan-no-ano-de-2001-no-dojo-garra-de-tigre-em-pelotas-apos-exame-de-faixa-495x400.jpg\" width=\"495\" height=\"400\"  title='mestre leandro com seus alunos de karate-do shotokan no ano de 2001 no dojo garra de tigre em pelotas, ap\u00f3s exame de faixa' alt='' srcset=\"https:\/\/graomestreleandrodacosta.com.br\/wp-content\/uploads\/2023\/05\/mestre-leandro-com-seus-alunos-de-karate-do-shotokan-no-ano-de-2001-no-dojo-garra-de-tigre-em-pelotas-apos-exame-de-faixa-495x400.jpg 495w, https:\/\/graomestreleandrodacosta.com.br\/wp-content\/uploads\/2023\/05\/mestre-leandro-com-seus-alunos-de-karate-do-shotokan-no-ano-de-2001-no-dojo-garra-de-tigre-em-pelotas-apos-exame-de-faixa-845x684.jpg 845w\" sizes=\"(max-width: 495px) 100vw, 495px\" \/><div class='big-prev-fake'><img decoding=\"async\" class=\"wp-image-752 avia-img-lazy-loading-752\"  width=\"495\" height=\"400\" src=\"https:\/\/graomestreleandrodacosta.com.br\/wp-content\/uploads\/2023\/05\/mestre-leandro-com-seus-alunos-de-karate-do-shotokan-no-ano-de-2001-no-dojo-garra-de-tigre-em-pelotas-apos-exame-de-faixa-495x400.jpg\" title='mestre leandro com seus alunos de karate-do shotokan no ano de 2001 no dojo garra de tigre em pelotas, ap\u00f3s exame de faixa' alt='' srcset=\"https:\/\/graomestreleandrodacosta.com.br\/wp-content\/uploads\/2023\/05\/mestre-leandro-com-seus-alunos-de-karate-do-shotokan-no-ano-de-2001-no-dojo-garra-de-tigre-em-pelotas-apos-exame-de-faixa-495x400.jpg 495w, https:\/\/graomestreleandrodacosta.com.br\/wp-content\/uploads\/2023\/05\/mestre-leandro-com-seus-alunos-de-karate-do-shotokan-no-ano-de-2001-no-dojo-garra-de-tigre-em-pelotas-apos-exame-de-faixa-845x684.jpg 845w\" sizes=\"(max-width: 495px) 100vw, 495px\" \/><\/div><\/a><a href=\"https:\/\/graomestreleandrodacosta.com.br\/wp-content\/uploads\/2023\/05\/MESTRE-PERICLES-MESTRE-LEANDRO-E-MESTRE-DAVID-VALENTIN-FILHO-DURANTE-TORNEIO-DE-KARATE-EM-SUSANO-SAO-PAULO-1030x686.jpg\" data-srcset=\"https:\/\/graomestreleandrodacosta.com.br\/wp-content\/uploads\/2023\/05\/MESTRE-PERICLES-MESTRE-LEANDRO-E-MESTRE-DAVID-VALENTIN-FILHO-DURANTE-TORNEIO-DE-KARATE-EM-SUSANO-SAO-PAULO-1030x686.jpg 1030w, https:\/\/graomestreleandrodacosta.com.br\/wp-content\/uploads\/2023\/05\/MESTRE-PERICLES-MESTRE-LEANDRO-E-MESTRE-DAVID-VALENTIN-FILHO-DURANTE-TORNEIO-DE-KARATE-EM-SUSANO-SAO-PAULO-300x200.jpg 300w, https:\/\/graomestreleandrodacosta.com.br\/wp-content\/uploads\/2023\/05\/MESTRE-PERICLES-MESTRE-LEANDRO-E-MESTRE-DAVID-VALENTIN-FILHO-DURANTE-TORNEIO-DE-KARATE-EM-SUSANO-SAO-PAULO-768x511.jpg 768w, https:\/\/graomestreleandrodacosta.com.br\/wp-content\/uploads\/2023\/05\/MESTRE-PERICLES-MESTRE-LEANDRO-E-MESTRE-DAVID-VALENTIN-FILHO-DURANTE-TORNEIO-DE-KARATE-EM-SUSANO-SAO-PAULO-705x469.jpg 705w, https:\/\/graomestreleandrodacosta.com.br\/wp-content\/uploads\/2023\/05\/MESTRE-PERICLES-MESTRE-LEANDRO-E-MESTRE-DAVID-VALENTIN-FILHO-DURANTE-TORNEIO-DE-KARATE-EM-SUSANO-SAO-PAULO.jpg 1280w\" data-sizes=\"(max-width: 1030px) 100vw, 1030px\" data-rel='gallery-1' data-prev-img='https:\/\/graomestreleandrodacosta.com.br\/wp-content\/uploads\/2023\/05\/MESTRE-PERICLES-MESTRE-LEANDRO-E-MESTRE-DAVID-VALENTIN-FILHO-DURANTE-TORNEIO-DE-KARATE-EM-SUSANO-SAO-PAULO-495x400.jpg' class='lightbox ' data-onclick='68' title='MESTRE P\u00c9RICLES, MESTRE LEANDRO E MESTRE DAVID VALENTIN FILHO, DURANTE TORNEIO DE KARATE EM SUSANO S\u00c3O PAULO'  itemprop=\"thumbnailUrl\"  ><img decoding=\"async\" class=\"wp-image-753 avia-img-lazy-loading-not-753\"   src=\"https:\/\/graomestreleandrodacosta.com.br\/wp-content\/uploads\/2023\/05\/MESTRE-PERICLES-MESTRE-LEANDRO-E-MESTRE-DAVID-VALENTIN-FILHO-DURANTE-TORNEIO-DE-KARATE-EM-SUSANO-SAO-PAULO-495x400.jpg\" width=\"495\" height=\"400\"  title='MESTRE P\u00c9RICLES, MESTRE LEANDRO E MESTRE DAVID VALENTIN FILHO, DURANTE TORNEIO DE KARATE EM SUSANO S\u00c3O PAULO' alt='' srcset=\"https:\/\/graomestreleandrodacosta.com.br\/wp-content\/uploads\/2023\/05\/MESTRE-PERICLES-MESTRE-LEANDRO-E-MESTRE-DAVID-VALENTIN-FILHO-DURANTE-TORNEIO-DE-KARATE-EM-SUSANO-SAO-PAULO-495x400.jpg 495w, https:\/\/graomestreleandrodacosta.com.br\/wp-content\/uploads\/2023\/05\/MESTRE-PERICLES-MESTRE-LEANDRO-E-MESTRE-DAVID-VALENTIN-FILHO-DURANTE-TORNEIO-DE-KARATE-EM-SUSANO-SAO-PAULO-845x684.jpg 845w\" sizes=\"(max-width: 495px) 100vw, 495px\" \/><div class='big-prev-fake'><img decoding=\"async\" class=\"wp-image-753 avia-img-lazy-loading-753\"  width=\"495\" height=\"400\" src=\"https:\/\/graomestreleandrodacosta.com.br\/wp-content\/uploads\/2023\/05\/MESTRE-PERICLES-MESTRE-LEANDRO-E-MESTRE-DAVID-VALENTIN-FILHO-DURANTE-TORNEIO-DE-KARATE-EM-SUSANO-SAO-PAULO-495x400.jpg\" title='MESTRE P\u00c9RICLES, MESTRE LEANDRO E MESTRE DAVID VALENTIN FILHO, DURANTE TORNEIO DE KARATE EM SUSANO S\u00c3O PAULO' alt='' srcset=\"https:\/\/graomestreleandrodacosta.com.br\/wp-content\/uploads\/2023\/05\/MESTRE-PERICLES-MESTRE-LEANDRO-E-MESTRE-DAVID-VALENTIN-FILHO-DURANTE-TORNEIO-DE-KARATE-EM-SUSANO-SAO-PAULO-495x400.jpg 495w, https:\/\/graomestreleandrodacosta.com.br\/wp-content\/uploads\/2023\/05\/MESTRE-PERICLES-MESTRE-LEANDRO-E-MESTRE-DAVID-VALENTIN-FILHO-DURANTE-TORNEIO-DE-KARATE-EM-SUSANO-SAO-PAULO-845x684.jpg 845w\" sizes=\"(max-width: 495px) 100vw, 495px\" \/><\/div><\/a><a href=\"https:\/\/graomestreleandrodacosta.com.br\/wp-content\/uploads\/2023\/05\/mestre-leandro-da-costa-karate-do-shotokan-em-1999-na-sua-academia-garra-de-tigre-686x1030.jpg\" data-srcset=\"https:\/\/graomestreleandrodacosta.com.br\/wp-content\/uploads\/2023\/05\/mestre-leandro-da-costa-karate-do-shotokan-em-1999-na-sua-academia-garra-de-tigre-686x1030.jpg 686w, https:\/\/graomestreleandrodacosta.com.br\/wp-content\/uploads\/2023\/05\/mestre-leandro-da-costa-karate-do-shotokan-em-1999-na-sua-academia-garra-de-tigre-200x300.jpg 200w, https:\/\/graomestreleandrodacosta.com.br\/wp-content\/uploads\/2023\/05\/mestre-leandro-da-costa-karate-do-shotokan-em-1999-na-sua-academia-garra-de-tigre-768x1152.jpg 768w, https:\/\/graomestreleandrodacosta.com.br\/wp-content\/uploads\/2023\/05\/mestre-leandro-da-costa-karate-do-shotokan-em-1999-na-sua-academia-garra-de-tigre-1024x1536.jpg 1024w, https:\/\/graomestreleandrodacosta.com.br\/wp-content\/uploads\/2023\/05\/mestre-leandro-da-costa-karate-do-shotokan-em-1999-na-sua-academia-garra-de-tigre-1000x1500.jpg 1000w, https:\/\/graomestreleandrodacosta.com.br\/wp-content\/uploads\/2023\/05\/mestre-leandro-da-costa-karate-do-shotokan-em-1999-na-sua-academia-garra-de-tigre-470x705.jpg 470w, https:\/\/graomestreleandrodacosta.com.br\/wp-content\/uploads\/2023\/05\/mestre-leandro-da-costa-karate-do-shotokan-em-1999-na-sua-academia-garra-de-tigre.jpg 1181w\" data-sizes=\"(max-width: 686px) 100vw, 686px\" data-rel='gallery-1' data-prev-img='https:\/\/graomestreleandrodacosta.com.br\/wp-content\/uploads\/2023\/05\/mestre-leandro-da-costa-karate-do-shotokan-em-1999-na-sua-academia-garra-de-tigre-495x400.jpg' class='lightbox ' data-onclick='69' title='mestre leandro da costa karate-do shotokan em 1999 na sua academia garra de tigre'  itemprop=\"thumbnailUrl\"  ><img decoding=\"async\" class=\"wp-image-754 avia-img-lazy-loading-not-754\"   src=\"https:\/\/graomestreleandrodacosta.com.br\/wp-content\/uploads\/2023\/05\/mestre-leandro-da-costa-karate-do-shotokan-em-1999-na-sua-academia-garra-de-tigre-495x400.jpg\" width=\"495\" height=\"400\"  title='mestre leandro da costa karate-do shotokan em 1999 na sua academia garra de tigre' alt='' srcset=\"https:\/\/graomestreleandrodacosta.com.br\/wp-content\/uploads\/2023\/05\/mestre-leandro-da-costa-karate-do-shotokan-em-1999-na-sua-academia-garra-de-tigre-495x400.jpg 495w, https:\/\/graomestreleandrodacosta.com.br\/wp-content\/uploads\/2023\/05\/mestre-leandro-da-costa-karate-do-shotokan-em-1999-na-sua-academia-garra-de-tigre-845x684.jpg 845w\" sizes=\"(max-width: 495px) 100vw, 495px\" \/><div class='big-prev-fake'><img decoding=\"async\" class=\"wp-image-754 avia-img-lazy-loading-754\"  width=\"495\" height=\"400\" src=\"https:\/\/graomestreleandrodacosta.com.br\/wp-content\/uploads\/2023\/05\/mestre-leandro-da-costa-karate-do-shotokan-em-1999-na-sua-academia-garra-de-tigre-495x400.jpg\" title='mestre leandro da costa karate-do shotokan em 1999 na sua academia garra de tigre' alt='' srcset=\"https:\/\/graomestreleandrodacosta.com.br\/wp-content\/uploads\/2023\/05\/mestre-leandro-da-costa-karate-do-shotokan-em-1999-na-sua-academia-garra-de-tigre-495x400.jpg 495w, https:\/\/graomestreleandrodacosta.com.br\/wp-content\/uploads\/2023\/05\/mestre-leandro-da-costa-karate-do-shotokan-em-1999-na-sua-academia-garra-de-tigre-845x684.jpg 845w\" sizes=\"(max-width: 495px) 100vw, 495px\" \/><\/div><\/a><a href=\"https:\/\/graomestreleandrodacosta.com.br\/wp-content\/uploads\/2023\/05\/shihan-leandro-com-o-sensei-coquinho-em-kumite-durante-seu-exame-de-nidan-em-sao-paulo-1030x702.jpg\" data-srcset=\"https:\/\/graomestreleandrodacosta.com.br\/wp-content\/uploads\/2023\/05\/shihan-leandro-com-o-sensei-coquinho-em-kumite-durante-seu-exame-de-nidan-em-sao-paulo-1030x702.jpg 1030w, https:\/\/graomestreleandrodacosta.com.br\/wp-content\/uploads\/2023\/05\/shihan-leandro-com-o-sensei-coquinho-em-kumite-durante-seu-exame-de-nidan-em-sao-paulo-300x205.jpg 300w, https:\/\/graomestreleandrodacosta.com.br\/wp-content\/uploads\/2023\/05\/shihan-leandro-com-o-sensei-coquinho-em-kumite-durante-seu-exame-de-nidan-em-sao-paulo-768x524.jpg 768w, https:\/\/graomestreleandrodacosta.com.br\/wp-content\/uploads\/2023\/05\/shihan-leandro-com-o-sensei-coquinho-em-kumite-durante-seu-exame-de-nidan-em-sao-paulo-705x481.jpg 705w, https:\/\/graomestreleandrodacosta.com.br\/wp-content\/uploads\/2023\/05\/shihan-leandro-com-o-sensei-coquinho-em-kumite-durante-seu-exame-de-nidan-em-sao-paulo.jpg 1280w\" data-sizes=\"(max-width: 1030px) 100vw, 1030px\" data-rel='gallery-1' data-prev-img='https:\/\/graomestreleandrodacosta.com.br\/wp-content\/uploads\/2023\/05\/shihan-leandro-com-o-sensei-coquinho-em-kumite-durante-seu-exame-de-nidan-em-sao-paulo-495x400.jpg' class='lightbox ' data-onclick='70' title='shihan leandro com o sensei coquinho em kumite durante seu exame de nidan em s\u00e3o paulo'  itemprop=\"thumbnailUrl\"  ><img decoding=\"async\" class=\"wp-image-755 avia-img-lazy-loading-not-755\"   src=\"https:\/\/graomestreleandrodacosta.com.br\/wp-content\/uploads\/2023\/05\/shihan-leandro-com-o-sensei-coquinho-em-kumite-durante-seu-exame-de-nidan-em-sao-paulo-495x400.jpg\" width=\"495\" height=\"400\"  title='shihan leandro com o sensei coquinho em kumite durante seu exame de nidan em s\u00e3o paulo' alt='' srcset=\"https:\/\/graomestreleandrodacosta.com.br\/wp-content\/uploads\/2023\/05\/shihan-leandro-com-o-sensei-coquinho-em-kumite-durante-seu-exame-de-nidan-em-sao-paulo-495x400.jpg 495w, https:\/\/graomestreleandrodacosta.com.br\/wp-content\/uploads\/2023\/05\/shihan-leandro-com-o-sensei-coquinho-em-kumite-durante-seu-exame-de-nidan-em-sao-paulo-845x684.jpg 845w\" sizes=\"(max-width: 495px) 100vw, 495px\" \/><div class='big-prev-fake'><img decoding=\"async\" class=\"wp-image-755 avia-img-lazy-loading-755\"  width=\"495\" height=\"400\" src=\"https:\/\/graomestreleandrodacosta.com.br\/wp-content\/uploads\/2023\/05\/shihan-leandro-com-o-sensei-coquinho-em-kumite-durante-seu-exame-de-nidan-em-sao-paulo-495x400.jpg\" title='shihan leandro com o sensei coquinho em kumite durante seu exame de nidan em s\u00e3o paulo' alt='' srcset=\"https:\/\/graomestreleandrodacosta.com.br\/wp-content\/uploads\/2023\/05\/shihan-leandro-com-o-sensei-coquinho-em-kumite-durante-seu-exame-de-nidan-em-sao-paulo-495x400.jpg 495w, https:\/\/graomestreleandrodacosta.com.br\/wp-content\/uploads\/2023\/05\/shihan-leandro-com-o-sensei-coquinho-em-kumite-durante-seu-exame-de-nidan-em-sao-paulo-845x684.jpg 845w\" sizes=\"(max-width: 495px) 100vw, 495px\" \/><\/div><\/a><a href=\"https:\/\/graomestreleandrodacosta.com.br\/wp-content\/uploads\/2023\/05\/mestre-leandro-com-seu-mestre-pericles-em-2002-em-sao-paulo-1030x724.jpg\" data-srcset=\"https:\/\/graomestreleandrodacosta.com.br\/wp-content\/uploads\/2023\/05\/mestre-leandro-com-seu-mestre-pericles-em-2002-em-sao-paulo-1030x724.jpg 1030w, https:\/\/graomestreleandrodacosta.com.br\/wp-content\/uploads\/2023\/05\/mestre-leandro-com-seu-mestre-pericles-em-2002-em-sao-paulo-300x211.jpg 300w, https:\/\/graomestreleandrodacosta.com.br\/wp-content\/uploads\/2023\/05\/mestre-leandro-com-seu-mestre-pericles-em-2002-em-sao-paulo-768x540.jpg 768w, https:\/\/graomestreleandrodacosta.com.br\/wp-content\/uploads\/2023\/05\/mestre-leandro-com-seu-mestre-pericles-em-2002-em-sao-paulo-705x496.jpg 705w, https:\/\/graomestreleandrodacosta.com.br\/wp-content\/uploads\/2023\/05\/mestre-leandro-com-seu-mestre-pericles-em-2002-em-sao-paulo.jpg 1280w\" data-sizes=\"(max-width: 1030px) 100vw, 1030px\" data-rel='gallery-1' data-prev-img='https:\/\/graomestreleandrodacosta.com.br\/wp-content\/uploads\/2023\/05\/mestre-leandro-com-seu-mestre-pericles-em-2002-em-sao-paulo-495x400.jpg' class='lightbox ' data-onclick='71' title='mestre leandro com seu mestre p\u00e9ricles em 2002 em s\u00e3o paulo'  itemprop=\"thumbnailUrl\"  ><img decoding=\"async\" class=\"wp-image-756 avia-img-lazy-loading-not-756\"   src=\"https:\/\/graomestreleandrodacosta.com.br\/wp-content\/uploads\/2023\/05\/mestre-leandro-com-seu-mestre-pericles-em-2002-em-sao-paulo-495x400.jpg\" width=\"495\" height=\"400\"  title='mestre leandro com seu mestre p\u00e9ricles em 2002 em s\u00e3o paulo' alt='' srcset=\"https:\/\/graomestreleandrodacosta.com.br\/wp-content\/uploads\/2023\/05\/mestre-leandro-com-seu-mestre-pericles-em-2002-em-sao-paulo-495x400.jpg 495w, https:\/\/graomestreleandrodacosta.com.br\/wp-content\/uploads\/2023\/05\/mestre-leandro-com-seu-mestre-pericles-em-2002-em-sao-paulo-845x684.jpg 845w\" sizes=\"(max-width: 495px) 100vw, 495px\" \/><div class='big-prev-fake'><img decoding=\"async\" class=\"wp-image-756 avia-img-lazy-loading-756\"  width=\"495\" height=\"400\" src=\"https:\/\/graomestreleandrodacosta.com.br\/wp-content\/uploads\/2023\/05\/mestre-leandro-com-seu-mestre-pericles-em-2002-em-sao-paulo-495x400.jpg\" title='mestre leandro com seu mestre p\u00e9ricles em 2002 em s\u00e3o paulo' alt='' srcset=\"https:\/\/graomestreleandrodacosta.com.br\/wp-content\/uploads\/2023\/05\/mestre-leandro-com-seu-mestre-pericles-em-2002-em-sao-paulo-495x400.jpg 495w, https:\/\/graomestreleandrodacosta.com.br\/wp-content\/uploads\/2023\/05\/mestre-leandro-com-seu-mestre-pericles-em-2002-em-sao-paulo-845x684.jpg 845w\" sizes=\"(max-width: 495px) 100vw, 495px\" \/><\/div><\/a><a href=\"https:\/\/graomestreleandrodacosta.com.br\/wp-content\/uploads\/2023\/05\/mestre-leandro-da-costa-em-1990-durante-treino-de-karate-SHOTOKAN-690x1030.jpg\" data-srcset=\"https:\/\/graomestreleandrodacosta.com.br\/wp-content\/uploads\/2023\/05\/mestre-leandro-da-costa-em-1990-durante-treino-de-karate-SHOTOKAN-690x1030.jpg 690w, https:\/\/graomestreleandrodacosta.com.br\/wp-content\/uploads\/2023\/05\/mestre-leandro-da-costa-em-1990-durante-treino-de-karate-SHOTOKAN-201x300.jpg 201w, https:\/\/graomestreleandrodacosta.com.br\/wp-content\/uploads\/2023\/05\/mestre-leandro-da-costa-em-1990-durante-treino-de-karate-SHOTOKAN-768x1147.jpg 768w, https:\/\/graomestreleandrodacosta.com.br\/wp-content\/uploads\/2023\/05\/mestre-leandro-da-costa-em-1990-durante-treino-de-karate-SHOTOKAN-472x705.jpg 472w, https:\/\/graomestreleandrodacosta.com.br\/wp-content\/uploads\/2023\/05\/mestre-leandro-da-costa-em-1990-durante-treino-de-karate-SHOTOKAN.jpg 775w\" data-sizes=\"(max-width: 690px) 100vw, 690px\" data-rel='gallery-1' data-prev-img='https:\/\/graomestreleandrodacosta.com.br\/wp-content\/uploads\/2023\/05\/mestre-leandro-da-costa-em-1990-durante-treino-de-karate-SHOTOKAN-495x400.jpg' class='lightbox ' data-onclick='72' title='mestre leandro da costa em 1990 durante treino de karate SHOTOKAN'  itemprop=\"thumbnailUrl\"  ><img decoding=\"async\" class=\"wp-image-757 avia-img-lazy-loading-not-757\"   src=\"https:\/\/graomestreleandrodacosta.com.br\/wp-content\/uploads\/2023\/05\/mestre-leandro-da-costa-em-1990-durante-treino-de-karate-SHOTOKAN-495x400.jpg\" width=\"495\" height=\"400\"  title='mestre leandro da costa em 1990 durante treino de karate SHOTOKAN' alt='' \/><div class='big-prev-fake'><img decoding=\"async\" class=\"wp-image-757 avia-img-lazy-loading-757\"  width=\"495\" height=\"400\" src=\"https:\/\/graomestreleandrodacosta.com.br\/wp-content\/uploads\/2023\/05\/mestre-leandro-da-costa-em-1990-durante-treino-de-karate-SHOTOKAN-495x400.jpg\" title='mestre leandro da costa em 1990 durante treino de karate SHOTOKAN' alt='' \/><\/div><\/a><a href=\"https:\/\/graomestreleandrodacosta.com.br\/wp-content\/uploads\/2023\/05\/escrita-karate-do-em-japones.jpg\" data-srcset=\"https:\/\/graomestreleandrodacosta.com.br\/wp-content\/uploads\/2023\/05\/escrita-karate-do-em-japones.jpg 209w, https:\/\/graomestreleandrodacosta.com.br\/wp-content\/uploads\/2023\/05\/escrita-karate-do-em-japones-125x300.jpg 125w\" data-sizes=\"(max-width: 209px) 100vw, 209px\" data-rel='gallery-1' data-prev-img='https:\/\/graomestreleandrodacosta.com.br\/wp-content\/uploads\/2023\/05\/escrita-karate-do-em-japones-209x400.jpg' class='first_thumb lightbox ' data-onclick='73' title='escrita karate-do em japon\u00eas'  itemprop=\"thumbnailUrl\"  ><img decoding=\"async\" class=\"wp-image-691 avia-img-lazy-loading-not-691\"   src=\"https:\/\/graomestreleandrodacosta.com.br\/wp-content\/uploads\/2023\/05\/escrita-karate-do-em-japones-209x400.jpg\" width=\"209\" height=\"400\"  title='escrita karate-do em japon\u00eas' alt='' \/><div class='big-prev-fake'><img decoding=\"async\" class=\"wp-image-691 avia-img-lazy-loading-691\"  width=\"209\" height=\"400\" src=\"https:\/\/graomestreleandrodacosta.com.br\/wp-content\/uploads\/2023\/05\/escrita-karate-do-em-japones-209x400.jpg\" title='escrita karate-do em japon\u00eas' alt='' \/><\/div><\/a><a href=\"https:\/\/graomestreleandrodacosta.com.br\/wp-content\/uploads\/2023\/05\/CARTAZ-SHOTOKAN-COM-ENDERECO-ACADEMIA-729x1030.jpg\" data-srcset=\"https:\/\/graomestreleandrodacosta.com.br\/wp-content\/uploads\/2023\/05\/CARTAZ-SHOTOKAN-COM-ENDERECO-ACADEMIA-729x1030.jpg 729w, https:\/\/graomestreleandrodacosta.com.br\/wp-content\/uploads\/2023\/05\/CARTAZ-SHOTOKAN-COM-ENDERECO-ACADEMIA-212x300.jpg 212w, https:\/\/graomestreleandrodacosta.com.br\/wp-content\/uploads\/2023\/05\/CARTAZ-SHOTOKAN-COM-ENDERECO-ACADEMIA-768x1085.jpg 768w, https:\/\/graomestreleandrodacosta.com.br\/wp-content\/uploads\/2023\/05\/CARTAZ-SHOTOKAN-COM-ENDERECO-ACADEMIA-1087x1536.jpg 1087w, https:\/\/graomestreleandrodacosta.com.br\/wp-content\/uploads\/2023\/05\/CARTAZ-SHOTOKAN-COM-ENDERECO-ACADEMIA-1449x2048.jpg 1449w, https:\/\/graomestreleandrodacosta.com.br\/wp-content\/uploads\/2023\/05\/CARTAZ-SHOTOKAN-COM-ENDERECO-ACADEMIA-1062x1500.jpg 1062w, https:\/\/graomestreleandrodacosta.com.br\/wp-content\/uploads\/2023\/05\/CARTAZ-SHOTOKAN-COM-ENDERECO-ACADEMIA-499x705.jpg 499w, https:\/\/graomestreleandrodacosta.com.br\/wp-content\/uploads\/2023\/05\/CARTAZ-SHOTOKAN-COM-ENDERECO-ACADEMIA-scaled.jpg 1812w\" data-sizes=\"(max-width: 729px) 100vw, 729px\" data-rel='gallery-1' data-prev-img='https:\/\/graomestreleandrodacosta.com.br\/wp-content\/uploads\/2023\/05\/CARTAZ-SHOTOKAN-COM-ENDERECO-ACADEMIA-495x400.jpg' class='lightbox ' data-onclick='74' title='CARTAZ SHOTOKAN COM ENDERE\u00c7O ACADEMIA'  itemprop=\"thumbnailUrl\"  ><img decoding=\"async\" class=\"wp-image-763 avia-img-lazy-loading-not-763\"   src=\"https:\/\/graomestreleandrodacosta.com.br\/wp-content\/uploads\/2023\/05\/CARTAZ-SHOTOKAN-COM-ENDERECO-ACADEMIA-495x400.jpg\" width=\"495\" height=\"400\"  title='CARTAZ SHOTOKAN COM ENDERE\u00c7O ACADEMIA' alt='' srcset=\"https:\/\/graomestreleandrodacosta.com.br\/wp-content\/uploads\/2023\/05\/CARTAZ-SHOTOKAN-COM-ENDERECO-ACADEMIA-495x400.jpg 495w, https:\/\/graomestreleandrodacosta.com.br\/wp-content\/uploads\/2023\/05\/CARTAZ-SHOTOKAN-COM-ENDERECO-ACADEMIA-845x684.jpg 845w\" sizes=\"(max-width: 495px) 100vw, 495px\" \/><div class='big-prev-fake'><img decoding=\"async\" class=\"wp-image-763 avia-img-lazy-loading-763\"  width=\"495\" height=\"400\" src=\"https:\/\/graomestreleandrodacosta.com.br\/wp-content\/uploads\/2023\/05\/CARTAZ-SHOTOKAN-COM-ENDERECO-ACADEMIA-495x400.jpg\" title='CARTAZ SHOTOKAN COM ENDERE\u00c7O ACADEMIA' alt='' srcset=\"https:\/\/graomestreleandrodacosta.com.br\/wp-content\/uploads\/2023\/05\/CARTAZ-SHOTOKAN-COM-ENDERECO-ACADEMIA-495x400.jpg 495w, https:\/\/graomestreleandrodacosta.com.br\/wp-content\/uploads\/2023\/05\/CARTAZ-SHOTOKAN-COM-ENDERECO-ACADEMIA-845x684.jpg 845w\" sizes=\"(max-width: 495px) 100vw, 495px\" \/><\/div><\/a><a href=\"https:\/\/graomestreleandrodacosta.com.br\/wp-content\/uploads\/2023\/05\/CARTEIRA-DA-SKIFB-KARATE-DO-SHOTOKAN-818x1030.jpg\" data-srcset=\"https:\/\/graomestreleandrodacosta.com.br\/wp-content\/uploads\/2023\/05\/CARTEIRA-DA-SKIFB-KARATE-DO-SHOTOKAN-818x1030.jpg 818w, https:\/\/graomestreleandrodacosta.com.br\/wp-content\/uploads\/2023\/05\/CARTEIRA-DA-SKIFB-KARATE-DO-SHOTOKAN-238x300.jpg 238w, https:\/\/graomestreleandrodacosta.com.br\/wp-content\/uploads\/2023\/05\/CARTEIRA-DA-SKIFB-KARATE-DO-SHOTOKAN-768x967.jpg 768w, https:\/\/graomestreleandrodacosta.com.br\/wp-content\/uploads\/2023\/05\/CARTEIRA-DA-SKIFB-KARATE-DO-SHOTOKAN-560x705.jpg 560w, https:\/\/graomestreleandrodacosta.com.br\/wp-content\/uploads\/2023\/05\/CARTEIRA-DA-SKIFB-KARATE-DO-SHOTOKAN.jpg 1050w\" data-sizes=\"(max-width: 818px) 100vw, 818px\" data-rel='gallery-1' data-prev-img='https:\/\/graomestreleandrodacosta.com.br\/wp-content\/uploads\/2023\/05\/CARTEIRA-DA-SKIFB-KARATE-DO-SHOTOKAN-495x400.jpg' class='lightbox ' data-onclick='75' title='CARTEIRA DA SKIFB - KARATE DO SHOTOKAN'  itemprop=\"thumbnailUrl\"  ><img decoding=\"async\" class=\"wp-image-764 avia-img-lazy-loading-not-764\"   src=\"https:\/\/graomestreleandrodacosta.com.br\/wp-content\/uploads\/2023\/05\/CARTEIRA-DA-SKIFB-KARATE-DO-SHOTOKAN-495x400.jpg\" width=\"495\" height=\"400\"  title='CARTEIRA DA SKIFB - KARATE DO SHOTOKAN' alt='' srcset=\"https:\/\/graomestreleandrodacosta.com.br\/wp-content\/uploads\/2023\/05\/CARTEIRA-DA-SKIFB-KARATE-DO-SHOTOKAN-495x400.jpg 495w, https:\/\/graomestreleandrodacosta.com.br\/wp-content\/uploads\/2023\/05\/CARTEIRA-DA-SKIFB-KARATE-DO-SHOTOKAN-845x684.jpg 845w\" sizes=\"(max-width: 495px) 100vw, 495px\" \/><div class='big-prev-fake'><img decoding=\"async\" class=\"wp-image-764 avia-img-lazy-loading-764\"  width=\"495\" height=\"400\" src=\"https:\/\/graomestreleandrodacosta.com.br\/wp-content\/uploads\/2023\/05\/CARTEIRA-DA-SKIFB-KARATE-DO-SHOTOKAN-495x400.jpg\" title='CARTEIRA DA SKIFB - KARATE DO SHOTOKAN' alt='' srcset=\"https:\/\/graomestreleandrodacosta.com.br\/wp-content\/uploads\/2023\/05\/CARTEIRA-DA-SKIFB-KARATE-DO-SHOTOKAN-495x400.jpg 495w, https:\/\/graomestreleandrodacosta.com.br\/wp-content\/uploads\/2023\/05\/CARTEIRA-DA-SKIFB-KARATE-DO-SHOTOKAN-845x684.jpg 845w\" sizes=\"(max-width: 495px) 100vw, 495px\" \/><\/div><\/a><a href=\"https:\/\/graomestreleandrodacosta.com.br\/wp-content\/uploads\/2023\/05\/CARTEIRA-DE-FILIADO-DA-CONFEDERACAO-DE-KARATE-INTERESTILOS-DO-BRASIL-CKIB-DO-ANO-DE-2001-EM-SHOTOKAN-1030x655.jpg\" data-srcset=\"https:\/\/graomestreleandrodacosta.com.br\/wp-content\/uploads\/2023\/05\/CARTEIRA-DE-FILIADO-DA-CONFEDERACAO-DE-KARATE-INTERESTILOS-DO-BRASIL-CKIB-DO-ANO-DE-2001-EM-SHOTOKAN-1030x655.jpg 1030w, https:\/\/graomestreleandrodacosta.com.br\/wp-content\/uploads\/2023\/05\/CARTEIRA-DE-FILIADO-DA-CONFEDERACAO-DE-KARATE-INTERESTILOS-DO-BRASIL-CKIB-DO-ANO-DE-2001-EM-SHOTOKAN-300x191.jpg 300w, https:\/\/graomestreleandrodacosta.com.br\/wp-content\/uploads\/2023\/05\/CARTEIRA-DE-FILIADO-DA-CONFEDERACAO-DE-KARATE-INTERESTILOS-DO-BRASIL-CKIB-DO-ANO-DE-2001-EM-SHOTOKAN-768x489.jpg 768w, https:\/\/graomestreleandrodacosta.com.br\/wp-content\/uploads\/2023\/05\/CARTEIRA-DE-FILIADO-DA-CONFEDERACAO-DE-KARATE-INTERESTILOS-DO-BRASIL-CKIB-DO-ANO-DE-2001-EM-SHOTOKAN-705x449.jpg 705w, https:\/\/graomestreleandrodacosta.com.br\/wp-content\/uploads\/2023\/05\/CARTEIRA-DE-FILIADO-DA-CONFEDERACAO-DE-KARATE-INTERESTILOS-DO-BRASIL-CKIB-DO-ANO-DE-2001-EM-SHOTOKAN.jpg 1138w\" data-sizes=\"(max-width: 1030px) 100vw, 1030px\" data-rel='gallery-1' data-prev-img='https:\/\/graomestreleandrodacosta.com.br\/wp-content\/uploads\/2023\/05\/CARTEIRA-DE-FILIADO-DA-CONFEDERACAO-DE-KARATE-INTERESTILOS-DO-BRASIL-CKIB-DO-ANO-DE-2001-EM-SHOTOKAN-495x400.jpg' class='lightbox ' data-onclick='76' title='CARTEIRA DE FILIADO DA CONFEDERA\u00c7\u00c3O DE KARATE INTERESTILOS DO BRASIL-CKIB DO ANO DE 2001 EM SHOTOKAN'  itemprop=\"thumbnailUrl\"  ><img decoding=\"async\" class=\"wp-image-765 avia-img-lazy-loading-not-765\"   src=\"https:\/\/graomestreleandrodacosta.com.br\/wp-content\/uploads\/2023\/05\/CARTEIRA-DE-FILIADO-DA-CONFEDERACAO-DE-KARATE-INTERESTILOS-DO-BRASIL-CKIB-DO-ANO-DE-2001-EM-SHOTOKAN-495x400.jpg\" width=\"495\" height=\"400\"  title='CARTEIRA DE FILIADO DA CONFEDERA\u00c7\u00c3O DE KARATE INTERESTILOS DO BRASIL-CKIB DO ANO DE 2001 EM SHOTOKAN' alt='' srcset=\"https:\/\/graomestreleandrodacosta.com.br\/wp-content\/uploads\/2023\/05\/CARTEIRA-DE-FILIADO-DA-CONFEDERACAO-DE-KARATE-INTERESTILOS-DO-BRASIL-CKIB-DO-ANO-DE-2001-EM-SHOTOKAN-495x400.jpg 495w, https:\/\/graomestreleandrodacosta.com.br\/wp-content\/uploads\/2023\/05\/CARTEIRA-DE-FILIADO-DA-CONFEDERACAO-DE-KARATE-INTERESTILOS-DO-BRASIL-CKIB-DO-ANO-DE-2001-EM-SHOTOKAN-845x684.jpg 845w\" sizes=\"(max-width: 495px) 100vw, 495px\" \/><div class='big-prev-fake'><img decoding=\"async\" class=\"wp-image-765 avia-img-lazy-loading-765\"  width=\"495\" height=\"400\" src=\"https:\/\/graomestreleandrodacosta.com.br\/wp-content\/uploads\/2023\/05\/CARTEIRA-DE-FILIADO-DA-CONFEDERACAO-DE-KARATE-INTERESTILOS-DO-BRASIL-CKIB-DO-ANO-DE-2001-EM-SHOTOKAN-495x400.jpg\" title='CARTEIRA DE FILIADO DA CONFEDERA\u00c7\u00c3O DE KARATE INTERESTILOS DO BRASIL-CKIB DO ANO DE 2001 EM SHOTOKAN' alt='' srcset=\"https:\/\/graomestreleandrodacosta.com.br\/wp-content\/uploads\/2023\/05\/CARTEIRA-DE-FILIADO-DA-CONFEDERACAO-DE-KARATE-INTERESTILOS-DO-BRASIL-CKIB-DO-ANO-DE-2001-EM-SHOTOKAN-495x400.jpg 495w, https:\/\/graomestreleandrodacosta.com.br\/wp-content\/uploads\/2023\/05\/CARTEIRA-DE-FILIADO-DA-CONFEDERACAO-DE-KARATE-INTERESTILOS-DO-BRASIL-CKIB-DO-ANO-DE-2001-EM-SHOTOKAN-845x684.jpg 845w\" sizes=\"(max-width: 495px) 100vw, 495px\" \/><\/div><\/a><a href=\"https:\/\/graomestreleandrodacosta.com.br\/wp-content\/uploads\/2023\/05\/logo-dojo-garra-de-tigre-shotokan-1030x1030.jpg\" data-srcset=\"https:\/\/graomestreleandrodacosta.com.br\/wp-content\/uploads\/2023\/05\/logo-dojo-garra-de-tigre-shotokan-1030x1030.jpg 1030w, https:\/\/graomestreleandrodacosta.com.br\/wp-content\/uploads\/2023\/05\/logo-dojo-garra-de-tigre-shotokan-300x300.jpg 300w, https:\/\/graomestreleandrodacosta.com.br\/wp-content\/uploads\/2023\/05\/logo-dojo-garra-de-tigre-shotokan-80x80.jpg 80w, https:\/\/graomestreleandrodacosta.com.br\/wp-content\/uploads\/2023\/05\/logo-dojo-garra-de-tigre-shotokan-768x768.jpg 768w, https:\/\/graomestreleandrodacosta.com.br\/wp-content\/uploads\/2023\/05\/logo-dojo-garra-de-tigre-shotokan-1536x1536.jpg 1536w, https:\/\/graomestreleandrodacosta.com.br\/wp-content\/uploads\/2023\/05\/logo-dojo-garra-de-tigre-shotokan-2048x2048.jpg 2048w, https:\/\/graomestreleandrodacosta.com.br\/wp-content\/uploads\/2023\/05\/logo-dojo-garra-de-tigre-shotokan-36x36.jpg 36w, https:\/\/graomestreleandrodacosta.com.br\/wp-content\/uploads\/2023\/05\/logo-dojo-garra-de-tigre-shotokan-180x180.jpg 180w, https:\/\/graomestreleandrodacosta.com.br\/wp-content\/uploads\/2023\/05\/logo-dojo-garra-de-tigre-shotokan-1500x1500.jpg 1500w, https:\/\/graomestreleandrodacosta.com.br\/wp-content\/uploads\/2023\/05\/logo-dojo-garra-de-tigre-shotokan-705x705.jpg 705w\" data-sizes=\"(max-width: 1030px) 100vw, 1030px\" data-rel='gallery-1' data-prev-img='https:\/\/graomestreleandrodacosta.com.br\/wp-content\/uploads\/2023\/05\/logo-dojo-garra-de-tigre-shotokan-495x400.jpg' class='lightbox ' data-onclick='77' title='logo dojo garra de tigre shotokan'  itemprop=\"thumbnailUrl\"  ><img decoding=\"async\" class=\"wp-image-766 avia-img-lazy-loading-not-766\"   src=\"https:\/\/graomestreleandrodacosta.com.br\/wp-content\/uploads\/2023\/05\/logo-dojo-garra-de-tigre-shotokan-495x400.jpg\" width=\"495\" height=\"400\"  title='logo dojo garra de tigre shotokan' alt='' srcset=\"https:\/\/graomestreleandrodacosta.com.br\/wp-content\/uploads\/2023\/05\/logo-dojo-garra-de-tigre-shotokan-495x400.jpg 495w, https:\/\/graomestreleandrodacosta.com.br\/wp-content\/uploads\/2023\/05\/logo-dojo-garra-de-tigre-shotokan-845x684.jpg 845w\" sizes=\"(max-width: 495px) 100vw, 495px\" \/><div class='big-prev-fake'><img decoding=\"async\" class=\"wp-image-766 avia-img-lazy-loading-766\"  width=\"495\" height=\"400\" src=\"https:\/\/graomestreleandrodacosta.com.br\/wp-content\/uploads\/2023\/05\/logo-dojo-garra-de-tigre-shotokan-495x400.jpg\" title='logo dojo garra de tigre shotokan' alt='' srcset=\"https:\/\/graomestreleandrodacosta.com.br\/wp-content\/uploads\/2023\/05\/logo-dojo-garra-de-tigre-shotokan-495x400.jpg 495w, https:\/\/graomestreleandrodacosta.com.br\/wp-content\/uploads\/2023\/05\/logo-dojo-garra-de-tigre-shotokan-845x684.jpg 845w\" sizes=\"(max-width: 495px) 100vw, 495px\" \/><\/div><\/a><a href=\"https:\/\/graomestreleandrodacosta.com.br\/wp-content\/uploads\/2023\/05\/DIPLOMA-DE-RECONHECIMENTO-DE-4o-DAN-DE-KARATE-DO-SHOTOKAN-PELA-ESCOLA-DE-KARATE-DO-URUGUAI-1030x728.jpg\" data-srcset=\"https:\/\/graomestreleandrodacosta.com.br\/wp-content\/uploads\/2023\/05\/DIPLOMA-DE-RECONHECIMENTO-DE-4o-DAN-DE-KARATE-DO-SHOTOKAN-PELA-ESCOLA-DE-KARATE-DO-URUGUAI-1030x728.jpg 1030w, https:\/\/graomestreleandrodacosta.com.br\/wp-content\/uploads\/2023\/05\/DIPLOMA-DE-RECONHECIMENTO-DE-4o-DAN-DE-KARATE-DO-SHOTOKAN-PELA-ESCOLA-DE-KARATE-DO-URUGUAI-300x212.jpg 300w, https:\/\/graomestreleandrodacosta.com.br\/wp-content\/uploads\/2023\/05\/DIPLOMA-DE-RECONHECIMENTO-DE-4o-DAN-DE-KARATE-DO-SHOTOKAN-PELA-ESCOLA-DE-KARATE-DO-URUGUAI-768x543.jpg 768w, https:\/\/graomestreleandrodacosta.com.br\/wp-content\/uploads\/2023\/05\/DIPLOMA-DE-RECONHECIMENTO-DE-4o-DAN-DE-KARATE-DO-SHOTOKAN-PELA-ESCOLA-DE-KARATE-DO-URUGUAI-1536x1086.jpg 1536w, https:\/\/graomestreleandrodacosta.com.br\/wp-content\/uploads\/2023\/05\/DIPLOMA-DE-RECONHECIMENTO-DE-4o-DAN-DE-KARATE-DO-SHOTOKAN-PELA-ESCOLA-DE-KARATE-DO-URUGUAI-2048x1448.jpg 2048w, https:\/\/graomestreleandrodacosta.com.br\/wp-content\/uploads\/2023\/05\/DIPLOMA-DE-RECONHECIMENTO-DE-4o-DAN-DE-KARATE-DO-SHOTOKAN-PELA-ESCOLA-DE-KARATE-DO-URUGUAI-1500x1061.jpg 1500w, https:\/\/graomestreleandrodacosta.com.br\/wp-content\/uploads\/2023\/05\/DIPLOMA-DE-RECONHECIMENTO-DE-4o-DAN-DE-KARATE-DO-SHOTOKAN-PELA-ESCOLA-DE-KARATE-DO-URUGUAI-260x185.jpg 260w, https:\/\/graomestreleandrodacosta.com.br\/wp-content\/uploads\/2023\/05\/DIPLOMA-DE-RECONHECIMENTO-DE-4o-DAN-DE-KARATE-DO-SHOTOKAN-PELA-ESCOLA-DE-KARATE-DO-URUGUAI-705x499.jpg 705w\" data-sizes=\"(max-width: 1030px) 100vw, 1030px\" data-rel='gallery-1' data-prev-img='https:\/\/graomestreleandrodacosta.com.br\/wp-content\/uploads\/2023\/05\/DIPLOMA-DE-RECONHECIMENTO-DE-4o-DAN-DE-KARATE-DO-SHOTOKAN-PELA-ESCOLA-DE-KARATE-DO-URUGUAI-495x400.jpg' class='lightbox ' data-onclick='78' title='DIPLOMA DE RECONHECIMENTO DE 4\u00ba DAN DE KARATE-DO SHOTOKAN PELA ESCOLA DE KARATE DO URUGUAI'  itemprop=\"thumbnailUrl\"  ><img decoding=\"async\" class=\"wp-image-772 avia-img-lazy-loading-not-772\"   src=\"https:\/\/graomestreleandrodacosta.com.br\/wp-content\/uploads\/2023\/05\/DIPLOMA-DE-RECONHECIMENTO-DE-4o-DAN-DE-KARATE-DO-SHOTOKAN-PELA-ESCOLA-DE-KARATE-DO-URUGUAI-495x400.jpg\" width=\"495\" height=\"400\"  title='DIPLOMA DE RECONHECIMENTO DE 4\u00ba DAN DE KARATE-DO SHOTOKAN PELA ESCOLA DE KARATE DO URUGUAI' alt='' srcset=\"https:\/\/graomestreleandrodacosta.com.br\/wp-content\/uploads\/2023\/05\/DIPLOMA-DE-RECONHECIMENTO-DE-4o-DAN-DE-KARATE-DO-SHOTOKAN-PELA-ESCOLA-DE-KARATE-DO-URUGUAI-495x400.jpg 495w, https:\/\/graomestreleandrodacosta.com.br\/wp-content\/uploads\/2023\/05\/DIPLOMA-DE-RECONHECIMENTO-DE-4o-DAN-DE-KARATE-DO-SHOTOKAN-PELA-ESCOLA-DE-KARATE-DO-URUGUAI-845x684.jpg 845w\" sizes=\"(max-width: 495px) 100vw, 495px\" \/><div class='big-prev-fake'><img decoding=\"async\" class=\"wp-image-772 avia-img-lazy-loading-772\"  width=\"495\" height=\"400\" src=\"https:\/\/graomestreleandrodacosta.com.br\/wp-content\/uploads\/2023\/05\/DIPLOMA-DE-RECONHECIMENTO-DE-4o-DAN-DE-KARATE-DO-SHOTOKAN-PELA-ESCOLA-DE-KARATE-DO-URUGUAI-495x400.jpg\" title='DIPLOMA DE RECONHECIMENTO DE 4\u00ba DAN DE KARATE-DO SHOTOKAN PELA ESCOLA DE KARATE DO URUGUAI' alt='' srcset=\"https:\/\/graomestreleandrodacosta.com.br\/wp-content\/uploads\/2023\/05\/DIPLOMA-DE-RECONHECIMENTO-DE-4o-DAN-DE-KARATE-DO-SHOTOKAN-PELA-ESCOLA-DE-KARATE-DO-URUGUAI-495x400.jpg 495w, https:\/\/graomestreleandrodacosta.com.br\/wp-content\/uploads\/2023\/05\/DIPLOMA-DE-RECONHECIMENTO-DE-4o-DAN-DE-KARATE-DO-SHOTOKAN-PELA-ESCOLA-DE-KARATE-DO-URUGUAI-845x684.jpg 845w\" sizes=\"(max-width: 495px) 100vw, 495px\" \/><\/div><\/a><a href=\"https:\/\/graomestreleandrodacosta.com.br\/wp-content\/uploads\/2023\/05\/DIPLOMA-4o-DAN-SHOTOKAN-KARATE-DO-1030x728.jpg\" data-srcset=\"https:\/\/graomestreleandrodacosta.com.br\/wp-content\/uploads\/2023\/05\/DIPLOMA-4o-DAN-SHOTOKAN-KARATE-DO-1030x728.jpg 1030w, https:\/\/graomestreleandrodacosta.com.br\/wp-content\/uploads\/2023\/05\/DIPLOMA-4o-DAN-SHOTOKAN-KARATE-DO-300x212.jpg 300w, https:\/\/graomestreleandrodacosta.com.br\/wp-content\/uploads\/2023\/05\/DIPLOMA-4o-DAN-SHOTOKAN-KARATE-DO-768x543.jpg 768w, https:\/\/graomestreleandrodacosta.com.br\/wp-content\/uploads\/2023\/05\/DIPLOMA-4o-DAN-SHOTOKAN-KARATE-DO-1536x1086.jpg 1536w, https:\/\/graomestreleandrodacosta.com.br\/wp-content\/uploads\/2023\/05\/DIPLOMA-4o-DAN-SHOTOKAN-KARATE-DO-2048x1448.jpg 2048w, https:\/\/graomestreleandrodacosta.com.br\/wp-content\/uploads\/2023\/05\/DIPLOMA-4o-DAN-SHOTOKAN-KARATE-DO-1500x1061.jpg 1500w, https:\/\/graomestreleandrodacosta.com.br\/wp-content\/uploads\/2023\/05\/DIPLOMA-4o-DAN-SHOTOKAN-KARATE-DO-260x185.jpg 260w, https:\/\/graomestreleandrodacosta.com.br\/wp-content\/uploads\/2023\/05\/DIPLOMA-4o-DAN-SHOTOKAN-KARATE-DO-705x499.jpg 705w\" data-sizes=\"(max-width: 1030px) 100vw, 1030px\" data-rel='gallery-1' data-prev-img='https:\/\/graomestreleandrodacosta.com.br\/wp-content\/uploads\/2023\/05\/DIPLOMA-4o-DAN-SHOTOKAN-KARATE-DO-495x400.jpg' class='first_thumb lightbox ' data-onclick='79' title='DIPLOMA 4\u00ba DAN SHOTOKAN KARATE-DO'  itemprop=\"thumbnailUrl\"  ><img decoding=\"async\" class=\"wp-image-773 avia-img-lazy-loading-not-773\"   src=\"https:\/\/graomestreleandrodacosta.com.br\/wp-content\/uploads\/2023\/05\/DIPLOMA-4o-DAN-SHOTOKAN-KARATE-DO-495x400.jpg\" width=\"495\" height=\"400\"  title='DIPLOMA 4\u00ba DAN SHOTOKAN KARATE-DO' alt='' srcset=\"https:\/\/graomestreleandrodacosta.com.br\/wp-content\/uploads\/2023\/05\/DIPLOMA-4o-DAN-SHOTOKAN-KARATE-DO-495x400.jpg 495w, https:\/\/graomestreleandrodacosta.com.br\/wp-content\/uploads\/2023\/05\/DIPLOMA-4o-DAN-SHOTOKAN-KARATE-DO-845x684.jpg 845w\" sizes=\"(max-width: 495px) 100vw, 495px\" \/><div class='big-prev-fake'><img decoding=\"async\" class=\"wp-image-773 avia-img-lazy-loading-773\"  width=\"495\" height=\"400\" src=\"https:\/\/graomestreleandrodacosta.com.br\/wp-content\/uploads\/2023\/05\/DIPLOMA-4o-DAN-SHOTOKAN-KARATE-DO-495x400.jpg\" title='DIPLOMA 4\u00ba DAN SHOTOKAN KARATE-DO' alt='' srcset=\"https:\/\/graomestreleandrodacosta.com.br\/wp-content\/uploads\/2023\/05\/DIPLOMA-4o-DAN-SHOTOKAN-KARATE-DO-495x400.jpg 495w, https:\/\/graomestreleandrodacosta.com.br\/wp-content\/uploads\/2023\/05\/DIPLOMA-4o-DAN-SHOTOKAN-KARATE-DO-845x684.jpg 845w\" sizes=\"(max-width: 495px) 100vw, 495px\" \/><\/div><\/a><a href=\"https:\/\/graomestreleandrodacosta.com.br\/wp-content\/uploads\/2023\/05\/DIPLOMA-5o-DAN-KARATE-DO-SHOTOKAN-PELA-CONFEDERACAO-CBKSC-1030x728.jpg\" data-srcset=\"https:\/\/graomestreleandrodacosta.com.br\/wp-content\/uploads\/2023\/05\/DIPLOMA-5o-DAN-KARATE-DO-SHOTOKAN-PELA-CONFEDERACAO-CBKSC-1030x728.jpg 1030w, https:\/\/graomestreleandrodacosta.com.br\/wp-content\/uploads\/2023\/05\/DIPLOMA-5o-DAN-KARATE-DO-SHOTOKAN-PELA-CONFEDERACAO-CBKSC-300x212.jpg 300w, https:\/\/graomestreleandrodacosta.com.br\/wp-content\/uploads\/2023\/05\/DIPLOMA-5o-DAN-KARATE-DO-SHOTOKAN-PELA-CONFEDERACAO-CBKSC-768x543.jpg 768w, https:\/\/graomestreleandrodacosta.com.br\/wp-content\/uploads\/2023\/05\/DIPLOMA-5o-DAN-KARATE-DO-SHOTOKAN-PELA-CONFEDERACAO-CBKSC-1536x1086.jpg 1536w, https:\/\/graomestreleandrodacosta.com.br\/wp-content\/uploads\/2023\/05\/DIPLOMA-5o-DAN-KARATE-DO-SHOTOKAN-PELA-CONFEDERACAO-CBKSC-2048x1448.jpg 2048w, https:\/\/graomestreleandrodacosta.com.br\/wp-content\/uploads\/2023\/05\/DIPLOMA-5o-DAN-KARATE-DO-SHOTOKAN-PELA-CONFEDERACAO-CBKSC-1500x1061.jpg 1500w, https:\/\/graomestreleandrodacosta.com.br\/wp-content\/uploads\/2023\/05\/DIPLOMA-5o-DAN-KARATE-DO-SHOTOKAN-PELA-CONFEDERACAO-CBKSC-260x185.jpg 260w, https:\/\/graomestreleandrodacosta.com.br\/wp-content\/uploads\/2023\/05\/DIPLOMA-5o-DAN-KARATE-DO-SHOTOKAN-PELA-CONFEDERACAO-CBKSC-705x499.jpg 705w\" data-sizes=\"(max-width: 1030px) 100vw, 1030px\" data-rel='gallery-1' data-prev-img='https:\/\/graomestreleandrodacosta.com.br\/wp-content\/uploads\/2023\/05\/DIPLOMA-5o-DAN-KARATE-DO-SHOTOKAN-PELA-CONFEDERACAO-CBKSC-495x400.jpg' class='lightbox ' data-onclick='80' title='DIPLOMA 5\u00ba DAN KARATE-DO SHOTOKAN PELA CONFEDERA\u00c7\u00c3O - CBKSC'  itemprop=\"thumbnailUrl\"  ><img decoding=\"async\" class=\"wp-image-774 avia-img-lazy-loading-not-774\"   src=\"https:\/\/graomestreleandrodacosta.com.br\/wp-content\/uploads\/2023\/05\/DIPLOMA-5o-DAN-KARATE-DO-SHOTOKAN-PELA-CONFEDERACAO-CBKSC-495x400.jpg\" width=\"495\" height=\"400\"  title='DIPLOMA 5\u00ba DAN KARATE-DO SHOTOKAN PELA CONFEDERA\u00c7\u00c3O - CBKSC' alt='' srcset=\"https:\/\/graomestreleandrodacosta.com.br\/wp-content\/uploads\/2023\/05\/DIPLOMA-5o-DAN-KARATE-DO-SHOTOKAN-PELA-CONFEDERACAO-CBKSC-495x400.jpg 495w, https:\/\/graomestreleandrodacosta.com.br\/wp-content\/uploads\/2023\/05\/DIPLOMA-5o-DAN-KARATE-DO-SHOTOKAN-PELA-CONFEDERACAO-CBKSC-845x684.jpg 845w\" sizes=\"(max-width: 495px) 100vw, 495px\" \/><div class='big-prev-fake'><img decoding=\"async\" class=\"wp-image-774 avia-img-lazy-loading-774\"  width=\"495\" height=\"400\" src=\"https:\/\/graomestreleandrodacosta.com.br\/wp-content\/uploads\/2023\/05\/DIPLOMA-5o-DAN-KARATE-DO-SHOTOKAN-PELA-CONFEDERACAO-CBKSC-495x400.jpg\" title='DIPLOMA 5\u00ba DAN KARATE-DO SHOTOKAN PELA CONFEDERA\u00c7\u00c3O - CBKSC' alt='' srcset=\"https:\/\/graomestreleandrodacosta.com.br\/wp-content\/uploads\/2023\/05\/DIPLOMA-5o-DAN-KARATE-DO-SHOTOKAN-PELA-CONFEDERACAO-CBKSC-495x400.jpg 495w, https:\/\/graomestreleandrodacosta.com.br\/wp-content\/uploads\/2023\/05\/DIPLOMA-5o-DAN-KARATE-DO-SHOTOKAN-PELA-CONFEDERACAO-CBKSC-845x684.jpg 845w\" sizes=\"(max-width: 495px) 100vw, 495px\" \/><\/div><\/a><a href=\"https:\/\/graomestreleandrodacosta.com.br\/wp-content\/uploads\/2023\/05\/CERTIFICADO-PARTICIPACAO-FBKK-1030x729.jpg\" data-srcset=\"https:\/\/graomestreleandrodacosta.com.br\/wp-content\/uploads\/2023\/05\/CERTIFICADO-PARTICIPACAO-FBKK-1030x729.jpg 1030w, https:\/\/graomestreleandrodacosta.com.br\/wp-content\/uploads\/2023\/05\/CERTIFICADO-PARTICIPACAO-FBKK-300x212.jpg 300w, https:\/\/graomestreleandrodacosta.com.br\/wp-content\/uploads\/2023\/05\/CERTIFICADO-PARTICIPACAO-FBKK-768x544.jpg 768w, https:\/\/graomestreleandrodacosta.com.br\/wp-content\/uploads\/2023\/05\/CERTIFICADO-PARTICIPACAO-FBKK-1536x1087.jpg 1536w, https:\/\/graomestreleandrodacosta.com.br\/wp-content\/uploads\/2023\/05\/CERTIFICADO-PARTICIPACAO-FBKK-2048x1449.jpg 2048w, https:\/\/graomestreleandrodacosta.com.br\/wp-content\/uploads\/2023\/05\/CERTIFICADO-PARTICIPACAO-FBKK-1500x1062.jpg 1500w, https:\/\/graomestreleandrodacosta.com.br\/wp-content\/uploads\/2023\/05\/CERTIFICADO-PARTICIPACAO-FBKK-260x185.jpg 260w, https:\/\/graomestreleandrodacosta.com.br\/wp-content\/uploads\/2023\/05\/CERTIFICADO-PARTICIPACAO-FBKK-705x499.jpg 705w\" data-sizes=\"(max-width: 1030px) 100vw, 1030px\" data-rel='gallery-1' data-prev-img='https:\/\/graomestreleandrodacosta.com.br\/wp-content\/uploads\/2023\/05\/CERTIFICADO-PARTICIPACAO-FBKK-495x400.jpg' class='lightbox ' data-onclick='81' title='CERTIFICADO PARTICIPA\u00c7\u00c3O FBKK'  itemprop=\"thumbnailUrl\"  ><img decoding=\"async\" class=\"wp-image-775 avia-img-lazy-loading-not-775\"   src=\"https:\/\/graomestreleandrodacosta.com.br\/wp-content\/uploads\/2023\/05\/CERTIFICADO-PARTICIPACAO-FBKK-495x400.jpg\" width=\"495\" height=\"400\"  title='CERTIFICADO PARTICIPA\u00c7\u00c3O FBKK' alt='' srcset=\"https:\/\/graomestreleandrodacosta.com.br\/wp-content\/uploads\/2023\/05\/CERTIFICADO-PARTICIPACAO-FBKK-495x400.jpg 495w, https:\/\/graomestreleandrodacosta.com.br\/wp-content\/uploads\/2023\/05\/CERTIFICADO-PARTICIPACAO-FBKK-845x684.jpg 845w\" sizes=\"(max-width: 495px) 100vw, 495px\" \/><div class='big-prev-fake'><img decoding=\"async\" class=\"wp-image-775 avia-img-lazy-loading-775\"  width=\"495\" height=\"400\" src=\"https:\/\/graomestreleandrodacosta.com.br\/wp-content\/uploads\/2023\/05\/CERTIFICADO-PARTICIPACAO-FBKK-495x400.jpg\" title='CERTIFICADO PARTICIPA\u00c7\u00c3O FBKK' alt='' srcset=\"https:\/\/graomestreleandrodacosta.com.br\/wp-content\/uploads\/2023\/05\/CERTIFICADO-PARTICIPACAO-FBKK-495x400.jpg 495w, https:\/\/graomestreleandrodacosta.com.br\/wp-content\/uploads\/2023\/05\/CERTIFICADO-PARTICIPACAO-FBKK-845x684.jpg 845w\" sizes=\"(max-width: 495px) 100vw, 495px\" \/><\/div><\/a><\/div><\/div><\/p>\n","protected":false},"excerpt":{"rendered":"","protected":false},"author":1,"featured_media":0,"parent":0,"menu_order":0,"comment_status":"closed","ping_status":"closed","template":"","meta":[],"_links":{"self":[{"href":"https:\/\/graomestreleandrodacosta.com.br\/index.php?rest_route=\/wp\/v2\/pages\/665"}],"collection":[{"href":"https:\/\/graomestreleandrodacosta.com.br\/index.php?rest_route=\/wp\/v2\/pages"}],"about":[{"href":"https:\/\/graomestreleandrodacosta.com.br\/index.php?rest_route=\/wp\/v2\/types\/page"}],"author":[{"embeddable":true,"href":"https:\/\/graomestreleandrodacosta.com.br\/index.php?rest_route=\/wp\/v2\/users\/1"}],"replies":[{"embeddable":true,"href":"https:\/\/graomestreleandrodacosta.com.br\/index.php?rest_route=%2Fwp%2Fv2%2Fcomments&post=665"}],"version-history":[{"count":1,"href":"https:\/\/graomestreleandrodacosta.com.br\/index.php?rest_route=\/wp\/v2\/pages\/665\/revisions"}],"predecessor-version":[{"id":857,"href":"https:\/\/graomestreleandrodacosta.com.br\/index.php?rest_route=\/wp\/v2\/pages\/665\/revisions\/857"}],"wp:attachment":[{"href":"https:\/\/graomestreleandrodacosta.com.br\/index.php?rest_route=%2Fwp%2Fv2%2Fmedia&parent=665"}],"curies":[{"name":"wp","href":"https:\/\/api.w.org\/{rel}","templated":true}]}}